{"id":5213,"date":"2023-10-27T16:48:38","date_gmt":"2023-10-27T16:48:38","guid":{"rendered":"https:\/\/www.amanien.info\/news\/bs-front-end\/"},"modified":"2025-04-11T07:49:01","modified_gmt":"2025-04-11T07:49:01","slug":"home-2","status":"publish","type":"page","link":"https:\/\/www.amanien.info\/news\/","title":{"rendered":""},"content":{"rendered":"<div class=\"wpb-content-wrapper\"><p>[vc_row][vc_column width=\u00a0\u00bb3\/4&Prime;]\t<div id=\"newsticker-1480197880\" class=\"better-newsticker  bscb-48193  bs-light-scheme\"\r\n\t     data-speed=\"10000\">\r\n\t\t<p class=\"heading \">BREVES<\/p>\r\n\t\t<ul class=\"news-list\">\r\n\t\t\t\t\t\t\t\t<li>\r\n\t\t\t\t\t\t<a class=\"limit-line\" href=\"https:\/\/www.amanien.info\/news\/construction-et-logement-le-financement-de-lacces-au-logement-en-afrique-au-coeur-de-la-4e-edition-forum-international-du-logement-social-economique-et-standing-filoses\/\">\r\n\t\t\t\t\t\t\tConstruction et logement : Le financement de l&rsquo;acc\u00e8s au logement en Afrique au c\u0153ur de la 4\u00e8 \u00e9dition Forum International du Logement social, \u00e9conomique et standing (FILOSES)\t\t\t\t\t\t<\/a>\r\n\t\t\t\t\t<\/li>\r\n\t\t\t\t\t\t\t\t\t\t<li>\r\n\t\t\t\t\t\t<a class=\"limit-line\" href=\"https:\/\/www.amanien.info\/news\/lancement-des-programmes-dentrepreneuriat-2023-plus-de-35-000-jeunes-porteurs-de-projets-structurants-a-financer\/\">\r\n\t\t\t\t\t\t\tLancement des programmes d&rsquo;entrepreneuriat 2023 : Plus de 35 000 jeunes porteurs de projets structurants \u00e0 financer\t\t\t\t\t\t<\/a>\r\n\t\t\t\t\t<\/li>\r\n\t\t\t\t\t\t\t\t\t\t<li>\r\n\t\t\t\t\t\t<a class=\"limit-line\" href=\"https:\/\/www.amanien.info\/news\/mena-les-agents-de-la-dmoss-sarment-contre-les-addictions-en-milieu-scolaire\/\">\r\n\t\t\t\t\t\t\tMENA\/ Les agents de la DMOSS s&rsquo;arment contre les addictions en milieu scolaire\t\t\t\t\t\t<\/a>\r\n\t\t\t\t\t<\/li>\r\n\t\t\t\t\t\t\t\t\t\t<li>\r\n\t\t\t\t\t\t<a class=\"limit-line\" href=\"https:\/\/www.amanien.info\/news\/port-bouet-saison-pluvieuse-et-inertie-des-autorites-municipales-djedjemel-akpalcandidat-aux-municipales-fait-letat-des-lieux-et-en\/\">\r\n\t\t\t\t\t\t\tPort-Bou\u00ebt\/Saison\u00a0pluvieuse\u00a0et inertie des autorit\u00e9s municipales\u00a0:\u00a0DJEDJEMEL AKPAL,candidat\u00a0aux\u00a0municipales\u00a0fait\u00a0l&rsquo;\u00e9tat\u00a0des\u00a0lieux\u00a0et\u00a0en\u00a0appelle\u00a0\u00e0\u00a0une\u00a0action\u00a0urgente\t\t\t\t\t\t<\/a>\r\n\t\t\t\t\t<\/li>\r\n\t\t\t\t\t\t\t\t\t\t<li>\r\n\t\t\t\t\t\t<a class=\"limit-line\" href=\"https:\/\/www.amanien.info\/news\/journee-mondiale-de-lenvironnement-la-cote-divoire-engagee-a-combattre-la-pollution-plastique\/\">\r\n\t\t\t\t\t\t\tJOURN\u00c9E MONDIALE DE L&rsquo;ENVIRONNEMENT : LA COTE D&rsquo;IVOIRE ENGAG\u00c9E A COMBATTRE LA POLLUTION PLASTIQUE\t\t\t\t\t\t<\/a>\r\n\t\t\t\t\t<\/li>\r\n\t\t\t\t\t\t\t\t\t\t<li>\r\n\t\t\t\t\t\t<a class=\"limit-line\" href=\"https:\/\/www.amanien.info\/news\/leadership-feminin-et-gouvernance-politique-plus-de-100-femmes-candidates-aux-futures-elections-locales-seront-formees-du-13-au-23-juin\/\">\r\n\t\t\t\t\t\t\tLeadership f\u00e9minin et gouvernance politique : Plus de 100 femmes candidates aux futures \u00e9lections locales seront form\u00e9es du 13 au 23 juin\t\t\t\t\t\t<\/a>\r\n\t\t\t\t\t<\/li>\r\n\t\t\t\t\t\t\t\t\t\t<li>\r\n\t\t\t\t\t\t<a class=\"limit-line\" href=\"https:\/\/www.amanien.info\/news\/koumassi-presentation-du-candidat-du-rhdp-pour-les-municipales-le-ministre-gouverneur-beugre-mambe-cisse-bacongo-est-un-grand-travailleur\/\">\r\n\t\t\t\t\t\t\tKoumassi\/ pr\u00e9sentation du candidat du RHDP pour les municipales: Le Ministre gouverneur Beugr\u00e9 Mamb\u00e9\u00a0\u00bb Ciss\u00e9 Bacongo est un grand travailleur\u00a0\u00bb\t\t\t\t\t\t<\/a>\r\n\t\t\t\t\t<\/li>\r\n\t\t\t\t\t\t\t\t\t\t<li>\r\n\t\t\t\t\t\t<a class=\"limit-line\" href=\"https:\/\/www.amanien.info\/news\/ligne-1-du-metro-dabidjan-9-552-personnes-impactees-indemnisees\/\">\r\n\t\t\t\t\t\t\tLigne 1 du m\u00e9tro d&rsquo;Abidjan : 9 552 personnes impact\u00e9es indemnis\u00e9es\t\t\t\t\t\t<\/a>\r\n\t\t\t\t\t<\/li>\r\n\t\t\t\t\t\t\t\t\t\t<li>\r\n\t\t\t\t\t\t<a class=\"limit-line\" href=\"https:\/\/www.amanien.info\/news\/institut-national-des-aveugles-le-pcaci-apporte-son-appui\/\">\r\n\t\t\t\t\t\t\tInstitut national des aveugles: Le PCACI apporte son appui\t\t\t\t\t\t<\/a>\r\n\t\t\t\t\t<\/li>\r\n\t\t\t\t\t\t\t\t\t\t<li>\r\n\t\t\t\t\t\t<a class=\"limit-line\" href=\"https:\/\/www.amanien.info\/news\/lutte-contre-la-pollution-des-dechets-plastiques-la-fereadd-apporte-son-expertise-de\/\">\r\n\t\t\t\t\t\t\tLutte contre la pollution des d\u00e9chets plastiques : La FEREADD\u00a0 apporte son expertise\u00a0de\t\t\t\t\t\t<\/a>\r\n\t\t\t\t\t<\/li>\r\n\t\t\t\t\t\t\t\t\t\t<li>\r\n\t\t\t\t\t\t<a class=\"limit-line\" href=\"https:\/\/www.amanien.info\/news\/apurement-de-la-dette-interieure-le-synafeci-denonce\/\">\r\n\t\t\t\t\t\t\tApurement de la dette int\u00e9rieure :Le SYNAFECI m\u00e9content du traitement des factures des fournisseurs de l&rsquo;\u00c9tat\t\t\t\t\t\t<\/a>\r\n\t\t\t\t\t<\/li>\r\n\t\t\t\t\t\t\t\t\t\t<li>\r\n\t\t\t\t\t\t<a class=\"limit-line\" href=\"https:\/\/www.amanien.info\/news\/elections-municipales-2023-a-abobo-la-candidate-du-rhdp-kandia-camara-officiellement-presentee\/\">\r\n\t\t\t\t\t\t\t\u00c9lections municipales 2023 \u00e0 Abobo : La Candidate du RHDP, Kandia Camara officiellement pr\u00e9sent\u00e9e\u00a0\t\t\t\t\t\t<\/a>\r\n\t\t\t\t\t<\/li>\r\n\t\t\t\t\t\t\t\t\t\t<li>\r\n\t\t\t\t\t\t<a class=\"limit-line\" href=\"https:\/\/www.amanien.info\/news\/edition-2023-de-la-journee-du-livre-et-du-merite-du-groupe-voltaire-plus-de-20-eleves-et-etudiants-distingues\/\">\r\n\t\t\t\t\t\t\t\u00c9dition 2023 de la Journ\u00e9e du Livre et du M\u00e9rite du Groupe Voltaire : Plus de 20 \u00e9l\u00e8ves et \u00e9tudiants distingu\u00e9s\t\t\t\t\t\t<\/a>\r\n\t\t\t\t\t<\/li>\r\n\t\t\t\t\t\t\t\t\t\t<li>\r\n\t\t\t\t\t\t<a class=\"limit-line\" href=\"https:\/\/www.amanien.info\/news\/economie-numerique-la-cote-divoire-participera-a-la-7e-edition-du-vivatech-du-14-au-16-juin-prochain-a-paris\/\">\r\n\t\t\t\t\t\t\tEconomie num\u00e9rique : La C\u00f4te d\u2019Ivoire participera \u00e0 la 7\u00e8 \u00e9dition du Vivatech du 14 au 16 juin prochain, \u00e0 Paris\t\t\t\t\t\t<\/a>\r\n\t\t\t\t\t<\/li>\r\n\t\t\t\t\t\t\t\t\t\t<li>\r\n\t\t\t\t\t\t<a class=\"limit-line\" href=\"https:\/\/www.amanien.info\/news\/securite-alimentaire-organisation-a-abidjan-de-la-1ere-edition-du-festival-des-agriculteurs-urbains-de-cote-divoirefauci\/\">\r\n\t\t\t\t\t\t\tS\u00e9curit\u00e9 alimentaire : Organisation \u00e0 Abidjan de la 1\u00e8re \u00e9dition du Festival des Agriculteurs Urbains de C\u00f4te d&rsquo;Ivoire(FAUCI)\t\t\t\t\t\t<\/a>\r\n\t\t\t\t\t<\/li>\r\n\t\t\t\t\t\t\t\t\t\t<li>\r\n\t\t\t\t\t\t<a class=\"limit-line\" href=\"https:\/\/www.amanien.info\/news\/financement-de-projets-des-jeunes-la-chefferie-de-yopougon-koute-offre-des-permis-de-conduire-et-cheques-a-45-jeunes-et-femmes\/\">\r\n\t\t\t\t\t\t\tFinancement de projets des jeunes : La Chefferie de Yopougon-Kout\u00e9 offre des permis de conduire et ch\u00e8ques \u00e0 45 jeunes et femmes\t\t\t\t\t\t<\/a>\r\n\t\t\t\t\t<\/li>\r\n\t\t\t\t\t\t\t\t\t\t<li>\r\n\t\t\t\t\t\t<a class=\"limit-line\" href=\"https:\/\/www.amanien.info\/news\/entrepreneuriat-les-enjeux-et-defis-du-financement-de-lentrepreneur-au-coeur-de-la-2e-edition-du-salon-international-du-financement-de-lentrepreneursifen\/\">\r\n\t\t\t\t\t\t\tEntrepreneuriat\u00a0 : Les enjeux et d\u00e9fis du financement de l&rsquo;entrepreneur au c\u0153ur\u00a0de la 2\u00e8 \u00e9dition du Salon International du Financement de l&rsquo;Entrepreneur(SIFEN)\t\t\t\t\t\t<\/a>\r\n\t\t\t\t\t<\/li>\r\n\t\t\t\t\t\t\t\t\t\t<li>\r\n\t\t\t\t\t\t<a class=\"limit-line\" href=\"https:\/\/www.amanien.info\/news\/promotion-du-bien-etre-des-acteurs-du-vivriers-losca-ci-rendra-un-grand-hommage-aux-femmes-du-vivrier-de-cote-divoire-ce-samedi-a-yopougon\/\">\r\n\t\t\t\t\t\t\tPromotion du bien-\u00eatre\u00a0des acteurs du vivriers : L&rsquo;OSCA-CI rendra un grand hommage aux femmes du vivrier de C\u00f4te\u00a0d&rsquo;Ivoire, ce samedi \u00e0 Yopougon\t\t\t\t\t\t<\/a>\r\n\t\t\t\t\t<\/li>\r\n\t\t\t\t\t\t\t\t\t\t<li>\r\n\t\t\t\t\t\t<a class=\"limit-line\" href=\"https:\/\/www.amanien.info\/news\/entrepreneuriat-les-enjeux-et-defis-du-financement-de-lentrepreneur\/\">\r\n\t\t\t\t\t\t\tEntrepreneuriat\u00a0 : Les enjeux et d\u00e9fis du financement de l&rsquo;entrepreneur\t\t\t\t\t\t<\/a>\r\n\t\t\t\t\t<\/li>\r\n\t\t\t\t\t\t\t\t\t\t<li>\r\n\t\t\t\t\t\t<a class=\"limit-line\" href=\"https:\/\/www.amanien.info\/news\/le-pdci-rda-invite-le-parti-au-pouvoir-de-permettre-la-participation-de-lex-president-laurent-gbagbo-aux-prochaines-elections-locales\/\">\r\n\t\t\t\t\t\t\tLe PDCI-RDA invite le pouvoir \u00e0 permettre la participation de l&rsquo;Ex-Pr\u00e9sident Laurent Gbagbo aux prochaines \u00e9lections locales\t\t\t\t\t\t<\/a>\r\n\t\t\t\t\t<\/li>\r\n\t\t\t\t\t\t\t\t\t\t<li>\r\n\t\t\t\t\t\t<a class=\"limit-line\" href=\"https:\/\/www.amanien.info\/news\/cloture-du-selab-2023-sidi-toure-nous-devons-faire-en-sorte-que-notre-pays-devienne-un-modele-de-production-animale-et-halieutique-dans-la-sous-region\/\">\r\n\t\t\t\t\t\t\tCl\u00f4ture du SELAB 2023: Sidi Tour\u00e9 \u00a0\u00bbNous devons faire en sorte que notre pays devienne un mod\u00e8le de production animale et halieutique dans la sous-r\u00e9gion\u00a0\u00bb\t\t\t\t\t\t<\/a>\r\n\t\t\t\t\t<\/li>\r\n\t\t\t\t\t\t\t\t\t\t<li>\r\n\t\t\t\t\t\t<a class=\"limit-line\" href=\"https:\/\/www.amanien.info\/news\/ouverture-de-la-deuxieme-edition-du-sommet-de-lelevage-dabidjanselab-2023-la-jeunesse-ivoirienne-invitee-a-investir-dans-le-secteur-de-lelevage\/\">\r\n\t\t\t\t\t\t\tOuverture de la deuxi\u00e8me \u00e9dition du sommet de l&rsquo;\u00e9levage d&rsquo;Abidjan(SELAB 2023) : La jeunesse ivoirienne invit\u00e9e\u00a0\u00e0 investir dans le secteur de l&rsquo;\u00e9levage\t\t\t\t\t\t<\/a>\r\n\t\t\t\t\t<\/li>\r\n\t\t\t\t\t\t\t\t\t\t<li>\r\n\t\t\t\t\t\t<a class=\"limit-line\" href=\"https:\/\/www.amanien.info\/news\/forum-international-de-lalliance-anti-corruption-plus-de-300-experts-attendus-a-abidjan-du-14-au-16-juin-prochain\/\">\r\n\t\t\t\t\t\t\tForum International de l&rsquo;Alliance anti-corruption : Plus de 300 experts attendus \u00e0 Abidjan du 14 au 16 juin prochain\t\t\t\t\t\t<\/a>\r\n\t\t\t\t\t<\/li>\r\n\t\t\t\t\t\t\t\t\t\t<li>\r\n\t\t\t\t\t\t<a class=\"limit-line\" href=\"https:\/\/www.amanien.info\/news\/reunion-de-la-mtci-le-president-soumahoro-mamadou-exhorte-a-la-professionnalisation-et-a-la-bancarisation-du-secteur-du-transport\/\">\r\n\t\t\t\t\t\t\tR\u00e9union de la MTCI : Le Pr\u00e9sident Soumahoro Mamadou exhorte \u00e0 la professionnalisation et \u00e0 la bancarisation du secteur du transport\t\t\t\t\t\t<\/a>\r\n\t\t\t\t\t<\/li>\r\n\t\t\t\t\t\t\t\t\t\t<li>\r\n\t\t\t\t\t\t<a class=\"limit-line\" href=\"https:\/\/www.amanien.info\/news\/inauguration-de-lagora-dabobo-paulin-claude-danho-annonce-le-lancement-de-5-000-emplois-jeunes-dans-les-metiers-de-sport-fin-mai\/\">\r\n\t\t\t\t\t\t\tInauguration de l&rsquo;Agora d&rsquo;Abobo : Paulin Claude Danho annonce le lancement de 5 000 emplois-jeunes dans les m\u00e9tiers de sport fin mai\t\t\t\t\t\t<\/a>\r\n\t\t\t\t\t<\/li>\r\n\t\t\t\t\t\t\t\t\t\t<li>\r\n\t\t\t\t\t\t<a class=\"limit-line\" href=\"https:\/\/www.amanien.info\/news\/sante-journee-mondiale-du-lupus-le-parcours-du-patient-en-cote-divoire-et-le-diagnostic-de-laffection-au-centre-des-echanges\/\">\r\n\t\t\t\t\t\t\tSant\u00e9\/Journ\u00e9e mondiale du Lupus : Le parcours du patient en C\u00f4te d&rsquo;Ivoire et le diagnostic de l&rsquo;affection au centre des \u00e9changes\t\t\t\t\t\t<\/a>\r\n\t\t\t\t\t<\/li>\r\n\t\t\t\t\t\t\t\t\t\t<li>\r\n\t\t\t\t\t\t<a class=\"limit-line\" href=\"https:\/\/www.amanien.info\/news\/construction-dinfrastructures-sportives-l-inauguration-de-lagora-dabobo-annoncee-ce-vendredi-12-mai\/\">\r\n\t\t\t\t\t\t\tConstruction d&rsquo;infrastructures sportives : L&rsquo; inauguration de l&rsquo;Agora d&rsquo;Abobo annonc\u00e9e, ce vendredi 12 mai\u00a0\t\t\t\t\t\t<\/a>\r\n\t\t\t\t\t<\/li>\r\n\t\t\t\t\t\t\t\t\t\t<li>\r\n\t\t\t\t\t\t<a class=\"limit-line\" href=\"https:\/\/www.amanien.info\/news\/radio-amateurisme-un-centre-de-liaison-et-de-formation-pour-radioamateurs-verra-bientot-le-jour-a-motobegrand-bassam\/\">\r\n\t\t\t\t\t\t\tRadio-amateurisme\u00a0:\u00a0Un\u00a0Centre\u00a0de\u00a0liaison\u00a0et\u00a0de\u00a0formation\u00a0pour\u00a0radioamateurs\u00a0verra\u00a0bient\u00f4t\u00a0le\u00a0jour\u00a0\u00e0\u00a0Motob\u00e9(Grand-Bassam)\t\t\t\t\t\t<\/a>\r\n\t\t\t\t\t<\/li>\r\n\t\t\t\t\t\t\t\t\t\t<li>\r\n\t\t\t\t\t\t<a class=\"limit-line\" href=\"https:\/\/www.amanien.info\/news\/defis-securitaires-en-afrique-abidjan-abritera-le-11e-sommet-des-forces-terrestres-africaines-du-08-au-12-mai-prochain\/\">\r\n\t\t\t\t\t\t\tD\u00e9fis s\u00e9curitaires en Afrique : Abidjan abritera le 11\u00e8 Sommet des Forces Terrestres Africaines du 08 au 12 mai prochain\t\t\t\t\t\t<\/a>\r\n\t\t\t\t\t<\/li>\r\n\t\t\t\t\t\t\t\t\t\t<li>\r\n\t\t\t\t\t\t<a class=\"limit-line\" href=\"https:\/\/www.amanien.info\/news\/federation-des-traditherapeutes-le-president-du-conseil-d-administration-investi\/\">\r\n\t\t\t\t\t\t\tF\u00e9d\u00e9ration des Tradith\u00e9rapeutes: Le pr\u00e9sident du conseil d&rsquo; administration investi\t\t\t\t\t\t<\/a>\r\n\t\t\t\t\t<\/li>\r\n\t\t\t\t\t\t\t\t\t\t<li>\r\n\t\t\t\t\t\t<a class=\"limit-line\" href=\"https:\/\/www.amanien.info\/news\/senegal-justice-affaire-remboursement-dune-dette-a-akram-neheme-les-heritiers-souare-entrevoient-enfin-le-bout-du-tunnel\/\">\r\n\t\t\t\t\t\t\tS\u00e9n\u00e9gal \/ Justice : Affaire \u00ab\u00a0Remboursement d&rsquo;une dette \u00e0 Akram Nehem\u00e9\u00a0\u00bb , les h\u00e9ritiers Souar\u00e9 entrevoient enfin le bout du tunnel\t\t\t\t\t\t<\/a>\r\n\t\t\t\t\t<\/li>\r\n\t\t\t\t\t\t\t\t\t\t<li>\r\n\t\t\t\t\t\t<a class=\"limit-line\" href=\"https:\/\/www.amanien.info\/news\/cinema-l-auteure-adline-camara-annonce-la-diffusion-officielle-de-son-film-kahonam-les-28-et-29-avril-2023-a-cocody\/\">\r\n\t\t\t\t\t\t\tCin\u00e9ma : L&rsquo; Auteure Adline Camara annonce la diffusion officielle de son film, \u00ab\u00a0KAHONAM\u00a0\u00bb les 28 et 29 avril 2023 \u00e0 Cocody\t\t\t\t\t\t<\/a>\r\n\t\t\t\t\t<\/li>\r\n\t\t\t\t\t\t\t\t\t\t<li>\r\n\t\t\t\t\t\t<a class=\"limit-line\" href=\"https:\/\/www.amanien.info\/news\/amelioration-de-la-mobilite-urbaine-le-premier-ministre-patrick-achi-lance-les-travaux-de-construction-de-trois-03-nouveaux-echangeurs-sur-le-bvd-francois-mitterand-a-cocody\/\">\r\n\t\t\t\t\t\t\tAm\u00e9lioration de la mobilit\u00e9 urbaine : Le Premier Ministre Patrick Achi lance les travaux de construction de trois (03) nouveaux \u00e9changeurs sur le bvd Fran\u00e7ois Mitterand, \u00e0 Cocody\t\t\t\t\t\t<\/a>\r\n\t\t\t\t\t<\/li>\r\n\t\t\t\t\t\t\t\t\t\t<li>\r\n\t\t\t\t\t\t<a class=\"limit-line\" href=\"https:\/\/www.amanien.info\/news\/autonomisation-de-la-femme-et-securite-alimentaire-lancement-officiel-des-activites-de-la-cooperative-mmon-djrame-des-productrices-dattieke-de-yopougon-koute\/\">\r\n\t\t\t\t\t\t\tAutonomisation de la femme et s\u00e9curit\u00e9 alimentaire : Lancement officiel des activit\u00e9s de la coop\u00e9rative \u00ab\u00a0M&rsquo;Mon Djram\u00e8\u00a0\u00bb des productrices d&rsquo;Atti\u00e9k\u00e9 de Yopougon-Kout\u00e9\t\t\t\t\t\t<\/a>\r\n\t\t\t\t\t<\/li>\r\n\t\t\t\t\t\t\t\t\t\t<li>\r\n\t\t\t\t\t\t<a class=\"limit-line\" href=\"https:\/\/www.amanien.info\/news\/ago-avant-la-mise-en-oeuvre-du-comite-sectoriel-du-dialogue-social-le-synaculture-soumet-des-doleances-et-des-revendications-a-la-ministre-de-la-culture-et-de-la-francophonie\/\">\r\n\t\t\t\t\t\t\tAGO : Avant la mise en \u0153uvre du Comit\u00e9 sectoriel du Dialogue social, le SYNACULTURE soumet des dol\u00e9ances et des revendications \u00e0 la Ministre de la culture et de la Francophonie\t\t\t\t\t\t<\/a>\r\n\t\t\t\t\t<\/li>\r\n\t\t\t\t\t\t\t\t\t\t<li>\r\n\t\t\t\t\t\t<a class=\"limit-line\" href=\"https:\/\/www.amanien.info\/news\/dette-interieure-factures-impayees-des-fournisseurs-de-letat-etc-le-synafeci-veut-rencontrer-le-president-de-la-republique-alassane-ouattara\/\">\r\n\t\t\t\t\t\t\tDette int\u00e9rieure, factures impay\u00e9es des fournisseurs de l&rsquo;Etat, etc : Le SYNAFECI veut rencontrer le Pr\u00e9sident de la R\u00e9publique Alassane OUATTARA\t\t\t\t\t\t<\/a>\r\n\t\t\t\t\t<\/li>\r\n\t\t\t\t\t\t\t\t\t\t<li>\r\n\t\t\t\t\t\t<a class=\"limit-line\" href=\"https:\/\/www.amanien.info\/news\/lutte-contre-la-pauvrete-la-fondation-reveil-des-coeurs-frc-remet-des-cheques-a-50-veuves-a-hauteur-de-250-000-fcfa-par-femme\/\">\r\n\t\t\t\t\t\t\tLutte contre la pauvret\u00e9 : La Fondation R\u00e9veil des Coeurs (FRC) remet des ch\u00e8ques \u00e0 50 veuves \u00e0 hauteur de 250 000 FCFA par femme\t\t\t\t\t\t<\/a>\r\n\t\t\t\t\t<\/li>\r\n\t\t\t\t\t\t\t\t\t\t<li>\r\n\t\t\t\t\t\t<a class=\"limit-line\" href=\"https:\/\/www.amanien.info\/news\/litterature-l-ecrivaine-norberte-zeze-sort-son-premier-livre-mere-seule-femme-epanouie-comment-jai-eleve-les-enfants\/\">\r\n\t\t\t\t\t\t\tLitt\u00e9rature : L&rsquo; \u00c9crivaine Norberte ZEZE sort son premier livre, \u00ab\u00a0M\u00e8re seule, femme \u00e9panouie&#8230; Comment j&rsquo;ai \u00e9lev\u00e9 les enfants\u00a0\u00bb\t\t\t\t\t\t<\/a>\r\n\t\t\t\t\t<\/li>\r\n\t\t\t\t\t\t\t\t\t\t<li>\r\n\t\t\t\t\t\t<a class=\"limit-line\" href=\"https:\/\/www.amanien.info\/news\/l-auteure-nicole-t-galo-presente-son-nouveau-livre-quand-mon-chemin-croise-lautisme\/\">\r\n\t\t\t\t\t\t\tL&rsquo; Auteure Nicole T. Galo pr\u00e9sente son nouveau livre,\u00a0 \u00ab\u00a0Quand mon chemin croise l&rsquo;autisme\u00a0\u00bb\t\t\t\t\t\t<\/a>\r\n\t\t\t\t\t<\/li>\r\n\t\t\t\t\t\t\t\t\t\t<li>\r\n\t\t\t\t\t\t<a class=\"limit-line\" href=\"https:\/\/www.amanien.info\/news\/le-pan-adama-bictogo-a-louverture-de-la-session-ordinaire-2023-la-session-qui-demarre-aujourdhui-avec-deja-15-textes-sur-le-bureau-sannonce-aussi-riche-que-la-precedente\/\">\r\n\t\t\t\t\t\t\tLe PAN Adama Bictogo \u00e0 l&rsquo;ouverture de la session ordinaire 2023 : \u00ab\u00a0La session qui d\u00e9marre, aujourd&rsquo;hui avec d\u00e9j\u00e0 15 textes sur le Bureau, s&rsquo;annonce aussi riche que la pr\u00e9c\u00e9dente\u00a0\u00bb\t\t\t\t\t\t<\/a>\r\n\t\t\t\t\t<\/li>\r\n\t\t\t\t\t\t\t\t\t\t<li>\r\n\t\t\t\t\t\t<a class=\"limit-line\" href=\"https:\/\/www.amanien.info\/news\/ouverture-de-la-session-ordinaire-2023-de-lan-et-de-la-14e-conference-de-lapf-plusieurs-personnalites-attendues-a-abidjan-lundi-prochain\/\">\r\n\t\t\t\t\t\t\tOuverture de la session ordinaire 2023 de l&rsquo;AN et de la 14\u00e8 Conf\u00e9rence de l&rsquo;APF : Plusieurs personnalit\u00e9s attendues \u00e0 Abidjan, lundi prochain\u00a0\t\t\t\t\t\t<\/a>\r\n\t\t\t\t\t<\/li>\r\n\t\t\t\t\t\t\t\t\t\t<li>\r\n\t\t\t\t\t\t<a class=\"limit-line\" href=\"https:\/\/www.amanien.info\/news\/le-porte-parole-du-pdci-rda-dr-bredoumy-soumaila-face-a-la-presse-apres-le-congres-extraordinaire-dautres-defis-attendent-notre-parti\/\">\r\n\t\t\t\t\t\t\tLe Porte-parole du PDCI-RDA, Dr Bredoumy Souma\u00efla face \u00e0 la presse: \u00ab\u00a0Apr\u00e8s le congr\u00e8s extraordinaire, d&rsquo;autres d\u00e9fis attendent notre parti\u00a0\u00bb\t\t\t\t\t\t<\/a>\r\n\t\t\t\t\t<\/li>\r\n\t\t\t\t\t\t\t\t\t\t<li>\r\n\t\t\t\t\t\t<a class=\"limit-line\" href=\"https:\/\/www.amanien.info\/news\/la-valorisation-de-la-culture-lart-et-la-tradition-au-menu-de-la-1ere-edition-de-la-journee-socio-culturelle-des-femmes-dan\/\">\r\n\t\t\t\t\t\t\tLa valorisation de la culture, l&rsquo;art et la tradition au menu de la 1\u00e8re \u00e9dition de la Journ\u00e9e socio-culturelle des femmes Dan\t\t\t\t\t\t<\/a>\r\n\t\t\t\t\t<\/li>\r\n\t\t\t\t\t\t\t\t\t\t<li>\r\n\t\t\t\t\t\t<a class=\"limit-line\" href=\"https:\/\/www.amanien.info\/news\/1ere-edition-de-la-foire-des-vehicules-doccasion-de-cote-divoire-fevoci-2022-le-promoteur-yves-hermann-yapi-dresse-le-bilan\/\">\r\n\t\t\t\t\t\t\t1\u00e8re \u00e9dition de la Foire des V\u00e9hicules d&rsquo;occasion de C\u00f4te d&rsquo;Ivoire (FEVOCI 2022) : Le Promoteur Yves Hermann YAPI dresse le bilan\t\t\t\t\t\t<\/a>\r\n\t\t\t\t\t<\/li>\r\n\t\t\t\t\t\t\t\t\t\t<li>\r\n\t\t\t\t\t\t<a class=\"limit-line\" href=\"https:\/\/www.amanien.info\/news\/celebration-de-la-jif-2023-de-lufdgi-les-femmes-invitees-a-la-formation-et-a-la-connaissance-de-leurs-droits-et-devoirs\/\">\r\n\t\t\t\t\t\t\tC\u00e9l\u00e9bration de la JIF 2023 de l&rsquo;UFDGI : Les femmes invit\u00e9es \u00e0 la formation et \u00e0 la connaissance de leurs droits et devoirs\t\t\t\t\t\t<\/a>\r\n\t\t\t\t\t<\/li>\r\n\t\t\t\t\t\t\t\t\t\t<li>\r\n\t\t\t\t\t\t<a class=\"limit-line\" href=\"https:\/\/www.amanien.info\/news\/formation-et-insertion-professionnelle-des-attestations-de-fin-de-formation-aux-metiers-de-la-mer-et-de-lindustrie-remises-a-1000-jeunes\/\">\r\n\t\t\t\t\t\t\tFormation et insertion professionnelle : Des\u00a0 attestations de fin de formation aux m\u00e9tiers de la mer et de l&rsquo;industrie remises \u00e0 1000 jeunes\u00a0\t\t\t\t\t\t<\/a>\r\n\t\t\t\t\t<\/li>\r\n\t\t\t\t\t\t\t\t\t\t<li>\r\n\t\t\t\t\t\t<a class=\"limit-line\" href=\"https:\/\/www.amanien.info\/news\/la-communaute-villageoise-de-yopougon-koute-denonce-la-remise-en-cause-du-choix-du-chef-de-village-apiti-apiti-clement-par-le-district-dabidjan-declaration\/\">\r\n\t\t\t\t\t\t\tLa communaut\u00e9 villageoise de Yopougon-Kout\u00e9 d\u00e9nonce la remise en cause du choix du Chef de village APITI APITI Cl\u00e9ment par le District d&rsquo;Abidjan (D\u00e9claration)\t\t\t\t\t\t<\/a>\r\n\t\t\t\t\t<\/li>\r\n\t\t\t\t\t\t\t\t\t\t<li>\r\n\t\t\t\t\t\t<a class=\"limit-line\" href=\"https:\/\/www.amanien.info\/news\/economie-abidjan-abritera-du-24-au-25-mai-prochain-la-deuxieme-edition-du-salon-international-du-financement-de-lentrepreneursifen\/\">\r\n\t\t\t\t\t\t\t\u00c9CONOMIE \/ Abidjan abritera du 24 au 25 mai prochain la deuxi\u00e8me \u00e9dition du Salon International du financement de l&rsquo;Entrepreneur(SIFEN)\t\t\t\t\t\t<\/a>\r\n\t\t\t\t\t<\/li>\r\n\t\t\t\t\t\t\t\t\t\t<li>\r\n\t\t\t\t\t\t<a class=\"limit-line\" href=\"https:\/\/www.amanien.info\/news\/culture-5e-edition-du-fiya-les-organisateurs-entendent-promouvoir-et-valoriser-le-patrimoine-ethno-culturel-ivoirien-dans-toute-sa-diversite\/\">\r\n\t\t\t\t\t\t\tCulture\/ 5\u00e8 \u00e9dition du FIYA : Les organisateurs entendent promouvoir et valoriser\u00a0 le patrimoine ethno-culturel ivoirien dans toute sa diversit\u00e9\t\t\t\t\t\t<\/a>\r\n\t\t\t\t\t<\/li>\r\n\t\t\t\t\t\t\t\t\t\t<li>\r\n\t\t\t\t\t\t<a class=\"limit-line\" href=\"https:\/\/www.amanien.info\/news\/construction-dinfrastructures-sportives-la-commune-de-yopougon-bientot-dotee-dun-complexe-nautique\/\">\r\n\t\t\t\t\t\t\tConstruction d&rsquo;infrastructures sportives: La commune de Yopougon bient\u00f4t dot\u00e9e d\u2019un complexe nautique\t\t\t\t\t\t<\/a>\r\n\t\t\t\t\t<\/li>\r\n\t\t\t\t\t\t\t\t\t\t<li>\r\n\t\t\t\t\t\t<a class=\"limit-line\" href=\"https:\/\/www.amanien.info\/news\/week-end-des-ebony-2022-le-president-de-lunjci-jean-claude-coulibaly-annonce-les-couleurs-de-levenement\/\">\r\n\t\t\t\t\t\t\tWeek-end des Ebony 2022 : Le Pr\u00e9sident de l&rsquo;UNJCI, Jean-Claude Coulibaly annonce les couleurs de l&rsquo;\u00e9v\u00e9nement\t\t\t\t\t\t<\/a>\r\n\t\t\t\t\t<\/li>\r\n\t\t\t\t\t\t\t\t\t\t<li>\r\n\t\t\t\t\t\t<a class=\"limit-line\" href=\"https:\/\/www.amanien.info\/news\/celebration-des-20-ans-de-carriere-musicale-de-lartiste-dobet-gnahore-les-grandes-articulations-devoilees\/\">\r\n\t\t\t\t\t\t\tC\u00e9l\u00e9bration des 20 ans de carri\u00e8re musicale de l&rsquo;artiste Dobet GNAHORE : Les grandes articulations d\u00e9voil\u00e9es\t\t\t\t\t\t<\/a>\r\n\t\t\t\t\t<\/li>\r\n\t\t\t\t\t\t\t\t\t\t<li>\r\n\t\t\t\t\t\t<a class=\"limit-line\" href=\"https:\/\/www.amanien.info\/news\/le-collectif-des-demissionnaires-de-la-fidhop-met-a-nu-les-mauvaises-pratiques-de-dr-boga-sako-gervaisconference-de-presse\/\">\r\n\t\t\t\t\t\t\tLe collectif des d\u00e9missionnaires de la FIDHOP met \u00e0 nu les mauvaises pratiques de Dr BOGA Sako Gervais(conf\u00e9rence de presse)\t\t\t\t\t\t<\/a>\r\n\t\t\t\t\t<\/li>\r\n\t\t\t\t\t\t\t\t\t\t<li>\r\n\t\t\t\t\t\t<a class=\"limit-line\" href=\"https:\/\/www.amanien.info\/news\/media-12e-journee-mondiale-de-la-radio-lurpci-recompense-les-meilleures-radios-et-acteurs\/\">\r\n\t\t\t\t\t\t\tM\u00e9dia\/12\u00e8 Journ\u00e9e Mondiale de la Radio:\u00a0 L&rsquo;URPCI r\u00e9compense les meilleures radios et acteurs\t\t\t\t\t\t<\/a>\r\n\t\t\t\t\t<\/li>\r\n\t\t\t\t\t\t\t\t\t\t<li>\r\n\t\t\t\t\t\t<a class=\"limit-line\" href=\"https:\/\/www.amanien.info\/news\/defense-des-droits-de-lhomme-la-fidhop-presente-les-membres-de-son-nouveau-bureau-executif-central\/\">\r\n\t\t\t\t\t\t\tD\u00e9fense des droits de l&rsquo;homme\/La FIDHOP pr\u00e9sente les membres de son nouveau Bureau Ex\u00e9cutif central\t\t\t\t\t\t<\/a>\r\n\t\t\t\t\t<\/li>\r\n\t\t\t\t\t\t\t\t\t\t<li>\r\n\t\t\t\t\t\t<a class=\"limit-line\" href=\"https:\/\/www.amanien.info\/news\/ako-festival-edition-2023-plus-de-15-000-festivaliers-attendus-a-agnibilekrou-du-28-au-30-avril-prochain\/\">\r\n\t\t\t\t\t\t\tAK\u00f4 Festival Edition 2023 : Plus de 15 000 festivaliers attendus \u00e0 Agnibil\u00e9krou du 28 au 30 avril prochain\t\t\t\t\t\t<\/a>\r\n\t\t\t\t\t<\/li>\r\n\t\t\t\t\t\t\t\t\t\t<li>\r\n\t\t\t\t\t\t<a class=\"limit-line\" href=\"https:\/\/www.amanien.info\/news\/rentree-federale-et-journee-du-merite-sportif-le-ministre-paulin-claude-danho-invite-les-federations-a-placer-la-jeunesse-au-coeur-de-toutes-leurs-activites\/\">\r\n\t\t\t\t\t\t\tRentr\u00e9e f\u00e9d\u00e9rale et journ\u00e9e du m\u00e9rite sportif : Le Ministre Paulin Claude Danho invite les f\u00e9d\u00e9rations \u00e0 placer la jeunesse au c\u0153ur de toutes leurs activit\u00e9s\t\t\t\t\t\t<\/a>\r\n\t\t\t\t\t<\/li>\r\n\t\t\t\t\t\t\t\t\t\t<li>\r\n\t\t\t\t\t\t<a class=\"limit-line\" href=\"https:\/\/www.amanien.info\/news\/obtention-de-bourses-detudes-et-promotion-de-la-langue-japonaise-le-coordonnateur-japonais-dr-h-kusakabe-visite-2-universites-privees-en-cote-divoire\/\">\r\n\t\t\t\t\t\t\tObtention de bourses d&rsquo;\u00e9tudes et promotion de la langue japonaise\/Le Coordonnateur japonais, Dr H.KUSAKABE \u00a0visite 2 universit\u00e9s priv\u00e9es en C\u00f4te d&rsquo;Ivoire\t\t\t\t\t\t<\/a>\r\n\t\t\t\t\t<\/li>\r\n\t\t\t\t\t\t\t\t\t\t<li>\r\n\t\t\t\t\t\t<a class=\"limit-line\" href=\"https:\/\/www.amanien.info\/news\/la-2e-edition-du-cross-joseph-taregue-lancee-a-bouake\/\">\r\n\t\t\t\t\t\t\tLa 2e \u00e9dition du cross Joseph Tar\u00e8gue lanc\u00e9e \u00e0 Bouak\u00e9\t\t\t\t\t\t<\/a>\r\n\t\t\t\t\t<\/li>\r\n\t\t\t\t\t\t\t\t\t\t<li>\r\n\t\t\t\t\t\t<a class=\"limit-line\" href=\"https:\/\/www.amanien.info\/news\/litterature-lex-prefet-dabidjan-vincent-toh-bi-irie-met-lumiere-la-vie-de-23-personnalites-ivoiriennes-dans-son-nouvel-ouvrage-itineraires\/\">\r\n\t\t\t\t\t\t\tLitt\u00e9rature : L&rsquo;ex-pr\u00e9fet d&rsquo;Abidjan, Vincent Toh Bi Iri\u00e9 met lumi\u00e8re la vie de 23 personnalit\u00e9s ivoiriennes dans son nouvel ouvrage \u00ab\u00a0Itin\u00e9raires&#8230;\u00a0\u00bb\t\t\t\t\t\t<\/a>\r\n\t\t\t\t\t<\/li>\r\n\t\t\t\t\t\t\t\t\t\t<li>\r\n\t\t\t\t\t\t<a class=\"limit-line\" href=\"https:\/\/www.amanien.info\/news\/evolution-de-ses-activites-en-2022la-brvm-enregistre-une-capitalisation-boursiere-du-marche-des-actions-portee-a-7-560-177-milliards-de-fcfa\/\">\r\n\t\t\t\t\t\t\t\u00c9volution de ses activit\u00e9s en 2022:La BRVM enregistre une capitalisation boursi\u00e8re du march\u00e9 des actions port\u00e9e \u00e0 7 560, 177 milliards de FCFA\t\t\t\t\t\t<\/a>\r\n\t\t\t\t\t<\/li>\r\n\t\t\t\t\t\t\t\t\t\t<li>\r\n\t\t\t\t\t\t<a class=\"limit-line\" href=\"https:\/\/www.amanien.info\/news\/yopougon-koute-le-chef-de-village-apiti-apiti-clement-annonce-dimportants-projets-en-faveur-des-femmes-et-des-jeunes\/\">\r\n\t\t\t\t\t\t\tYOPOUGON-KOUT\u00c9 : Le Chef de village APITI APITI Cl\u00e9ment annonce d&rsquo;importants projets en faveur des femmes et des jeunes\t\t\t\t\t\t<\/a>\r\n\t\t\t\t\t<\/li>\r\n\t\t\t\t\t\t\t\t\t\t<li>\r\n\t\t\t\t\t\t<a class=\"limit-line\" href=\"https:\/\/www.amanien.info\/news\/art-et-humour-lartiste-comedienne-prissy-la-degammeuse-annonce-son-first-folle-woman-show-le-18-mars-prochain-a-abidjan\/\">\r\n\t\t\t\t\t\t\tArt et Humour\/L&rsquo;Artiste-com\u00e9dienne Prissy La Degammeuse annonce son first \u00ab\u00a0Folle Woman Show\u00a0\u00bb le 18 mars prochain \u00e0 Abidjan\t\t\t\t\t\t<\/a>\r\n\t\t\t\t\t<\/li>\r\n\t\t\t\t\t\t\t\t\t\t<li>\r\n\t\t\t\t\t\t<a class=\"limit-line\" href=\"https:\/\/www.amanien.info\/news\/mena-unicef-toujours-unis-dans-la-lutte-contre-les-fleaux-en-milieu-scolaire\/\">\r\n\t\t\t\t\t\t\tMENA\/ UNICEF: TOUJOURS UNIS DANS LA LUTTE CONTRE LES FL\u00c9AUX EN MILIEU SCOLAIRE\u00a0\t\t\t\t\t\t<\/a>\r\n\t\t\t\t\t<\/li>\r\n\t\t\t\t\t\t\t\t\t\t<li>\r\n\t\t\t\t\t\t<a class=\"limit-line\" href=\"https:\/\/www.amanien.info\/news\/cloture-de-la-campagne-de-chirurgie-de-la-cataracte-dr-koizan-gamael-d-c-du-pnso\/\">\r\n\t\t\t\t\t\t\tCl\u00f4ture de la campagne de chirurgie de la cataracte\/Dr KOIZAN GAMAEL, D.C. du PNSO:<<Actuellement, pr\u00e8s de 300 000 personnes sont aveugles du fait de la cataracte>>\t\t\t\t\t\t<\/a>\r\n\t\t\t\t\t<\/li>\r\n\t\t\t\t\t\t\t\t\t\t<li>\r\n\t\t\t\t\t\t<a class=\"limit-line\" href=\"https:\/\/www.amanien.info\/news\/ag-elective-du-gotic-gnon-laurent-elu-nouveau-president-de-lorganisation-patronale-du-numerique-ivoirien\/\">\r\n\t\t\t\t\t\t\tAG \u00c9lective du GOTIC : GNON Laurent , \u00e9lu nouveau Pr\u00e9sident de l&rsquo;organisation patronale du num\u00e9rique ivoirien\t\t\t\t\t\t<\/a>\r\n\t\t\t\t\t<\/li>\r\n\t\t\t\t\t\t\t\t\t\t<li>\r\n\t\t\t\t\t\t<a class=\"limit-line\" href=\"https:\/\/www.amanien.info\/news\/arbre-de-noel-le-ministre-laurent-tchagba-donne-le-sourire-a-2-000-enfants-dattecoube\/\">\r\n\t\t\t\t\t\t\tArbre de No\u00ebl : Le Ministre Laurent Tchagba donne le sourire \u00e0 2 000 enfants d&rsquo;Attecoub\u00e9\t\t\t\t\t\t<\/a>\r\n\t\t\t\t\t<\/li>\r\n\t\t\t\t\t\t\t\t\t\t<li>\r\n\t\t\t\t\t\t<a class=\"limit-line\" href=\"https:\/\/www.amanien.info\/news\/recrudescence-des-cas-de-grossesses-en-cours-de-scolarite-en-cote-divoire-la-dmoss-sonne-la-remobilisation\/\">\r\n\t\t\t\t\t\t\tRecrudescence des cas de grossesses en cours de scolarit\u00e9 en c\u00f4te d\u2019ivoire\u00a0: la DMOSS sonne la remobilisation\t\t\t\t\t\t<\/a>\r\n\t\t\t\t\t<\/li>\r\n\t\t\t\t\t\t\t\t\t\t<li>\r\n\t\t\t\t\t\t<a class=\"limit-line\" href=\"https:\/\/www.amanien.info\/news\/investiture-du-nouveau-conseil-executif-de-lunjci-le-president-jean-claude-coulibaly-invite-les-journalistes-a-lunion-la-paix-et-une-vision-commune\/\">\r\n\t\t\t\t\t\t\tInvestiture du nouveau Conseil Ex\u00e9cutif de l&rsquo;UNJCI : Le Pr\u00e9sident Jean-Claude Coulibaly invite les Journalistes \u00e0 l&rsquo;union, la paix et une vision commune\t\t\t\t\t\t<\/a>\r\n\t\t\t\t\t<\/li>\r\n\t\t\t\t\t\t\t\t\t\t<li>\r\n\t\t\t\t\t\t<a class=\"limit-line\" href=\"https:\/\/www.amanien.info\/news\/economie-ouverture-a-abidjan-de-la-1ere-edition-de-la-foire-des-vehicules-doccasion-de-cote-divoirefevoci\/\">\r\n\t\t\t\t\t\t\t\u00c9conomie \/ Ouverture \u00e0 Abidjan de la 1\u00e8re \u00e9dition de la Foire des v\u00e9hicules d&rsquo;occasion de C\u00f4te d&rsquo;Ivoire(FEVOCI)\u00a0\t\t\t\t\t\t<\/a>\r\n\t\t\t\t\t<\/li>\r\n\t\t\t\t\t\t\t\t\t\t<li>\r\n\t\t\t\t\t\t<a class=\"limit-line\" href=\"https:\/\/www.amanien.info\/news\/medecine-traditionnelle-inauguration-a-abobo-de-lunite-de-production-de-medicaments-100-naturels-du-cabinet-fadi\/\">\r\n\t\t\t\t\t\t\tM\u00e9decine traditionnelle : Inauguration \u00e0 Abobo de l&rsquo;Unit\u00e9 de production de m\u00e9dicaments 100 % naturels\u00a0du Cabinet FADI\t\t\t\t\t\t<\/a>\r\n\t\t\t\t\t<\/li>\r\n\t\t\t\t\t\t\t\t\t\t<li>\r\n\t\t\t\t\t\t<a class=\"limit-line\" href=\"https:\/\/www.amanien.info\/news\/education-et-alphabetisation-de-la-femme-l-ong-nid-despoir-lance-la-4e-edition-du-coucours-les-reines-de-lalphabetisation\/\">\r\n\t\t\t\t\t\t\t\u00c9ducation et alphab\u00e9tisation de la femme : L&rsquo; ONG NID D&rsquo;ESPOIR lance la 4\u00e8 \u00e9dition du coucours \u00a0\u00bbLes reines de l&rsquo;alphab\u00e9tisation\u00a0\u00bb\u00a0\t\t\t\t\t\t<\/a>\r\n\t\t\t\t\t<\/li>\r\n\t\t\t\t\t\t\t\t\t\t<li>\r\n\t\t\t\t\t\t<a class=\"limit-line\" href=\"https:\/\/www.amanien.info\/news\/festival-jaime-koumassi-les-rites-et-coutumes-au-menu-de-la-3eme-journee\/\">\r\n\t\t\t\t\t\t\tFestival j\u2019Aime Koumassi: Les\u00a0 rites et coutumes au menu de la 3\u00e8me journ\u00e9e\t\t\t\t\t\t<\/a>\r\n\t\t\t\t\t<\/li>\r\n\t\t\t\t\t\t\t\t\t\t<li>\r\n\t\t\t\t\t\t<a class=\"limit-line\" href=\"https:\/\/www.amanien.info\/news\/celebration-de-lexcellence-et-du-merite-la-6e-edition-du-diner-gala-de-lobservatoire-africain-pour-la-promotion-de-la-bonne-gouvernance-oapbg-se-tiendra-le-23-decembre-prochain-a-abidjan\/\">\r\n\t\t\t\t\t\t\tC\u00e9l\u00e9bration de l&rsquo;excellence et du m\u00e9rite : La 6\u00e8 \u00e9dition du d\u00eener gala de l&rsquo;observatoire Africain pour la promotion de la Bonne Gouvernance (OAPBG) se tiendra le 23 d\u00e9cembre prochain \u00e0 Abidjan\t\t\t\t\t\t<\/a>\r\n\t\t\t\t\t<\/li>\r\n\t\t\t\t\t\t\t\t\t\t<li>\r\n\t\t\t\t\t\t<a class=\"limit-line\" href=\"https:\/\/www.amanien.info\/news\/digitalisation-des-moyens-de-paiement-de-letat-le-synam-ci-officialise-son-partenariat-avec-tresormoney\/\">\r\n\t\t\t\t\t\t\tDigitalisation des moyens de paiement de l&rsquo;Etat : Le SYNAM-CI officialise son partenariat avec TR\u00c9SORMONEY\u00a0\t\t\t\t\t\t<\/a>\r\n\t\t\t\t\t<\/li>\r\n\t\t\t\t\t\t\t\t\t\t<li>\r\n\t\t\t\t\t\t<a class=\"limit-line\" href=\"https:\/\/www.amanien.info\/news\/developpement-local-ag-constitutive-de-la-mutuelle-de-developpement-de-beoue-zibiao-les-filles-et-fils-invites-a-federer-leurs-forces-et-energies\/\">\r\n\t\t\t\t\t\t\tD\u00e9veloppement local\/AG constitutive de la mutuelle de d\u00e9veloppement de BEOUE-ZIBIAO : Les filles et fils invit\u00e9s \u00e0 f\u00e9d\u00e9rer leurs forces et \u00e9nergies\t\t\t\t\t\t<\/a>\r\n\t\t\t\t\t<\/li>\r\n\t\t\t\t\t\t\t\t\t\t<li>\r\n\t\t\t\t\t\t<a class=\"limit-line\" href=\"https:\/\/www.amanien.info\/news\/medias-le-ministre-amadou-coulibaly-inaugure-la-salle-de-conference-de-la-maison-de-la-presse\/\">\r\n\t\t\t\t\t\t\tM\u00c9DIAS \/ Le Ministre Amadou Coulibaly inaugure la salle de conf\u00e9rence de la Maison de la Presse\t\t\t\t\t\t<\/a>\r\n\t\t\t\t\t<\/li>\r\n\t\t\t\t\t\t\t\t\t\t<li>\r\n\t\t\t\t\t\t<a class=\"limit-line\" href=\"https:\/\/www.amanien.info\/news\/distinction-le-bnetd-honore-383-agents-et-18-personnalites\/\">\r\n\t\t\t\t\t\t\tDistinction : Le BNETD honore 383 agents et 18 personnalit\u00e9s\t\t\t\t\t\t<\/a>\r\n\t\t\t\t\t<\/li>\r\n\t\t\t\t\t\t\t\t\t\t<li>\r\n\t\t\t\t\t\t<a class=\"limit-line\" href=\"https:\/\/www.amanien.info\/news\/10e-ago-de-la-fimada-le-president-bleu-charlemagne-fixe-les-priorites-de-lannee-2023\/\">\r\n\t\t\t\t\t\t\t10e AGO de la FIMADA : Le Pr\u00e9sident Bleu Charlemagne fixe les priorit\u00e9s de l&rsquo;ann\u00e9e 2023\t\t\t\t\t\t<\/a>\r\n\t\t\t\t\t<\/li>\r\n\t\t\t\t\t\t\t\t\t\t<li>\r\n\t\t\t\t\t\t<a class=\"limit-line\" href=\"https:\/\/www.amanien.info\/news\/grand-bassam-lancement-des-activites-du-flair-les-populations-sensibilisees-sur-les-conflits-fonciers\/\">\r\n\t\t\t\t\t\t\tGRAND-BASSAM\/Lancement des activit\u00e9s du \u00ab\u00a0FLAIR\u00a0\u00bb: Les populations sensibilis\u00e9es sur les conflits fonciers\t\t\t\t\t\t<\/a>\r\n\t\t\t\t\t<\/li>\r\n\t\t\t\t\t\t\t\t\t\t<li>\r\n\t\t\t\t\t\t<a class=\"limit-line\" href=\"https:\/\/www.amanien.info\/news\/la-mutuelle-des-architectes-de-cote-divoire-lance-ses-activites-de-prestations-sante\/\">\r\n\t\t\t\t\t\t\tLa Mutuelle des Architectes de C\u00f4te d&rsquo;Ivoire lance ses activit\u00e9s de prestations sant\u00e9\t\t\t\t\t\t<\/a>\r\n\t\t\t\t\t<\/li>\r\n\t\t\t\t\t\t\t\t\t\t<li>\r\n\t\t\t\t\t\t<a class=\"limit-line\" href=\"https:\/\/www.amanien.info\/news\/la-cote-divoire-annonce-le-retrait-de-ses-troupes-de-la-minusma-au-mali\/\">\r\n\t\t\t\t\t\t\tLa C\u00f4te d&rsquo;Ivoire annonce le retrait de ses troupes de la MINUSMA au Mali\t\t\t\t\t\t<\/a>\r\n\t\t\t\t\t<\/li>\r\n\t\t\t\t\t\t\t\t\t\t<li>\r\n\t\t\t\t\t\t<a class=\"limit-line\" href=\"https:\/\/www.amanien.info\/news\/jmt-cdt-2022-le-ministre-du-commerce-de-lindustrie-et-de-la-promotion-des-pme-souleymane-diarrassouba-salue-limagination-lingeniosite-et-laudace-des-agro-transformateurs-et-equipementiers\/\">\r\n\t\t\t\t\t\t\tJMT-CDT 2022 : Le Ministre du Commerce, de l&rsquo;Industrie et de la promotion des PME, Souleymane Diarrassouba salue l&rsquo;imagination, l&rsquo;ing\u00e9niosit\u00e9 et l&rsquo;audace des agro-transformateurs et \u00e9quipementiers locaux\t\t\t\t\t\t<\/a>\r\n\t\t\t\t\t<\/li>\r\n\t\t\t\t\t\t\t\t\t\t<li>\r\n\t\t\t\t\t\t<a class=\"limit-line\" href=\"https:\/\/www.amanien.info\/news\/3922-2\/\">\r\n\t\t\t\t\t\t\t\t\t\t\t\t\t<\/a>\r\n\t\t\t\t\t<\/li>\r\n\t\t\t\t\t\t\t\t\t\t<li>\r\n\t\t\t\t\t\t<a class=\"limit-line\" href=\"https:\/\/www.amanien.info\/news\/lutte-contre-le-cancer-du-sein-pr-diabate-aboubacar-sidiki-medecin-radiologue-la-mammographie-sauve-des-vies\/\">\r\n\t\t\t\t\t\t\tLutte contre le cancer du sein : Pr DIABATE Aboubacar Sidiki (M\u00e9decin-radiologue): \u00ab\u00a0La mammographie sauve des vies\u00a0\u00bb\t\t\t\t\t\t<\/a>\r\n\t\t\t\t\t<\/li>\r\n\t\t\t\t\t\t\t\t\t\t<li>\r\n\t\t\t\t\t\t<a class=\"limit-line\" href=\"https:\/\/www.amanien.info\/news\/le-president-de-la-cgeci-jean-marie-ackah-face-a-la-presse-les-entreprises-du-secteur-formel-subissent-une-pression-fiscale-de-lordre-de-27-minimum\/\">\r\n\t\t\t\t\t\t\tLe Pr\u00e9sident de la CGECI, Jean-Marie ACKAH, face \u00e0 la presse :\u00a0\u00bbLes entreprises du secteur formel subissent une pression fiscale de l&rsquo;ordre de 27% minimum\u00a0\u00bb\t\t\t\t\t\t<\/a>\r\n\t\t\t\t\t<\/li>\r\n\t\t\t\t\t\t\t\t\t\t<li>\r\n\t\t\t\t\t\t<a class=\"limit-line\" href=\"https:\/\/www.amanien.info\/news\/enseignement-technique-et-formation-professionnelle-le-premier-ministre-patrick-achi-inaugure-le-lycee-professionnel-sectoriellps-de-yopougon\/\">\r\n\t\t\t\t\t\t\tEnseignement technique et formation professionnelle : Le Premier Ministre, Patrick Achi inaugure le Lyc\u00e9e Professionnel Sectoriel(LPS) de Yopougon\t\t\t\t\t\t<\/a>\r\n\t\t\t\t\t<\/li>\r\n\t\t\t\t\t\t\t\t\t\t<li>\r\n\t\t\t\t\t\t<a class=\"limit-line\" href=\"https:\/\/www.amanien.info\/news\/therese-houphouet-boigny-elevee-a-la-dignite-de-grand-officier-de-lordre-national\/\">\r\n\t\t\t\t\t\t\tTh\u00e9r\u00e8se Houphou\u00ebt-Boigny \u00e9lev\u00e9e \u00e0 la dignit\u00e9 de Grand Officier de l\u2019Ordre National\t\t\t\t\t\t<\/a>\r\n\t\t\t\t\t<\/li>\r\n\t\t\t\t\t\t\t\t\t\t<li>\r\n\t\t\t\t\t\t<a class=\"limit-line\" href=\"https:\/\/www.amanien.info\/news\/fete-anniversaire-de-lan-01-du-ppaci-damana-pikass-sans-detours\/\">\r\n\t\t\t\t\t\t\tF\u00eate anniversaire de l&rsquo;an 01 du PPACI\/ Damana Pikass sans d\u00e9tours :<< Laurent Gbagbo est notre candidat en 2025>>\t\t\t\t\t\t<\/a>\r\n\t\t\t\t\t<\/li>\r\n\t\t\t\t\t\t\t\t\t\t<li>\r\n\t\t\t\t\t\t<a class=\"limit-line\" href=\"https:\/\/www.amanien.info\/news\/lancement-de-la-distribution-de-kits-scolaires-dominique-ouattara-va-offrir-15-000-kits-scolaires-dune-valeur-de-150-millions-f-cfa-aux-ecoliers-de-cote-divoire\/\">\r\n\t\t\t\t\t\t\tLancement de la distribution de kits scolaires: Dominique Ouattara va offrir 15.000 kits scolaires d\u2019une valeur de 150 millions F CFA aux \u00e9coliers de C\u00f4te d\u2019Ivoire\t\t\t\t\t\t<\/a>\r\n\t\t\t\t\t<\/li>\r\n\t\t\t\t\t\t\t\t\t\t<li>\r\n\t\t\t\t\t\t<a class=\"limit-line\" href=\"https:\/\/www.amanien.info\/news\/lutte-contre-le-cancer-du-sein-le-cnrao-fait-depister-plus-de-500-femmes\/\">\r\n\t\t\t\t\t\t\tLutte contre le cancer du sein : Le CNRAO fait d\u00e9pister plus de 500 femmes\t\t\t\t\t\t<\/a>\r\n\t\t\t\t\t<\/li>\r\n\t\t\t\t\t\t\t\t\t\t<li>\r\n\t\t\t\t\t\t<a class=\"limit-line\" href=\"https:\/\/www.amanien.info\/news\/prix-marie-lor-divoire\/\">\r\n\t\t\t\t\t\t\tPrix Marie l&rsquo;or d&rsquo;Ivoire\t\t\t\t\t\t<\/a>\r\n\t\t\t\t\t<\/li>\r\n\t\t\t\t\t\t\t\t\t\t<li>\r\n\t\t\t\t\t\t<a class=\"limit-line\" href=\"https:\/\/www.amanien.info\/news\/sante-ouverture-a-abidjan-de-la-9e-edition-des-journees-de-lordre-national-des-pharmaciens-de-cote-divoire-jonpci\/\">\r\n\t\t\t\t\t\t\tSANTE \/ Ouverture \u00e0 Abidjan de la 9\u00e8 \u00e9dition des Journ\u00e9es de l&rsquo;Ordre National des Pharmaciens de C\u00f4te d&rsquo;Ivoire (JONPCI)\t\t\t\t\t\t<\/a>\r\n\t\t\t\t\t<\/li>\r\n\t\t\t\t\t\t\t\t\t\t<li>\r\n\t\t\t\t\t\t<a class=\"limit-line\" href=\"https:\/\/www.amanien.info\/news\/press-club-de-lunjci-le-d-g-de-mtn-explique-levolution-du-secteur-des-telecommunications\/\">\r\n\t\t\t\t\t\t\tPress club de l\u2019UNJCI: Le D.G de MTN explique\u00a0 l\u2019\u00e9volution du secteur des t\u00e9l\u00e9communications\t\t\t\t\t\t<\/a>\r\n\t\t\t\t\t<\/li>\r\n\t\t\t\t\t\t\t\t\t\t<li>\r\n\t\t\t\t\t\t<a class=\"limit-line\" href=\"https:\/\/www.amanien.info\/news\/lancement-des-activites-doctobre-rose-2022le-premier-ministre-patrick-achi-quand-le-cancer-est-detecte-tot-cest-la-vie-qui-lemporte-9-fois-sur-10\/\">\r\n\t\t\t\t\t\t\tLancement des activit\u00e9s d&rsquo;Octobre Rose 2022:Le Premier Ministre, Patrick Achi :\u00a0\u00bbQuand le cancer est d\u00e9tect\u00e9 t\u00f4t, c&rsquo;est la vie qui l&#8217;emporte 9 fois sur 10&Prime;\t\t\t\t\t\t<\/a>\r\n\t\t\t\t\t<\/li>\r\n\t\t\t\t\t\t\t\t\t\t<li>\r\n\t\t\t\t\t\t<a class=\"limit-line\" href=\"https:\/\/www.amanien.info\/news\/concours-plume-anti-tabac-christelle-kouame-de-radio-abobo-rafle-le-super-prix\/\">\r\n\t\t\t\t\t\t\tConcours \u00ab\u00a0Plume Anti-tabac\u00a0\u00bb : Christelle Kouam\u00e9 de Radio Abobo rafle le super Prix\t\t\t\t\t\t<\/a>\r\n\t\t\t\t\t<\/li>\r\n\t\t\t\t\t\t\t\t\t\t<li>\r\n\t\t\t\t\t\t<a class=\"limit-line\" href=\"https:\/\/www.amanien.info\/news\/la-1ere-edition-du-sommet-panafricain-du-theatre-et-du-7eme-artsomart-se-tiendra-du-24-au-26-octobre-prochain-a-yamoussoukro\/\">\r\n\t\t\t\t\t\t\tLa 1\u00e8re \u00e9dition du Sommet panafricain du th\u00e9\u00e2tre et du 7\u00e8me art(SOM&rsquo;ART) se tiendra du 24 au 26 octobre prochain \u00e0 Yamoussoukro\t\t\t\t\t\t<\/a>\r\n\t\t\t\t\t<\/li>\r\n\t\t\t\t\t\t\t\t\t\t<li>\r\n\t\t\t\t\t\t<a class=\"limit-line\" href=\"https:\/\/www.amanien.info\/news\/insertion-socio-professionnelle-154-jeunes-sont-a-lecole-pour-une-formation-qualifiante-grace-a-lhonorable-jacques-assahore-konan\/\">\r\n\t\t\t\t\t\t\tInsertion socio-professionnelle : 154 jeunes sont \u00e0 l\u2019\u00e9cole pour une formation qualifiante gr\u00e2ce \u00e0 l\u2019Honorable Jacques Assahor\u00e9 Konan\t\t\t\t\t\t<\/a>\r\n\t\t\t\t\t<\/li>\r\n\t\t\t\t\t\t\t\t\t\t<li>\r\n\t\t\t\t\t\t<a class=\"limit-line\" href=\"https:\/\/www.amanien.info\/news\/journee-internationale-des-personnes-agees-reduire-les-inegalites-en-matiere-de-sante\/\">\r\n\t\t\t\t\t\t\tJourn\u00e9e Internationale des Personnes \u00c2g\u00e9es: R\u00e9duire les in\u00e9galit\u00e9s en mati\u00e8re de sant\u00e9\t\t\t\t\t\t<\/a>\r\n\t\t\t\t\t<\/li>\r\n\t\t\t\t\t\t\t\t\t\t<li>\r\n\t\t\t\t\t\t<a class=\"limit-line\" href=\"https:\/\/www.amanien.info\/news\/lauteur-mekapeu-ferdinand-presente-son-ouvrage-6-annees-comme-6-siecles-6-annees-comme-6-heures-au-public\/\">\r\n\t\t\t\t\t\t\tL&rsquo;auteur MEKAPEU Ferdinand pr\u00e9sente son ouvrage, \u00ab\u00a06 ann\u00e9es comme 6 si\u00e8cles&#8230;6 ann\u00e9es comme 6 heures\u00a0\u00bb\u00a0au public\t\t\t\t\t\t<\/a>\r\n\t\t\t\t\t<\/li>\r\n\t\t\t\t\t\t\t\t\t\t<li>\r\n\t\t\t\t\t\t<a class=\"limit-line\" href=\"https:\/\/www.amanien.info\/news\/pr-diabate-aboubacar-sidiki-medecin-radiologue\/\">\r\n\t\t\t\t\t\t\tPr DIABATE Aboubacar Sidiki (M\u00e9decin radiologue): <<Le cancer peut toucher tous les organes du corps humain>>\t\t\t\t\t\t<\/a>\r\n\t\t\t\t\t<\/li>\r\n\t\t\t\t\t\t\t\t\t\t<li>\r\n\t\t\t\t\t\t<a class=\"limit-line\" href=\"https:\/\/www.amanien.info\/news\/paix-et-developpement-en-afrique-voici-ce-que-mme-dominique-ouattara-a-dit-a-new-york\/\">\r\n\t\t\t\t\t\t\tPaix et d\u00e9veloppement en Afrique: Voici ce que Mme Dominique Ouattara a dit \u00e0 New York\t\t\t\t\t\t<\/a>\r\n\t\t\t\t\t<\/li>\r\n\t\t\t\t\t\t\t\t\t\t<li>\r\n\t\t\t\t\t\t<a class=\"limit-line\" href=\"https:\/\/www.amanien.info\/news\/sante-journees-ivoiriennes-dimagerie-medicale-jiim-2022-limagerie-musculo-squelettique-au-coeur-des-echanges\/\">\r\n\t\t\t\t\t\t\tSANT\u00c9\/Journ\u00e9es Ivoiriennes d&rsquo;Imagerie M\u00e9dicale (JIIM 2022): L&rsquo;imagerie musculo-squelettique au c\u0153ur des \u00e9changes\t\t\t\t\t\t<\/a>\r\n\t\t\t\t\t<\/li>\r\n\t\t\t\t\t\t\t\t\t\t<li>\r\n\t\t\t\t\t\t<a class=\"limit-line\" href=\"https:\/\/www.amanien.info\/news\/dialogue-etat-secteur-prive-ouverture-a-abidjan-de-la-6e-edition-des-rencontres\/\">\r\n\t\t\t\t\t\t\tDialogue \u00c9tat-Secteur priv\u00e9 : Ouverture \u00e0 Abidjan de la 6\u00e8 \u00c9dition des rencontres <<Business to Government(B2G)>>\t\t\t\t\t\t<\/a>\r\n\t\t\t\t\t<\/li>\r\n\t\t\t\t\t\t\t\t\t\t<li>\r\n\t\t\t\t\t\t<a class=\"limit-line\" href=\"https:\/\/www.amanien.info\/news\/yopougon-le-fpi-offre-des-kits-scolaires-aux-eleves\/\">\r\n\t\t\t\t\t\t\tYopougon : le FPI offre des kits scolaires aux \u00e9l\u00e8ves\t\t\t\t\t\t<\/a>\r\n\t\t\t\t\t<\/li>\r\n\t\t\t\t\t\t\t\t\t\t<li>\r\n\t\t\t\t\t\t<a class=\"limit-line\" href=\"https:\/\/www.amanien.info\/news\/projet-can-2024-l-etat-davancement-des-travaux-du-stade-de-bouake-evalue-a-98\/\">\r\n\t\t\t\t\t\t\tProjet CAN 2024 : L&rsquo; \u00e9tat d&rsquo;avancement des travaux du stade de Bouak\u00e9 \u00e9valu\u00e9 \u00e0 98%\t\t\t\t\t\t<\/a>\r\n\t\t\t\t\t<\/li>\r\n\t\t\t\t\t\t\t\t\t\t<li>\r\n\t\t\t\t\t\t<a class=\"limit-line\" href=\"https:\/\/www.amanien.info\/news\/metfpa-examen-du-projet-de-loi-dorientation-de-lenseignement-et-de-la-formation-techniques-et-professionnels-en-ci-devant-le-senat\/\">\r\n\t\t\t\t\t\t\tMETFPA\/Examen du Projet de Loi d&rsquo;Orientation de l&rsquo;Enseignement et de la Formation Techniques et Professionnels en CI devant le S\u00e9nat\t\t\t\t\t\t<\/a>\r\n\t\t\t\t\t<\/li>\r\n\t\t\t\t\t\t\t\t\t\t<li>\r\n\t\t\t\t\t\t<a class=\"limit-line\" href=\"https:\/\/www.amanien.info\/news\/lancement-du-prix-ebony-2022-le-president-de-lunjci-jean-claude-coulibaly-annonce-les-innovations\/\">\r\n\t\t\t\t\t\t\tLancement du Prix Ebony 2022 : Le Pr\u00e9sident de l&rsquo;UNJCI, Jean-Claude Coulibaly annonce les innovations\t\t\t\t\t\t<\/a>\r\n\t\t\t\t\t<\/li>\r\n\t\t\t\t\t\t\t\t\t\t<li>\r\n\t\t\t\t\t\t<a class=\"limit-line\" href=\"https:\/\/www.amanien.info\/news\/edition-2022-de-la-foire-internationale-des-saveurs-dabidjan-fisa-plus-de-50-pays-du-monde-entier-attendus-a-abidjan\/\">\r\n\t\t\t\t\t\t\t\u00c9dition 2022 de la Foire Internationale des Saveurs d&rsquo;Abidjan (FISA) : Plus de 50 pays du monde entier attendus \u00e0 Abidjan\t\t\t\t\t\t<\/a>\r\n\t\t\t\t\t<\/li>\r\n\t\t\t\t\t\t\t\t\t\t<li>\r\n\t\t\t\t\t\t<a class=\"limit-line\" href=\"https:\/\/www.amanien.info\/news\/55eme-edition-de-la-journee-internationale-de-lalphabetisation-la-premiere-dame-dominique-ouattara-partage-sa-recette-pour-lutter-contre-lanalphabetisation\/\">\r\n\t\t\t\t\t\t\t55\u00e8me \u00e9dition de la journ\u00e9e internationale de l\u2019Alphab\u00e9tisation: La Premi\u00e8re Dame Dominique Ouattara partage sa recette pour lutter contre l\u2019analphab\u00e9tisation\u00a0\u00bb\t\t\t\t\t\t<\/a>\r\n\t\t\t\t\t<\/li>\r\n\t\t\t\t\t\t\t\t\t\t<li>\r\n\t\t\t\t\t\t<a class=\"limit-line\" href=\"https:\/\/www.amanien.info\/news\/formation-et-insertion-professionnelles-des-jeunes-un-seminaire-sur-loperationnalisation-et-le-deploiement-de-lecole-se-tient-a-jacqueline\/\">\r\n\t\t\t\t\t\t\tFormation et insertion professionnelles des jeunes : Un s\u00e9minaire sur l&rsquo;op\u00e9rationnalisation et le d\u00e9ploiement de l&rsquo;Ecole se tient \u00e0 Jacqueline\t\t\t\t\t\t<\/a>\r\n\t\t\t\t\t<\/li>\r\n\t\t\t\t\t\t\t\t\t\t<li>\r\n\t\t\t\t\t\t<a class=\"limit-line\" href=\"https:\/\/www.amanien.info\/news\/legislatives-partielles-a-bodokro-lexpertise-de-lhonorable-jacques-konan-assahhore-renforce-la-position-du-rhdp-dans-la-region\/\">\r\n\t\t\t\t\t\t\tL\u00e9gislatives partielles \u00e0 Bodokro : L\u2019expertise de l\u2019honorable Jacques Konan ASSAHHORE renforce la position du RHDP dans la r\u00e9gion\t\t\t\t\t\t<\/a>\r\n\t\t\t\t\t<\/li>\r\n\t\t\t\t\t\t\t\t\t\t<li>\r\n\t\t\t\t\t\t<a class=\"limit-line\" href=\"https:\/\/www.amanien.info\/news\/unicef-offre-un-minibus-a-la-fondation-children-of-africa\/\">\r\n\t\t\t\t\t\t\tUNICEF offre un minibus \u00e0 la Fondation Children Of Africa\t\t\t\t\t\t<\/a>\r\n\t\t\t\t\t<\/li>\r\n\t\t\t\t\t\t\t\t\t\t<li>\r\n\t\t\t\t\t\t<a class=\"limit-line\" href=\"https:\/\/www.amanien.info\/news\/publication-des-resultats-du-dernier-rgph-prochaines-elections-le-pdci-rda-appelle-a-un-audit-de-la-liste-electorale\/\">\r\n\t\t\t\t\t\t\tPublication des r\u00e9sultats du dernier RGPH, prochaines \u00e9lections \/ Le PDCI-RDA appelle \u00e0 un audit de la liste \u00e9lectorale\u00a0\t\t\t\t\t\t<\/a>\r\n\t\t\t\t\t<\/li>\r\n\t\t\t\t\t\t\t\t\t\t<li>\r\n\t\t\t\t\t\t<a class=\"limit-line\" href=\"https:\/\/www.amanien.info\/news\/fete-de-la-federation-atchado-de-yopougon-koutele-chef-de-village-apiti-a-clement\/\">\r\n\t\t\t\t\t\t\tF\u00eate de la F\u00e9d\u00e9ration \u00ab\u00a0ATCHADO\u00a0\u00bb de Yopougon-Kout\u00e9:Le Chef de village, APITI A. Cl\u00e9ment :<<C'est l'unit\u00e9 qui fait la force du d\u00e9veloppement>>\t\t\t\t\t\t<\/a>\r\n\t\t\t\t\t<\/li>\r\n\t\t\t\t\t\t\t\t\t\t<li>\r\n\t\t\t\t\t\t<a class=\"limit-line\" href=\"https:\/\/www.amanien.info\/news\/education-nationale-point-de-presse-de-la-dmoss\/\">\r\n\t\t\t\t\t\t\t\u00c9ducation nationale : POINT DE PRESSE DE LA DMOSS\t\t\t\t\t\t<\/a>\r\n\t\t\t\t\t<\/li>\r\n\t\t\t\t\t\t\t\t\t\t<li>\r\n\t\t\t\t\t\t<a class=\"limit-line\" href=\"https:\/\/www.amanien.info\/news\/art-et-spectacle-lartiste-fior-2-bior-annonce-un-concert-live-inedit-le-1er-octobre-prochain-a-abidjan\/\">\r\n\t\t\t\t\t\t\tArt et spectacle : L&rsquo;artiste FIOR 2 BIOR annonce un concert live in\u00e9dit le 1er octobre prochain \u00e0 Abidjan\t\t\t\t\t\t<\/a>\r\n\t\t\t\t\t<\/li>\r\n\t\t\t\t\t\t\t\t\t\t<li>\r\n\t\t\t\t\t\t<a class=\"limit-line\" href=\"https:\/\/www.amanien.info\/news\/legislatives-partielles-a-bodokro-lhonorable-jacques-assahore-konan-apporte-son-son-soutien-au-candidat-du-rhdp\/\">\r\n\t\t\t\t\t\t\tLEGISLATIVES PARTIELLES \u00e0 BODOKRO: l&rsquo;Honorable Jacques ASSAHORE Konan apporte son son soutien au candidat du Rhdp\t\t\t\t\t\t<\/a>\r\n\t\t\t\t\t<\/li>\r\n\t\t\t\t\t\t\t\t\t\t<li>\r\n\t\t\t\t\t\t<a class=\"limit-line\" href=\"https:\/\/www.amanien.info\/news\/concert-40-ans-de-carriere-de-luckson-padaud-son-orchestre-en-repetitions\/\">\r\n\t\t\t\t\t\t\tConcert: 40 ans de carri\u00e8re de Luckson PADAUD, son orchestre en r\u00e9p\u00e9titions\t\t\t\t\t\t<\/a>\r\n\t\t\t\t\t<\/li>\r\n\t\t\t\t\t\t\t\t\t\t<li>\r\n\t\t\t\t\t\t<a class=\"limit-line\" href=\"https:\/\/www.amanien.info\/news\/taabo-le-cns-sensibilise-les-enfants-et-les-populations-sur-le-danger-du-travail-des-enfants\/\">\r\n\t\t\t\t\t\t\tTaabo: Le CNS sensibilise les enfants et les populations sur le danger du travail des enfants\t\t\t\t\t\t<\/a>\r\n\t\t\t\t\t<\/li>\r\n\t\t\t\t\t\t\t\t\t\t<li>\r\n\t\t\t\t\t\t<a class=\"limit-line\" href=\"https:\/\/www.amanien.info\/news\/modernisation-de-lagriculture-ivoirienne-agri-tech-tunisia-un-projet-a-la-pointe-de-la-technologie\/\">\r\n\t\t\t\t\t\t\tModernisation de l\u2019agriculture ivoirienne\u00a0: \u00ab\u00a0Agri-tech Tunisia\u00a0\u00bb un projet \u00e0 la pointe de la technologie\t\t\t\t\t\t<\/a>\r\n\t\t\t\t\t<\/li>\r\n\t\t\t\t\t\t\t\t\t\t<li>\r\n\t\t\t\t\t\t<a class=\"limit-line\" href=\"https:\/\/www.amanien.info\/news\/fete-de-moisson-2022-du-mpcdra-les-fideles-chretiens-invites-a-la-reconnaissance-envers-dieu-et-ses-serviteurs\/\">\r\n\t\t\t\t\t\t\tF\u00eate de moisson 2022 du MPCDRA : Les fid\u00e8les chr\u00e9tiens invit\u00e9s \u00e0 la reconnaissance envers Dieu et ses serviteurs\t\t\t\t\t\t<\/a>\r\n\t\t\t\t\t<\/li>\r\n\t\t\t\t\t\t\t\t\t\t<li>\r\n\t\t\t\t\t\t<a class=\"limit-line\" href=\"https:\/\/www.amanien.info\/news\/7eme-atelier-de-formation-de-la-siim-des-medecins-radiologues-et-gynecologues-exhortent-les-femmes-au-depistage-precoce-du-cancer-du-col-de-luterus\/\">\r\n\t\t\t\t\t\t\t7\u00e8me atelier de formation de la SIIM: Des m\u00e9decins radiologues et gyn\u00e9cologues exhortent les femmes au d\u00e9pistage pr\u00e9coce du cancer du col de l&rsquo;ut\u00e9rus\u00a0\t\t\t\t\t\t<\/a>\r\n\t\t\t\t\t<\/li>\r\n\t\t\t\t\t\t\t\t\t\t<li>\r\n\t\t\t\t\t\t<a class=\"limit-line\" href=\"https:\/\/www.amanien.info\/news\/me-zehouri\/\">\r\n\t\t\t\t\t\t\tMe ZEHOURI:<<Il faut que les b\u00e9n\u00e9fices de notre adh\u00e9sion au PDCI-RDA profitent aux populations du LOH-DJIBOUA>>\t\t\t\t\t\t<\/a>\r\n\t\t\t\t\t<\/li>\r\n\t\t\t\t\t\t\t\t\t\t<li>\r\n\t\t\t\t\t\t<a class=\"limit-line\" href=\"https:\/\/www.amanien.info\/news\/education-nationale-passation-de-charges-a-la-direction-de-la-mutualite-et-des-oeuvres-sociales-en-milieu-scolaire\/\">\r\n\t\t\t\t\t\t\t\u00c9ducation nationale\/ Passation de charges \u00e0 la Direction de la mutualit\u00e9 et des \u0153uvres sociales en milieu scolaire\t\t\t\t\t\t<\/a>\r\n\t\t\t\t\t<\/li>\r\n\t\t\t\t\t\t\t\t\t\t<li>\r\n\t\t\t\t\t\t<a class=\"limit-line\" href=\"https:\/\/www.amanien.info\/news\/5e-edition-du-laguna-business-forum-les-jeunes-ivoiriens-invites-a-se-lancer-dans-lentrepreneuria\/\">\r\n\t\t\t\t\t\t\t5\u00e8 \u00e9dition du Laguna Business Forum : Les jeunes ivoiriens invit\u00e9s \u00e0 \u00ab\u00a0se\u00a0lancer dans l&rsquo;entrepreneuria\t\t\t\t\t\t<\/a>\r\n\t\t\t\t\t<\/li>\r\n\t\t\t\t\t\t\t\t\t\t<li>\r\n\t\t\t\t\t\t<a class=\"limit-line\" href=\"https:\/\/www.amanien.info\/news\/boukebo-lancement-du-tournoi-de-la-fraternite-l-honorable-assahore-konan-jacques-invite-les-jeunes-gblo-satiklan-et-goly-a-la-fraternite-et-au-vivre-ensemble\/\">\r\n\t\t\t\t\t\t\tBouk\u00e9bo\/Lancement du tournoi de la fraternit\u00e9: L&rsquo; Honorable ASSAHOR\u00c9 Konan Jacques invite les jeunes Gblo, Satiklan et G\u00f4ly \u00e0 la fraternit\u00e9 et au vivre ensemble\t\t\t\t\t\t<\/a>\r\n\t\t\t\t\t<\/li>\r\n\t\t\t\t\t\t\t\t\t\t<li>\r\n\t\t\t\t\t\t<a class=\"limit-line\" href=\"https:\/\/www.amanien.info\/news\/yopougon-lancement-de-la-2e-edition-du-festival-gesco-ma-cite\/\">\r\n\t\t\t\t\t\t\tYopougon : Lancement de la 2\u00e8 \u00e9dition du Festival Gesco Ma Cit\u00e9\t\t\t\t\t\t<\/a>\r\n\t\t\t\t\t<\/li>\r\n\t\t\t\t\t\t\t\t\t\t<li>\r\n\t\t\t\t\t\t<a class=\"limit-line\" href=\"https:\/\/www.amanien.info\/news\/kounahiri-kongasso-le-centre-de-sante-de-kongasso-recoit-une-ambulance-medicalisee\/\">\r\n\t\t\t\t\t\t\tKounahiri-Kongasso \/\u00a0 le centre de sant\u00e9 de Kongasso re\u00e7oit une ambulance m\u00e9dicalis\u00e9e\t\t\t\t\t\t<\/a>\r\n\t\t\t\t\t<\/li>\r\n\t\t\t\t\t\t\t\t\t\t<li>\r\n\t\t\t\t\t\t<a class=\"limit-line\" href=\"https:\/\/www.amanien.info\/news\/coam-la-prise-en-charge-des-cancers-du-sein-et-de-lasphyxie-neonatale-au-coeur-des-echanges\/\">\r\n\t\t\t\t\t\t\tCOAM: La prise en charge des cancers du sein et de l&rsquo;asphyxie n\u00e9onatale au c\u0153ur des \u00e9changes\t\t\t\t\t\t<\/a>\r\n\t\t\t\t\t<\/li>\r\n\t\t\t\t\t\t\t\t\t\t<li>\r\n\t\t\t\t\t\t<a class=\"limit-line\" href=\"https:\/\/www.amanien.info\/news\/1-presidence-de-la-republique-republique-de-cote-divoire-union-discipline-travail-message-a-la-nation-de-son-excellence-monsieur-alassane-ouattara-presid\/\">\r\n\t\t\t\t\t\t\tMESSAGE A LA NATION DE SON EXCELLENCE MONSIEUR ALASSANE OUATTARA, PR\u00c9SIDENT DE LA R\u00e9publique DE C\u00d4TE D\u2019IVOIRE SAMEDI 6 AO\u00dbT 2022\t\t\t\t\t\t<\/a>\r\n\t\t\t\t\t<\/li>\r\n\t\t\t\t\t\t\t\t\t\t<li>\r\n\t\t\t\t\t\t<a class=\"limit-line\" href=\"https:\/\/www.amanien.info\/news\/salon-abidjan-innova-2022-les-laureats-recoivent-leurs-enveloppes\/\">\r\n\t\t\t\t\t\t\tSalon Abidjan Innova 2022: Les laur\u00e9ats re\u00e7oivent leurs enveloppes\t\t\t\t\t\t<\/a>\r\n\t\t\t\t\t<\/li>\r\n\t\t\t\t\t\t\t\t\t\t<li>\r\n\t\t\t\t\t\t<a class=\"limit-line\" href=\"https:\/\/www.amanien.info\/news\/6eme-edition-des-vacances-educative-a-cap-dail-en-france-la-fondation-children-of-africa-offre-un-sejour-educatif-aux-12-meilleurs-eleves-du-pays-dans-le-sud-de-la-france\/\">\r\n\t\t\t\t\t\t\t6\u00e8me \u00e9dition des vacances \u00e9ducative \u00e0 Cap d\u2019Ail en France: La Fondation Children Of Africa offre un s\u00e9jour \u00e9ducatif aux 12 meilleurs \u00e9l\u00e8ves du pays dans le sud de la France\t\t\t\t\t\t<\/a>\r\n\t\t\t\t\t<\/li>\r\n\t\t\t\t\t\t\t\t\t\t<li>\r\n\t\t\t\t\t\t<a class=\"limit-line\" href=\"https:\/\/www.amanien.info\/news\/sekou-balo-devient-le-tout-nouveau-secretaire-departemental-rhdp-san-pedro\/\">\r\n\t\t\t\t\t\t\tSekou Balo devient le tout nouveau Secr\u00e9taire D\u00e9partemental RHDP-San-Pedro\t\t\t\t\t\t<\/a>\r\n\t\t\t\t\t<\/li>\r\n\t\t\t\t\t\t\t\t\t\t<li>\r\n\t\t\t\t\t\t<a class=\"limit-line\" href=\"https:\/\/www.amanien.info\/news\/sante-ouverture-a-abidjan-du-7e-congres-de-la-societe-nationale-ivoirienne-de-geriatrie-et-de-gerontologie-snigg\/\">\r\n\t\t\t\t\t\t\tSant\u00e9 : Ouverture \u00e0 Abidjan du 7\u00e8 congr\u00e8s de la Soci\u00e9t\u00e9 Nationale Ivoirienne de G\u00e9riatrie et de G\u00e9rontologie (SNIGG)\t\t\t\t\t\t<\/a>\r\n\t\t\t\t\t<\/li>\r\n\t\t\t\t\t\t\t\t\t\t<li>\r\n\t\t\t\t\t\t<a class=\"limit-line\" href=\"https:\/\/www.amanien.info\/news\/construction-et-effondrements-dimmeubles-le-ministre-bruno-nabagne-kone-assure\/\">\r\n\t\t\t\t\t\t\tConstruction et effondrements d&rsquo;immeubles : Le Ministre Bruno Nabagn\u00e9 Kon\u00e9 assure :<<L'objectif du Gouvernement est d'atteindre 0 effondrement>>\t\t\t\t\t\t<\/a>\r\n\t\t\t\t\t<\/li>\r\n\t\t\t\t\t\t\t\t\t\t<li>\r\n\t\t\t\t\t\t<a class=\"limit-line\" href=\"https:\/\/www.amanien.info\/news\/campagne-2022-2023-de-la-filiere-coton-le-gouvernement-ivoirien-accorde-une-subvention-de-pres-de-29-milliards-de-fcfa-aux-producteurs\/\">\r\n\t\t\t\t\t\t\tCampagne 2022-2023 de la fili\u00e8re coton : Le Gouvernement ivoirien accorde une subvention de pr\u00e8s de 29 milliards de FCFA aux producteurs\t\t\t\t\t\t<\/a>\r\n\t\t\t\t\t<\/li>\r\n\t\t\t\t\t\t\t\t\t\t<li>\r\n\t\t\t\t\t\t<a class=\"limit-line\" href=\"https:\/\/www.amanien.info\/news\/13eme-edition-de-la-coupe-dominique-ouattara-71-localites-du-pays-vont-accueillir-le-tournoi-de-la-fondation-children-of-africa\/\">\r\n\t\t\t\t\t\t\t13\u00e8me \u00e9dition de la Coupe Dominique Ouattara: 71 localit\u00e9s du pays vont accueillir le tournoi de la Fondation Children Of Africa  \u00a0\t\t\t\t\t\t<\/a>\r\n\t\t\t\t\t<\/li>\r\n\t\t\t\t\t\t\t\t\t\t<li>\r\n\t\t\t\t\t\t<a class=\"limit-line\" href=\"https:\/\/www.amanien.info\/news\/ago-de-lassociation-des-specialistes-de-linformation-documentaire-du-tresor-public-assid-tc-bacongo-dahoue-elu-nouveau-president-du-bureau-executif\/\">\r\n\t\t\t\t\t\t\tAGO de l&rsquo;Association des Sp\u00e9cialistes de l&rsquo;Information Documentaire du Tr\u00e9sor Public( ASSID-TC) : BACONGO Dahou\u00e9, \u00e9lu nouveau Pr\u00e9sident du Bureau Ex\u00e9cutif\t\t\t\t\t\t<\/a>\r\n\t\t\t\t\t<\/li>\r\n\t\t\t\t\t\t\t\t\t\t<li>\r\n\t\t\t\t\t\t<a class=\"limit-line\" href=\"https:\/\/www.amanien.info\/news\/abidjan-abrite-la-6e-edition-du-forum-international-et-salon-africain-des-transports-fisat\/\">\r\n\t\t\t\t\t\t\t\u00a0Abidjan abrite la 6\u00e8 \u00e9dition du Forum International et Salon Africain des Transports (FISAT)\t\t\t\t\t\t<\/a>\r\n\t\t\t\t\t<\/li>\r\n\t\t\t\t\t\t\t\t\t\t<li>\r\n\t\t\t\t\t\t<a class=\"limit-line\" href=\"https:\/\/www.amanien.info\/news\/culture-et-spectacle-la-commune-de-yopougon-abritera-le-concerto-de-lindependance-le-06-aout-prochain\/\">\r\n\t\t\t\t\t\t\tCulture et spectacle : La commune de Yopougon abritera le Concerto de l&rsquo;ind\u00e9pendance le 06 ao\u00fbt prochain\t\t\t\t\t\t<\/a>\r\n\t\t\t\t\t<\/li>\r\n\t\t\t\t\t\t\t\t\t\t<li>\r\n\t\t\t\t\t\t<a class=\"limit-line\" href=\"https:\/\/www.amanien.info\/news\/croix-rouge-de-cote-d-ivoire-les-employes-en-greve\/\">\r\n\t\t\t\t\t\t\tCroix- Rouge de C\u00f4te d&rsquo; Ivoire: Les employ\u00e9s en gr\u00e8ve\u00a0\t\t\t\t\t\t<\/a>\r\n\t\t\t\t\t<\/li>\r\n\t\t\t\t\t\t\t\t\t\t<li>\r\n\t\t\t\t\t\t<a class=\"limit-line\" href=\"https:\/\/www.amanien.info\/news\/politique-nationale-le-pdci-rda-demande-la-mise-en-oeuvre-des-principales-recommandations-du-dialogue-politique\/\">\r\n\t\t\t\t\t\t\tPolitique nationale : Le PDCI-RDA demande la mise en \u0153uvre des principales recommandations du dialogue politique\t\t\t\t\t\t<\/a>\r\n\t\t\t\t\t<\/li>\r\n\t\t\t\t\t\t\t\t\t\t<li>\r\n\t\t\t\t\t\t<a class=\"limit-line\" href=\"https:\/\/www.amanien.info\/news\/celebration-de-lexcellence-iepp-yopougon-sideci-plus-de-280-eleves-enseignants-et-personnel-administratif-recompenses\/\">\r\n\t\t\t\t\t\t\tC\u00e9l\u00e9bration de l&rsquo;excellence \/ IEPP Yopougon SIDECI : Plus de 280 \u00e9l\u00e8ves, enseignants et personnel administratif r\u00e9compens\u00e9s\u00a0\t\t\t\t\t\t<\/a>\r\n\t\t\t\t\t<\/li>\r\n\t\t\t\t\t\t\t\t\t\t<li>\r\n\t\t\t\t\t\t<a class=\"limit-line\" href=\"https:\/\/www.amanien.info\/news\/lancement-officiel-des-activites-du-cnuj-rhdp-les-jeunes-ivoiriens-invites-a-faire-le-don-de-sang\/\">\r\n\t\t\t\t\t\t\tLancement officiel des activit\u00e9s du CNUJ-RHDP : Les jeunes ivoiriens invit\u00e9s \u00e0 faire le don de sang\t\t\t\t\t\t<\/a>\r\n\t\t\t\t\t<\/li>\r\n\t\t\t\t\t\t\t\t\t\t<li>\r\n\t\t\t\t\t\t<a class=\"limit-line\" href=\"https:\/\/www.amanien.info\/news\/pnd-2021-2025-le-dg-du-tresor-et-de-la-comptabilite-publique\/\">\r\n\t\t\t\t\t\t\tPND 2021-2025\/ Le DG du Tr\u00e9sor et de la comptabilit\u00e9 publique:<<Notre contribution sera de mobiliser une partie des 26 % des 59 000 milliards pour financer le budget de l'\u00c9tat>>\u00a0\u00a0\t\t\t\t\t\t<\/a>\r\n\t\t\t\t\t<\/li>\r\n\t\t\t\t\t\t\t\t\t\t<li>\r\n\t\t\t\t\t\t<a class=\"limit-line\" href=\"https:\/\/www.amanien.info\/news\/developpement-les-membres-de-l-union-des-jeunes-integres-de-lakota-ujil-recoivent-leurs-cartes-dadherents\/\">\r\n\t\t\t\t\t\t\tD\u00e9veloppement : Les membres de l&rsquo; Union des Jeunes Int\u00e8gres de Lakota (UJIL) re\u00e7oivent leurs cartes d&rsquo;adh\u00e9rents\t\t\t\t\t\t<\/a>\r\n\t\t\t\t\t<\/li>\r\n\t\t\t\t\t\t\t\t\t\t<li>\r\n\t\t\t\t\t\t<a class=\"limit-line\" href=\"https:\/\/www.amanien.info\/news\/enseignement-technique-et-formation-professionnelle-le-premier-ministre-patrick-achi-procede-a-la-pose-de-la-premiere-pierre-du-centre-de-formation-aux-metiers-des-energies-renouvelables-a-yopougon\/\">\r\n\t\t\t\t\t\t\tMETFPA : Le Premier Ministre, Patrick Achi proc\u00e8de \u00e0 la pose de la premi\u00e8re pierre du Centre de Formation aux M\u00e9tiers des \u00c9nergies renouvelables \u00e0 Yopougon\t\t\t\t\t\t<\/a>\r\n\t\t\t\t\t<\/li>\r\n\t\t\t\t\t\t\t\t\t\t<li>\r\n\t\t\t\t\t\t<a class=\"limit-line\" href=\"https:\/\/www.amanien.info\/news\/a-s-d-m-meite-sindou-a-pris-officiellement-fonction-en-tant-que-directeur-general\/\">\r\n\t\t\t\t\t\t\tA.S.D.M: M\u00c9\u00cfT\u00c9 Sindou a pris officiellement fonction en tant que Directeur G\u00e9n\u00e9ral\t\t\t\t\t\t<\/a>\r\n\t\t\t\t\t<\/li>\r\n\t\t\t\t\t\t\t\t\t\t<li>\r\n\t\t\t\t\t\t<a class=\"limit-line\" href=\"https:\/\/www.amanien.info\/news\/19e-edition-de-loperation-bilan-de-sante-dr-anon-yannick-benevole-de-la-sante\/\">\r\n\t\t\t\t\t\t\t19\u00e8 \u00e9dition de l&rsquo;op\u00e9ration \u00ab\u00a0Bilan de sant\u00e9\u00a0\u00bb\/Dr ANON Yannick, B\u00e9n\u00e9vole de la sant\u00e9 : <<On ne doit pas attendre qu'on ait un malaise avant de se rendre \u00e0 l'h\u00f4pital>>\t\t\t\t\t\t<\/a>\r\n\t\t\t\t\t<\/li>\r\n\t\t\t\t\t\t\t\t\t\t<li>\r\n\t\t\t\t\t\t<a class=\"limit-line\" href=\"https:\/\/www.amanien.info\/news\/colloque-international-en-hommage-au-pr-baha-bi-youzan-daniel-le-president-de-lufhb-pr-ballo-zie-le-pr-baha-bi-est-un-humaniste-une-icone-de-notre-institution\/\">\r\n\t\t\t\t\t\t\tColloque international en hommage au Pr BAHA Bi Youzan Daniel : Le Pr\u00e9sident de l&rsquo;UFHB, Pr BALLO Zi\u00e9 : \u00ab\u00a0Le Pr BAHA BI est un humaniste, une ic\u00f4ne de notre institution\u00a0\u00bb\t\t\t\t\t\t<\/a>\r\n\t\t\t\t\t<\/li>\r\n\t\t\t\t\t\t\t\t\t\t<li>\r\n\t\t\t\t\t\t<a class=\"limit-line\" href=\"https:\/\/www.amanien.info\/news\/en-marge-de-la-8eme-edition-dafrica-ceo-forum-la-premiere-dame-dominique-ouattara-partage-son-experience-aux-femmes-leaders\/\">\r\n\t\t\t\t\t\t\tEn marge de la 8\u00e8me \u00e9dition d\u2019Africa CEO Forum: La Premi\u00e8re Dame Dominique Ouattara partage son exp\u00e9rience aux femmes leaders\t\t\t\t\t\t<\/a>\r\n\t\t\t\t\t<\/li>\r\n\t\t\t\t\t\t\t\t\t\t<li>\r\n\t\t\t\t\t\t<a class=\"limit-line\" href=\"https:\/\/www.amanien.info\/news\/journee-d-excellence-au-college-moderne-de-kroukoro-kone-karidja-decroche-le-prix-special\/\">\r\n\t\t\t\t\t\t\tJourn\u00e9e d&rsquo; excellence au coll\u00e8ge Moderne de Kroukoro: Kon\u00e9 Karidja d\u00e9croche le prix sp\u00e9cial\t\t\t\t\t\t<\/a>\r\n\t\t\t\t\t<\/li>\r\n\t\t\t\t\t\t\t\t\t\t<li>\r\n\t\t\t\t\t\t<a class=\"limit-line\" href=\"https:\/\/www.amanien.info\/news\/prevention-et-reeducation-des-troubles-du-langage-et-de-la-communication-les-premiers-orthophonistes-formes-en-cote-divoire-recoivent-leurs-diplomes\/\">\r\n\t\t\t\t\t\t\tPr\u00e9vention et r\u00e9\u00e9ducation des troubles du langage et de la communication : Les premiers orthophonistes form\u00e9s en C\u00f4te d&rsquo;Ivoire re\u00e7oivent leurs dipl\u00f4mes\t\t\t\t\t\t<\/a>\r\n\t\t\t\t\t<\/li>\r\n\t\t\t\t\t\t\t\t\t\t<li>\r\n\t\t\t\t\t\t<a class=\"limit-line\" href=\"https:\/\/www.amanien.info\/news\/celebration-des-meres-la-mairie-de-koumassi-offre-des-centaines-de-cadeaux\/\">\r\n\t\t\t\t\t\t\tC\u00e9l\u00e9bration des m\u00e8res: La Mairie de Koumassi offre des centaines de cadeaux\t\t\t\t\t\t<\/a>\r\n\t\t\t\t\t<\/li>\r\n\t\t\t\t\t\t\t\t\t\t<li>\r\n\t\t\t\t\t\t<a class=\"limit-line\" href=\"https:\/\/www.amanien.info\/news\/41eme-session-extraordinaire-de-la-conference-ministerielle-de-la-francophonie-cmf-les-modalites-de-lelection-du-ou-de-la-secretaire-generale-definies\/\">\r\n\t\t\t\t\t\t\t41\u00e8me session extraordinaire de la Conf\u00e9rence Minist\u00e9rielle de la Francophonie (CMF): Les modalit\u00e9s de l\u2019\u00e9lection du ou de la Secr\u00e9taire g\u00e9n\u00e9ral(e) d\u00e9finies\t\t\t\t\t\t<\/a>\r\n\t\t\t\t\t<\/li>\r\n\t\t\t\t\t\t\t\t\t\t<li>\r\n\t\t\t\t\t\t<a class=\"limit-line\" href=\"https:\/\/www.amanien.info\/news\/commission-nationale-de-la-francophonie-cnf-mme-bernise-nguessan-sg-echange-avec-des-specialistes\/\">\r\n\t\t\t\t\t\t\tCommission Nationale de la Francophonie (CNF): Mme Bernise N\u2019GUESSAN (SG) \u00e9change avec des sp\u00e9cialistes\t\t\t\t\t\t<\/a>\r\n\t\t\t\t\t<\/li>\r\n\t\t\t\t\t\t\t\t\t\t<li>\r\n\t\t\t\t\t\t<a class=\"limit-line\" href=\"https:\/\/www.amanien.info\/news\/fedinci-passation-des-charges-mission-accomplie-pour-le-president-pierre-djibril-coulibaly\/\">\r\n\t\t\t\t\t\t\tFedinci \/ Passation des charges: Mission accomplie pour le pr\u00e9sident Pierre Djibril Coulibaly\t\t\t\t\t\t<\/a>\r\n\t\t\t\t\t<\/li>\r\n\t\t\t\t\t\t\t\t\t\t<li>\r\n\t\t\t\t\t\t<a class=\"limit-line\" href=\"https:\/\/www.amanien.info\/news\/prix-d-excellence-hope-for-humanity-celebre-les-entrepreneurs\/\">\r\n\t\t\t\t\t\t\tPrix d&rsquo; excellence: Hope for Humanity c\u00e9l\u00e8bre les entrepreneurs\t\t\t\t\t\t<\/a>\r\n\t\t\t\t\t<\/li>\r\n\t\t\t\t\t\t\t\t\t\t<li>\r\n\t\t\t\t\t\t<a class=\"limit-line\" href=\"https:\/\/www.amanien.info\/news\/traitement-et-diagnostic-du-cancer-chez-les-enfants-des-onco-pediatres-et-radiologues-formes-sur-loncologie-pediatrique-a-abidjan\/\">\r\n\t\t\t\t\t\t\tTraitement et diagnostic du cancer chez les enfants : Des Onco-p\u00e9diatres et Radiologues form\u00e9s sur l&rsquo;oncologie p\u00e9diatrique \u00e0 Abidjan\t\t\t\t\t\t<\/a>\r\n\t\t\t\t\t<\/li>\r\n\t\t\t\t\t\t\t\t\t\t<li>\r\n\t\t\t\t\t\t<a class=\"limit-line\" href=\"https:\/\/www.amanien.info\/news\/abidjan-abritera-la-9e-edition-du-salon-national-des-etudiants-et-cadres-comptables-snec-le-04-juin-prochain\/\">\r\n\t\t\t\t\t\t\tAbidjan abritera la 9\u00e8 \u00e9dition du Salon National des \u00c9tudiants et Cadres Comptables (SNEC) le 04 juin prochain\t\t\t\t\t\t<\/a>\r\n\t\t\t\t\t<\/li>\r\n\t\t\t\t\t\t\t\t\t\t<li>\r\n\t\t\t\t\t\t<a class=\"limit-line\" href=\"https:\/\/www.amanien.info\/news\/songon-ceremonie-de-lancement-officiel-du-fan-club-loba-patrice-le-ministre-gouverneur-robert-beugre-mambe-invite-les-jeunes-au-travail\/\">\r\n\t\t\t\t\t\t\tSongon \/ C\u00e9r\u00e9monie de lancement officiel du Fan Club Loba Patrice : Le Ministre-Gouverneur, Robert Beugr\u00e9 Mamb\u00e9 invite les jeunes au travail\t\t\t\t\t\t<\/a>\r\n\t\t\t\t\t<\/li>\r\n\t\t\t\t\t\t\t\t\t\t<li>\r\n\t\t\t\t\t\t<a class=\"limit-line\" href=\"https:\/\/www.amanien.info\/news\/art-et-humour-on-est-deja-ne-2-joel-annonce-un-spectacle-inedit-le-12-juin-prochain-a-abidjan\/\">\r\n\t\t\t\t\t\t\tArt et Humour \/ \u00ab\u00a0On est d\u00e9j\u00e0 n\u00e9 2\u00a0\u00bb :\u00a0 Jo\u00ebl annonce un spectacle in\u00e9dit le 12 juin prochain \u00e0 Abidjan\t\t\t\t\t\t<\/a>\r\n\t\t\t\t\t<\/li>\r\n\t\t\t\t\t\t\t\t\t\t<li>\r\n\t\t\t\t\t\t<a class=\"limit-line\" href=\"https:\/\/www.amanien.info\/news\/ouverture-a-abidjan-de-la-14e-edition-du-festival-des-musiques-urbaines-danoumabo-femua-14\/\">\r\n\t\t\t\t\t\t\tOuverture \u00e0 Abidjan de la 14\u00e8 \u00e9dition du Festival des Musiques Urbaines d&rsquo;Anoumabo (FEMUA 14)\t\t\t\t\t\t<\/a>\r\n\t\t\t\t\t<\/li>\r\n\t\t\t\t\t\t\t\t\t\t<li>\r\n\t\t\t\t\t\t<a class=\"limit-line\" href=\"https:\/\/www.amanien.info\/news\/federation-des-inventeurs-et-innovateurs-de-cote-divoire-le-president-pierre-djibril-coulibaly-acheve-ses-deux-mandats\/\">\r\n\t\t\t\t\t\t\tF\u00e9d\u00e9ration des Inventeurs et Innovateurs de C\u00f4te d\u2019Ivoire: Le pr\u00e9sident Pierre Djibril\u00a0Coulibaly\u00a0 ach\u00e8ve ses deux mandats\t\t\t\t\t\t<\/a>\r\n\t\t\t\t\t<\/li>\r\n\t\t\t\t\t\t\t\t\t\t<li>\r\n\t\t\t\t\t\t<a class=\"limit-line\" href=\"https:\/\/www.amanien.info\/news\/le-fsdp-fonds-de-soutien-et-de-developpement-de-la-presse-devient-lagence-de-soutien-et-de-developpement-des-medias\/\">\r\n\t\t\t\t\t\t\tle Fsdp (Fonds de Soutien et de D\u00e9veloppement de la Presse) devient l\u2019Agence de Soutien et de D\u00e9veloppement des M\u00e9dias\t\t\t\t\t\t<\/a>\r\n\t\t\t\t\t<\/li>\r\n\t\t\t\t\t\t\t\t\t\t<li>\r\n\t\t\t\t\t\t<a class=\"limit-line\" href=\"https:\/\/www.amanien.info\/news\/festival-des-musiques-urbaines-danoumabo-femua-l-evenement-a-atteint-900-millions-de-personnes-et-cree-6-000-emplois-directs-et-indirects-depuis-la-premiere-edition-en-2008\/\">\r\n\t\t\t\t\t\t\tFestival des Musiques Urbaines d&rsquo;Anoumabo (FEMUA) : L&rsquo; \u00e9v\u00e9nement a atteint 900 millions de personnes et cr\u00e9\u00e9 6 000 emplois directs et indirects depuis la premi\u00e8re \u00e9dition en 2008\u00a0\t\t\t\t\t\t<\/a>\r\n\t\t\t\t\t<\/li>\r\n\t\t\t\t\t\t\t\t\t\t<li>\r\n\t\t\t\t\t\t<a class=\"limit-line\" href=\"https:\/\/www.amanien.info\/news\/ceremonie-de-reconnaissance-et-de-remerciement-au-chef-de-letat-l-honorable-assahore-konan-jacques-aux-populations-de-boukebo\/\">\r\n\t\t\t\t\t\t\tC\u00e9r\u00e9monie de reconnaissance et de remerciement au chef de l&rsquo;\u00c9tat : L&rsquo; honorable Assahor\u00e9 Konan Jacques aux populations de Bouk\u00e9bo : <<Pour \u00eatre franc, je dois tout au Pr\u00e9sident de la R\u00e9publique>>\t\t\t\t\t\t<\/a>\r\n\t\t\t\t\t<\/li>\r\n\t\t\t\t\t\t\t\t\t\t<li>\r\n\t\t\t\t\t\t<a class=\"limit-line\" href=\"https:\/\/www.amanien.info\/news\/fete-du-ramadan-le-maire-de-koumassi-prie-avec-les-musulmans-de-la-commune\/\">\r\n\t\t\t\t\t\t\tF\u00eate du Ramadan: Le Maire de Koumassi prie avec les musulmans de la Commune\t\t\t\t\t\t<\/a>\r\n\t\t\t\t\t<\/li>\r\n\t\t\t\t\t\t\t\t\t\t<li>\r\n\t\t\t\t\t\t<a class=\"limit-line\" href=\"https:\/\/www.amanien.info\/news\/1er-mai-2022-a-abidjan-le-premier-ministre-patrick-achi-a-invite-les-leaders-syndicaux-a-tous-demeurer-aux-cotes-du-gouvernement\/\">\r\n\t\t\t\t\t\t\t1er mai 2022 \u00e0 Abidjan: le Premier Ministre Patrick Achi a invit\u00e9 les leaders syndicaux \u00e0 tous demeurer aux c\u00f4t\u00e9s du gouvernement\t\t\t\t\t\t<\/a>\r\n\t\t\t\t\t<\/li>\r\n\t\t\t\t\t\t\t\t\t\t<li>\r\n\t\t\t\t\t\t<a class=\"limit-line\" href=\"https:\/\/www.amanien.info\/news\/annee-academique-2021-2022-les-examens-a-grand-tirage-approchent\/\">\r\n\t\t\t\t\t\t\tAnn\u00e9e acad\u00e9mique 2021-2022: Les examens \u00e0 grand tirage approchent\t\t\t\t\t\t<\/a>\r\n\t\t\t\t\t<\/li>\r\n\t\t\t\t\t\t\t\t\t\t<li>\r\n\t\t\t\t\t\t<a class=\"limit-line\" href=\"https:\/\/www.amanien.info\/news\/rupture-collective-de-jeune-le-maire-de-koumassi-rassemble-des-centaines-de-personnes-autour-dun-repas\/\">\r\n\t\t\t\t\t\t\tRupture collective de je\u00fbne: Le Maire de Koumassi rassemble des centaines de personnes autour d\u2019un repas\t\t\t\t\t\t<\/a>\r\n\t\t\t\t\t<\/li>\r\n\t\t\t\t\t\t\t\t\t\t<li>\r\n\t\t\t\t\t\t<a class=\"limit-line\" href=\"https:\/\/www.amanien.info\/news\/1ere-edition-de-la-nuit-des-emeraudes-we-l-association-pour-la-promotion-de-la-culture-we-honore-30-femmes\/\">\r\n\t\t\t\t\t\t\t1\u00e8re \u00e9dition de la Nuit des \u00c9meraudes W\u00ea : L &lsquo;Association pour la Promotion de la Culture W\u00ea honore 30 femmes\t\t\t\t\t\t<\/a>\r\n\t\t\t\t\t<\/li>\r\n\t\t\t\t\t\t\t\t\t\t<li>\r\n\t\t\t\t\t\t<a class=\"limit-line\" href=\"https:\/\/www.amanien.info\/news\/cote-divoire-une-nouvelle-base-logistique-moderne-souvre-bientot-a-abidjan\/\">\r\n\t\t\t\t\t\t\tC\u00f4te d\u2019Ivoire\u00a0: une nouvelle base logistique moderne s\u2019ouvre bient\u00f4t \u00e0 Abidjan\t\t\t\t\t\t<\/a>\r\n\t\t\t\t\t<\/li>\r\n\t\t\t\t\t\t\t\t\t\t<li>\r\n\t\t\t\t\t\t<a class=\"limit-line\" href=\"https:\/\/www.amanien.info\/news\/emmanuel-macron-reelu-a-la-presidence-de-la-republique-francaise\/\">\r\n\t\t\t\t\t\t\tEmmanuel Macron r\u00e9\u00e9lu \u00e0 la pr\u00e9sidence de la R\u00e9publique fran\u00e7aise\t\t\t\t\t\t<\/a>\r\n\t\t\t\t\t<\/li>\r\n\t\t\t\t\t\t\t\t\t\t<li>\r\n\t\t\t\t\t\t<a class=\"limit-line\" href=\"https:\/\/www.amanien.info\/news\/presidence-de-la-fif-idriss-diallo-remporte-lelection-face-a-didier-drogba-et-sory-diabate\/\">\r\n\t\t\t\t\t\t\tPr\u00e9sidence de la FIF : Idriss Diallo remporte l&rsquo;\u00e9lection face \u00e0 Didier Drogba et Sory Diabat\u00e9\t\t\t\t\t\t<\/a>\r\n\t\t\t\t\t<\/li>\r\n\t\t\t\t\t\t\t\t\t\t<li>\r\n\t\t\t\t\t\t<a class=\"limit-line\" href=\"https:\/\/www.amanien.info\/news\/languibonou-diabo-boukebo-le-president-de-lunion-fraternelle-des-jeunes-de-boukebo-section-abidjan-kouassi-fulgence-investi-dans-la-ferveur\/\">\r\n\t\t\t\t\t\t\tLanguibonou-Diabo \/\u00a0 Bouk\u00e9bo : Le Pr\u00e9sident de l&rsquo;Union Fraternelle des Jeunes de Bouk\u00e9bo Section Abidjan,\u00a0 Kouassi Fulgence investi dans la ferveur\t\t\t\t\t\t<\/a>\r\n\t\t\t\t\t<\/li>\r\n\t\t\t\t\t\t\t\t\t\t<li>\r\n\t\t\t\t\t\t<a class=\"limit-line\" href=\"https:\/\/www.amanien.info\/news\/celebration-de-la-fete-de-paques-le-ministre-adama-diawara-invite-les-communautes-de-yopougon-a-demeurer-des-vecteurs-de-paix-de-cohesion-sociale-de-solidarite\/\">\r\n\t\t\t\t\t\t\tC\u00e9l\u00e9bration de la f\u00eate de P\u00e2ques : Le Ministre Adama Diawara invite les communaut\u00e9s de Yopougon \u00e0 demeurer des vecteurs de paix, de coh\u00e9sion sociale, de solidarit\u00e9&#8230;\t\t\t\t\t\t<\/a>\r\n\t\t\t\t\t<\/li>\r\n\t\t\t\t\t\t\t\t\t\t<li>\r\n\t\t\t\t\t\t<a class=\"limit-line\" href=\"https:\/\/www.amanien.info\/news\/la-jeune-chambre-internationale-abidjan-lagune-lance-son-3e-projet-phare-lacademie-laguna-du-protocole-et-des-relations-publiques-des-organisations-et-des-affaires\/\">\r\n\t\t\t\t\t\t\tLa Jeune Chambre Internationale Abidjan-Lagune lance son 3\u00e8 projet phare, \u00a0\u00bb l&rsquo;Acad\u00e9mie Laguna du Protocole et des relations publiques des organisations et des affaires\u00a0\u00bb\t\t\t\t\t\t<\/a>\r\n\t\t\t\t\t<\/li>\r\n\t\t\t\t\t\t\t\t\t\t<li>\r\n\t\t\t\t\t\t<a class=\"limit-line\" href=\"https:\/\/www.amanien.info\/news\/musique-reggae-tiken-jah-fakoly-en-concert-live-ce-samedi-26-mars-au-palais-de-la-culture\/\">\r\n\t\t\t\t\t\t\tMusique Reggae : Tiken Jah Fakoly en concert live, ce samedi 26 mars au palais de la culture\t\t\t\t\t\t<\/a>\r\n\t\t\t\t\t<\/li>\r\n\t\t\t\t\t\t\t\t\t\t<li>\r\n\t\t\t\t\t\t<a class=\"limit-line\" href=\"https:\/\/www.amanien.info\/news\/sante-ouverture-a-grand-bassam-du-5e-congres-de-la-societe-ivoirienne-de-pneumo-phtisiologiesipp-et-de-la-4e-journee-sur-la-tuberculose\/\">\r\n\t\t\t\t\t\t\tSant\u00e9 : Ouverture \u00e0 Grand Bassam du 5\u00e8 congr\u00e8s de la Soci\u00e9t\u00e9 Ivoirienne de Pneumo-phtisiologie(SIPP) et de la 4\u00e8 Journ\u00e9e sur la tuberculose\t\t\t\t\t\t<\/a>\r\n\t\t\t\t\t<\/li>\r\n\t\t\t\t\t\t\t\t\t\t<li>\r\n\t\t\t\t\t\t<a class=\"limit-line\" href=\"https:\/\/www.amanien.info\/news\/la-directrice-du-cnrao-pr-didi-kouko-coulibaly-j\/\">\r\n\t\t\t\t\t\t\tLa Directrice du CNRAO, Pr Didi-Kouko Coulibaly J: <<Aujourd'hui, on ne traite plus un cancer seul dans son bureau m\u00eame quand on sait ce qu'il faut faire>>\t\t\t\t\t\t<\/a>\r\n\t\t\t\t\t<\/li>\r\n\t\t\t\t\t\t\t\t\t\t<li>\r\n\t\t\t\t\t\t<a class=\"limit-line\" href=\"https:\/\/www.amanien.info\/news\/ministere-de-lenseignement-superieur-et-de-la-recherche-scientifique-la-banque-mondiale-octroie-30-millions-de-dollars-us-pour-le-financement-du-pades\/\">\r\n\t\t\t\t\t\t\tMinist\u00e8re de l&rsquo;Enseignement sup\u00e9rieur et de la Recherche Scientifique: La Banque Mondiale octroie 30 millions de dollars US pour le financement du PADES\t\t\t\t\t\t<\/a>\r\n\t\t\t\t\t<\/li>\r\n\t\t\t\t\t\t\t\t\t\t<li>\r\n\t\t\t\t\t\t<a class=\"limit-line\" href=\"https:\/\/www.amanien.info\/news\/yopougon-2e-edition-du-festival-whynot-weekend-pascal-le-commissaire-general-aristide-tape-oledji-entend-valoriser-la-culture-et-la-tradition\/\">\r\n\t\t\t\t\t\t\tYOPOUGON \/ 2\u00e8 \u00e9dition du festival \u00ab\u00a0WHYNOT Weekend Pascal\u00a0\u00bb : Le Commissaire G\u00e9n\u00e9ral, Aristide Tap\u00e9 Ol\u00e9dji entend valoriser la culture et la tradition\u00a0\t\t\t\t\t\t<\/a>\r\n\t\t\t\t\t<\/li>\r\n\t\t\t\t\t\t\t\t\t\t<li>\r\n\t\t\t\t\t\t<a class=\"limit-line\" href=\"https:\/\/www.amanien.info\/news\/eglise-du-christianisme-celeste-de-cote-divoire-le-reverend-pasteur-ediemou-blin-jacob-que-le-resultat-de-lenquete-qui-me-reconnait-comme-seul-chef-de-leglise-soit-appliquee\/\">\r\n\t\t\t\t\t\t\t\u00c9glise du christianisme c\u00e9leste de C\u00f4te d&rsquo;Ivoire: Le R\u00e9v\u00e9rend pasteur Ediemou Blin Jacob:\u00a0\u00bb que le r\u00e9sultat de l&rsquo;enqu\u00eate qui me reconna\u00eet comme seul chef de l&rsquo;\u00e9glise soit appliqu\u00e9e\u00a0\u00bb\t\t\t\t\t\t<\/a>\r\n\t\t\t\t\t<\/li>\r\n\t\t\t\t\t\t\t\t\t\t<li>\r\n\t\t\t\t\t\t<a class=\"limit-line\" href=\"https:\/\/www.amanien.info\/news\/8eme-diner-de-gala-de-children-of-africa-lafrique-du-futur-se-devoile-au-monde\/\">\r\n\t\t\t\t\t\t\t8\u00e8me D\u00eener de Gala de Children Of Africa: L\u2019Afrique du futur se d\u00e9voile au monde\t\t\t\t\t\t<\/a>\r\n\t\t\t\t\t<\/li>\r\n\t\t\t\t\t\t\t\t\t\t<li>\r\n\t\t\t\t\t\t<a class=\"limit-line\" href=\"https:\/\/www.amanien.info\/news\/8eme-diner-de-gala-de-children-of-africa-les-invites-de-la-soiree-de-gala-sont-arrives\/\">\r\n\t\t\t\t\t\t\t8\u00e8me D\u00eener de Gala de Children Of Africa: Les invit\u00e9s de la soir\u00e9e de gala sont arriv\u00e9s\t\t\t\t\t\t<\/a>\r\n\t\t\t\t\t<\/li>\r\n\t\t\t\t\t\t\t\t\t\t<li>\r\n\t\t\t\t\t\t<a class=\"limit-line\" href=\"https:\/\/www.amanien.info\/news\/lutte-contre-les-risques-dinondation-le-premier-ministre-patrick-achi-lance-les-travaux-douvrages-de-drainage-dans-le-district-dabidjan\/\">\r\n\t\t\t\t\t\t\tLutte contre les risques d\u2019inondation :\u00a0le Premier Ministre Patrick Achi lance les travaux d\u2019ouvrages de drainage dans le District d\u2019Abi\u00addjan\u00a0\t\t\t\t\t\t<\/a>\r\n\t\t\t\t\t<\/li>\r\n\t\t\t\t\t\t\t\t\t\t<li>\r\n\t\t\t\t\t\t<a class=\"limit-line\" href=\"https:\/\/www.amanien.info\/news\/nguessan-okon-rodrigue-pdg-de-lentreprise-cometal-sarl\/\">\r\n\t\t\t\t\t\t\tN&rsquo;GUESSAN OKON Rodrigue, PDG de l&rsquo;entreprise COMETAL SARL : <<Aucun \u00e9chec ne doit \u00eatre la cause d'un renoncement, bien au contraire, tout probl\u00e8me constitue une opportunit\u00e9 pour une entreprise>>\t\t\t\t\t\t<\/a>\r\n\t\t\t\t\t<\/li>\r\n\t\t\t\t\t\t\t\t\t\t<li>\r\n\t\t\t\t\t\t<a class=\"limit-line\" href=\"https:\/\/www.amanien.info\/news\/conseil-des-ministres-du-9-mars-immeubles-ecroules-deux-proprietaires-mis-aux-arrets\/\">\r\n\t\t\t\t\t\t\tConseil des Ministres du 9 mars: Immeubles \u00e9croul\u00e9s :\u00a0 deux propri\u00e9taires mis aux arr\u00eats\t\t\t\t\t\t<\/a>\r\n\t\t\t\t\t<\/li>\r\n\t\t\t\t\t\t\t\t\t\t<li>\r\n\t\t\t\t\t\t<a class=\"limit-line\" href=\"https:\/\/www.amanien.info\/news\/45eme-journee-internationale-des-droits-de-la-femme-la-premiere-dame-dominique-ouattara-fait-dimportants-dons-aux-femmes-de-koumassi\/\">\r\n\t\t\t\t\t\t\t45\u00e8me journ\u00e9e internationale des droits de la femme: La Premi\u00e8re Dame Dominique Ouattara fait d\u2019importants dons aux femmes de Koumassi\t\t\t\t\t\t<\/a>\r\n\t\t\t\t\t<\/li>\r\n\t\t\t\t\t\t\t\t\t\t<li>\r\n\t\t\t\t\t\t<a class=\"limit-line\" href=\"https:\/\/www.amanien.info\/news\/le-president-de-la-sivus-pr-kouame-ngoran-a-louverture-des-2emes-journees-ivoiriennes-dechographie-multidisciplinaire\/\">\r\n\t\t\t\t\t\t\tLe Pr\u00e9sident de la SIVUS, Pr Kouam\u00e9 N&rsquo;Goran \u00e0 l&rsquo;ouverture des 2\u00e8mes Journ\u00e9es Ivoiriennes d\u2019\u00c9chographie Multidisciplinaire : << Lorsqu'on est bien form\u00e9,\u00a0 l'\u00e9chographie est encore plus pr\u00e9cise\"\t\t\t\t\t\t<\/a>\r\n\t\t\t\t\t<\/li>\r\n\t\t\t\t\t\t\t\t\t\t<li>\r\n\t\t\t\t\t\t<a class=\"limit-line\" href=\"https:\/\/www.amanien.info\/news\/cloture-de-la-phase-5-du-dialogue-politique-les-participants-sengagent-fermement-en-faveur-de-la-promotion-et-du-renforcement-de-la-cohesion-sociale\/\">\r\n\t\t\t\t\t\t\tCl\u00f4ture de la phase 5 du Dialogue politique :\u00a0les participants s&rsquo;engagent fermement en faveur de la promotion et du renforcement de la coh\u00e9sion sociale\t\t\t\t\t\t<\/a>\r\n\t\t\t\t\t<\/li>\r\n\t\t\t\t\t\t\t\t\t\t<li>\r\n\t\t\t\t\t\t<a class=\"limit-line\" href=\"https:\/\/www.amanien.info\/news\/communique-du-conseil-des-ministres-du-mercredi-23-fevrier-2022-le-prix-de-la-poche-de-sang-fixe-a-3000-francs-cfa-dans-les-structures-sanitaires-privees-et-publiques\/\">\r\n\t\t\t\t\t\t\tCommuniqu\u00e9 du conseil des ministres du mercredi 23 f\u00e9vrier 2022: Le prix de la poche de sang fix\u00e9 \u00e0 3000 francs cfa dans les structures sanitaires priv\u00e9es et publiques\t\t\t\t\t\t<\/a>\r\n\t\t\t\t\t<\/li>\r\n\t\t\t\t\t\t\t\t\t\t<li>\r\n\t\t\t\t\t\t<a class=\"limit-line\" href=\"https:\/\/www.amanien.info\/news\/yopougon-l-ong-coeur-amour-international-dresse-le-bilan-de-ses-activites-de-lannee-2021\/\">\r\n\t\t\t\t\t\t\tYOPOUGON : L&rsquo; ONG \u00ab\u00a0C\u0153ur Amour International\u00a0\u00bb dresse le bilan de ses activit\u00e9s de l&rsquo;ann\u00e9e 2021\t\t\t\t\t\t<\/a>\r\n\t\t\t\t\t<\/li>\r\n\t\t\t\t\t\t\t\t\t\t<li>\r\n\t\t\t\t\t\t<a class=\"limit-line\" href=\"https:\/\/www.amanien.info\/news\/lancement-a-yopougon-de-la-4e-edition-du-festival-denomme-festi-leaders\/\">\r\n\t\t\t\t\t\t\tLancement \u00e0 Yopougon de la 4\u00e8 \u00e9dition du festival d\u00e9nomm\u00e9 \u00ab\u00a0FESTI LEADERS\u00a0\u00bb\t\t\t\t\t\t<\/a>\r\n\t\t\t\t\t<\/li>\r\n\t\t\t\t\t\t\t\t\t\t<li>\r\n\t\t\t\t\t\t<a class=\"limit-line\" href=\"https:\/\/www.amanien.info\/news\/33eme-coupe-dafrique-des-nations-de-football-le-senegal-champion\/\">\r\n\t\t\t\t\t\t\t33\u00e8me coupe d&rsquo;Afrique des Nations de football: Le S\u00e9n\u00e9gal champion\t\t\t\t\t\t<\/a>\r\n\t\t\t\t\t<\/li>\r\n\t\t\t\t\t\t\t\t\t\t<li>\r\n\t\t\t\t\t\t<a class=\"limit-line\" href=\"https:\/\/www.amanien.info\/news\/presentation-des-voeux-du-nouvel-an-au-chef-de-letat-le-corps-diplomatique-salue-les-efforts-pour-la-reconciliation-nationale\/\">\r\n\t\t\t\t\t\t\tPr\u00e9sentation des v\u0153ux du nouvel an au chef de l&rsquo;\u00c9tat: Le corps diplomatique salue les efforts pour la r\u00e9conciliation nationale\t\t\t\t\t\t<\/a>\r\n\t\t\t\t\t<\/li>\r\n\t\t\t\t\t\t\t\t\t\t<li>\r\n\t\t\t\t\t\t<a class=\"limit-line\" href=\"https:\/\/www.amanien.info\/news\/i-ci-1er-congres-du-groupement-des-imprimeurs-de-cote-divoire-les-imprimeurs-demandent-a-letat-de-les-ecouter\/\">\r\n\t\t\t\t\t\t\tI.CI\/ 1er Congr\u00e8s du groupement des imprimeurs de C\u00f4te d\u2019ivoire\u00a0: Les imprimeurs demandent \u00e0 l\u2019Etat de les \u00e9couter\t\t\t\t\t\t<\/a>\r\n\t\t\t\t\t<\/li>\r\n\t\t\t\t\t\t\t\t\t\t<li>\r\n\t\t\t\t\t\t<a class=\"limit-line\" href=\"https:\/\/www.amanien.info\/news\/coup-detat-au-burkina-faso-le-president-kabore-destitue-par-des-militaires\/\">\r\n\t\t\t\t\t\t\tCoup d&rsquo;\u00c9tat au Burkina Faso: Le pr\u00e9sident Kabor\u00e9 destitu\u00e9 par des militaires\t\t\t\t\t\t<\/a>\r\n\t\t\t\t\t<\/li>\r\n\t\t\t\t\t\t\t\t\t\t<li>\r\n\t\t\t\t\t\t<a class=\"limit-line\" href=\"https:\/\/www.amanien.info\/news\/centre-national-de-recherche-agronomique-le-personnel-reclame-la-nomination-d-un-nouveau-directeur-general\/\">\r\n\t\t\t\t\t\t\tCentre national de recherche agronomique: Le personnel r\u00e9clame la nomination d&rsquo; un nouveau Directeur G\u00e9n\u00e9ral\t\t\t\t\t\t<\/a>\r\n\t\t\t\t\t<\/li>\r\n\t\t\t\t\t\t\t\t\t\t<li>\r\n\t\t\t\t\t\t<a class=\"limit-line\" href=\"https:\/\/www.amanien.info\/news\/olivia-yace-et-ses-dauphines-chez-dominique-ouattara\/\">\r\n\t\t\t\t\t\t\t\u00a0Olivia Yac\u00e9 et ses dauphines chez Dominique Ouattara\t\t\t\t\t\t<\/a>\r\n\t\t\t\t\t<\/li>\r\n\t\t\t\t\t\t\t\t\t\t<li>\r\n\t\t\t\t\t\t<a class=\"limit-line\" href=\"https:\/\/www.amanien.info\/news\/federation-des-tradipraticiens-ano-kouao-pointe-du-doigt-le-changement-climatique\/\">\r\n\t\t\t\t\t\t\tF\u00e9d\u00e9ration des Tradipraticiens: Ano Kouao pointe du doigt le changement climatique\t\t\t\t\t\t<\/a>\r\n\t\t\t\t\t<\/li>\r\n\t\t\t\t\t\t\t\t\t\t<li>\r\n\t\t\t\t\t\t<a class=\"limit-line\" href=\"https:\/\/www.amanien.info\/news\/legre-philippe-investi-ministre-gouverneur-du-district-autonome-du-bas-sassandra\/\">\r\n\t\t\t\t\t\t\tL\u00e9gr\u00e9 Philippe investi ministre-gouverneur du District Autonome du Bas-Sassandra\t\t\t\t\t\t<\/a>\r\n\t\t\t\t\t<\/li>\r\n\t\t\t\t\t\t\t\t\t\t<li>\r\n\t\t\t\t\t\t<a class=\"limit-line\" href=\"https:\/\/www.amanien.info\/news\/abidjan-abritera-la-2e-edition-des-journees-nationales-du-commerce-equitable-les-20-et-21-janvier-prochains\/\">\r\n\t\t\t\t\t\t\tAbidjan abritera la 2\u00e8 \u00e9dition des Journ\u00e9es Nationales du Commerce \u00c9quitable les 20 et 21 janvier prochains\t\t\t\t\t\t<\/a>\r\n\t\t\t\t\t<\/li>\r\n\t\t\t\t\t\t\t\t\t\t<li>\r\n\t\t\t\t\t\t<a class=\"limit-line\" href=\"https:\/\/www.amanien.info\/news\/can-2022-un-village-de-la-can-fait-bouger-tengrela\/\">\r\n\t\t\t\t\t\t\tCan 2022\u00a0: un village de la Can fait bouger Tengrela\t\t\t\t\t\t<\/a>\r\n\t\t\t\t\t<\/li>\r\n\t\t\t\t\t\t\t\t\t\t<li>\r\n\t\t\t\t\t\t<a class=\"limit-line\" href=\"https:\/\/www.amanien.info\/news\/securite-routiere-vehistoric-pour-connaitre-l-etat-du-vehicule\/\">\r\n\t\t\t\t\t\t\tS\u00e9curit\u00e9 routi\u00e8re: Vehistoric pour conna\u00eetre l&rsquo; \u00e9tat du v\u00e9hicule\t\t\t\t\t\t<\/a>\r\n\t\t\t\t\t<\/li>\r\n\t\t\t\t\t\t\t\t\t\t<li>\r\n\t\t\t\t\t\t<a class=\"limit-line\" href=\"https:\/\/www.amanien.info\/news\/sante-publique-l-ordre-national-des-infirmiers-et-infirmieres-cree\/\">\r\n\t\t\t\t\t\t\tSant\u00e9 publique: L&rsquo; ordre national des infirmiers et infirmi\u00e8res cr\u00e9e\t\t\t\t\t\t<\/a>\r\n\t\t\t\t\t<\/li>\r\n\t\t\t\t\t\t\t\t\t\t<li>\r\n\t\t\t\t\t\t<a class=\"limit-line\" href=\"https:\/\/www.amanien.info\/news\/communique-du-conseil-des-ministres-du-12-janvier-2-022-851-cartes-nationales-d-identite-retirees\/\">\r\n\t\t\t\t\t\t\tCommuniqu\u00e9 du Conseil des Ministres du 12 janvier: 2.022.851 cartes nationales d&rsquo; identit\u00e9 retir\u00e9es\t\t\t\t\t\t<\/a>\r\n\t\t\t\t\t<\/li>\r\n\t\t\t\t\t\t\t\t\t\t<li>\r\n\t\t\t\t\t\t<a class=\"limit-line\" href=\"https:\/\/www.amanien.info\/news\/korhogo-10-000-festivaliers-se-dont-donnes-rendez-vous-a-la-7eme-edition-du-festi-ponvogo\/\">\r\n\t\t\t\t\t\t\tKorhogo: 10.000 festivaliers se dont donn\u00e9s rendez-vous \u00e0 la 7\u00e8me \u00e9dition du Festi-Ponvogo\t\t\t\t\t\t<\/a>\r\n\t\t\t\t\t<\/li>\r\n\t\t\t\t\t\t\t\t\t\t<li>\r\n\t\t\t\t\t\t<a class=\"limit-line\" href=\"https:\/\/www.amanien.info\/news\/1ere-edition-du-festival-bonne-annee-yopougon-2022-les-organisateurs-annoncent-les-couleurs-de-levenement\/\">\r\n\t\t\t\t\t\t\t1\u00e8re \u00e9dition du festival \u00ab\u00a0Bonne Ann\u00e9e Yopougon 2022\u00a0\u00bb : Les organisateurs annoncent les couleurs de l&rsquo;\u00e9v\u00e9nement\t\t\t\t\t\t<\/a>\r\n\t\t\t\t\t<\/li>\r\n\t\t\t\t\t\t\t\t\t\t<li>\r\n\t\t\t\t\t\t<a class=\"limit-line\" href=\"https:\/\/www.amanien.info\/news\/industrie-automobile-le-premier-ministre-patrick-achi-inaugure-la-premiere-unite-dassemblage-de-vehicules-made-in-cote-divoire-denommes-daily-ivoire\/\">\r\n\t\t\t\t\t\t\tIndustrie automobile: Le Premier Ministre Patrick Achi inaugure la premi\u00e8re unit\u00e9 d&rsquo;assemblage de v\u00e9hicules Made in C\u00f4te d&rsquo;Ivoire d\u00e9nomm\u00e9s \u00ab\u00a0Daily Ivoire\u00a0\u00bb\t\t\t\t\t\t<\/a>\r\n\t\t\t\t\t<\/li>\r\n\t\t\t\t\t\t\t\t\t\t<li>\r\n\t\t\t\t\t\t<a class=\"limit-line\" href=\"https:\/\/www.amanien.info\/news\/sommet-des-chefs-d-etats-de-la-cedeao-de-lourdes-sanctions-infligees-au-mali\/\">\r\n\t\t\t\t\t\t\tSommet des chefs d&rsquo; \u00c9tats de la CEDEAO: De lourdes sanctions inflig\u00e9es au Mali\t\t\t\t\t\t<\/a>\r\n\t\t\t\t\t<\/li>\r\n\t\t\t\t\t\t\t\t\t\t<li>\r\n\t\t\t\t\t\t<a class=\"limit-line\" href=\"https:\/\/www.amanien.info\/news\/33eme-coupe-dafrique-des-nations-la-cameroun-bat-en-ouverture-le-burkina-faso-2-1\/\">\r\n\t\t\t\t\t\t\t33\u00e8me coupe d&rsquo;Afrique des Nations: La Cameroun bat en ouverture le Burkina Faso 2- 1\t\t\t\t\t\t<\/a>\r\n\t\t\t\t\t<\/li>\r\n\t\t\t\t\t\t\t\t\t\t<li>\r\n\t\t\t\t\t\t<a class=\"limit-line\" href=\"https:\/\/www.amanien.info\/news\/presidence-de-la-republique-massere-toure-nommee-secretaire-generale-adjointe\/\">\r\n\t\t\t\t\t\t\tPr\u00e9sidence de la R\u00e9publique: Mass\u00e9r\u00e9 Tour\u00e9 nomm\u00e9e secr\u00e9taire g\u00e9n\u00e9rale adjointe\t\t\t\t\t\t<\/a>\r\n\t\t\t\t\t<\/li>\r\n\t\t\t\t\t\t\t\t\t\t<li>\r\n\t\t\t\t\t\t<a class=\"limit-line\" href=\"https:\/\/www.amanien.info\/news\/reverend-pasteur-ediemou-bliin-jacob-president-de-leglise-du-christianisme-celeste-de-cote-divoire-dieu-doit-etre-au-centre-de-toutes-activites\/\">\r\n\t\t\t\t\t\t\tR\u00e9v\u00e9rend pasteur Ediemou bliin Jacob (Pr\u00e9sident de l\u2019\u00e9glise du Christianisme C\u00e9leste de C\u00f4te d\u2019Ivoire)  \u00ab\u00a0Dieu doit \u00eatre au centre de toutes activit\u00e9s\u00a0\u00bb\u00a0\t\t\t\t\t\t<\/a>\r\n\t\t\t\t\t<\/li>\r\n\t\t\t\t\t\t\t\t\t\t<li>\r\n\t\t\t\t\t\t<a class=\"limit-line\" href=\"https:\/\/www.amanien.info\/news\/le-president-de-lunjci-jean-claude-coulibaly-dresse-le-bilan-de-la-23e-edition-de-la-soiree-des-ebony\/\">\r\n\t\t\t\t\t\t\tLe Pr\u00e9sident de l&rsquo;UNJCI, Jean Claude Coulibaly dresse le bilan de la 23\u00e8 \u00e9dition de la soir\u00e9e des Ebony\t\t\t\t\t\t<\/a>\r\n\t\t\t\t\t<\/li>\r\n\t\t\t\t\t\t\t\t\t\t<li>\r\n\t\t\t\t\t\t<a class=\"limit-line\" href=\"https:\/\/www.amanien.info\/news\/conseil-des-ministres-du-5-janvier-2022-le-chef-de-letat-souhaite-que-les-progres-realises-se-poursuivent\/\">\r\n\t\t\t\t\t\t\tConseil des Ministres du 5 janvier 2022: Le chef de l&rsquo;\u00c9tat souhaite que les progr\u00e8s r\u00e9alis\u00e9s se poursuivent\t\t\t\t\t\t<\/a>\r\n\t\t\t\t\t<\/li>\r\n\t\t\t\t\t\t\t\t\t\t<li>\r\n\t\t\t\t\t\t<a class=\"limit-line\" href=\"https:\/\/www.amanien.info\/news\/voeux-du-nouvel-an-ano-kouadio-president-de-la-federation-des-tradipraticiens-de-sante-et-naturotherapeutes-de-cote-divoire-nous-voulons-finaliser-l-unite-de-production-des-medicament\/\">\r\n\t\t\t\t\t\t\tVoeux du nouvel an: Ano Kouadio ( pr\u00e9sident de la f\u00e9d\u00e9ration des tradipraticiens de sant\u00e9 et naturotherapeutes de C\u00f4te d&rsquo;Ivoire) \u00a0\u00a0\u00bb Nous voulons finaliser l&rsquo; unit\u00e9 de production des m\u00e9dicaments traditionnels\u00a0\u00bb\t\t\t\t\t\t<\/a>\r\n\t\t\t\t\t<\/li>\r\n\t\t\t\t\t\t\t\t\t\t<li>\r\n\t\t\t\t\t\t<a class=\"limit-line\" href=\"https:\/\/www.amanien.info\/news\/discours-a-la-nation-du-chef-l-etat-alassane-ouattara-a-l-occasion-du-nouvel-an\/\">\r\n\t\t\t\t\t\t\tDiscours \u00e0 la Nation du chef l&rsquo; \u00c9tat Alassane Ouattara \u00e0 l&rsquo; occasion du nouvel an\t\t\t\t\t\t<\/a>\r\n\t\t\t\t\t<\/li>\r\n\t\t\t\t\t\t\t\t\t\t<li>\r\n\t\t\t\t\t\t<a class=\"limit-line\" href=\"https:\/\/www.amanien.info\/news\/journee-des-inventeurs-le-president-de-la-fedinci-souhaite-que-l-invention-participe-a-la-richesse-nationale\/\">\r\n\t\t\t\t\t\t\tJourn\u00e9e des inventeurs: Le pr\u00e9sident de la FEDINCI souhaite que l&rsquo; invention participe \u00e0 la richesse nationale\t\t\t\t\t\t<\/a>\r\n\t\t\t\t\t<\/li>\r\n\t\t\t\t\t\t\t\t\t\t<li>\r\n\t\t\t\t\t\t<a class=\"limit-line\" href=\"https:\/\/www.amanien.info\/news\/can-cameroun-2022-plus-de-4-milliards-de-fcfa-alloues-a-la-preparation-et-a-la-participation-des-elephants-de-cote-divoire\/\">\r\n\t\t\t\t\t\t\tCAN CAMEROUN 2022 : Plus de 4 milliards de FCFA allou\u00e9s \u00e0 la pr\u00e9paration et \u00e0 la participation des \u00e9l\u00e9phants de C\u00f4te d&rsquo;Ivoire\t\t\t\t\t\t<\/a>\r\n\t\t\t\t\t<\/li>\r\n\t\t\t\t\t\t\t\t\t\t<li>\r\n\t\t\t\t\t\t<a class=\"limit-line\" href=\"https:\/\/www.amanien.info\/news\/le-ministre-adama-diawara-exhorte-les-musulmans-a-faire-en-sorte-que-lislam-en-cote-divoire-soit-modere-tolerant-sans-extremisme-et-sans-fanatisme\/\">\r\n\t\t\t\t\t\t\tLe Ministre Adama Diawara exhorte les musulmans \u00e0 faire en sorte que l&rsquo;islam en C\u00f4te d&rsquo;Ivoire soit mod\u00e9r\u00e9, tol\u00e9rant, sans extr\u00e9misme et sans fanatisme\t\t\t\t\t\t<\/a>\r\n\t\t\t\t\t<\/li>\r\n\t\t\t\t\t\t\t\t\t\t<li>\r\n\t\t\t\t\t\t<a class=\"limit-line\" href=\"https:\/\/www.amanien.info\/news\/conseil-des-ministres-du-22-decembre-l-ouverture-a-la-concurrence-du-service-postal-universel-effective-le-08-mars-2025\/\">\r\n\t\t\t\t\t\t\tConseil des Ministres du 22 d\u00e9cembre: L&rsquo; ouverture \u00e0 la concurrence du service postal universel effective le 08 mars 2025\t\t\t\t\t\t<\/a>\r\n\t\t\t\t\t<\/li>\r\n\t\t\t\t\t\t\t\t\t\t<li>\r\n\t\t\t\t\t\t<a class=\"limit-line\" href=\"https:\/\/www.amanien.info\/news\/cloture-du-festival-j-aime-koumassi-la-cohesion-sociale-celebree\/\">\r\n\t\t\t\t\t\t\tCl\u00f4ture du Festival J&rsquo; Aime Koumassi\u00a0\u00bb: La coh\u00e9sion sociale c\u00e9l\u00e9br\u00e9e\t\t\t\t\t\t<\/a>\r\n\t\t\t\t\t<\/li>\r\n\t\t\t\t\t\t\t\t\t\t<li>\r\n\t\t\t\t\t\t<a class=\"limit-line\" href=\"https:\/\/www.amanien.info\/news\/promotion-du-merite-et-de-lexcellence-organisation-a-abidjan-de-la-premiere-edition-de-la-journee-du-merite-du-corps-prefectoral\/\">\r\n\t\t\t\t\t\t\tPromotion du m\u00e9rite et de l&rsquo;excellence : Organisation \u00e0 Abidjan de la premi\u00e8re \u00e9dition de la Journ\u00e9e du M\u00e9rite du Corps pr\u00e9fectoral\t\t\t\t\t\t<\/a>\r\n\t\t\t\t\t<\/li>\r\n\t\t\t\t\t\t\t\t\t\t<li>\r\n\t\t\t\t\t\t<a class=\"limit-line\" href=\"https:\/\/www.amanien.info\/news\/rentree-solennelle-2021-2022-de-l-ascad-le-respect-des-valeurs-culturelles-souhaite\/\">\r\n\t\t\t\t\t\t\tRentr\u00e9e solennelle 2021-2022 de l&rsquo; ASCAD: Le respect des valeurs culturelles souhait\u00e9\t\t\t\t\t\t<\/a>\r\n\t\t\t\t\t<\/li>\r\n\t\t\t\t\t\t\t\t\t\t<li>\r\n\t\t\t\t\t\t<a class=\"limit-line\" href=\"https:\/\/www.amanien.info\/news\/lutte-contre-les-violences-basees-sur-le-genre-la-premiere-dame-sollicitee-pour-la-construction-dun-centre-daccueil-pour-les-victimes\/\">\r\n\t\t\t\t\t\t\tLutte contre les violences bas\u00e9es sur le genre: La Premi\u00e8re Dame sollicit\u00e9e pour la construction d\u2019un centre d\u2019accueil pour les victimes\t\t\t\t\t\t<\/a>\r\n\t\t\t\t\t<\/li>\r\n\t\t\t\t\t\t\t\t\t\t<li>\r\n\t\t\t\t\t\t<a class=\"limit-line\" href=\"https:\/\/www.amanien.info\/news\/communique-du-conseil-des-ministres-du-15-decembre-la-sicogi-devient-agence-nationale-de-l-habitat\/\">\r\n\t\t\t\t\t\t\tCommuniqu\u00e9 du Conseil des Ministres du 15 d\u00e9cembre: La SICOGI devient Agence Nationale de l&rsquo; Habitat\t\t\t\t\t\t<\/a>\r\n\t\t\t\t\t<\/li>\r\n\t\t\t\t\t\t\t\t\t\t<li>\r\n\t\t\t\t\t\t<a class=\"limit-line\" href=\"https:\/\/www.amanien.info\/news\/4e-edition-du-prix-dexcellence-de-la-direction-des-finances-du-ministere-detat-ministere-de-la-defense-16-agents-distingues\/\">\r\n\t\t\t\t\t\t\t4\u00e8 \u00e9dition du Prix d&rsquo;Excellence de la Direction des Finances du Minist\u00e8re d&rsquo;Etat, Minist\u00e8re de la D\u00e9fense : 16 agents distingu\u00e9s\t\t\t\t\t\t<\/a>\r\n\t\t\t\t\t<\/li>\r\n\t\t\t\t\t\t\t\t\t\t<li>\r\n\t\t\t\t\t\t<a class=\"limit-line\" href=\"https:\/\/www.amanien.info\/news\/africa-digital-economy-forum-leconomie-numerique-au-coeur-des-enjeux-en-afrique\/\">\r\n\t\t\t\t\t\t\tAfrica Digital Economy Forum : l\u2019\u00e9conomie num\u00e9rique au c\u0153ur des enjeux en Afrique\u00a0\t\t\t\t\t\t<\/a>\r\n\t\t\t\t\t<\/li>\r\n\t\t\t\t\t\t\t\t\t\t<li>\r\n\t\t\t\t\t\t<a class=\"limit-line\" href=\"https:\/\/www.amanien.info\/news\/2eme-edition-du-festival-j-aime-koumassi-9-jours-de-fete-pour-le-bonheur-des-populations\/\">\r\n\t\t\t\t\t\t\t2\u00e8me \u00e9dition du festival \u00ab\u00a0J&rsquo; aime Koumassi\u00a0\u00bb: 9 jours de f\u00eate pour le bonheur des populations\t\t\t\t\t\t<\/a>\r\n\t\t\t\t\t<\/li>\r\n\t\t\t\t\t\t\t\t\t\t<li>\r\n\t\t\t\t\t\t<a class=\"limit-line\" href=\"https:\/\/www.amanien.info\/news\/festival-j-aime-koumassi-mme-pohan-invite-au-respect-des-lois\/\">\r\n\t\t\t\t\t\t\tFestival \u00a0\u00bb J&rsquo; aime Koumassi: Mme Pohan invite au respect des lois\t\t\t\t\t\t<\/a>\r\n\t\t\t\t\t<\/li>\r\n\t\t\t\t\t\t\t\t\t\t<li>\r\n\t\t\t\t\t\t<a class=\"limit-line\" href=\"https:\/\/www.amanien.info\/news\/communique-du-conseil-national-de-securite-17211-elements-des-forces-armees-pour-securiser-les-fetes-de-fin-d-annee\/\">\r\n\t\t\t\t\t\t\tCommuniqu\u00e9 du Conseil National de S\u00e9curit\u00e9: 17211 \u00e9l\u00e9ments des forces arm\u00e9es pour s\u00e9curiser les f\u00eates de fin d&rsquo; ann\u00e9e\t\t\t\t\t\t<\/a>\r\n\t\t\t\t\t<\/li>\r\n\t\t\t\t\t\t\t\t\t\t<li>\r\n\t\t\t\t\t\t<a class=\"limit-line\" href=\"https:\/\/www.amanien.info\/news\/ouverture-a-abidjan-de-la-8e-edition-du-salon-de-larchitecture-et-du-batiment-archibat-2021\/\">\r\n\t\t\t\t\t\t\tOuverture \u00e0 Abidjan de la 8\u00e8 \u00e9dition du Salon de l&rsquo;Architecture et du B\u00e2timent (Archibat 2021)\t\t\t\t\t\t<\/a>\r\n\t\t\t\t\t<\/li>\r\n\t\t\t\t\t\t\t\t\t\t<li>\r\n\t\t\t\t\t\t<a class=\"limit-line\" href=\"https:\/\/www.amanien.info\/news\/4e-edition-des-assises-des-cadres-du-loh-djiboua-paul-arnaud-bertin-zehouri-sensibilise-les-ressortissants-de-la-region-sur-les-dangers-de-lapatridie\/\">\r\n\t\t\t\t\t\t\t4\u00e8 \u00e9dition des assises des cadres du L\u00f4h-Djiboua : Paul-Arnaud Bertin Zehouri sensibilise les ressortissants de la r\u00e9gion sur les dangers de l&rsquo;apatridie\t\t\t\t\t\t<\/a>\r\n\t\t\t\t\t<\/li>\r\n\t\t\t\t\t\t\t\t\t\t<li>\r\n\t\t\t\t\t\t<a class=\"limit-line\" href=\"https:\/\/www.amanien.info\/news\/2-eme-forum-continental-du-gmes-l-observation-satellitaire-pour-le-developpement-de-l-afrique\/\">\r\n\t\t\t\t\t\t\t2 \u00e8me forum continental du GMES: L&rsquo; observation satellitaire pour le d\u00e9veloppement de l&rsquo; Afrique\t\t\t\t\t\t<\/a>\r\n\t\t\t\t\t<\/li>\r\n\t\t\t\t\t\t\t\t\t\t<li>\r\n\t\t\t\t\t\t<a class=\"limit-line\" href=\"https:\/\/www.amanien.info\/news\/musique-macy-devoile-son-nouvel-de-10-titres-a-ses-fans\/\">\r\n\t\t\t\t\t\t\tMusique : Macy d\u00e9voile son nouvel << Gloire>> de 10 titres \u00e0 ses fans\t\t\t\t\t\t<\/a>\r\n\t\t\t\t\t<\/li>\r\n\t\t\t\t\t\t\t\t\t\t<li>\r\n\t\t\t\t\t\t<a class=\"limit-line\" href=\"https:\/\/www.amanien.info\/news\/le-premier-ministre-ivoirien-patrick-achi-en-compagnie-des-autorites-emiratis-a-la-ceremonie-douverture-dexpo-dubai-2020\/\">\r\n\t\t\t\t\t\t\tLe premier Ministre ivoirien, Patrick Achi en compagnie des autorit\u00e9s \u00e9miratis \u00e0 la c\u00e9r\u00e9monie d&rsquo;ouverture d&rsquo;Expo Duba\u00ef 2020\t\t\t\t\t\t<\/a>\r\n\t\t\t\t\t<\/li>\r\n\t\t\t\t\t\t\t\t\t\t<li>\r\n\t\t\t\t\t\t<a class=\"limit-line\" href=\"https:\/\/www.amanien.info\/news\/aide-a-lenfance-en-difficulte-lambassade-de-suisse-fait-des-dons-dune-valeur-de-4-millions-f-cfa-a-la-case-des-enfants\/\">\r\n\t\t\t\t\t\t\tAide \u00e0 l\u2019enfance en difficult\u00e9: L\u2019Ambassade de Suisse fait des dons d\u2019une valeur de 4 millions F CFA\u00a0\u00a0 \u00e0 la Case des Enfants\t\t\t\t\t\t<\/a>\r\n\t\t\t\t\t<\/li>\r\n\t\t\t\t\t\t\t\t\t\t<li>\r\n\t\t\t\t\t\t<a class=\"limit-line\" href=\"https:\/\/www.amanien.info\/news\/lutte-contre-les-violences-faites-aux-femmes-et-aux-filles-la-ministre-nassereba-toure-aux-femmes\/\">\r\n\t\t\t\t\t\t\tLutte contre les violences faites aux femmes et aux filles : La Ministre Nass\u00e9r\u00e9ba Tour\u00e9 aux femmes :<< Femmes de C\u00f4te d'Ivoire, sortez de vos peurs, de vos torpeurs, brisez le silence et d\u00e9noncez >>\t\t\t\t\t\t<\/a>\r\n\t\t\t\t\t<\/li>\r\n\t\t\t\t\t\t\t\t\t\t<li>\r\n\t\t\t\t\t\t<a class=\"limit-line\" href=\"https:\/\/www.amanien.info\/news\/visite-du-president-sud-africain-9-accords-de-cooperation-signes\/\">\r\n\t\t\t\t\t\t\tVisite du pr\u00e9sident Sud- Africain: 9 accords de coop\u00e9ration sign\u00e9s\t\t\t\t\t\t<\/a>\r\n\t\t\t\t\t<\/li>\r\n\t\t\t\t\t\t\t\t\t\t<li>\r\n\t\t\t\t\t\t<a class=\"limit-line\" href=\"https:\/\/www.amanien.info\/news\/communique-du-conseil-des-ministres-du-1er-decembre-le-pnd-2021-2025-projette-une-croissance-economique-moyenne-de-765\/\">\r\n\t\t\t\t\t\t\tCommuniqu\u00e9 du conseil des Ministres du 1er d\u00e9cembre: Le PND 2021- 2025 projette une croissance \u00e9conomique moyenne de 7,65 %\t\t\t\t\t\t<\/a>\r\n\t\t\t\t\t<\/li>\r\n\t\t\t\t\t\t\t\t\t\t<li>\r\n\t\t\t\t\t\t<a class=\"limit-line\" href=\"https:\/\/www.amanien.info\/news\/culture-et-litterature-moise-kossonou-presente-son-premier-ouvrage-non-ca-doit-changerau-public\/\">\r\n\t\t\t\t\t\t\tCulture et litt\u00e9rature : Mo\u00efse Kossonou pr\u00e9sente son premier ouvrage, \u00ab\u00a0Non ! \u00c7a doit changer!\u00a0\u00bbau public\t\t\t\t\t\t<\/a>\r\n\t\t\t\t\t<\/li>\r\n\t\t\t\t\t\t\t\t\t\t<li>\r\n\t\t\t\t\t\t<a class=\"limit-line\" href=\"https:\/\/www.amanien.info\/news\/41eme-reunion-ordinaire-du-comite-des-chefs-detat-major-de-la-cedeao-le-ministre-detat-ministre-de-la-defense-de-cote-divoire-face-aux-menaces-auxquelles-nous\/\">\r\n\t\t\t\t\t\t\t41\u00e8me r\u00e9union ordinaire du Comit\u00e9 des Chefs d\u2019\u00e9tat-major de la CEDEAO\u00a0 Le Ministre d\u2019\u00c9tat, Ministre de la D\u00e9fense de C\u00f4te d\u2019Ivoire : \u00abFace aux menaces auxquelles nous sommes confront\u00e9s, nous n\u2019avons d\u2019autre choix que d\u2019agir ensemble \u00bb\u00a0 \u00a0\t\t\t\t\t\t<\/a>\r\n\t\t\t\t\t<\/li>\r\n\t\t\t\t\t\t\t\t\t\t<li>\r\n\t\t\t\t\t\t<a class=\"limit-line\" href=\"https:\/\/www.amanien.info\/news\/aide-publique-aux-medias-le-fsdp-organise-un-colloque-international-a-abidjan\/\">\r\n\t\t\t\t\t\t\tAide publique aux m\u00e9dias: Le FSDP organise un Colloque international \u00e0 Abidjan\t\t\t\t\t\t<\/a>\r\n\t\t\t\t\t<\/li>\r\n\t\t\t\t\t\t\t\t\t\t<li>\r\n\t\t\t\t\t\t<a class=\"limit-line\" href=\"https:\/\/www.amanien.info\/news\/festival-j-aime-koumassi-la-2eme-edition-se-deroule-du-9-au-18-decembre\/\">\r\n\t\t\t\t\t\t\tFestival \u00a0\u00bb J&rsquo; aime Koumassi\u00a0\u00bb: La 2\u00e8me \u00e9dition se d\u00e9roule du 9 au 18 d\u00e9cembre\t\t\t\t\t\t<\/a>\r\n\t\t\t\t\t<\/li>\r\n\t\t\t\t\t\t\t\t\t\t<li>\r\n\t\t\t\t\t\t<a class=\"limit-line\" href=\"https:\/\/www.amanien.info\/news\/lutte-contre-le-travail-des-enfants-le-cns-outille-pres-de-200-eleves-de-tiebissou-contre-le-travail-des-enfants\/\">\r\n\t\t\t\t\t\t\tLutte contre le Travail des Enfants: Le CNS outille pr\u00e8s de 200 \u00e9l\u00e8ves de Ti\u00e9bissou contre le travail des enfants\t\t\t\t\t\t<\/a>\r\n\t\t\t\t\t<\/li>\r\n\t\t\t\t\t\t\t\t\t\t<li>\r\n\t\t\t\t\t\t<a class=\"limit-line\" href=\"https:\/\/www.amanien.info\/news\/6e-congres-extraordinaire-du-fpi-voici-lintegralite-du-discours-douverture-du-president-pascal-affi-nguessan\/\">\r\n\t\t\t\t\t\t\t6\u00e8 congr\u00e8s extraordinaire du FPI :\u00a0 Voici l&rsquo;int\u00e9gralit\u00e9 du discours d&rsquo;ouverture du Pr\u00e9sident Pascal Affi N&rsquo;Guessan\t\t\t\t\t\t<\/a>\r\n\t\t\t\t\t<\/li>\r\n\t\t\t\t\t\t\t\t\t\t<li>\r\n\t\t\t\t\t\t<a class=\"limit-line\" href=\"https:\/\/www.amanien.info\/news\/developpement-le-depute-de-diabo-languibonou-assahore-konan-jacques-releve-les-defis-de-sa-localite-et-invite-les-cadres-gblo-a-federer-leurs-energies-et-leurs-forces\/\">\r\n\t\t\t\t\t\t\tD\u00e9veloppement : Le D\u00e9put\u00e9 de Diabo-Languibonou, Assahor\u00e9 Konan Jacques rel\u00e8ve les d\u00e9fis de sa localit\u00e9 et invite les cadres Gblo \u00e0 f\u00e9d\u00e9rer leurs \u00e9nergies et leurs forces\t\t\t\t\t\t<\/a>\r\n\t\t\t\t\t<\/li>\r\n\t\t\t\t\t\t\t\t\t\t<li>\r\n\t\t\t\t\t\t<a class=\"limit-line\" href=\"https:\/\/www.amanien.info\/news\/1ere-edition-de-la-nuit-des-etoiles-des-entreprises-dabidjan-28-personnalites-et-chefs-dentreprise-distingues\/\">\r\n\t\t\t\t\t\t\t1\u00e8re \u00e9dition de la Nuit des \u00c9toiles des Entreprises d&rsquo;Abidjan : 28 Personnalit\u00e9s et Chefs d&rsquo;entreprise distingu\u00e9s\t\t\t\t\t\t<\/a>\r\n\t\t\t\t\t<\/li>\r\n\t\t\t\t\t\t\t\t\t\t<li>\r\n\t\t\t\t\t\t<a class=\"limit-line\" href=\"https:\/\/www.amanien.info\/news\/action-gouvernementale-le-premier-annonce-des-mesures-pour-l-amelioration-des-conditions-de-vie-des-populations\/\">\r\n\t\t\t\t\t\t\tAction gouvernementale: Le premier annonce des mesures pour l&rsquo; am\u00e9lioration des conditions de vie des populations\t\t\t\t\t\t<\/a>\r\n\t\t\t\t\t<\/li>\r\n\t\t\t\t\t\t\t\t\t\t<li>\r\n\t\t\t\t\t\t<a class=\"limit-line\" href=\"https:\/\/www.amanien.info\/news\/ouverture-a-abidjan-de-la-5e-edition-de-la-journee-nationale-du-partenariat-etat-secteur-prive\/\">\r\n\t\t\t\t\t\t\tOuverture \u00e0 Abidjan de la 5\u00e8 \u00e9dition de la Journ\u00e9e Nationale du Partenariat \u00c9tat\/Secteur Priv\u00e9\t\t\t\t\t\t<\/a>\r\n\t\t\t\t\t<\/li>\r\n\t\t\t\t\t\t\t\t\t\t<li>\r\n\t\t\t\t\t\t<a class=\"limit-line\" href=\"https:\/\/www.amanien.info\/news\/industrialisation-du-cacao-en-cote-divoire-la-societe-cargill-investit-100-millions-de-dollars-dans-lextension-de-son-usine-de-transformation-basee-a-yopougon\/\">\r\n\t\t\t\t\t\t\tIndustrialisation du cacao en C\u00f4te d&rsquo;Ivoire : La Soci\u00e9t\u00e9 Cargill investit 100 millions de dollars dans l&rsquo;extension de son usine de transformation bas\u00e9e \u00e0 Yopougon\t\t\t\t\t\t<\/a>\r\n\t\t\t\t\t<\/li>\r\n\t\t\t\t\t\t\t\t\t\t<li>\r\n\t\t\t\t\t\t<a class=\"limit-line\" href=\"https:\/\/www.amanien.info\/news\/le-ministere-de-la-construction-du-logement-et-de-lurbanisme-prevoit-une-campagne-speciale-de-sensibilisation-dans-la-commune-de-san-pedro\/\">\r\n\t\t\t\t\t\t\tLe Minist\u00e8re de la Construction du Logement et de l\u2019Urbanisme pr\u00e9voit une campagne sp\u00e9ciale de sensibilisation dans la commune de San-Pedro\t\t\t\t\t\t<\/a>\r\n\t\t\t\t\t<\/li>\r\n\t\t\t\t\t\t\t\t\t\t<li>\r\n\t\t\t\t\t\t<a class=\"limit-line\" href=\"https:\/\/www.amanien.info\/news\/communique-du-conseil-des-ministres-du-mercredi-03-novembre-2021-le-budget-2021-en-hausse-de-6947-milliards-de-francs-cfa\/\">\r\n\t\t\t\t\t\t\tCommuniqu\u00e9 du conseil des ministres du mercredi 03 novembre 2021: Le budget 2021 en hausse de 694,7 milliards de francs cfa\t\t\t\t\t\t<\/a>\r\n\t\t\t\t\t<\/li>\r\n\t\t\t\t\t\t\t\t\t\t<li>\r\n\t\t\t\t\t\t<a class=\"limit-line\" href=\"https:\/\/www.amanien.info\/news\/rentree-scolaire-2021-2022-assahore-konan-jacques-prone-lexcellence-et-fait-dons-de-kits-scolaires\/\">\r\n\t\t\t\t\t\t\tRENTR\u00c9E SCOLAIRE 2021-2022 : ASSAHORE KONAN JACQUES PR\u00d4NE L&rsquo;EXCELLENCE ET FAIT DONS DE KITS SCOLAIRES\t\t\t\t\t\t<\/a>\r\n\t\t\t\t\t<\/li>\r\n\t\t\t\t\t\t\t\t\t\t<li>\r\n\t\t\t\t\t\t<a class=\"limit-line\" href=\"https:\/\/www.amanien.info\/news\/edition-2021-du-sibat-la-turquie-veut-apporter-des-solutions-au-secteur-de-limmobilier-en-cote-divoire\/\">\r\n\t\t\t\t\t\t\t\u00c9dition 2021 du SIBAT: La Turquie veut apporter des solutions au secteur de l&rsquo;immobilier en C\u00f4te d&rsquo;Ivoire\t\t\t\t\t\t<\/a>\r\n\t\t\t\t\t<\/li>\r\n\t\t\t\t\t\t\t\t\t\t<li>\r\n\t\t\t\t\t\t<a class=\"limit-line\" href=\"https:\/\/www.amanien.info\/news\/conflits-fonciers-un-nouvel-outil-daccompagnement-dorientation-et-daide-a-la-decision-desormais-disponible-pour-meilleure-gouvernance-de-linformation-sur-le-foncier\/\">\r\n\t\t\t\t\t\t\tConflits fonciers : Un nouvel outil d&rsquo;accompagnement, d&rsquo;orientation et d&rsquo;aide \u00e0 la d\u00e9cision d\u00e9sormais disponible pour meilleure gouvernance de l&rsquo;information sur le foncier\t\t\t\t\t\t<\/a>\r\n\t\t\t\t\t<\/li>\r\n\t\t\t\t\t\t\t\t\t\t<li>\r\n\t\t\t\t\t\t<a class=\"limit-line\" href=\"https:\/\/www.amanien.info\/news\/la-1ere-edition-de-la-nuit-des-etoiles-des-entreprises-dabidjan-se-tiendra-le-05-novembre-2021\/\">\r\n\t\t\t\t\t\t\tLa 1\u00e8re \u00e9dition de la Nuit des \u00c9toiles des Entreprises d&rsquo;Abidjan se tiendra le 05 novembre 2021\t\t\t\t\t\t<\/a>\r\n\t\t\t\t\t<\/li>\r\n\t\t\t\t\t\t\t\t\t\t<li>\r\n\t\t\t\t\t\t<a class=\"limit-line\" href=\"https:\/\/www.amanien.info\/news\/ferkessedougou-la-fondation-children-of-africa-offre-un-centre-daccueil-dune-valeur-de-plus-dun-milliard-f-cfa-pour-freiner-le-flux-dentree-des-enfants-victimes-de\/\">\r\n\t\t\t\t\t\t\tFerkess\u00e9dougou: La Fondation Children Of Africa offre un Centre d\u2019accueil d\u2019une valeur de plus d\u2019un milliard F CFA pour freiner le flux d\u2019entr\u00e9e des enfants victimes de traite transfrontali\u00e8re\u00a0\t\t\t\t\t\t<\/a>\r\n\t\t\t\t\t<\/li>\r\n\t\t\t\t\t\t\t\t\t\t<li>\r\n\t\t\t\t\t\t<a class=\"limit-line\" href=\"https:\/\/www.amanien.info\/news\/pierre-djibril-coulibaly-president-de-la-federation-des-inventeurs-et-innovateurs-de-cote-divoire-fedinci-avec-l-invention-on-peut-devenir-un-pays-riche\/\">\r\n\t\t\t\t\t\t\tPierre Djibril Coulibaly\u00a0 pr\u00e9sident de la f\u00e9d\u00e9ration des inventeurs et innovateurs de C\u00f4te d\u2019\u2019Ivoire (FEDINCI) \u00a0\u00bb Avec l&rsquo; invention on peut devenir un pays riche\u00a0\u00bb\t\t\t\t\t\t<\/a>\r\n\t\t\t\t\t<\/li>\r\n\t\t\t\t\t\t\t\t\t\t<li>\r\n\t\t\t\t\t\t<a class=\"limit-line\" href=\"https:\/\/www.amanien.info\/news\/la-premiere-dame-dominique-ouattara-echange-avec-le-reseau-des-femmes-elues-locales-dafrique-refela\/\">\r\n\t\t\t\t\t\t\tLa Premi\u00e8re Dame Dominique Ouattara \u00e9change avec le R\u00e9seau des Femmes \u00e9lues locales d\u2019Afrique (REFELA)\t\t\t\t\t\t<\/a>\r\n\t\t\t\t\t<\/li>\r\n\t\t\t\t\t\t\t\t\t\t<li>\r\n\t\t\t\t\t\t<a class=\"limit-line\" href=\"https:\/\/www.amanien.info\/news\/la-toute-nouvelle-universite-de-san-pedro-ouvre-ses-portes-a-450-etudiants-2\/\">\r\n\t\t\t\t\t\t\tLa toute nouvelle universit\u00e9 de San-Pedro ouvre ses portes \u00e0 450 \u00e9tudiants\t\t\t\t\t\t<\/a>\r\n\t\t\t\t\t<\/li>\r\n\t\t\t\t\t\t\t\t\t\t<li>\r\n\t\t\t\t\t\t<a class=\"limit-line\" href=\"https:\/\/www.amanien.info\/news\/promotion-du-merite-et-de-lexcellence-l-asadgi-ci-recompense-plus-de-30-enfants-des-agents-des-impots\/\">\r\n\t\t\t\t\t\t\tPromotion du m\u00e9rite et de l&rsquo;excellence : L&rsquo; ASADGI-CI r\u00e9compense plus de 30 enfants des agents des imp\u00f4ts\t\t\t\t\t\t<\/a>\r\n\t\t\t\t\t<\/li>\r\n\t\t\t\t\t\t\t\t\t\t<li>\r\n\t\t\t\t\t\t<a class=\"limit-line\" href=\"https:\/\/www.amanien.info\/news\/400-eleveurs-de-la-region-de-san-pedro-formes-aux-bonnes-pratiques-de-lelevage\/\">\r\n\t\t\t\t\t\t\t400 \u00e9leveurs de la r\u00e9gion de San-Pedro form\u00e9s aux bonnes pratiques de l&rsquo;\u00e9levage.\t\t\t\t\t\t<\/a>\r\n\t\t\t\t\t<\/li>\r\n\t\t\t\t\t\t\t\t\t\t<li>\r\n\t\t\t\t\t\t<a class=\"limit-line\" href=\"https:\/\/www.amanien.info\/news\/communique-du-conseil-des-ministres-du-20-octobre-le-lutte-contre-les-medicaments-contrefaits-sera-renforcee\/\">\r\n\t\t\t\t\t\t\tCommuniqu\u00e9 du conseil des ministres du 20 octobre: Le lutte contre les m\u00e9dicaments contrefaits sera renforc\u00e9e\t\t\t\t\t\t<\/a>\r\n\t\t\t\t\t<\/li>\r\n\t\t\t\t\t\t\t\t\t\t<li>\r\n\t\t\t\t\t\t<a class=\"limit-line\" href=\"https:\/\/www.amanien.info\/news\/federation-des-traditherapeutes-de-sante-une-section-installee-dans-le-gbeke\/\">\r\n\t\t\t\t\t\t\tF\u00e9d\u00e9ration des traditherapeutes de sant\u00e9: Une section install\u00e9e dans le Gb\u00eak\u00ea\t\t\t\t\t\t<\/a>\r\n\t\t\t\t\t<\/li>\r\n\t\t\t\t\t\t\t\t\t\t<li>\r\n\t\t\t\t\t\t<a class=\"limit-line\" href=\"https:\/\/www.amanien.info\/news\/loi-de-finances-le-budget-2022-de-l-etat-fixe-a-9901-1-milliards\/\">\r\n\t\t\t\t\t\t\tLoi de finances: Le budget 2022 de l&rsquo; \u00c9tat fix\u00e9 \u00e0 9901, 1 milliards\t\t\t\t\t\t<\/a>\r\n\t\t\t\t\t<\/li>\r\n\t\t\t\t\t\t\t\t\t\t<li>\r\n\t\t\t\t\t\t<a class=\"limit-line\" href=\"https:\/\/www.amanien.info\/news\/promotion-de-lexcellence-l-asadgi-ci-recompense-36-meilleurs-enfants-des-agents-de-la-dgi-ce-samedi\/\">\r\n\t\t\t\t\t\t\tPromotion de l&rsquo;excellence : L&rsquo; ASADGI-CI r\u00e9compense\u00a0 36 meilleurs enfants des Agents de la DGI, ce samedi\t\t\t\t\t\t<\/a>\r\n\t\t\t\t\t<\/li>\r\n\t\t\t\t\t\t\t\t\t\t<li>\r\n\t\t\t\t\t\t<a class=\"limit-line\" href=\"https:\/\/www.amanien.info\/news\/depistage-precoce-du-cancer-du-sein-un-atelier-de-formation-sur-la-mammographie-et-limagerie-par-resonance-magnetique-a-abidjan\/\">\r\n\t\t\t\t\t\t\tD\u00e9pistage pr\u00e9coce du cancer du sein : Un atelier\u00a0 de formation sur la mammographie et l\u2019Imagerie par R\u00e9sonance\u00a0\u00a0Magn\u00e9tique \u00e0 Abidjan\t\t\t\t\t\t<\/a>\r\n\t\t\t\t\t<\/li>\r\n\t\t\t\t\t\t\t\t\t\t<li>\r\n\t\t\t\t\t\t<a class=\"limit-line\" href=\"https:\/\/www.amanien.info\/news\/celebration-de-l-excellence-a-koumassi-le-maire-cisse-bacongo-recompense-121-bacheliers\/\">\r\n\t\t\t\t\t\t\tC\u00e9l\u00e9bration de l&rsquo; excellence \u00e0 Koumassi: Le Maire Ciss\u00e9 Bacongo r\u00e9compense 121 bacheliers\t\t\t\t\t\t<\/a>\r\n\t\t\t\t\t<\/li>\r\n\t\t\t\t\t\t\t\t\t\t<li>\r\n\t\t\t\t\t\t<a class=\"limit-line\" href=\"https:\/\/www.amanien.info\/news\/politique-nationale-le-congres-constitutif-du-nouveau-parti-de-laurent-gbagbo-a-debute-a-l-hotel-ivoire\/\">\r\n\t\t\t\t\t\t\tPolitique nationale: Le congr\u00e8s constitutif du nouveau parti de Laurent Gbagbo a d\u00e9but\u00e9 \u00e0 l&rsquo; h\u00f4tel ivoire\t\t\t\t\t\t<\/a>\r\n\t\t\t\t\t<\/li>\r\n\t\t\t\t\t\t\t\t\t\t<li>\r\n\t\t\t\t\t\t<a class=\"limit-line\" href=\"https:\/\/www.amanien.info\/news\/lutte-contre-le-cancer-du-sein-la-fondation-femmes-shunamites-en-action-sensibilise-les-femmes-et-les-invite-a-la-pratique-de-lactivite-sportive\/\">\r\n\t\t\t\t\t\t\tLutte contre le cancer du sein :\u00a0 La Fondation Femmes Shunamites en Action sensibilise les femmes et les invite \u00e0 la pratique de l&rsquo;activit\u00e9 sportive\t\t\t\t\t\t<\/a>\r\n\t\t\t\t\t<\/li>\r\n\t\t\t\t\t\t\t\t\t\t<li>\r\n\t\t\t\t\t\t<a class=\"limit-line\" href=\"https:\/\/www.amanien.info\/news\/fregbo-basile-dirige-desormais-le-conseil-regional-du-gbokle\/\">\r\n\t\t\t\t\t\t\tFr\u00e9gbo Basile dirige d\u00e9sormais le conseil r\u00e9gional du Gb\u00f4kl\u00e8\t\t\t\t\t\t<\/a>\r\n\t\t\t\t\t<\/li>\r\n\t\t\t\t\t\t\t\t\t\t<li>\r\n\t\t\t\t\t\t<a class=\"limit-line\" href=\"https:\/\/www.amanien.info\/news\/insp-formation-a-distance-le-centre-e-learning-remis-officiellement-au-ministere-de-la-sante\/\">\r\n\t\t\t\t\t\t\tINSP\/ Formation \u00e0 distance: Le Centre E- Learning remis officiellement au minist\u00e8re de la sant\u00e9\t\t\t\t\t\t<\/a>\r\n\t\t\t\t\t<\/li>\r\n\t\t\t\t\t\t\t\t\t\t<li>\r\n\t\t\t\t\t\t<a class=\"limit-line\" href=\"https:\/\/www.amanien.info\/news\/renforcement-de-capacites-des-acteurs-de-la-presse-le-fsdp-finance-les-12-sessions-de-lecole-du-gepci\/\">\r\n\t\t\t\t\t\t\tRenforcement de capacit\u00e9s des acteurs de la presse: Le FSDP finance les 12 sessions de \u00ab\u00a0l\u2019Ecole du GEPCI\u00a0\u00bb\t\t\t\t\t\t<\/a>\r\n\t\t\t\t\t<\/li>\r\n\t\t\t\t\t\t\t\t\t\t<li>\r\n\t\t\t\t\t\t<a class=\"limit-line\" href=\"https:\/\/www.amanien.info\/news\/lancement-a-abidjan-de-la-5e-edition-de-la-journee-nationale-du-partenariatjnp-etat-secteur-prive\/\">\r\n\t\t\t\t\t\t\tLancement \u00e0 Abidjan de la 5\u00e8 \u00e9dition de la Journ\u00e9e Nationale du Partenariat(JNP) Etat\/Secteur Priv\u00e9\t\t\t\t\t\t<\/a>\r\n\t\t\t\t\t<\/li>\r\n\t\t\t\t\t\t\t\t\t\t<li>\r\n\t\t\t\t\t\t<a class=\"limit-line\" href=\"https:\/\/www.amanien.info\/news\/communique-du-conseil-des-ministres-du-6-octobre-le-chu-d-abobo-sera-dote-d-un-centre-d-hemodialyse-et-de-greffe-renale\/\">\r\n\t\t\t\t\t\t\tCommuniqu\u00e9 du conseil des ministres du 6 octobre: Le CHU d&rsquo; Abobo sera dot\u00e9 d&rsquo; un centre d&rsquo; h\u00e9modialyse et de greffe r\u00e9nale\t\t\t\t\t\t<\/a>\r\n\t\t\t\t\t<\/li>\r\n\t\t\t\t\t\t\t\t\t\t<li>\r\n\t\t\t\t\t\t<a class=\"limit-line\" href=\"https:\/\/www.amanien.info\/news\/san-pedro-le-maire-engage-les-osc-a-une-reussite-totale-des-projets-de-developpement\/\">\r\n\t\t\t\t\t\t\tSan-Pedro : Le Maire engage les OSC \u00e0 une r\u00e9ussite totale des projets de d\u00e9veloppement\t\t\t\t\t\t<\/a>\r\n\t\t\t\t\t<\/li>\r\n\t\t\t\t\t\t\t\t\t\t<li>\r\n\t\t\t\t\t\t<a class=\"limit-line\" href=\"https:\/\/www.amanien.info\/news\/la-fondation-children-of-africa-offre-300-kits-scolaires-pour-les-ecoliers-de-bahuama-et-les-villages-environnants\/\">\r\n\t\t\t\t\t\t\tLa Fondation Children Of Africa offre 300 kits scolaires pour les \u00e9coliers de Bahuama et les villages environnants\t\t\t\t\t\t<\/a>\r\n\t\t\t\t\t<\/li>\r\n\t\t\t\t\t\t\t\t\t\t<li>\r\n\t\t\t\t\t\t<a class=\"limit-line\" href=\"https:\/\/www.amanien.info\/news\/energie-le-chef-de-letat-a-eu-un-entretien-avec-le-president-directeur-general-du-groupe-eni\/\">\r\n\t\t\t\t\t\t\t\u00c9nergie: Le Chef de l\u2019\u00c9tat a eu un entretien avec le Pr\u00e9sident-Directeur G\u00e9n\u00e9ral du Groupe ENI\t\t\t\t\t\t<\/a>\r\n\t\t\t\t\t<\/li>\r\n\t\t\t\t\t\t\t\t\t\t<li>\r\n\t\t\t\t\t\t<a class=\"limit-line\" href=\"https:\/\/www.amanien.info\/news\/une-rencontre-pour-dissiper-les-malentendus-entre-nabo-clement-et-les-chefs-autochtones-kroumen-sest-tenue-mercredi-29-septembre-a-san-pedro\/\">\r\n\t\t\t\t\t\t\tUne rencontre pour dissiper les malentendus entre Nabo Cl\u00e9ment et les Chefs autochtones Kroumen s\u2019est tenue mercredi 29 septembre \u00e0 San-Pedro\t\t\t\t\t\t<\/a>\r\n\t\t\t\t\t<\/li>\r\n\t\t\t\t\t\t\t\t\t\t<li>\r\n\t\t\t\t\t\t<a class=\"limit-line\" href=\"https:\/\/www.amanien.info\/news\/diplomatie-economique-lespagne-va-redynamiser-sa-cooperation-economique-avec-la-cote-divoire\/\">\r\n\t\t\t\t\t\t\tDiplomatie \u00e9conomique:\u00a0 l&rsquo;Espagne va redynamiser sa coop\u00e9ration \u00e9conomique avec la C\u00f4te d\u2019Ivoire\t\t\t\t\t\t<\/a>\r\n\t\t\t\t\t<\/li>\r\n\t\t\t\t\t\t\t\t\t\t<li>\r\n\t\t\t\t\t\t<a class=\"limit-line\" href=\"https:\/\/www.amanien.info\/news\/diplomatie-le-chef-de-letat-a-echange-avec-les-ambassadeurs-despagne-et-ditalie\/\">\r\n\t\t\t\t\t\t\tDiplomatie: Le Chef de l\u2019\u00c9tat a \u00e9chang\u00e9 avec les Ambassadeurs d\u2019Espagne et d\u2019Italie\t\t\t\t\t\t<\/a>\r\n\t\t\t\t\t<\/li>\r\n\t\t\t\t\t\t\t\t\t\t<li>\r\n\t\t\t\t\t\t<a class=\"limit-line\" href=\"https:\/\/www.amanien.info\/news\/journee-mondiale-du-tourisme-2021-le-cout-global-de-leconomie-mondiale-de-leffondrement-du-tourisme-pendant-la-covid-19-estime-a-4-000-milliards-de-dollars-us\/\">\r\n\t\t\t\t\t\t\tJourn\u00e9e Mondiale du Tourisme 2021 : Le co\u00fbt global de l&rsquo;\u00e9conomie mondiale de l&rsquo;effondrement du tourisme pendant la Covid-19 estim\u00e9 \u00e0 4 000 milliards de dollars US\t\t\t\t\t\t<\/a>\r\n\t\t\t\t\t<\/li>\r\n\t\t\t\t\t\t\t\t\t\t<li>\r\n\t\t\t\t\t\t<a class=\"limit-line\" href=\"https:\/\/www.amanien.info\/news\/1er-congres-extraordinaire-de-lung-stephane-kipre\/\">\r\n\t\t\t\t\t\t\t1er congr\u00e8s extraordinaire de l&rsquo;UNG \/ St\u00e9phane Kipr\u00e9 : << J'invite l'ensemble des congressistes et tous les militants \u00e0 r\u00e9pondre Oui \u00e0 l'appel lanc\u00e9 par  le Pr\u00e9sident Laurent Gbagbo>>\t\t\t\t\t\t<\/a>\r\n\t\t\t\t\t<\/li>\r\n\t\t\t\t\t\t\t\t\t\t<li>\r\n\t\t\t\t\t\t<a class=\"limit-line\" href=\"https:\/\/www.amanien.info\/news\/transport-urbain-le-premier-ministre-patrick-achi-lance-les-activites-de-la-sotra-a-bouake\/\">\r\n\t\t\t\t\t\t\tTransport urbain : Le Premier Ministre Patrick Achi lance les activit\u00e9s de la SOTRA \u00e0 Bouak\u00e9\t\t\t\t\t\t<\/a>\r\n\t\t\t\t\t<\/li>\r\n\t\t\t\t\t\t\t\t\t\t<li>\r\n\t\t\t\t\t\t<a class=\"limit-line\" href=\"https:\/\/www.amanien.info\/news\/lancement-a-abidjan-de-la-5e-edition-des-journees-de-mobilisation-des-medias-contre-le-cancer-du-sein\/\">\r\n\t\t\t\t\t\t\tLancement \u00e0 Abidjan de la 5\u00e8 \u00e9dition des Journ\u00e9es de Mobilisation des M\u00e9dias contre le cancer du sein\t\t\t\t\t\t<\/a>\r\n\t\t\t\t\t<\/li>\r\n\t\t\t\t\t\t\t\t\t\t<li>\r\n\t\t\t\t\t\t<a class=\"limit-line\" href=\"https:\/\/www.amanien.info\/news\/relance-post-covid-19-le-gouvernement-ivoirien-signe-un-accord-de-100-milliards-de-fcfa-avec-la-team-europe\/\">\r\n\t\t\t\t\t\t\tRelance post-Covid-19: Le gouvernement ivoirien signe un accord de 100 milliards de FCFA avec la \u00ab Team Europe \u00bb\t\t\t\t\t\t<\/a>\r\n\t\t\t\t\t<\/li>\r\n\t\t\t\t\t\t\t\t\t\t<li>\r\n\t\t\t\t\t\t<a class=\"limit-line\" href=\"https:\/\/www.amanien.info\/news\/decede-a-paris-la-depouille-de-l-ex-premier-ministre-konan-banny-transferee-a-abidjan\/\">\r\n\t\t\t\t\t\t\tD\u00e9c\u00e9d\u00e9 \u00e0 paris, la d\u00e9pouille de l&rsquo; ex premier ministre Konan Banny transf\u00e9r\u00e9e a Abidjan\t\t\t\t\t\t<\/a>\r\n\t\t\t\t\t<\/li>\r\n\t\t\t\t\t\t\t\t\t\t<li>\r\n\t\t\t\t\t\t<a class=\"limit-line\" href=\"https:\/\/www.amanien.info\/news\/communique-du-conseil-des-ministres-du-22-septembre-selon-les-premieres-enquetes-le-crash-du-mi24-a-ete-cause-par-des-conditions-meteorologiques-defavorables\/\">\r\n\t\t\t\t\t\t\tCommuniqu\u00e9 du conseil des ministres du 22 septembre: Selon les premi\u00e8res enqu\u00eates, le crash du Mi24 a \u00e9t\u00e9 caus\u00e9 par des conditions m\u00e9t\u00e9orologiques d\u00e9favorables\t\t\t\t\t\t<\/a>\r\n\t\t\t\t\t<\/li>\r\n\t\t\t\t\t\t\t\t\t\t<li>\r\n\t\t\t\t\t\t<a class=\"limit-line\" href=\"https:\/\/www.amanien.info\/news\/conseil-des-ministres-pnd-2021-2025-accelerer-la-transformation-economique-et-sociale\/\">\r\n\t\t\t\t\t\t\tConseil des ministres\/ PND 2021-2025: Acc\u00e9l\u00e9rer la transformation \u00e9conomique et sociale\t\t\t\t\t\t<\/a>\r\n\t\t\t\t\t<\/li>\r\n\t\t\t\t\t\t\t\t\t\t<li>\r\n\t\t\t\t\t\t<a class=\"limit-line\" href=\"https:\/\/www.amanien.info\/news\/situation-securitaire-dans-la-sous-region-le-chef-de-letat-alassane-ouattara-echange-avec-le-commandant-de-l-africom\/\">\r\n\t\t\t\t\t\t\tSituation s\u00e9curitaire dans la sous r\u00e9gion: Le chef de l&rsquo;\u00c9tat Alassane Ouattara \u00e9change avec le commandant\u00a0 de l&rsquo; Africom\t\t\t\t\t\t<\/a>\r\n\t\t\t\t\t<\/li>\r\n\t\t\t\t\t\t\t\t\t\t<li>\r\n\t\t\t\t\t\t<a class=\"limit-line\" href=\"https:\/\/www.amanien.info\/news\/infrastructures-routieres-le-premier-ministre-patrick-achi-lance-les-travaux-de-renforcement-de-la-cotiere\/\">\r\n\t\t\t\t\t\t\tInfrastructures routi\u00e8res: le Premier Ministre Patrick Achi lance les travaux de renforcement de la C\u00f4ti\u00e8re\t\t\t\t\t\t<\/a>\r\n\t\t\t\t\t<\/li>\r\n\t\t\t\t\t\t\t\t\t\t<li>\r\n\t\t\t\t\t\t<a class=\"limit-line\" href=\"https:\/\/www.amanien.info\/news\/la-jeunesse-du-rhdp-de-la-localite-de-san-pedro-salue-les-travaux-de-rehabilitation-de-la-route-cotiere-abidjan-san-pedro\/\">\r\n\t\t\t\t\t\t\tLa jeunesse du RHDP de la localit\u00e9 de San-Pedro, salue les travaux de r\u00e9habilitation de la route C\u00f4ti\u00e8re Abidjan-San-Pedro\t\t\t\t\t\t<\/a>\r\n\t\t\t\t\t<\/li>\r\n\t\t\t\t\t\t\t\t\t\t<li>\r\n\t\t\t\t\t\t<a class=\"limit-line\" href=\"https:\/\/www.amanien.info\/news\/le-premier-ministre-patrick-achi-a-san-pedro-pour-le-lancement-des-travaux-de-renforcement-de-la-route-cotiere\/\">\r\n\t\t\t\t\t\t\tLe Premier Ministre, Patrick Achi \u00e0 San-Pedro pour le lancement des travaux de renforcement de la route C\u00f4ti\u00e8re\t\t\t\t\t\t<\/a>\r\n\t\t\t\t\t<\/li>\r\n\t\t\t\t\t\t\t\t\t\t<li>\r\n\t\t\t\t\t\t<a class=\"limit-line\" href=\"https:\/\/www.amanien.info\/news\/un-atelier-se-tient-a-san-pedro-pour-sensibiliser-sur-la-sante-sexuelle-et-reproductive\/\">\r\n\t\t\t\t\t\t\tUn atelier se tient \u00e0 San-Pedro pour sensibiliser sur la sant\u00e9 sexuelle et reproductive\t\t\t\t\t\t<\/a>\r\n\t\t\t\t\t<\/li>\r\n\t\t\t\t\t\t\t\t\t\t<li>\r\n\t\t\t\t\t\t<a class=\"limit-line\" href=\"https:\/\/www.amanien.info\/news\/journee-africaine-de-la-technologie-et-de-la-propriete-intellectuelle-le-president-de-la-fedinci-plaide-la-creation-dun-ministere-consacre-a-linvention\/\">\r\n\t\t\t\t\t\t\tJourn\u00e9e Africaine de la Technologie et de la Propri\u00e9t\u00e9 Intellectuelle: Le pr\u00e9sident de la Fedinci plaide la cr\u00e9ation d&rsquo;un minist\u00e8re consacr\u00e9 \u00e0 l&rsquo;invention\t\t\t\t\t\t<\/a>\r\n\t\t\t\t\t<\/li>\r\n\t\t\t\t\t\t\t\t\t\t<li>\r\n\t\t\t\t\t\t<a class=\"limit-line\" href=\"https:\/\/www.amanien.info\/news\/lancement-a-abidjan-de-la-4e-edition-du-marche-ivoirien-de-lartisanatmiva\/\">\r\n\t\t\t\t\t\t\tLancement \u00e0 Abidjan de la 4\u00e8 \u00e9dition du March\u00e9 Ivoirien de l&rsquo;Artisanat(MIVA)\t\t\t\t\t\t<\/a>\r\n\t\t\t\t\t<\/li>\r\n\t\t\t\t\t\t\t\t\t\t<li>\r\n\t\t\t\t\t\t<a class=\"limit-line\" href=\"https:\/\/www.amanien.info\/news\/attecoube-le-ministre-de-lhydraulique-laurent-tchagba-recompense-1000-meilleurs-eleves-de-la-commune\/\">\r\n\t\t\t\t\t\t\tATT\u00c9COUB\u00c9 : Le Ministre de l&rsquo;hydraulique, Laurent Tchagba r\u00e9compense 1000 meilleurs \u00e9l\u00e8ves de la commune\t\t\t\t\t\t<\/a>\r\n\t\t\t\t\t<\/li>\r\n\t\t\t\t\t\t\t\t\t\t<li>\r\n\t\t\t\t\t\t<a class=\"limit-line\" href=\"https:\/\/www.amanien.info\/news\/soupcon-de-corruption-dans-les-societes-publiques-operation-coup-de-poing-le-ministre-zoro-epiphane-ballo-fait-le-grand-deballage\/\">\r\n\t\t\t\t\t\t\tSoup\u00e7on de corruption dans les soci\u00e9t\u00e9s publiques, op\u00e9ration \u00ab\u00a0coup de poing\u00a0\u00bb : Le Ministre Zoro \u00c9piphane Ballo fait le grand d\u00e9ballage\t\t\t\t\t\t<\/a>\r\n\t\t\t\t\t<\/li>\r\n\t\t\t\t\t\t\t\t\t\t<li>\r\n\t\t\t\t\t\t<a class=\"limit-line\" href=\"https:\/\/www.amanien.info\/news\/communique-de-letat-major-des-armees-un-helicoptere-mi24-s-est-ecrase-dans-la-region-de-tehini\/\">\r\n\t\t\t\t\t\t\tcommuniqu\u00e9 de l&rsquo;\u00e9tat major des Arm\u00e9es: Un h\u00e9licopt\u00e8re MI24 s&rsquo; est \u00e9cras\u00e9 dans la r\u00e9gion de Tehini\t\t\t\t\t\t<\/a>\r\n\t\t\t\t\t<\/li>\r\n\t\t\t\t\t\t\t\t\t\t<li>\r\n\t\t\t\t\t\t<a class=\"limit-line\" href=\"https:\/\/www.amanien.info\/news\/politique-l-ancien-premier-ministre-charles-konan-banny-est-decede\/\">\r\n\t\t\t\t\t\t\tPolitique\/ l&rsquo; ancien Premier ministre Charles Konan Banny est d\u00e9c\u00e9d\u00e9\t\t\t\t\t\t<\/a>\r\n\t\t\t\t\t<\/li>\r\n\t\t\t\t\t\t\t\t\t\t<li>\r\n\t\t\t\t\t\t<a class=\"limit-line\" href=\"https:\/\/www.amanien.info\/news\/communique-du-conseil-national-de-securite-covid19-la-validite-du-test-pcr-passe-de-5-a-3-jours\/\">\r\n\t\t\t\t\t\t\tCommuniqu\u00e9 du conseil national de S\u00e9curit\u00e9: Covid19 : La validit\u00e9 du test PCR passe de 5 \u00e0 3 jours\t\t\t\t\t\t<\/a>\r\n\t\t\t\t\t<\/li>\r\n\t\t\t\t\t\t\t\t\t\t<li>\r\n\t\t\t\t\t\t<a class=\"limit-line\" href=\"https:\/\/www.amanien.info\/news\/promotion-du-merite-et-de-lexcellence-plus-de-30-eleves-du-temple-israel-de-treichville-recompenses\/\">\r\n\t\t\t\t\t\t\tPromotion du m\u00e9rite et de l&rsquo;excellence : Plus de 30 \u00e9l\u00e8ves du Temple Isra\u00ebl de Treichville r\u00e9compens\u00e9s\t\t\t\t\t\t<\/a>\r\n\t\t\t\t\t<\/li>\r\n\t\t\t\t\t\t\t\t\t\t<li>\r\n\t\t\t\t\t\t<a class=\"limit-line\" href=\"https:\/\/www.amanien.info\/news\/le-ministre-siandou-fofana-lance-la-premiere-edition-de-la-quinzaine-du-tourisme\/\">\r\n\t\t\t\t\t\t\tLe Ministre Siandou FOFANA lance la premi\u00e8re \u00e9dition de la \u00ab\u00a0Quinzaine du Tourisme\u00a0\u00bb\t\t\t\t\t\t<\/a>\r\n\t\t\t\t\t<\/li>\r\n\t\t\t\t\t\t\t\t\t\t<li>\r\n\t\t\t\t\t\t<a class=\"limit-line\" href=\"https:\/\/www.amanien.info\/news\/conseil-des-ministre-fonds-de-developpement-de-la-formation-professionnelle-le-president-du-conseil-de-gestion-et-le-secretaire-general-suspendus\/\">\r\n\t\t\t\t\t\t\tConseil des ministre\/ Fonds de D\u00e9veloppement de la Formation Professionnelle: Le pr\u00e9sident du conseil de gestion et le secr\u00e9taire g\u00e9n\u00e9ral suspendus\t\t\t\t\t\t<\/a>\r\n\t\t\t\t\t<\/li>\r\n\t\t\t\t\t\t\t\t\t\t<li>\r\n\t\t\t\t\t\t<a class=\"limit-line\" href=\"https:\/\/www.amanien.info\/news\/communique-du-conseil-des-ministres-du-mercredi-08-septembre-le-gouvernement-adopte-les-regles-du-transport-intelligent\/\">\r\n\t\t\t\t\t\t\tCommuniqu\u00e9 du conseil des ministres du Mercredi 08 Septembre: Le gouvernement adopte les r\u00e8gles du transport intelligent\t\t\t\t\t\t<\/a>\r\n\t\t\t\t\t<\/li>\r\n\t\t\t\t\t\t\t\t\t\t<li>\r\n\t\t\t\t\t\t<a class=\"limit-line\" href=\"https:\/\/www.amanien.info\/news\/cooperation-bilaterale-le-chef-de-letat-a-recu-l-ambassadeur-de-tunisie\/\">\r\n\t\t\t\t\t\t\tCoop\u00e9ration bilat\u00e9rale: Le chef de l&rsquo;\u00c9tat a re\u00e7u l&rsquo; Ambassadeur de Tunisie\t\t\t\t\t\t<\/a>\r\n\t\t\t\t\t<\/li>\r\n\t\t\t\t\t\t\t\t\t\t<li>\r\n\t\t\t\t\t\t<a class=\"limit-line\" href=\"https:\/\/www.amanien.info\/news\/coup-d-etat-en-guinee-la-cedeao-demande-la-liberation-du-president-alpha-conde\/\">\r\n\t\t\t\t\t\t\tCoup d&rsquo; \u00e9tat en Guin\u00e9e: La CEDEAO demande la lib\u00e9ration du pr\u00e9sident Alpha Cond\u00e9\t\t\t\t\t\t<\/a>\r\n\t\t\t\t\t<\/li>\r\n\t\t\t\t\t\t\t\t\t\t<li>\r\n\t\t\t\t\t\t<a class=\"limit-line\" href=\"https:\/\/www.amanien.info\/news\/eliminatoires-coupe-du-monde-qatar-2022-la-cote-divoire-tenue-en-echec-par-le-mozambique-0-0\/\">\r\n\t\t\t\t\t\t\t\u00c9liminatoires Coupe du monde Qatar 2022 \/ La C\u00f4te d&rsquo;Ivoire tenue en \u00e9chec par le Mozambique (0-0)\t\t\t\t\t\t<\/a>\r\n\t\t\t\t\t<\/li>\r\n\t\t\t\t\t\t\t\t\t\t<li>\r\n\t\t\t\t\t\t<a class=\"limit-line\" href=\"https:\/\/www.amanien.info\/news\/afrobasket-2021-cote-divoire-se-qualifie-pour-la-finale\/\">\r\n\t\t\t\t\t\t\tAfrobasket 2021: C\u00f4te d\u2019Ivoire se qualifie pour la finale\t\t\t\t\t\t<\/a>\r\n\t\t\t\t\t<\/li>\r\n\t\t\t\t\t\t\t\t\t\t<li>\r\n\t\t\t\t\t\t<a class=\"limit-line\" href=\"https:\/\/www.amanien.info\/news\/cnam-plus-de-3-000-000-de-personnes-enrolees-a-la-date-du-23-aout-2021\/\">\r\n\t\t\t\t\t\t\tCNAM : Plus de 3 000 000 de personnes enr\u00f4l\u00e9es \u00e0 la date du 23 ao\u00fbt 2021\t\t\t\t\t\t<\/a>\r\n\t\t\t\t\t<\/li>\r\n\t\t\t\t\t\t\t\t\t\t<li>\r\n\t\t\t\t\t\t<a class=\"limit-line\" href=\"https:\/\/www.amanien.info\/news\/lutte-contre-le-paludisme-le-gouvernement-americain-apporte-de-laide\/\">\r\n\t\t\t\t\t\t\tLutte contre le paludisme: Le gouvernement am\u00e9ricain apporte de l&rsquo;aide\t\t\t\t\t\t<\/a>\r\n\t\t\t\t\t<\/li>\r\n\t\t\t\t\t\t\t\t\t\t<li>\r\n\t\t\t\t\t\t<a class=\"limit-line\" href=\"https:\/\/www.amanien.info\/news\/sport-can-de-football-2021-la-cote-divoire-dans-le-groupe-e\/\">\r\n\t\t\t\t\t\t\tSport\/ Can de football 2021: La C\u00f4te d&rsquo;Ivoire dans le groupe E\t\t\t\t\t\t<\/a>\r\n\t\t\t\t\t<\/li>\r\n\t\t\t\t\t\t\t\t\t\t<li>\r\n\t\t\t\t\t\t<a class=\"limit-line\" href=\"https:\/\/www.amanien.info\/news\/sante-ebola-un-nouveau-cas-suspect-et-9-cas-contacts-suivis\/\">\r\n\t\t\t\t\t\t\tSant\u00e9\/ Ebola: Un nouveau cas suspect et 9 cas contacts suivis\t\t\t\t\t\t<\/a>\r\n\t\t\t\t\t<\/li>\r\n\t\t\t\t\t\t\t\t\t\t<li>\r\n\t\t\t\t\t\t<a class=\"limit-line\" href=\"https:\/\/www.amanien.info\/news\/tirage-au-sort-de-la-can-cameroun-2022-la-cote-divoire-logee-dans-le-groupe-e-avec-lalgerie-la-sierra-leone-et-la-guinee-equatoriale\/\">\r\n\t\t\t\t\t\t\tTirage au sort de la CAN Cameroun 2022 : La C\u00f4te d&rsquo;Ivoire log\u00e9e dans le Groupe E avec l&rsquo;Alg\u00e9rie, la Sierra Leone et la Guin\u00e9e \u00c9quatoriale\t\t\t\t\t\t<\/a>\r\n\t\t\t\t\t<\/li>\r\n\t\t\t\t\t\t\t\t\t\t<li>\r\n\t\t\t\t\t\t<a class=\"limit-line\" href=\"https:\/\/www.amanien.info\/news\/prix-alassane-ouattara-du-jeune-inventeur-les-laureats-recoivent-leurs-cheques\/\">\r\n\t\t\t\t\t\t\tPrix Alassane Ouattara du jeune inventeur: Les laur\u00e9ats re\u00e7oivent leurs ch\u00e8ques\t\t\t\t\t\t<\/a>\r\n\t\t\t\t\t<\/li>\r\n\t\t\t\t\t\t\t\t\t\t<li>\r\n\t\t\t\t\t\t<a class=\"limit-line\" href=\"https:\/\/www.amanien.info\/news\/sante-declaration-du-gouvernement-suite-a-la-detection-d-un-cas-de-virus-ebola-a-abidjan\/\">\r\n\t\t\t\t\t\t\tSant\u00e9\/ d\u00e9claration du gouvernement suite \u00e0 la d\u00e9tection d&rsquo; un cas de virus Ebola \u00e0 Abidjan\t\t\t\t\t\t<\/a>\r\n\t\t\t\t\t<\/li>\r\n\t\t\t\t\t\t\t\t\t\t<li>\r\n\t\t\t\t\t\t<a class=\"limit-line\" href=\"https:\/\/www.amanien.info\/news\/fpi-le-comite-central-decide-que-le-president-laurent-gbagbo-ne-fait-plus-partie-du-fpi-et-annonce-un-congres-extraordinaire\/\">\r\n\t\t\t\t\t\t\tFPI : Le Comit\u00e9 Central d\u00e9cide que le Pr\u00e9sident Laurent Gbagbo ne fait plus partie du FPI et annonce un congr\u00e8s extraordinaire\t\t\t\t\t\t<\/a>\r\n\t\t\t\t\t<\/li>\r\n\t\t\t\t\t\t\t\t\t\t<li>\r\n\t\t\t\t\t\t<a class=\"limit-line\" href=\"https:\/\/www.amanien.info\/news\/sante-le-ministre-pierre-ngou-dimba-lance-la-politique-nationale-doperationnalisation-de-la-delegation-des-taches-en-sante-sexuelle-reproductive-maternelle-neonatale-et-infantile\/\">\r\n\t\t\t\t\t\t\tSant\u00e9 \/ Le Ministre Pierre N&rsquo;Gou Dimba lance la politique nationale d&rsquo;op\u00e9rationnalisation de la d\u00e9l\u00e9gation des t\u00e2ches en sant\u00e9 sexuelle, reproductive, maternelle, n\u00e9onatale et infantile\t\t\t\t\t\t<\/a>\r\n\t\t\t\t\t<\/li>\r\n\t\t\t\t\t\t\t\t\t\t<li>\r\n\t\t\t\t\t\t<a class=\"limit-line\" href=\"https:\/\/www.amanien.info\/news\/fete-de-l-independance-discours-de-l-ex-president-henri-konan-bedie\/\">\r\n\t\t\t\t\t\t\tF\u00eate de l&rsquo; ind\u00e9pendance: Discours de l&rsquo; ex pr\u00e9sident Henri Konan Bedi\u00e9\t\t\t\t\t\t<\/a>\r\n\t\t\t\t\t<\/li>\r\n\t\t\t\t\t\t\t\t\t\t<li>\r\n\t\t\t\t\t\t<a class=\"limit-line\" href=\"https:\/\/www.amanien.info\/news\/61e-anniversaire-de-lindependance-de-la-cote-divoire-message-a-la-nation-du-president-de-la-republique-alassane-ouattara\/\">\r\n\t\t\t\t\t\t\t61e anniversaire de l\u2019ind\u00e9pendance de la c\u00f4te d\u2019ivoire : message \u00e0 la Nation du pr\u00e9sident de la R\u00e9publique Alassane Ouattara\t\t\t\t\t\t<\/a>\r\n\t\t\t\t\t<\/li>\r\n\t\t\t\t\t\t\t\t\t\t<li>\r\n\t\t\t\t\t\t<a class=\"limit-line\" href=\"https:\/\/www.amanien.info\/news\/lancement-du-week-end-des-ebony-2021-le-president-de-lunjci-jean-claude-coulibaly\/\">\r\n\t\t\t\t\t\t\tLancement du week-end des Ebony 2021 \/ Le Pr\u00e9sident de l&rsquo;UNJCI, Jean-Claude Coulibaly : << Les Fake news s'attaquent et d\u00e9truisent le socle sur lequel le m\u00e9tier de journaliste est fond\u00e9>>\t\t\t\t\t\t<\/a>\r\n\t\t\t\t\t<\/li>\r\n\t\t\t\t\t\t\t\t\t\t<li>\r\n\t\t\t\t\t\t<a class=\"limit-line\" href=\"https:\/\/www.amanien.info\/news\/communique-du-conseil-national-de-securite\/\">\r\n\t\t\t\t\t\t\tCommuniqu\u00e9 du Conseil National de S\u00e9curit\u00e9\t\t\t\t\t\t<\/a>\r\n\t\t\t\t\t<\/li>\r\n\t\t\t\t\t\t\t\t\t\t<li>\r\n\t\t\t\t\t\t<a class=\"limit-line\" href=\"https:\/\/www.amanien.info\/news\/journee-internationale-de-la-femme-africaine-les-inventrices-ivoiriennes-lancent-un-appel-au-chef-de-letat\/\">\r\n\t\t\t\t\t\t\tJourn\u00e9e Internationale de la Femme Africaine: Les Inventrices Ivoiriennes lancent un appel au Chef de l&rsquo;\u00c9tat\t\t\t\t\t\t<\/a>\r\n\t\t\t\t\t<\/li>\r\n\t\t\t\t\t\t\t\t\t\t<li>\r\n\t\t\t\t\t\t<a class=\"limit-line\" href=\"https:\/\/www.amanien.info\/news\/processus-de-reconciliation-nationale-le-chef-de-l-etat-et-laurent-gbagbo-donnent-le-ton\/\">\r\n\t\t\t\t\t\t\tProcessus de r\u00e9conciliation nationale: Le chef de l&rsquo; \u00c9tat et Laurent Gbagbo donnent le ton\t\t\t\t\t\t<\/a>\r\n\t\t\t\t\t<\/li>\r\n\t\t\t\t\t\t\t\t\t\t<li>\r\n\t\t\t\t\t\t<a class=\"limit-line\" href=\"https:\/\/www.amanien.info\/news\/renouvellement-des-organes-dirigeants-de-la-mugef-ci-le-dr-kamara-laurence-deroule-son-programme\/\">\r\n\t\t\t\t\t\t\tRenouvellement des organes dirigeants de la MUGEF-CI: Le Dr Kamara Laurence d\u00e9roule son programme\t\t\t\t\t\t<\/a>\r\n\t\t\t\t\t<\/li>\r\n\t\t\t\t\t\t\t\t\t\t<li>\r\n\t\t\t\t\t\t<a class=\"limit-line\" href=\"https:\/\/www.amanien.info\/news\/9eme-anniversaire-du-fafci-la-premiere-dame-dominique-ouattara-annonce-une-augmentation-du-capital-du-fonds\/\">\r\n\t\t\t\t\t\t\t9\u00e8me anniversaire du FAFCI   La Premi\u00e8re Dame Dominique Ouattara annonce une augmentation du capital du fonds\t\t\t\t\t\t<\/a>\r\n\t\t\t\t\t<\/li>\r\n\t\t\t\t\t\t\t\t\t\t<li>\r\n\t\t\t\t\t\t<a class=\"limit-line\" href=\"https:\/\/www.amanien.info\/news\/conseil-des-ministres-du-21-juillet-une-revision-sur-la-norme-du-pain-annoncee\/\">\r\n\t\t\t\t\t\t\tConseil des Ministres du 21 juillet: Une r\u00e9vision sur la norme du pain annonc\u00e9e\t\t\t\t\t\t<\/a>\r\n\t\t\t\t\t<\/li>\r\n\t\t\t\t\t\t\t\t\t\t<li>\r\n\t\t\t\t\t\t<a class=\"limit-line\" href=\"https:\/\/www.amanien.info\/news\/processus-de-reconciliation-nationale-le-chef-de-letat-recoit-laurent-gbagbo-le-27-juillet\/\">\r\n\t\t\t\t\t\t\tProcessus de r\u00e9conciliation nationale: Le chef de l&rsquo;\u00c9tat re\u00e7oit Laurent Gbagbo le 27 juillet\t\t\t\t\t\t<\/a>\r\n\t\t\t\t\t<\/li>\r\n\t\t\t\t\t\t\t\t\t\t<li>\r\n\t\t\t\t\t\t<a class=\"limit-line\" href=\"https:\/\/www.amanien.info\/news\/dgi-greve-annoncee-des-syndicats-de-la-plateforme-fesydgi-les-21-22-et-23-juillet-prochain-les-agents-de-lasadgi-ci-disent-non-et-les-invitent-au-dialogue\/\">\r\n\t\t\t\t\t\t\tDGI : Gr\u00e8ve annonc\u00e9e des syndicats de la plateforme FESYDGI les 21, 22 et 23 juillet prochain, les agents de l&rsquo;ASADGI-CI disent non et les invitent au dialogue\t\t\t\t\t\t<\/a>\r\n\t\t\t\t\t<\/li>\r\n\t\t\t\t\t\t\t\t\t\t<li>\r\n\t\t\t\t\t\t<a class=\"limit-line\" href=\"https:\/\/www.amanien.info\/news\/celebration-a-abidjan-des-50-ans-de-vie-sacerdotale-de-larcheveque-jean-pierre-cardinal-kutwa\/\">\r\n\t\t\t\t\t\t\tC\u00e9l\u00e9bration \u00e0 Abidjan des 50 ans de vie sacerdotale de l&rsquo;Archev\u00eaque Jean-Pierre Cardinal Kutwa\t\t\t\t\t\t<\/a>\r\n\t\t\t\t\t<\/li>\r\n\t\t\t\t\t\t\t\t\t\t<li>\r\n\t\t\t\t\t\t<a class=\"limit-line\" href=\"https:\/\/www.amanien.info\/news\/la-4eme-edition-du-salon-africain-des-assurances-se-tiendra-les-16-et-17-septembre-prochain-a-abidjan\/\">\r\n\t\t\t\t\t\t\tLa 4\u00e8me \u00c9dition du Salon Africain des Assurances se tiendra les 16 et 17 septembre prochain \u00e0 Abidjan\t\t\t\t\t\t<\/a>\r\n\t\t\t\t\t<\/li>\r\n\t\t\t\t\t\t\t\t\t\t<li>\r\n\t\t\t\t\t\t<a class=\"limit-line\" href=\"https:\/\/www.amanien.info\/news\/inclusion-sociale-et-economique-des-menages-beneficiaires-du-projet-filets-sociaux-productifs-une-ceremonie-de-remise-dequipements-aux-structures-dencadrement-organisee-a-yopougon\/\">\r\n\t\t\t\t\t\t\tInclusion sociale et \u00e9conomique des m\u00e9nages b\u00e9n\u00e9ficiaires du Projet Filets Sociaux Productifs : Une c\u00e9r\u00e9monie de remise d&rsquo;\u00e9quipements aux structures d&rsquo;encadrement organis\u00e9e \u00e0 Yopougon\t\t\t\t\t\t<\/a>\r\n\t\t\t\t\t<\/li>\r\n\t\t\t\t\t\t\t\t\t\t<li>\r\n\t\t\t\t\t\t<a class=\"limit-line\" href=\"https:\/\/www.amanien.info\/news\/negociation-entre-massip-et-de-la-cm-le-sg-national-du-massip-koulai-mangni-valentin-dresse-le-bilan-a-mi-parcours-de-la-satisfaction-des-points-de-revendications\/\">\r\n\t\t\t\t\t\t\tN\u00e9gociation entre MASSIP\/CM: Le SG National du MASSIP, KOULAI MANGNI Valentin dresse le bilan \u00e0 mi-parcours de la satisfaction des points de revendications\t\t\t\t\t\t<\/a>\r\n\t\t\t\t\t<\/li>\r\n\t\t\t\t\t\t\t\t\t\t<li>\r\n\t\t\t\t\t\t<a class=\"limit-line\" href=\"https:\/\/www.amanien.info\/news\/communique-du-consei-national-de-securite\/\">\r\n\t\t\t\t\t\t\tCommuniqu\u00e9 du Consei National de s\u00e9curit\u00e9\t\t\t\t\t\t<\/a>\r\n\t\t\t\t\t<\/li>\r\n\t\t\t\t\t\t\t\t\t\t<li>\r\n\t\t\t\t\t\t<a class=\"limit-line\" href=\"https:\/\/www.amanien.info\/news\/lutte-contre-le-cancer-le-cnrao-a-organise-a-abidjan-un-atelier-de-reflexion-sur-la-mutualisation-des-ressources-en-vue-de-contribuer-au-renforcement-de-laccessibilite-financiere-aux-traitements-a\/\">\r\n\t\t\t\t\t\t\tLutte contre le cancer : Le CNRAO a organis\u00e9 \u00e0 Abidjan un atelier de r\u00e9flexion sur la mutualisation des ressources en vue de contribuer au renforcement de l&rsquo;accessibilit\u00e9 financi\u00e8re aux traitements anticanc\u00e9reux\t\t\t\t\t\t<\/a>\r\n\t\t\t\t\t<\/li>\r\n\t\t\t\t\t\t\t\t\t\t<li>\r\n\t\t\t\t\t\t<a class=\"limit-line\" href=\"https:\/\/www.amanien.info\/news\/4e-edition-du-concours-ma-these-en-180-secondes-mlle-zoh-olivia-dominique-laureate-de-la-finale-nationale\/\">\r\n\t\t\t\t\t\t\t4\u00e8 \u00e9dition du concours \u00ab\u00a0Ma th\u00e8se en 180 secondes\u00a0\u00bb : Mlle Zoh Olivia Dominique, laur\u00e9ate de la finale nationale\t\t\t\t\t\t<\/a>\r\n\t\t\t\t\t<\/li>\r\n\t\t\t\t\t\t\t\t\t\t<li>\r\n\t\t\t\t\t\t<a class=\"limit-line\" href=\"https:\/\/www.amanien.info\/news\/journee-mondiale-des-micro-petites-et-moyennes-entreprises-le-ministre-felix-anoble-invite-les-pme-a-la-formalisation\/\">\r\n\t\t\t\t\t\t\tJourn\u00e9e mondiale des micro- Petites et moyennes entreprises : Le Ministre F\u00e9lix Anobl\u00e9 invite les PME \u00e0 la formalisation\t\t\t\t\t\t<\/a>\r\n\t\t\t\t\t<\/li>\r\n\t\t\t\t\t\t\t\t\t\t<li>\r\n\t\t\t\t\t\t<a class=\"limit-line\" href=\"https:\/\/www.amanien.info\/news\/celebration-du-21e-anniversaire-du-groupe-imprimerie-lyonnaise-de-yopougon-etienne-kouya-rend-un-hommage-merite-au-chef-de-letat-allassane-ouattara-et-a-la-ville-de-lyon\/\">\r\n\t\t\t\t\t\t\tC\u00e9l\u00e9bration du 21\u00e8 anniversaire du groupe Imprimerie Lyonnaise de Yopougon : \u00c9tienne Kouya rend un hommage m\u00e9rit\u00e9 au Chef de l&rsquo;\u00c9tat Allassane Ouattara et \u00e0 la ville de Lyon\t\t\t\t\t\t<\/a>\r\n\t\t\t\t\t<\/li>\r\n\t\t\t\t\t\t\t\t\t\t<li>\r\n\t\t\t\t\t\t<a class=\"limit-line\" href=\"https:\/\/www.amanien.info\/news\/developpement-local-le-premier-ministre-echange-avec-les-gouverneurs-de-districts\/\">\r\n\t\t\t\t\t\t\tD\u00e9veloppement local: Le premier Ministre \u00e9change avec les gouverneurs de districts\t\t\t\t\t\t<\/a>\r\n\t\t\t\t\t<\/li>\r\n\t\t\t\t\t\t\t\t\t\t<li>\r\n\t\t\t\t\t\t<a class=\"limit-line\" href=\"https:\/\/www.amanien.info\/news\/koumassi-infrastructures-un-nouveau-marche-moderne-en-construction\/\">\r\n\t\t\t\t\t\t\tKoumassi\/ infrastructures: Un nouveau march\u00e9 moderne en construction\t\t\t\t\t\t<\/a>\r\n\t\t\t\t\t<\/li>\r\n\t\t\t\t\t\t\t\t\t\t<li>\r\n\t\t\t\t\t\t<a class=\"limit-line\" href=\"https:\/\/www.amanien.info\/news\/apres-son-acquittement-a-la-cpi-laurent-gbagbo-rentre-au-pays\/\">\r\n\t\t\t\t\t\t\tApr\u00e8s son acquittement \u00e0 la CPi: Laurent Gbagbo rentre au pays\t\t\t\t\t\t<\/a>\r\n\t\t\t\t\t<\/li>\r\n\t\t\t\t\t\t\t\t\t\t<li>\r\n\t\t\t\t\t\t<a class=\"limit-line\" href=\"https:\/\/www.amanien.info\/news\/prix-alassane-ouattara-du-jeune-inventeur-le-president-de-la-fedinci-traduit-sa-gratitude-au-chef-de-l-etat\/\">\r\n\t\t\t\t\t\t\tPrix Alassane Ouattara du jeune inventeur: Le pr\u00e9sident de la Fedinci traduit sa gratitude au chef de l&rsquo; \u00c9tat\t\t\t\t\t\t<\/a>\r\n\t\t\t\t\t<\/li>\r\n\t\t\t\t\t\t\t\t\t\t<li>\r\n\t\t\t\t\t\t<a class=\"limit-line\" href=\"https:\/\/www.amanien.info\/news\/promotion-du-leadership-la-jeunesse-africaine-au-pouvoir-lance-ses-activites\/\">\r\n\t\t\t\t\t\t\tPromotion du leadership: La Jeunesse Africaine au pouvoir lance ses activit\u00e9s\t\t\t\t\t\t<\/a>\r\n\t\t\t\t\t<\/li>\r\n\t\t\t\t\t\t\t\t\t\t<li>\r\n\t\t\t\t\t\t<a class=\"limit-line\" href=\"https:\/\/www.amanien.info\/news\/sante-organisation-a-abidjan-de-la-premiere-edition-du-forum-des-metiers-de-la-pharmacie\/\">\r\n\t\t\t\t\t\t\tSANT\u00c9 : Organisation \u00e0 Abidjan de la premi\u00e8re \u00e9dition du Forum des m\u00e9tiers de la pharmacie\t\t\t\t\t\t<\/a>\r\n\t\t\t\t\t<\/li>\r\n\t\t\t\t\t\t\t\t\t\t<li>\r\n\t\t\t\t\t\t<a class=\"limit-line\" href=\"https:\/\/www.amanien.info\/news\/abidjan-abritera-le-premier-sommet-de-lindependance-financiere-africaine-les-09-et-10-juillet-2021\/\">\r\n\t\t\t\t\t\t\tAbidjan abritera le premier sommet de l&rsquo;ind\u00e9pendance financi\u00e8re Africaine les 09 et 10 juillet 2021\t\t\t\t\t\t<\/a>\r\n\t\t\t\t\t<\/li>\r\n\t\t\t\t\t\t\t\t\t\t<li>\r\n\t\t\t\t\t\t<a class=\"limit-line\" href=\"https:\/\/www.amanien.info\/news\/qnedd-le-ciapol-organise-un-dejeuner-debat-avec-les-operateurs-economiques\/\">\r\n\t\t\t\t\t\t\tQNEDD : Le CIAPOL organise un d\u00e9jeuner-d\u00e9bat avec les op\u00e9rateurs \u00e9conomiques\t\t\t\t\t\t<\/a>\r\n\t\t\t\t\t<\/li>\r\n\t\t\t\t\t\t\t\t\t\t<li>\r\n\t\t\t\t\t\t<a class=\"limit-line\" href=\"https:\/\/www.amanien.info\/news\/lutte-contre-le-terrorisme-l-academie-internationale-de-jacqueville-inauguree\/\">\r\n\t\t\t\t\t\t\tLutte contre le terrorisme: L&rsquo; Acad\u00e9mie internationale de Jacqueville inaugur\u00e9e\t\t\t\t\t\t<\/a>\r\n\t\t\t\t\t<\/li>\r\n\t\t\t\t\t\t\t\t\t\t<li>\r\n\t\t\t\t\t\t<a class=\"limit-line\" href=\"https:\/\/www.amanien.info\/news\/situation-sociopolitique-le-cndh-exhorte-a-la-retenue\/\">\r\n\t\t\t\t\t\t\tSituation sociopolitique: Le CNDH exhorte \u00e0 la retenue\t\t\t\t\t\t<\/a>\r\n\t\t\t\t\t<\/li>\r\n\t\t\t\t\t\t\t\t\t\t<li>\r\n\t\t\t\t\t\t<a class=\"limit-line\" href=\"https:\/\/www.amanien.info\/news\/promotion-de-lexcellence-le-groupe-scolaire-dexcellence-dominique-ouattara-celebre-ses-meilleurs-eleves-enseignants-et-agents-techniques\/\">\r\n\t\t\t\t\t\t\tPromotion de l\u2019excellence : Le Groupe scolaire d\u2019Excellence Dominique Ouattara c\u00e9l\u00e8bre ses meilleurs \u00e9l\u00e8ves, enseignants et agents techniques\t\t\t\t\t\t<\/a>\r\n\t\t\t\t\t<\/li>\r\n\t\t\t\t\t\t\t\t\t\t<li>\r\n\t\t\t\t\t\t<a class=\"limit-line\" href=\"https:\/\/www.amanien.info\/news\/communique-du-conseil-des-ministres-du-9-juin-la-fourniture-de-l-electricite-aux-menages-sera-continue-a-partir-de-juillet\/\">\r\n\t\t\t\t\t\t\tCommuniqu\u00e9 du conseil des Ministres du 9 juin: La fourniture de l&rsquo; \u00e9lectricit\u00e9 aux m\u00e9nages sera continue \u00e0 partir de juillet\t\t\t\t\t\t<\/a>\r\n\t\t\t\t\t<\/li>\r\n\t\t\t\t\t\t\t\t\t\t<li>\r\n\t\t\t\t\t\t<a class=\"limit-line\" href=\"https:\/\/www.amanien.info\/news\/conseil-des-ministres-le-chef-de-l-etat-annonce-la-creation-de-12-nouveaux-districts-autonomes\/\">\r\n\t\t\t\t\t\t\tConseil des Ministres: Le chef de l&rsquo; \u00c9tat annonce la cr\u00e9ation de 12 nouveaux Districts Autonomes\t\t\t\t\t\t<\/a>\r\n\t\t\t\t\t<\/li>\r\n\t\t\t\t\t\t\t\t\t\t<li>\r\n\t\t\t\t\t\t<a class=\"limit-line\" href=\"https:\/\/www.amanien.info\/news\/fete-des-meres-2021-la-premiere-dame-dominique-ouattara-fait-des-dons-de-plus-de-250-millions-aux-femmes-de-bingerville\/\">\r\n\t\t\t\t\t\t\tF\u00eate des m\u00e8res 2021 \/ La premi\u00e8re Dame Dominique Ouattara fait des dons de plus de 250 millions aux femmes de Bingerville\t\t\t\t\t\t<\/a>\r\n\t\t\t\t\t<\/li>\r\n\t\t\t\t\t\t\t\t\t\t<li>\r\n\t\t\t\t\t\t<a class=\"limit-line\" href=\"https:\/\/www.amanien.info\/news\/le-redcsamci-presente-le-guide-pratique-de-celebration-du-mariage-dans-les-mairies-de-cote-divoire\/\">\r\n\t\t\t\t\t\t\tLe REDCSAMCI pr\u00e9sente le guide pratique de c\u00e9l\u00e9bration du mariage dans les Mairies de C\u00f4te d&rsquo;Ivoire\t\t\t\t\t\t<\/a>\r\n\t\t\t\t\t<\/li>\r\n\t\t\t\t\t\t\t\t\t\t<li>\r\n\t\t\t\t\t\t<a class=\"limit-line\" href=\"https:\/\/www.amanien.info\/news\/mugef-ci-le-sg-de-la-centrale-syndicale-dignite-bli-ble-david-denonce-la-mauvaise-gestion-et-annonce-sa-candidature-a-la-presidence-du-conseil-dadministration\/\">\r\n\t\t\t\t\t\t\tMUGEF-CI : Le SG de la Centrale syndicale Dignit\u00e9, Bli Bl\u00e9 David d\u00e9nonce la mauvaise gestion et annonce sa candidature \u00e0 la pr\u00e9sidence du conseil d&rsquo;administration\t\t\t\t\t\t<\/a>\r\n\t\t\t\t\t<\/li>\r\n\t\t\t\t\t\t\t\t\t\t<li>\r\n\t\t\t\t\t\t<a class=\"limit-line\" href=\"https:\/\/www.amanien.info\/news\/le-retour-de-lex-president-ivoirien-laurent-gbagbo-en-cote-divoire-annonce-pour-le-jeudi-17-juin-2021-a-14h\/\">\r\n\t\t\t\t\t\t\tLe retour de l&rsquo;ex-pr\u00e9sident ivoirien Laurent Gbagbo en C\u00f4te d&rsquo;Ivoire annonc\u00e9 pour le jeudi 17 juin 2021 \u00e0 14h\t\t\t\t\t\t<\/a>\r\n\t\t\t\t\t<\/li>\r\n\t\t\t\t\t\t\t\t\t\t<li>\r\n\t\t\t\t\t\t<a class=\"limit-line\" href=\"https:\/\/www.amanien.info\/news\/cooperation-ivoiro-danoise-vers-le-renforcement-de-la-lutte-contre-le-diabete-en-cote-divoire\/\">\r\n\t\t\t\t\t\t\tCoop\u00e9ration ivoiro-danoise: Vers le renforcement de la lutte contre le diab\u00e8te en C\u00f4te d\u2019Ivoire\t\t\t\t\t\t<\/a>\r\n\t\t\t\t\t<\/li>\r\n\t\t\t\t\t\t\t\t\t\t<li>\r\n\t\t\t\t\t\t<a class=\"limit-line\" href=\"https:\/\/www.amanien.info\/news\/attaque-armee-a-tougbo-un-soldat-tue\/\">\r\n\t\t\t\t\t\t\tAttaque arm\u00e9e \u00e0 Tougbo: Un soldat tu\u00e9\t\t\t\t\t\t<\/a>\r\n\t\t\t\t\t<\/li>\r\n\t\t\t\t\t\t\t\t\t\t<li>\r\n\t\t\t\t\t\t<a class=\"limit-line\" href=\"https:\/\/www.amanien.info\/news\/audiences-du-chef-de-l-etat-le-nouveau-president-de-la-commission-de-l-uemoa-recu\/\">\r\n\t\t\t\t\t\t\tAudiences du chef de l&rsquo; \u00c9tat: Le nouveau pr\u00e9sident de la Commission de l&rsquo; UEMOA re\u00e7u\u00a0\t\t\t\t\t\t<\/a>\r\n\t\t\t\t\t<\/li>\r\n\t\t\t\t\t\t\t\t\t\t<li>\r\n\t\t\t\t\t\t<a class=\"limit-line\" href=\"https:\/\/www.amanien.info\/news\/lutte-contre-le-vih-et-la-tuberculose-pediatrique-la-premiere-dame-dominique-ouattara-plaide-pour-legalite-dans-lacces-des-traitements\/\">\r\n\t\t\t\t\t\t\tLutte contre le VIH et la Tuberculose p\u00e9diatrique\u00a0: La Premi\u00e8re Dame Dominique Ouattara plaide pour l\u2019\u00e9galit\u00e9 dans l\u2019acc\u00e8s des traitements\t\t\t\t\t\t<\/a>\r\n\t\t\t\t\t<\/li>\r\n\t\t\t\t\t\t\t\t\t\t<li>\r\n\t\t\t\t\t\t<a class=\"limit-line\" href=\"https:\/\/www.amanien.info\/news\/lutte-contre-le-travail-des-enfants-30-personnes-mis-aux-arrets-et-31-enfants-sauves-a-bouna\/\">\r\n\t\t\t\t\t\t\tLutte contre le Travail des enfants\u00a0: 30 \u00a0personnes \u00a0mis aux arr\u00eats \u00a0et 31 enfants sauv\u00e9s \u00e0 Bouna\t\t\t\t\t\t<\/a>\r\n\t\t\t\t\t<\/li>\r\n\t\t\t\t\t\t\t\t\t\t<li>\r\n\t\t\t\t\t\t<a class=\"limit-line\" href=\"https:\/\/www.amanien.info\/news\/1ere-edition-du-salon-awards-de-la-presse-numerique-de-cote-divoire-80-prix-decernes\/\">\r\n\t\t\t\t\t\t\t1\u00e8re \u00c9dition du salon &#038; Awards de la presse num\u00e9rique de C\u00f4te d&rsquo;Ivoire : 80 prix d\u00e9cern\u00e9s\t\t\t\t\t\t<\/a>\r\n\t\t\t\t\t<\/li>\r\n\t\t\t\t\t\t\t\t\t\t<li>\r\n\t\t\t\t\t\t<a class=\"limit-line\" href=\"https:\/\/www.amanien.info\/news\/ministere-du-budget-et-du-porte-feuille-de-letat-moussa-sanogo-devoile-les-realisations-de-son-ministere\/\">\r\n\t\t\t\t\t\t\tMinist\u00e8re du budget et du porte-feuille de l&rsquo;Etat \/\u00a0 Moussa Sanogo d\u00e9voile les r\u00e9alisations de son minist\u00e8re\t\t\t\t\t\t<\/a>\r\n\t\t\t\t\t<\/li>\r\n\t\t\t\t\t\t\t\t\t\t<li>\r\n\t\t\t\t\t\t<a class=\"limit-line\" href=\"https:\/\/www.amanien.info\/news\/communique-du-conseil-des-ministres-du-26-mai-la-carte-nationale-d-identite-prorogee-jusquau-31-decembre\/\">\r\n\t\t\t\t\t\t\tCommuniqu\u00e9 du conseil des ministres du 26 mai: La carte nationale d&rsquo; identit\u00e9 prorog\u00e9e jusqu&rsquo;au 31 d\u00e9cembre\t\t\t\t\t\t<\/a>\r\n\t\t\t\t\t<\/li>\r\n\t\t\t\t\t\t\t\t\t\t<li>\r\n\t\t\t\t\t\t<a class=\"limit-line\" href=\"https:\/\/www.amanien.info\/news\/connape-le-comite-regional-de-san-pedro-installe\/\">\r\n\t\t\t\t\t\t\tCONNAPE: Le comit\u00e9 regional de San-Pedro install\u00e9\t\t\t\t\t\t<\/a>\r\n\t\t\t\t\t<\/li>\r\n\t\t\t\t\t\t\t\t\t\t<li>\r\n\t\t\t\t\t\t<a class=\"limit-line\" href=\"https:\/\/www.amanien.info\/news\/traite-et-exploitation-des-enfants-a-soubre-la-justice-frappe-for-20-ans-demprisonnement-pour-06-personnes-05-ans-pour-17-autres-et-02-personnes-relaxees\/\">\r\n\t\t\t\t\t\t\tTraite et exploitation des enfants \u00e0 Soubr\u00e9.La Justice frappe for: 20 ans d\u2019emprisonnement pour 06 personnes, 05 ans pour 17 autres et 02 personnes relax\u00e9es\t\t\t\t\t\t<\/a>\r\n\t\t\t\t\t<\/li>\r\n\t\t\t\t\t\t\t\t\t\t<li>\r\n\t\t\t\t\t\t<a class=\"limit-line\" href=\"https:\/\/www.amanien.info\/news\/2eme-edition-du-spectacle-droles-de-femmes-les-organisateurs-annoncent-les-couleurs-de-levenement-humoristique\/\">\r\n\t\t\t\t\t\t\t2\u00e8me \u00c9dition du spectacle \u00ab\u00a0Dr\u00f4les de femmes\u00a0\u00bb\/ Les organisateurs annoncent les couleurs de l&rsquo;\u00e9v\u00e9nement humoristique\t\t\t\t\t\t<\/a>\r\n\t\t\t\t\t<\/li>\r\n\t\t\t\t\t\t\t\t\t\t<li>\r\n\t\t\t\t\t\t<a class=\"limit-line\" href=\"https:\/\/www.amanien.info\/news\/education-la-fondation-children-of-africa-renforce-la-capacite-pedagogique-du-college-denseignement-technique-dagboville\/\">\r\n\t\t\t\t\t\t\t\u00c9ducation: La Fondation Children Of Africa renforce la capacit\u00e9 p\u00e9dagogique du Coll\u00e8ge d\u2019Enseignement Technique d\u2019Agboville\t\t\t\t\t\t<\/a>\r\n\t\t\t\t\t<\/li>\r\n\t\t\t\t\t\t\t\t\t\t<li>\r\n\t\t\t\t\t\t<a class=\"limit-line\" href=\"https:\/\/www.amanien.info\/news\/reconciliation-nationale-justin-kone-katinan-porte-parole-de-laurent-gbagbo\/\">\r\n\t\t\t\t\t\t\tR\u00e9conciliation nationale\/ Justin Kon\u00e9 Katinan, Porte-parole de Laurent Gbagbo : << (...) Nous sommes venus dans l'esprit de paix et de r\u00e9conciliation >>\t\t\t\t\t\t<\/a>\r\n\t\t\t\t\t<\/li>\r\n\t\t\t\t\t\t\t\t\t\t<li>\r\n\t\t\t\t\t\t<a class=\"limit-line\" href=\"https:\/\/www.amanien.info\/news\/le-concours-de-meilleur-messager-de-paix-organise-a-san-pedro-par-long-cupd-remporte-par-les-cherubins-de-djirognepayo\/\">\r\n\t\t\t\t\t\t\tLe concours de meilleur messager de paix organis\u00e9 \u00e0 San-Pedro par l&rsquo;ONG CUPD remport\u00e9 par les ch\u00e9rubins de Djirogn\u00e9payo\t\t\t\t\t\t<\/a>\r\n\t\t\t\t\t<\/li>\r\n\t\t\t\t\t\t\t\t\t\t<li>\r\n\t\t\t\t\t\t<a class=\"limit-line\" href=\"https:\/\/www.amanien.info\/news\/recrudescence-des-accidents-abdoulaye-sylla-president-fensci-accuse-de-letat-aux-chauffeurs-tout-le-monde-est-responsable\/\">\r\n\t\t\t\t\t\t\tRecrudescence des accidents\/ Abdoulaye Sylla pr\u00e9sident FENSCI accuse\u00a0:\u2018\u2019 De l\u2019Etat aux chauffeurs, tout le monde est responsable\u2019\u2019\t\t\t\t\t\t<\/a>\r\n\t\t\t\t\t<\/li>\r\n\t\t\t\t\t\t\t\t\t\t<li>\r\n\t\t\t\t\t\t<a class=\"limit-line\" href=\"https:\/\/www.amanien.info\/news\/135eme-fete-du-travail-le-premier-ministre-encourage-le-dialogue-social\/\">\r\n\t\t\t\t\t\t\t135\u00e8me f\u00eate du Travail: Le premier Ministre encourage le dialogue social\t\t\t\t\t\t<\/a>\r\n\t\t\t\t\t<\/li>\r\n\t\t\t\t\t\t\t\t\t\t<li>\r\n\t\t\t\t\t\t<a class=\"limit-line\" href=\"https:\/\/www.amanien.info\/news\/developpement-de-la-region-de-la-me-le-reseau-des-cadres-de-la-me-recame-dresse-le-bilan-a-mi-parcours-de-ses-activites\/\">\r\n\t\t\t\t\t\t\tD\u00e9veloppement de la R\u00e9gion de la ME \/ Le R\u00e9seau des Cadres de la M\u00e9 (RECAME) dresse le bilan \u00e0 mi-parcours de ses activit\u00e9s\t\t\t\t\t\t<\/a>\r\n\t\t\t\t\t<\/li>\r\n\t\t\t\t\t\t\t\t\t\t<li>\r\n\t\t\t\t\t\t<a class=\"limit-line\" href=\"https:\/\/www.amanien.info\/news\/l-association-des-cellules-de-priere-des-lycees-classique-et-technique-dabidjan-fusion-evangelise-des-eleves\/\">\r\n\t\t\t\t\t\t\tL&rsquo; Association des cellules de pri\u00e8re des Lyc\u00e9es Classique et Technique d&rsquo;Abidjan ( Fusion) \u00e9vang\u00e9lise des \u00e9l\u00e8ves\t\t\t\t\t\t<\/a>\r\n\t\t\t\t\t<\/li>\r\n\t\t\t\t\t\t\t\t\t\t<li>\r\n\t\t\t\t\t\t<a class=\"limit-line\" href=\"https:\/\/www.amanien.info\/news\/fete-du-travail-la-mairie-de-koumassi-celebre-le-merite\/\">\r\n\t\t\t\t\t\t\tF\u00eate du Travail: La Mairie de Koumassi c\u00e9l\u00e8bre le m\u00e9rite\t\t\t\t\t\t<\/a>\r\n\t\t\t\t\t<\/li>\r\n\t\t\t\t\t\t\t\t\t\t<li>\r\n\t\t\t\t\t\t<a class=\"limit-line\" href=\"https:\/\/www.amanien.info\/news\/cooperation-bilaterale-la-ministre-centrafricaine-des-affaires-etrangeres-recue-par-le-president-de-la-republique\/\">\r\n\t\t\t\t\t\t\tCoop\u00e9ration bilat\u00e9rale: La Ministre Centrafricaine des Affaires \u00c9trang\u00e8res re\u00e7ue par le pr\u00e9sident de la R\u00e9publique\t\t\t\t\t\t<\/a>\r\n\t\t\t\t\t<\/li>\r\n\t\t\t\t\t\t\t\t\t\t<li>\r\n\t\t\t\t\t\t<a class=\"limit-line\" href=\"https:\/\/www.amanien.info\/news\/communique-du-conseil-des-ministres-du-28-avril-les-elections-legislatives-partielles-prevues-le-12-juin\/\">\r\n\t\t\t\t\t\t\tCommuniqu\u00e9 du conseil des Ministres du 28 avril: Les \u00e9lections l\u00e9gislatives partielles pr\u00e9vues le 12 juin\t\t\t\t\t\t<\/a>\r\n\t\t\t\t\t<\/li>\r\n\t\t\t\t\t\t\t\t\t\t<li>\r\n\t\t\t\t\t\t<a class=\"limit-line\" href=\"https:\/\/www.amanien.info\/news\/conseil-des-ministres-le-chef-de-letat-interdit-lusage-des-sirenes-par-les-ministres\/\">\r\n\t\t\t\t\t\t\tConseil des Ministres: Le chef de l\u2019\u00c9tat interdit l\u2019usage des sir\u00e8nes par les ministres\t\t\t\t\t\t<\/a>\r\n\t\t\t\t\t<\/li>\r\n\t\t\t\t\t\t\t\t\t\t<li>\r\n\t\t\t\t\t\t<a class=\"limit-line\" href=\"https:\/\/www.amanien.info\/news\/unjci-l-operation-un-journaliste-un-terrain-lancee\/\">\r\n\t\t\t\t\t\t\tUNJCI: L&rsquo; op\u00e9ration un journaliste, un terrain lanc\u00e9e\t\t\t\t\t\t<\/a>\r\n\t\t\t\t\t<\/li>\r\n\t\t\t\t\t\t\t\t\t\t<li>\r\n\t\t\t\t\t\t<a class=\"limit-line\" href=\"https:\/\/www.amanien.info\/news\/pdci-rda-henri-konan-bedie-se-dote-d-un-conseil-politique\/\">\r\n\t\t\t\t\t\t\tPDCI- RDA: Henri konan B\u00e9di\u00e9 se dote d&rsquo; un conseil politique\t\t\t\t\t\t<\/a>\r\n\t\t\t\t\t<\/li>\r\n\t\t\t\t\t\t\t\t\t\t<li>\r\n\t\t\t\t\t\t<a class=\"limit-line\" href=\"https:\/\/www.amanien.info\/news\/2640\/\">\r\n\t\t\t\t\t\t\t\t\t\t\t\t\t<\/a>\r\n\t\t\t\t\t<\/li>\r\n\t\t\t\t\t\t\t\t\t\t<li>\r\n\t\t\t\t\t\t<a class=\"limit-line\" href=\"https:\/\/www.amanien.info\/news\/3-eme-edition-du-salon-abidjan-innova-les-laureats-recoivent-leurs-numeraires\/\">\r\n\t\t\t\t\t\t\t3 \u00e8me \u00e9dition du salon Abidjan Innova: Les laur\u00e9ats re\u00e7oivent leurs num\u00e9raires\t\t\t\t\t\t<\/a>\r\n\t\t\t\t\t<\/li>\r\n\t\t\t\t\t\t\t\t\t\t<li>\r\n\t\t\t\t\t\t<a class=\"limit-line\" href=\"https:\/\/www.amanien.info\/news\/richard-bell-annonce-des-investissements-appuyes-par-letat-americain-en-cote-divoire\/\">\r\n\t\t\t\t\t\t\tRichard Bell annonce des investissements appuy\u00e9s par l&rsquo;Etat Am\u00e9ricain en C\u00f4te d&rsquo;ivoire.\t\t\t\t\t\t<\/a>\r\n\t\t\t\t\t<\/li>\r\n\t\t\t\t\t\t\t\t\t\t<li>\r\n\t\t\t\t\t\t<a class=\"limit-line\" href=\"https:\/\/www.amanien.info\/news\/koumassi-jeune-du-ramadan-le-maire-cisse-bacongo-soutien-les-musulmans\/\">\r\n\t\t\t\t\t\t\tKoumassi\/ je\u00fbne du ramadan: Le Maire Ciss\u00e9 Bacongo soutien les musulmans\t\t\t\t\t\t<\/a>\r\n\t\t\t\t\t<\/li>\r\n\t\t\t\t\t\t\t\t\t\t<li>\r\n\t\t\t\t\t\t<a class=\"limit-line\" href=\"https:\/\/www.amanien.info\/news\/tchad-le-president-idriss-deby-tue-au-front\/\">\r\n\t\t\t\t\t\t\tTchad\u00a0: Le pr\u00e9sident Idriss D\u00e9by tu\u00e9 au front\t\t\t\t\t\t<\/a>\r\n\t\t\t\t\t<\/li>\r\n\t\t\t\t\t\t\t\t\t\t<li>\r\n\t\t\t\t\t\t<a class=\"limit-line\" href=\"https:\/\/www.amanien.info\/news\/cooperation-bilaterale-les-etats-unis-reaffirment-leur-volonte-d-investir-en-cote-divoire\/\">\r\n\t\t\t\t\t\t\tCoop\u00e9ration bilat\u00e9rale: Les \u00c9tats-Unis r\u00e9affirment leur volont\u00e9 d&rsquo; investir en C\u00f4te d&rsquo;Ivoire\t\t\t\t\t\t<\/a>\r\n\t\t\t\t\t<\/li>\r\n\t\t\t\t\t\t\t\t\t\t<li>\r\n\t\t\t\t\t\t<a class=\"limit-line\" href=\"https:\/\/www.amanien.info\/news\/securite-routiere-une-operation-deployee-contre-lincivisme-routier-dans-les-jours-a-venir\/\">\r\n\t\t\t\t\t\t\tS\u00e9curit\u00e9 routi\u00e8re: une op\u00e9ration d\u00e9ploy\u00e9e contre l\u2019incivisme routier dans les jours \u00e0 venir\t\t\t\t\t\t<\/a>\r\n\t\t\t\t\t<\/li>\r\n\t\t\t\t\t\t\t\t\t\t<li>\r\n\t\t\t\t\t\t<a class=\"limit-line\" href=\"https:\/\/www.amanien.info\/news\/messe-pour-la-paix-la-premiere-dame-prie-a-la-paroisse-notre-dame-de-la-tendresse\/\">\r\n\t\t\t\t\t\t\tMesse pour la paix: La Premi\u00e8re Dame prie \u00e0 la paroisse Notre Dame de la Tendresse\t\t\t\t\t\t<\/a>\r\n\t\t\t\t\t<\/li>\r\n\t\t\t\t\t\t\t\t\t\t<li>\r\n\t\t\t\t\t\t<a class=\"limit-line\" href=\"https:\/\/www.amanien.info\/news\/communique-de-letat-major-des-armees\/\">\r\n\t\t\t\t\t\t\tCommuniqu\u00e9 de l&rsquo;\u00c9tat major des Arm\u00e9es\t\t\t\t\t\t<\/a>\r\n\t\t\t\t\t<\/li>\r\n\t\t\t\t\t\t\t\t\t\t<li>\r\n\t\t\t\t\t\t<a class=\"limit-line\" href=\"https:\/\/www.amanien.info\/news\/celebration-du-75e-anniversaire-du-pdci-rda-le-president-henri-konan-bedie-prend-des-engagements-forts\/\">\r\n\t\t\t\t\t\t\tC\u00e9l\u00e9bration du 75e anniversaire du PDCI-RDA\/ Le Pr\u00e9sident Henri Konan B\u00e9di\u00e9 prend des engagements forts\t\t\t\t\t\t<\/a>\r\n\t\t\t\t\t<\/li>\r\n\t\t\t\t\t\t\t\t\t\t<li>\r\n\t\t\t\t\t\t<a class=\"limit-line\" href=\"https:\/\/www.amanien.info\/news\/conseil-des-ministres-le-chef-de-letat-souhaite-la-consolidation-de-la-paix-et-de-la-securite\/\">\r\n\t\t\t\t\t\t\tConseil des ministres: Le chef de l&rsquo;\u00c9tat souhaite la consolidation de la paix et de la s\u00e9curit\u00e9\t\t\t\t\t\t<\/a>\r\n\t\t\t\t\t<\/li>\r\n\t\t\t\t\t\t\t\t\t\t<li>\r\n\t\t\t\t\t\t<a class=\"limit-line\" href=\"https:\/\/www.amanien.info\/news\/assemblee-generale-de-la-federation-des-tradipraticiens-ano-kouao-reelu\/\">\r\n\t\t\t\t\t\t\tAssembl\u00e9e g\u00e9n\u00e9rale de la f\u00e9d\u00e9ration des tradipraticiens: Ano Kouao r\u00e9\u00e9lu\t\t\t\t\t\t<\/a>\r\n\t\t\t\t\t<\/li>\r\n\t\t\t\t\t\t\t\t\t\t<li>\r\n\t\t\t\t\t\t<a class=\"limit-line\" href=\"https:\/\/www.amanien.info\/news\/remaniement-ministeriel-plusieurs-anciens-ministres-reconduits-eugene-aka-aouele-est-nomme-president-du-conseil-economique-social-environnemental-et-culturel\/\">\r\n\t\t\t\t\t\t\tREMANIEMENT MINIST\u00c9RIEL: Plusieurs anciens Ministres reconduits.Eug\u00e8ne AKA AOU\u00c9L\u00c9 est nomm\u00e9 Pr\u00e9sident du Conseil \u00c9conomique, Social, Environnemental et Culturel.\t\t\t\t\t\t<\/a>\r\n\t\t\t\t\t<\/li>\r\n\t\t\t\t\t\t\t\t\t\t<li>\r\n\t\t\t\t\t\t<a class=\"limit-line\" href=\"https:\/\/www.amanien.info\/news\/long-espace-magique-intensifie-des-activites-de-sensibilisation-sur-la-covid19-a-san-pedro\/\">\r\n\t\t\t\t\t\t\tL&rsquo;ONG Espace Magique intensifie des activit\u00e9s de sensibilisation sur la covid19 \u00e0 San-Pedro\t\t\t\t\t\t<\/a>\r\n\t\t\t\t\t<\/li>\r\n\t\t\t\t\t\t\t\t\t\t<li>\r\n\t\t\t\t\t\t<a class=\"limit-line\" href=\"https:\/\/www.amanien.info\/news\/dons-de-la-premiere-dame-a-la-communaute-chretienne-a-loccasion-de-la-fete-de-la-paques-voici-son-discours\/\">\r\n\t\t\t\t\t\t\tDONS DE LA PREMI\u00c8RE DAME A LA COMMUNAUTE CHR\u00c9TIENNE A L\u2019OCCASION DE LA F\u00caTE DE LA P\u00c2QUES : VOICI SON\u00a0 DISCOURS\t\t\t\t\t\t<\/a>\r\n\t\t\t\t\t<\/li>\r\n\t\t\t\t\t\t\t\t\t\t<li>\r\n\t\t\t\t\t\t<a class=\"limit-line\" href=\"https:\/\/www.amanien.info\/news\/lutte-contre-la-stenose-caustique-dominique-ouattara-visite-19-enfants-pris-en-charge-gratuitement-par-la-fondation-children-of-africa\/\">\r\n\t\t\t\t\t\t\tLutte contre la st\u00e9nose caustique\u00a0: Dominique Ouattara visite 19 enfants pris en charge gratuitement par la Fondation Children Of Africa\t\t\t\t\t\t<\/a>\r\n\t\t\t\t\t<\/li>\r\n\t\t\t\t\t\t\t\t\t\t<li>\r\n\t\t\t\t\t\t<a class=\"limit-line\" href=\"https:\/\/www.amanien.info\/news\/3-eme-edition-du-salon-des-inventions-dabidjan-plusieurs-prix-decernes-aux-participants\/\">\r\n\t\t\t\t\t\t\t3 \u00e8me \u00e9dition du salon des inventions d&rsquo;Abidjan: Plusieurs prix d\u00e9cern\u00e9s aux participants\t\t\t\t\t\t<\/a>\r\n\t\t\t\t\t<\/li>\r\n\t\t\t\t\t\t\t\t\t\t<li>\r\n\t\t\t\t\t\t<a class=\"limit-line\" href=\"https:\/\/www.amanien.info\/news\/le-depute-de-la-s-p-de-diabo-languibonou-assahore-konan-jacques-felicite-le-president-de-lassemblee-nationale-pour-sa-reelection\/\">\r\n\t\t\t\t\t\t\tLe D\u00e9put\u00e9 de la S\/P de Diabo-Languibonou, Assahor\u00e9 Konan Jacques f\u00e9licite le Pr\u00e9sident de l&rsquo;Assembl\u00e9e Nationale pour sa r\u00e9\u00e9lection\t\t\t\t\t\t<\/a>\r\n\t\t\t\t\t<\/li>\r\n\t\t\t\t\t\t\t\t\t\t<li>\r\n\t\t\t\t\t\t<a class=\"limit-line\" href=\"https:\/\/www.amanien.info\/news\/legislatives-a-agboville-les-candidats-fleur-ake-mbo-et-adama-bictogo-seront-ils-situes-sur-leur-sort-aujourdhui-par-le-conseil-constitutionnel\/\">\r\n\t\t\t\t\t\t\tL\u00e9gislatives \u00e0 Agboville\u00a0: Les candidats Fleur Ak\u00e9 M&rsquo;bo et Adama Bictogo seront-ils situ\u00e9s sur leur sort aujourd&rsquo;hui par le conseil constitutionnel\u00a0?\t\t\t\t\t\t<\/a>\r\n\t\t\t\t\t<\/li>\r\n\t\t\t\t\t\t\t\t\t\t<li>\r\n\t\t\t\t\t\t<a class=\"limit-line\" href=\"https:\/\/www.amanien.info\/news\/sakassou-mesmin-komoe-pca-de-la-mugef-ci-exhorte-a-laugmentation-du-prelevement-a-la-source\/\">\r\n\t\t\t\t\t\t\tSakassou: Mesmin KOMOE, PCA de la MUGEF-CI exhorte \u00e0 l\u2019augmentation du pr\u00e9l\u00e8vement \u00e0 la source\t\t\t\t\t\t<\/a>\r\n\t\t\t\t\t<\/li>\r\n\t\t\t\t\t\t\t\t\t\t<li>\r\n\t\t\t\t\t\t<a class=\"limit-line\" href=\"https:\/\/www.amanien.info\/news\/lancement-officiel-du-guide-des-salaires-en-cote-divoire\/\">\r\n\t\t\t\t\t\t\tLancement officiel du guide des salaires en C\u00f4te d&rsquo;Ivoire\t\t\t\t\t\t<\/a>\r\n\t\t\t\t\t<\/li>\r\n\t\t\t\t\t\t\t\t\t\t<li>\r\n\t\t\t\t\t\t<a class=\"limit-line\" href=\"https:\/\/www.amanien.info\/news\/seguela-la-cote-divoire-mobilisee-pour-rendre-un-ultime-hommage-a-hamed-bakayoko\/\">\r\n\t\t\t\t\t\t\tS\u00e9gu\u00e9la :La C\u00f4te d\u2019Ivoire mobilis\u00e9e pour rendre un ultime hommage \u00e0 Hamed Bakayoko\t\t\t\t\t\t<\/a>\r\n\t\t\t\t\t<\/li>\r\n\t\t\t\t\t\t\t\t\t\t<li>\r\n\t\t\t\t\t\t<a class=\"limit-line\" href=\"https:\/\/www.amanien.info\/news\/cote-divoire-bollore-livraison-reussie-de-plus-500-000-doses-vaccins-contre-la-covid-19\/\">\r\n\t\t\t\t\t\t\tC\u00f4te d\u2019Ivoire\/Bollor\u00e9: Livraison r\u00e9ussie de plus \u00a0500 000 doses vaccins contre la covid-19\t\t\t\t\t\t<\/a>\r\n\t\t\t\t\t<\/li>\r\n\t\t\t\t\t\t\t\t\t\t<li>\r\n\t\t\t\t\t\t<a class=\"limit-line\" href=\"https:\/\/www.amanien.info\/news\/koutouan-anougbe-jerome-pere-spirituel-des-tchagba-du-village-dabidjan-adjame-sans-detours-2\/\">\r\n\t\t\t\t\t\t\tKoutouan Anougb\u00e9 J\u00e9r\u00f4me, P\u00e8re Spirituel des Tchagba du village d&rsquo;Abidjan-Adjam\u00e9 sans d\u00e9tours : << L' environnement socio-politique est \u00e0 la base de tous les conflits >>\u00a0\t\t\t\t\t\t<\/a>\r\n\t\t\t\t\t<\/li>\r\n\t\t\t\t\t\t\t\t\t\t<li>\r\n\t\t\t\t\t\t<a class=\"limit-line\" href=\"https:\/\/www.amanien.info\/news\/leon-riviere-komenan-expert-en-genre-et-developpement-organise-la-3e-seance-de-formation-sur-le-coaching-integral-pour-tous\/\">\r\n\t\t\t\t\t\t\tL\u00e9on Rivi\u00e8re Komenan, Expert en Genre et D\u00e9veloppement organise la 3e s\u00e9ance de formation sur le coaching int\u00e9gral pour tous\t\t\t\t\t\t<\/a>\r\n\t\t\t\t\t<\/li>\r\n\t\t\t\t\t\t\t\t\t\t<li>\r\n\t\t\t\t\t\t<a class=\"limit-line\" href=\"https:\/\/www.amanien.info\/news\/deces-du-premier-ministre-la-nation-rend-hommage-a-hamed-bakayoko\/\">\r\n\t\t\t\t\t\t\tD\u00e9c\u00e8s du premier ministre: La nation rend hommage \u00e0 Hamed Bakayoko\t\t\t\t\t\t<\/a>\r\n\t\t\t\t\t<\/li>\r\n\t\t\t\t\t\t\t\t\t\t<li>\r\n\t\t\t\t\t\t<a class=\"limit-line\" href=\"https:\/\/www.amanien.info\/news\/mme-doumbia-fanta-presidente-de-2c2pf\/\">\r\n\t\t\t\t\t\t\tMme Doumbia Fanta, Pr\u00e9sidente de 2C2PF : << Il n'y a pas de promotion v\u00e9ritable des femmes au sein des partis politiques>>\u00a0\t\t\t\t\t\t<\/a>\r\n\t\t\t\t\t<\/li>\r\n\t\t\t\t\t\t\t\t\t\t<li>\r\n\t\t\t\t\t\t<a class=\"limit-line\" href=\"https:\/\/www.amanien.info\/news\/deces-du-premier-ministre-les-acteurs-du-transport-dabobo-pleurent-lillustre-disparu\/\">\r\n\t\t\t\t\t\t\tD\u00e9c\u00e8s du Premier Ministre: Les acteurs du transport d\u2019Abobo pleurent l\u2019illustre disparu\t\t\t\t\t\t<\/a>\r\n\t\t\t\t\t<\/li>\r\n\t\t\t\t\t\t\t\t\t\t<li>\r\n\t\t\t\t\t\t<a class=\"limit-line\" href=\"https:\/\/www.amanien.info\/news\/secteur-de-lartisanat-labp-ci-met-le-cap-sur-la-professionnalisation\/\">\r\n\t\t\t\t\t\t\tSecteur de l\u2019artisanat: L\u2019ABP-CI met le cap sur la professionnalisation\t\t\t\t\t\t<\/a>\r\n\t\t\t\t\t<\/li>\r\n\t\t\t\t\t\t\t\t\t\t<li>\r\n\t\t\t\t\t\t<a class=\"limit-line\" href=\"https:\/\/www.amanien.info\/news\/5-ans-apres-lattaque-terroriste-de-grand-bassam-les-populations-se-souviennent-une-marche-blanche-et-silencieuse-a-ete-organisee-par-les-membres-de-horest-avec-sa-tete-son-president-ouattar\/\">\r\n\t\t\t\t\t\t\t5 ans apr\u00e8s l\u2019attaque terroriste de Grand-Bassam, les populations se souviennent. Une marche blanche et silencieuse a \u00e9t\u00e9 organis\u00e9e par les membres de HOREST avec sa t\u00eate son pr\u00e9sident Ouattara Allhassane\t\t\t\t\t\t<\/a>\r\n\t\t\t\t\t<\/li>\r\n\t\t\t\t\t\t\t\t\t\t<li>\r\n\t\t\t\t\t\t<a class=\"limit-line\" href=\"https:\/\/www.amanien.info\/news\/deces-du-premier-ministre-hamed-bakayoko-un-grand-serviteur-de-letat-s-en-est-alle\/\">\r\n\t\t\t\t\t\t\tD\u00e9c\u00e8s du premier ministre Hamed Bakayoko : Un grand serviteur de l&rsquo;\u00c9tat s&rsquo; en est all\u00e9\t\t\t\t\t\t<\/a>\r\n\t\t\t\t\t<\/li>\r\n\t\t\t\t\t\t\t\t\t\t<li>\r\n\t\t\t\t\t\t<a class=\"limit-line\" href=\"https:\/\/www.amanien.info\/news\/transport-surcharge-routiere-le-president-de-lufdpplao-ci-condamne-la-surcharge-routiere\/\">\r\n\t\t\t\t\t\t\tTransport \/ Surcharge routi\u00e8re: Le pr\u00e9sident de l\u2019UFDPPLAO-CI condamne la surcharge routi\u00e8re\t\t\t\t\t\t<\/a>\r\n\t\t\t\t\t<\/li>\r\n\t\t\t\t\t\t\t\t\t\t<li>\r\n\t\t\t\t\t\t<a class=\"limit-line\" href=\"https:\/\/www.amanien.info\/news\/2eme-edition-du-festival-des-agriculteurs-celebre-a-bayota\/\">\r\n\t\t\t\t\t\t\t2\u00e8me \u00e9dition du \u00ab\u00a0festival des agriculteurs\u00a0\u00bb c\u00e9l\u00e9br\u00e9 \u00e0 Bayota\t\t\t\t\t\t<\/a>\r\n\t\t\t\t\t<\/li>\r\n\t\t\t\t\t\t\t\t\t\t<li>\r\n\t\t\t\t\t\t<a class=\"limit-line\" href=\"https:\/\/www.amanien.info\/news\/taxis-compteurs-atelier-de-reflexion-le-president-de-lopctc-ci-egrene-les-difficultes-du-secteur\/\">\r\n\t\t\t\t\t\t\tTaxis compteurs \/ Atelier de r\u00e9flexion: Le pr\u00e9sident de l\u2019OPCTC-CI \u00e9gr\u00e8ne les difficult\u00e9s du secteur\t\t\t\t\t\t<\/a>\r\n\t\t\t\t\t<\/li>\r\n\t\t\t\t\t\t\t\t\t\t<li>\r\n\t\t\t\t\t\t<a class=\"limit-line\" href=\"https:\/\/www.amanien.info\/news\/campagne-pour-les-legislatives-a-koumassi-la-liste-union-reconciliation-et-paix-souhaite-une-election-apaisee\/\">\r\n\t\t\t\t\t\t\tCampagne pour les l\u00e9gislatives \u00e0 Koumassi: La liste union- R\u00e9conciliation et paix souhaite une \u00e9lection apais\u00e9e\t\t\t\t\t\t<\/a>\r\n\t\t\t\t\t<\/li>\r\n\t\t\t\t\t\t\t\t\t\t<li>\r\n\t\t\t\t\t\t<a class=\"limit-line\" href=\"https:\/\/www.amanien.info\/news\/legislatives-du-6-mars-abobo-le-president-de-la-caca-rhdp-engage-le-corps-a-corps-pour-la-liste-kandia-camara\/\">\r\n\t\t\t\t\t\t\tL\u00e9gislatives du 6 mars \/ Abobo: Le pr\u00e9sident de la CACA RHDP engage le corps \u00e0 corps pour la liste Kandia Camara\t\t\t\t\t\t<\/a>\r\n\t\t\t\t\t<\/li>\r\n\t\t\t\t\t\t\t\t\t\t<li>\r\n\t\t\t\t\t\t<a class=\"limit-line\" href=\"https:\/\/www.amanien.info\/news\/le-candidat-douyou-nicaise-veut-prioriser-le-respect-de-dignite-humaine\/\">\r\n\t\t\t\t\t\t\tLe candidat Douyou Nicaise veut prioriser le respect de dignit\u00e9 humaine\t\t\t\t\t\t<\/a>\r\n\t\t\t\t\t<\/li>\r\n\t\t\t\t\t\t\t\t\t\t<li>\r\n\t\t\t\t\t\t<a class=\"limit-line\" href=\"https:\/\/www.amanien.info\/news\/le-premier-congres-de-la-fipetca-a-ouvert-ses-portes-ce-jeudi\/\">\r\n\t\t\t\t\t\t\tLe premier congr\u00e8s de la FIPETCA a ouvert ses portes, ce jeudi\t\t\t\t\t\t<\/a>\r\n\t\t\t\t\t<\/li>\r\n\t\t\t\t\t\t\t\t\t\t<li>\r\n\t\t\t\t\t\t<a class=\"limit-line\" href=\"https:\/\/www.amanien.info\/news\/koumassi-election-legislatives-le-candidat-cisse-bacongo-annonce-la-construction-d-une-deuxieme-voie-d-acces-au-quartier-campement\/\">\r\n\t\t\t\t\t\t\tKoumassi\/ \u00c9lection l\u00e9gislatives: Le candidat Ciss\u00e9 Bacongo annonce la construction d&rsquo; une deuxi\u00e8me voie d&rsquo; acc\u00e8s au quartier campement\t\t\t\t\t\t<\/a>\r\n\t\t\t\t\t<\/li>\r\n\t\t\t\t\t\t\t\t\t\t<li>\r\n\t\t\t\t\t\t<a class=\"limit-line\" href=\"https:\/\/www.amanien.info\/news\/le-cndh-invite-les-chefs-de-communautes-a-contribuer-au-maintien-de-la-paix-a-san-pedro\/\">\r\n\t\t\t\t\t\t\tLe CNDH invite les chefs de communaut\u00e9s \u00e0 contribuer au maintien de la paix \u00e0 San-Pedro\t\t\t\t\t\t<\/a>\r\n\t\t\t\t\t<\/li>\r\n\t\t\t\t\t\t\t\t\t\t<li>\r\n\t\t\t\t\t\t<a class=\"limit-line\" href=\"https:\/\/www.amanien.info\/news\/retour-du-president-laurent-gbagbo-en-cote-divoire-voici-la-date-du-retour-en-cote-divoire-de-lex-president-ivoirien\/\">\r\n\t\t\t\t\t\t\tRetour du Pr\u00e9sident Laurent GBAGBO en C\u00f4te d&rsquo;ivoire : Voici la date du retour en C\u00f4te d&rsquo;Ivoire de l&rsquo;ex-pr\u00e9sident ivoirien\t\t\t\t\t\t<\/a>\r\n\t\t\t\t\t<\/li>\r\n\t\t\t\t\t\t\t\t\t\t<li>\r\n\t\t\t\t\t\t<a class=\"limit-line\" href=\"https:\/\/www.amanien.info\/news\/le-bnetd-entame-une-etude-pour-une-bonne-gestion-des-dechets-solides-a-san-pedro\/\">\r\n\t\t\t\t\t\t\tLe BNETD entame une \u00e9tude pour une bonne gestion des d\u00e9chets solides \u00e0 San-Pedro\t\t\t\t\t\t<\/a>\r\n\t\t\t\t\t<\/li>\r\n\t\t\t\t\t\t\t\t\t\t<li>\r\n\t\t\t\t\t\t<a class=\"limit-line\" href=\"https:\/\/www.amanien.info\/news\/artisanat-rencontre-ministre-abp-ci-le-satisfecit-du-president-de-labp-ci-au-ministre-konate-siriky\/\">\r\n\t\t\t\t\t\t\tArtisanat \/ Rencontre ministre- ABP-CI: Le satisf\u00e9cit\u00a0 du pr\u00e9sident de \u00a0l\u2019ABP-CI au ministre \u00a0Konat\u00e9 Siriky\t\t\t\t\t\t<\/a>\r\n\t\t\t\t\t<\/li>\r\n\t\t\t\t\t\t\t\t\t\t<li>\r\n\t\t\t\t\t\t<a class=\"limit-line\" href=\"https:\/\/www.amanien.info\/news\/le-ministre-adama-diawara-simpregne-du-niveau-davancement-des-travaux-de-la-1ere-phase-de-construction-de-luniversite-de-san-pedro\/\">\r\n\t\t\t\t\t\t\tLe Ministre Adama Diawara s&rsquo;impr\u00e8gne du niveau d\u2019avancement des travaux de la 1\u00e8re phase de construction de l\u2019universit\u00e9 de San-Pedro\t\t\t\t\t\t<\/a>\r\n\t\t\t\t\t<\/li>\r\n\t\t\t\t\t\t\t\t\t\t<li>\r\n\t\t\t\t\t\t<a class=\"limit-line\" href=\"https:\/\/www.amanien.info\/news\/pres-de-525-millions-de-dollars-mobilises-par-le-mcc-pour-une-croissance-economique-durable-et-inclusive-de-la-cote-divoire\/\">\r\n\t\t\t\t\t\t\tPr\u00e8s de 525 millions de dollars mobilis\u00e9s par le MCC pour une croissance \u00e9conomique durable et inclusive de la C\u00f4te d&rsquo;Ivoire\t\t\t\t\t\t<\/a>\r\n\t\t\t\t\t<\/li>\r\n\t\t\t\t\t\t\t\t\t\t<li>\r\n\t\t\t\t\t\t<a class=\"limit-line\" href=\"https:\/\/www.amanien.info\/news\/election-a-la-presidence-de-la-caf-le-candidat-ivoirien-jacques-anouma-devoile-son-programme-daction\/\">\r\n\t\t\t\t\t\t\t\u00c9lection \u00e0 la pr\u00e9sidence de la CAF\/ Le candidat ivoirien, Jacques Anouma d\u00e9voile son programme d&rsquo;action, << Servir le football africain>>\t\t\t\t\t\t<\/a>\r\n\t\t\t\t\t<\/li>\r\n\t\t\t\t\t\t\t\t\t\t<li>\r\n\t\t\t\t\t\t<a class=\"limit-line\" href=\"https:\/\/www.amanien.info\/news\/legislative-du-6-mars-kandia-camara-presente-le-commando-rhdp-dabobo-aux-commercants\/\">\r\n\t\t\t\t\t\t\tL\u00e9gislative du 6 mars: Kandia Camara pr\u00e9sente le commando RHDP d\u2019Abobo aux commer\u00e7ants\t\t\t\t\t\t<\/a>\r\n\t\t\t\t\t<\/li>\r\n\t\t\t\t\t\t\t\t\t\t<li>\r\n\t\t\t\t\t\t<a class=\"limit-line\" href=\"https:\/\/www.amanien.info\/news\/eglise-du-christianisme-celeste-la-radio-la-voix-doschoffa-desormais-operationnelle\/\">\r\n\t\t\t\t\t\t\t\u00c9glise du christianisme c\u00e9leste: La radio \u00ab\u00a0La voix d\u2019Oschoffa\u00a0\u00bb\u00a0\u00a0 d\u00e9sormais op\u00e9rationnelle\u00a0\t\t\t\t\t\t<\/a>\r\n\t\t\t\t\t<\/li>\r\n\t\t\t\t\t\t\t\t\t\t<li>\r\n\t\t\t\t\t\t<a class=\"limit-line\" href=\"https:\/\/www.amanien.info\/news\/legislatives-du-06-mars-2021-le-president-ouattara-investit-les-254-soldats-du-rhdp\/\">\r\n\t\t\t\t\t\t\tL\u00e9gislatives du 06 mars 2021\/ Le Pr\u00e9sident Ouattara investit les 254 \u00a0\u00bb soldats\u00a0\u00bb du RHDP\t\t\t\t\t\t<\/a>\r\n\t\t\t\t\t<\/li>\r\n\t\t\t\t\t\t\t\t\t\t<li>\r\n\t\t\t\t\t\t<a class=\"limit-line\" href=\"https:\/\/www.amanien.info\/news\/systeme-du-transport-intelligent-le-oui-total-de-la-fensci\/\">\r\n\t\t\t\t\t\t\tSyst\u00e8me du transport intelligent: Le oui total de la FENSCI\t\t\t\t\t\t<\/a>\r\n\t\t\t\t\t<\/li>\r\n\t\t\t\t\t\t\t\t\t\t<li>\r\n\t\t\t\t\t\t<a class=\"limit-line\" href=\"https:\/\/www.amanien.info\/news\/education-long-yelenba-women-in-action-annonce-linauguration-de-lecole-maternelle-dadoumangan-a-jacqueville\/\">\r\n\t\t\t\t\t\t\t\u00c9ducation \/ L\u2019ONG Yelenba- Women in Action annonce l\u2019inauguration de l\u2019\u00e9cole maternelle d\u2019Adoumangan \u00e0 Jacqueville\t\t\t\t\t\t<\/a>\r\n\t\t\t\t\t<\/li>\r\n\t\t\t\t\t\t\t\t\t\t<li>\r\n\t\t\t\t\t\t<a class=\"limit-line\" href=\"https:\/\/www.amanien.info\/news\/fsucom-kemonde-recompense-70-beaux-bebes-de-san-pedro\/\">\r\n\t\t\t\t\t\t\tFSUCOM KEMONDE r\u00e9compense 70 beaux b\u00e9b\u00e9s de San-Pedro\t\t\t\t\t\t<\/a>\r\n\t\t\t\t\t<\/li>\r\n\t\t\t\t\t\t\t\t\t\t<li>\r\n\t\t\t\t\t\t<a class=\"limit-line\" href=\"https:\/\/www.amanien.info\/news\/maitrise-de-lecriture-des-grands-genres-journalistiques-le-president-de-lolped-zio-moussa-instruit-des-journalistes\/\">\r\n\t\t\t\t\t\t\tMa\u00eetrise de l&rsquo;\u00e9criture des grands genres journalistiques : Le Pr\u00e9sident de l&rsquo;OLPED, Zio Moussa instruit des journalistes\t\t\t\t\t\t<\/a>\r\n\t\t\t\t\t<\/li>\r\n\t\t\t\t\t\t\t\t\t\t<li>\r\n\t\t\t\t\t\t<a class=\"limit-line\" href=\"https:\/\/www.amanien.info\/news\/reconnaissance-du-merite-ano-kouao-recoit-le-prix-du-meilleur-tradipraticien\/\">\r\n\t\t\t\t\t\t\tReconnaissance du m\u00e9rite: Ano Kouao re\u00e7oit le prix du meilleur tradipraticien\t\t\t\t\t\t<\/a>\r\n\t\t\t\t\t<\/li>\r\n\t\t\t\t\t\t\t\t\t\t<li>\r\n\t\t\t\t\t\t<a class=\"limit-line\" href=\"https:\/\/www.amanien.info\/news\/advanced-management-program-amp-24-managers-recoivent-leurs-certificats\/\">\r\n\t\t\t\t\t\t\tAdvanced Management Program ( AMP): 24 managers re\u00e7oivent leurs certificats\t\t\t\t\t\t<\/a>\r\n\t\t\t\t\t<\/li>\r\n\t\t\t\t\t\t\t\t\t\t<li>\r\n\t\t\t\t\t\t<a class=\"limit-line\" href=\"https:\/\/www.amanien.info\/news\/departement-de-botro-assahore-konan-jacques-offre-300-tables-bancs\/\">\r\n\t\t\t\t\t\t\tD\u00e9partement de Botro: Assahor\u00e9 Konan Jacques offre 300 tables bancs\t\t\t\t\t\t<\/a>\r\n\t\t\t\t\t<\/li>\r\n\t\t\t\t\t\t\t\t\t\t<li>\r\n\t\t\t\t\t\t<a class=\"limit-line\" href=\"https:\/\/www.amanien.info\/news\/urpci-eric-gohou-succede-a-karamoko-bamba\/\">\r\n\t\t\t\t\t\t\tURPCI\/ ERIC GOHOU SUCC\u00c8DE A KARAMOKO BAMBA\t\t\t\t\t\t<\/a>\r\n\t\t\t\t\t<\/li>\r\n\t\t\t\t\t\t\t\t\t\t<li>\r\n\t\t\t\t\t\t<a class=\"limit-line\" href=\"https:\/\/www.amanien.info\/news\/lue-octroie-des-equipements-informatiques-au-crasc-sud-et-a-six-de-ses-delegations\/\">\r\n\t\t\t\t\t\t\tL&rsquo;UE octroie des \u00e9quipements informatiques au CRASC-SUD et \u00e0 six de ses d\u00e9l\u00e9gations\t\t\t\t\t\t<\/a>\r\n\t\t\t\t\t<\/li>\r\n\t\t\t\t\t\t\t\t\t\t<li>\r\n\t\t\t\t\t\t<a class=\"limit-line\" href=\"https:\/\/www.amanien.info\/news\/communique-du-conseil-des-ministres-du-3-fevrier-la-campagne-pour-l-election-legislative-s-ouvre-le-26-fevrier\/\">\r\n\t\t\t\t\t\t\tCommuniqu\u00e9 du conseil des ministres du 3 f\u00e9vrier: La campagne pour l&rsquo; \u00e9lection l\u00e9gislative s&rsquo; ouvre le 26 f\u00e9vrier\t\t\t\t\t\t<\/a>\r\n\t\t\t\t\t<\/li>\r\n\t\t\t\t\t\t\t\t\t\t<li>\r\n\t\t\t\t\t\t<a class=\"limit-line\" href=\"https:\/\/www.amanien.info\/news\/assahore-konan-jacques-d-g-du-tresor-faire-de-la-politique-c-est-penser-au-bien-etre-de-sa-population\/\">\r\n\t\t\t\t\t\t\tAssahor\u00e9 Konan Jacques D.G du Tr\u00e9sor: \u00a0\u00bb Faire de la politique, c&rsquo; est penser au bien-\u00eatre de sa population\u00a0\u00bb\t\t\t\t\t\t<\/a>\r\n\t\t\t\t\t<\/li>\r\n\t\t\t\t\t\t\t\t\t\t<li>\r\n\t\t\t\t\t\t<a class=\"limit-line\" href=\"https:\/\/www.amanien.info\/news\/long-ist-forme-les-femmes-de-grand-bereby-a-la-fabrication-de-savon-liquide\/\">\r\n\t\t\t\t\t\t\tL&rsquo;ONG IST forme les femmes de Grand-B\u00e9reby \u00e0 la fabrication de savon liquide\t\t\t\t\t\t<\/a>\r\n\t\t\t\t\t<\/li>\r\n\t\t\t\t\t\t\t\t\t\t<li>\r\n\t\t\t\t\t\t<a class=\"limit-line\" href=\"https:\/\/www.amanien.info\/news\/transport-organisation-des-gares-et-points-de-chargements-deux-structures-se-donnent-la-main\/\">\r\n\t\t\t\t\t\t\tTransport \/ Organisation des gares et points de chargements: Deux structures se donnent la main\t\t\t\t\t\t<\/a>\r\n\t\t\t\t\t<\/li>\r\n\t\t\t\t\t\t\t\t\t\t<li>\r\n\t\t\t\t\t\t<a class=\"limit-line\" href=\"https:\/\/www.amanien.info\/news\/le-cvsper-et-ladd-disent-non-a-la-centrale-a-charbon-a-san-pedro\/\">\r\n\t\t\t\t\t\t\tLe CVSPER et l&rsquo;ADD disent non \u00e0 la centrale \u00e0 charbon \u00e0 San-Pedro\t\t\t\t\t\t<\/a>\r\n\t\t\t\t\t<\/li>\r\n\t\t\t\t\t\t\t\t\t\t<li>\r\n\t\t\t\t\t\t<a class=\"limit-line\" href=\"https:\/\/www.amanien.info\/news\/rentree-academique-de-l-ascad-le-president-de-la-fedinci-souhaite-la-creation-d-un-ministere-en-charge-de-l-invention\/\">\r\n\t\t\t\t\t\t\tRentr\u00e9e acad\u00e9mique de l&rsquo; Ascad: Le pr\u00e9sident de la Fedinci souhaite la cr\u00e9ation d&rsquo; un minist\u00e8re en charge de l&rsquo; Invention\t\t\t\t\t\t<\/a>\r\n\t\t\t\t\t<\/li>\r\n\t\t\t\t\t\t\t\t\t\t<li>\r\n\t\t\t\t\t\t<a class=\"limit-line\" href=\"https:\/\/www.amanien.info\/news\/ceremonie-de-graduation-de-ladvanced-management-program-amp-2020-mde-business-school-celebre-sa-10e-generation-de-managers-dotes-de-lexpertise-metier\/\">\r\n\t\t\t\t\t\t\tC\u00e9r\u00e9monie de graduation de l\u2019Advanced Management Program (AMP 2020)\u00a0: MDE Business School c\u00e9l\u00e8bre sa 10e g\u00e9n\u00e9ration de Managers dot\u00e9s de l\u2019expertise m\u00e9tier\t\t\t\t\t\t<\/a>\r\n\t\t\t\t\t<\/li>\r\n\t\t\t\t\t\t\t\t\t\t<li>\r\n\t\t\t\t\t\t<a class=\"limit-line\" href=\"https:\/\/www.amanien.info\/news\/lutte-contre-la-covid19-la-croix-rouge-de-cote-divoire-renforce-les-capacites-des-journalistes\/\">\r\n\t\t\t\t\t\t\tLutte contre la covid19: La Croix-Rouge de C\u00f4te d&rsquo;Ivoire renforce les capacit\u00e9s des journalistes\t\t\t\t\t\t<\/a>\r\n\t\t\t\t\t<\/li>\r\n\t\t\t\t\t\t\t\t\t\t<li>\r\n\t\t\t\t\t\t<a class=\"limit-line\" href=\"https:\/\/www.amanien.info\/news\/ceremonie-dhommage-de-la-nation-aux-quatre-casques-bleus-ivoiriens-tues-a-tombouctou-mali\/\">\r\n\t\t\t\t\t\t\tC\u00e9r\u00e9monie d&rsquo;Hommage de la Nation aux quatre casques bleus ivoiriens tu\u00e9s \u00e0 Tombouctou, Mali\t\t\t\t\t\t<\/a>\r\n\t\t\t\t\t<\/li>\r\n\t\t\t\t\t\t\t\t\t\t<li>\r\n\t\t\t\t\t\t<a class=\"limit-line\" href=\"https:\/\/www.amanien.info\/news\/deuxieme-vague-de-la-covid19-le-gouvernement-appelle-au-respect-strict-des-mesures-barrieres\/\">\r\n\t\t\t\t\t\t\tDeuxi\u00e8me vague de la covid19: Le gouvernement appelle au respect strict des mesures barri\u00e8res\t\t\t\t\t\t<\/a>\r\n\t\t\t\t\t<\/li>\r\n\t\t\t\t\t\t\t\t\t\t<li>\r\n\t\t\t\t\t\t<a class=\"limit-line\" href=\"https:\/\/www.amanien.info\/news\/lutte-contre-la-seconde-vague-du-coronavirus-la-fensci-sensibilise-a-la-gare-de-bingerville\/\">\r\n\t\t\t\t\t\t\tLutte contre la seconde vague du Coronavirus: La FENSCI sensibilise \u00e0 la gare de Bingerville\t\t\t\t\t\t<\/a>\r\n\t\t\t\t\t<\/li>\r\n\t\t\t\t\t\t\t\t\t\t<li>\r\n\t\t\t\t\t\t<a class=\"limit-line\" href=\"https:\/\/www.amanien.info\/news\/ebony-2020-aka-akissi-marcelle-proclamee-ebony-des-ebony-voici-la-liste-complete-des-laureats-du-concours\/\">\r\n\t\t\t\t\t\t\tEBONY 2020, AKA Akissi Marcelle, proclam\u00e9e Ebony des Ebony.: Voici la liste compl\u00e8te des laur\u00e9ats du concours\t\t\t\t\t\t<\/a>\r\n\t\t\t\t\t<\/li>\r\n\t\t\t\t\t\t\t\t\t\t<li>\r\n\t\t\t\t\t\t<a class=\"limit-line\" href=\"https:\/\/www.amanien.info\/news\/mde-business-school-les-participants-au-pmd-honores\/\">\r\n\t\t\t\t\t\t\tMDE Business School: Les participants au PMD honor\u00e9s\t\t\t\t\t\t<\/a>\r\n\t\t\t\t\t<\/li>\r\n\t\t\t\t\t\t\t\t\t\t<li>\r\n\t\t\t\t\t\t<a class=\"limit-line\" href=\"https:\/\/www.amanien.info\/news\/etats-unis-investiture-du-46eme-president-joe-biden-appelle-lamerique-a-lunite\/\">\r\n\t\t\t\t\t\t\t\u00c9tats-Unis\/ investiture du 46\u00e8me pr\u00e9sident: Joe Biden appelle l\u2019Am\u00e9rique \u00e0 l\u2019unit\u00e9\t\t\t\t\t\t<\/a>\r\n\t\t\t\t\t<\/li>\r\n\t\t\t\t\t\t\t\t\t\t<li>\r\n\t\t\t\t\t\t<a class=\"limit-line\" href=\"https:\/\/www.amanien.info\/news\/communique-du-conseil-des-ministres-du-20-janvier-le-gouvernement-suspend-la-hausse-du-prix-de-l-huile-de-palme-et-de-la-farine-boulangere\/\">\r\n\t\t\t\t\t\t\tCommuniqu\u00e9 du conseil des ministres du 20 janvier: Le gouvernement suspend la hausse du prix de l&rsquo; huile de palme et de la farine boulang\u00e8re\t\t\t\t\t\t<\/a>\r\n\t\t\t\t\t<\/li>\r\n\t\t\t\t\t\t\t\t\t\t<li>\r\n\t\t\t\t\t\t<a class=\"limit-line\" href=\"https:\/\/www.amanien.info\/news\/election-legislatives-apaisees-la-ministre-marietou-kone-echange-avec-les-chefs-traditionnels\/\">\r\n\t\t\t\t\t\t\t\u00c9lection l\u00e9gislatives apais\u00e9es: La Ministre Mari\u00e9tou Kon\u00e9 \u00e9change avec les chefs traditionnels\t\t\t\t\t\t<\/a>\r\n\t\t\t\t\t<\/li>\r\n\t\t\t\t\t\t\t\t\t\t<li>\r\n\t\t\t\t\t\t<a class=\"limit-line\" href=\"https:\/\/www.amanien.info\/news\/menace-dune-seconde-vague-du-covid-19-sylla-lancine-president-apctc-ci-ce-seisme-va-nous-obliger-a-couper-nos-moteurs\/\">\r\n\t\t\t\t\t\t\tMenace d\u2019une seconde vague du Covid 19 \/ Sylla Lancin\u00e9 pr\u00e9sident APCTC-CI: \u2018\u2019 Ce s\u00e9isme va nous obliger \u00e0 couper nos moteurs\u2019\u2019\t\t\t\t\t\t<\/a>\r\n\t\t\t\t\t<\/li>\r\n\t\t\t\t\t\t\t\t\t\t<li>\r\n\t\t\t\t\t\t<a class=\"limit-line\" href=\"https:\/\/www.amanien.info\/news\/coronavirus-assistance-aux-acteurs-du-transport-un-responsable-de-structure-crie-a-lexclusion\/\">\r\n\t\t\t\t\t\t\tCoronavirus \/ Assistance aux acteurs du transport: Un responsable de structure crie \u00e0 l\u2019exclusion\t\t\t\t\t\t<\/a>\r\n\t\t\t\t\t<\/li>\r\n\t\t\t\t\t\t\t\t\t\t<li>\r\n\t\t\t\t\t\t<a class=\"limit-line\" href=\"https:\/\/www.amanien.info\/news\/mde-business-school-pld-2020-51-impetrants-recoivent-leurs-certificats\/\">\r\n\t\t\t\t\t\t\tMDE Business School\/ PLD 2020: 51 imp\u00e9trants re\u00e7oivent leurs certificats\t\t\t\t\t\t<\/a>\r\n\t\t\t\t\t<\/li>\r\n\t\t\t\t\t\t\t\t\t\t<li>\r\n\t\t\t\t\t\t<a class=\"limit-line\" href=\"https:\/\/www.amanien.info\/news\/lunion-des-radios-de-proximite-de-cote-divoire-urpci-sera-en-assemblee-generale-les-29-et-30-janvier-a-divo-pour-elire-son-nouveau-president\/\">\r\n\t\t\t\t\t\t\tL\u2019union des Radios de proximit\u00e9 de C\u00f4te d\u2019ivoire (URPCI) sera en assembl\u00e9e g\u00e9n\u00e9rale les 29 et 30 Janvier \u00e0 Divo pour \u00e9lire son nouveau Pr\u00e9sident\t\t\t\t\t\t<\/a>\r\n\t\t\t\t\t<\/li>\r\n\t\t\t\t\t\t\t\t\t\t<li>\r\n\t\t\t\t\t\t<a class=\"limit-line\" href=\"https:\/\/www.amanien.info\/news\/minusma-le-secretaire-general-de-l-onu-condamne-l-attaque-contre-les-soldats-ivoiriens\/\">\r\n\t\t\t\t\t\t\tMinusma: Le secr\u00e9taire g\u00e9n\u00e9ral de l&rsquo; ONU condamne l&rsquo; attaque contre les soldats Ivoiriens\t\t\t\t\t\t<\/a>\r\n\t\t\t\t\t<\/li>\r\n\t\t\t\t\t\t\t\t\t\t<li>\r\n\t\t\t\t\t\t<a class=\"limit-line\" href=\"https:\/\/www.amanien.info\/news\/san-pedro-la-competition-de-karate-dotee-de-la-coupe-yebarth-kasse-ce-week-end\/\">\r\n\t\t\t\t\t\t\tSan Pedro: La comp\u00e9tition de karat\u00e9 dot\u00e9e de la coupe Y\u00e9barth Kass\u00e9 ce week-end\t\t\t\t\t\t<\/a>\r\n\t\t\t\t\t<\/li>\r\n\t\t\t\t\t\t\t\t\t\t<li>\r\n\t\t\t\t\t\t<a class=\"limit-line\" href=\"https:\/\/www.amanien.info\/news\/legislatives-du-06-mars-2021-le-president-de-lusd-henri-niava-face-a-la-presse\/\">\r\n\t\t\t\t\t\t\tL\u00e9gislatives du 06 mars 2021\/ Le Pr\u00e9sident de l&rsquo;USD, Henri NiAVA face \u00e0 la presse :<< Nous ne sommes pas concern\u00e9s par ces \u00e9lections l\u00e9gislatives, d'avance fauss\u00e9es, impos\u00e9es par Alassane Ouattara>>\t\t\t\t\t\t<\/a>\r\n\t\t\t\t\t<\/li>\r\n\t\t\t\t\t\t\t\t\t\t<li>\r\n\t\t\t\t\t\t<a class=\"limit-line\" href=\"https:\/\/www.amanien.info\/news\/les-activites-de-linstitut-de-formation-politique-amadou-gon-coulibaly-lancees-ce-vendredi\/\">\r\n\t\t\t\t\t\t\tLes activit\u00e9s de l&rsquo;Institut de Formation Politique Amadou Gon Coulibaly lanc\u00e9es ce vendredi\t\t\t\t\t\t<\/a>\r\n\t\t\t\t\t<\/li>\r\n\t\t\t\t\t\t\t\t\t\t<li>\r\n\t\t\t\t\t\t<a class=\"limit-line\" href=\"https:\/\/www.amanien.info\/news\/san-pedro-nabo-clement-en-lice-pour-les-legislatives-prochaines\/\">\r\n\t\t\t\t\t\t\tSan-Pedro: Nabo Cl\u00e9ment en lice pour les l\u00e9gislatives prochaines\t\t\t\t\t\t<\/a>\r\n\t\t\t\t\t<\/li>\r\n\t\t\t\t\t\t\t\t\t\t<li>\r\n\t\t\t\t\t\t<a class=\"limit-line\" href=\"https:\/\/www.amanien.info\/news\/ceremonie-de-presentation-de-voeux-au-maire-de-sans-pedro\/\">\r\n\t\t\t\t\t\t\tC\u00e9r\u00e9monie de pr\u00e9sentation de v\u0153ux au maire de Sans-P\u00e9dro\t\t\t\t\t\t<\/a>\r\n\t\t\t\t\t<\/li>\r\n\t\t\t\t\t\t\t\t\t\t<li>\r\n\t\t\t\t\t\t<a class=\"limit-line\" href=\"https:\/\/www.amanien.info\/news\/la-premiere-dame-honore-des-humoristes-ivoiriens-primes-a-letranger\/\">\r\n\t\t\t\t\t\t\tLa Premi\u00e8re Dame honore des humoristes ivoiriens prim\u00e9s \u00e0 l\u2019\u00e9tranger\t\t\t\t\t\t<\/a>\r\n\t\t\t\t\t<\/li>\r\n\t\t\t\t\t\t\t\t\t\t<li>\r\n\t\t\t\t\t\t<a class=\"limit-line\" href=\"https:\/\/www.amanien.info\/news\/election-legislative-2021-mesmin-comoe-candidat-dans-le-moronou\/\">\r\n\t\t\t\t\t\t\t\u00c9lection l\u00e9gislative 2021: Mesmin Como\u00e9 candidat dans le Moronou\t\t\t\t\t\t<\/a>\r\n\t\t\t\t\t<\/li>\r\n\t\t\t\t\t\t\t\t\t\t<li>\r\n\t\t\t\t\t\t<a class=\"limit-line\" href=\"https:\/\/www.amanien.info\/news\/voeux-du-nouvel-an-ano-kouao-daniel-president-de-la-federation-des-tradipraticiens-et-naturotherapeutes-de-cote-divoire-que-2021-soit-une-annee-de-sante-et-de-paix\/\">\r\n\t\t\t\t\t\t\tV\u0153ux du nouvel an: Ano Kouao Daniel ( pr\u00e9sident de la f\u00e9d\u00e9ration des tradipraticiens et naturotherapeutes de C\u00f4te d&rsquo;Ivoire):\u00a0\u00bb Que 2021 soit une ann\u00e9e de sant\u00e9 et de paix\u00a0\u00bb\t\t\t\t\t\t<\/a>\r\n\t\t\t\t\t<\/li>\r\n\t\t\t\t\t\t\t\t\t\t<li>\r\n\t\t\t\t\t\t<a class=\"limit-line\" href=\"https:\/\/www.amanien.info\/news\/voeux-du-nouvel-an-pierre-djibril-coulibaly-president-de-la-fedinci-que-chaque-inventeur-puisse-tirer-profit-de-son-invention\/\">\r\n\t\t\t\t\t\t\tV\u0153ux du nouvel an: Pierre Djibril Coulibaly ( pr\u00e9sident de la Fedinci) \u00a0\u00bb Que chaque inventeur puisse tirer profit de son invention\u00a0\u00bb\t\t\t\t\t\t<\/a>\r\n\t\t\t\t\t<\/li>\r\n\t\t\t\t\t\t\t\t\t\t<li>\r\n\t\t\t\t\t\t<a class=\"limit-line\" href=\"https:\/\/www.amanien.info\/news\/conseil-des-ministres-du-6-janvier-le-chef-de-letat-invite-les-membres-du-gouvernement-a-plus-de-proximite-avec-la-population-2\/\">\r\n\t\t\t\t\t\t\tConseil des ministres du 6 janvier: Le chef de l&rsquo;\u00c9tat invite les membres du gouvernement \u00e0 plus de proximit\u00e9 avec la population\t\t\t\t\t\t<\/a>\r\n\t\t\t\t\t<\/li>\r\n\t\t\t\t\t\t\t\t\t\t<li>\r\n\t\t\t\t\t\t<a class=\"limit-line\" href=\"https:\/\/www.amanien.info\/news\/reverend-pasteur-ediemou-blin-jacab-president-de-leglise-du-christianisme-celeste-de-cote-divoire-nous-remercions-tous-ceux-qui-sont-alles-dans-le-sens-de-lap\/\">\r\n\t\t\t\t\t\t\tR\u00e9v\u00e9rend pasteur Ediemou Blin Jacab( Pr\u00e9sident de l\u2019\u00e9glise du christianisme c\u00e9leste de C\u00f4te d\u2019Ivoire): \u00ab\u00a0Nous remercions tous ceux qui sont all\u00e9s dans le sens de l\u2019apaisement\u00a0\u00bb\t\t\t\t\t\t<\/a>\r\n\t\t\t\t\t<\/li>\r\n\t\t\t\t\t\t\t\t\t\t<li>\r\n\t\t\t\t\t\t<a class=\"limit-line\" href=\"https:\/\/www.amanien.info\/news\/31-jeunes-artisans-recoivent-des-attestations-de-fin-de-formation-et-des-equipements-de-travail-a-a-san-pedro\/\">\r\n\t\t\t\t\t\t\t31 jeunes artisans re\u00e7oivent des attestations de fin de formation et des \u00e9quipements de travail \u00e0 A San-Pedro\t\t\t\t\t\t<\/a>\r\n\t\t\t\t\t<\/li>\r\n\t\t\t\t\t\t\t\t\t\t<li>\r\n\t\t\t\t\t\t<a class=\"limit-line\" href=\"https:\/\/www.amanien.info\/news\/le-bilan-et-les-perspectives-de-la-mairie-de-san-pedro-presente-lors-dun-dejeuner-de-presse\/\">\r\n\t\t\t\t\t\t\tLe bilan et les perspectives de la mairie de San-Pedro pr\u00e9sent\u00e9 lors d\u2019un d\u00e9jeuner de presse\t\t\t\t\t\t<\/a>\r\n\t\t\t\t\t<\/li>\r\n\t\t\t\t\t\t\t\t\t\t<li>\r\n\t\t\t\t\t\t<a class=\"limit-line\" href=\"https:\/\/www.amanien.info\/news\/nouvel-an-discours-a-la-nation-du-chef-de-letat-alassane-ouattara\/\">\r\n\t\t\t\t\t\t\tNouvel an: Discours \u00e0 la nation du chef de l&rsquo;\u00c9tat Alassane Ouattara\t\t\t\t\t\t<\/a>\r\n\t\t\t\t\t<\/li>\r\n\t\t\t\t\t\t\t\t\t\t<li>\r\n\t\t\t\t\t\t<a class=\"limit-line\" href=\"https:\/\/www.amanien.info\/news\/pascal-affi-n-guessan-mis-en-liberte-provisoire\/\">\r\n\t\t\t\t\t\t\tPascal Affi N&rsquo; Guessan mis en libert\u00e9 provisoire\t\t\t\t\t\t<\/a>\r\n\t\t\t\t\t<\/li>\r\n\t\t\t\t\t\t\t\t\t\t<li>\r\n\t\t\t\t\t\t<a class=\"limit-line\" href=\"https:\/\/www.amanien.info\/news\/apaisement-du-climat-sociologique-le-president-alassane-ouattara-et-le-president-bedie-continuent-le-dialogue\/\">\r\n\t\t\t\t\t\t\tApaisement du climat sociologique: Le pr\u00e9sident Alassane Ouattara et le pr\u00e9sident Bedi\u00e9 continuent le dialogue\t\t\t\t\t\t<\/a>\r\n\t\t\t\t\t<\/li>\r\n\t\t\t\t\t\t\t\t\t\t<li>\r\n\t\t\t\t\t\t<a class=\"limit-line\" href=\"https:\/\/www.amanien.info\/news\/gala-de-la-fedinci-les-inventeurs-pronent-la-valorisation-des-brevets\/\">\r\n\t\t\t\t\t\t\tGala de la Fedinci: Les inventeurs pr\u00f4nent la valorisation des brevets\t\t\t\t\t\t<\/a>\r\n\t\t\t\t\t<\/li>\r\n\t\t\t\t\t\t\t\t\t\t<li>\r\n\t\t\t\t\t\t<a class=\"limit-line\" href=\"https:\/\/www.amanien.info\/news\/fetes-de-fin-dannee-assahore-en-communion-avec-la-jeunesse-de-languibonou\/\">\r\n\t\t\t\t\t\t\tF\u00eates de fin d\u2019ann\u00e9e\u00a0:ASSAHORE en communion avec la jeunesse de Languibonou\t\t\t\t\t\t<\/a>\r\n\t\t\t\t\t<\/li>\r\n\t\t\t\t\t\t\t\t\t\t<li>\r\n\t\t\t\t\t\t<a class=\"limit-line\" href=\"https:\/\/www.amanien.info\/news\/le-groupe-scolaire-bardot-de-la-ville-de-san-pedro-connaitra-un-plan-de-renovation-de-ses-ecoles-primaires-en-tres-mauvais-etat\/\">\r\n\t\t\t\t\t\t\tLe groupe scolaire bardot de la ville de San-Pedro conna\u00eetra un plan de r\u00e9novation de ses \u00e9coles primaires en tr\u00e8s mauvais \u00e9tat\t\t\t\t\t\t<\/a>\r\n\t\t\t\t\t<\/li>\r\n\t\t\t\t\t\t\t\t\t\t<li>\r\n\t\t\t\t\t\t<a class=\"limit-line\" href=\"https:\/\/www.amanien.info\/news\/communique-du-conseil-des-ministres-du-23-decembre-le-gouvernement-recommande-le-port-du-masque-pour-eviter-la-2eme-vague-de-la-covi19\/\">\r\n\t\t\t\t\t\t\tCommuniqu\u00e9 du conseil des ministres du 23 d\u00e9cembre: Le gouvernement recommande le port du masque pour \u00e9viter la 2\u00e8me vague de la covi19\t\t\t\t\t\t<\/a>\r\n\t\t\t\t\t<\/li>\r\n\t\t\t\t\t\t\t\t\t\t<li>\r\n\t\t\t\t\t\t<a class=\"limit-line\" href=\"https:\/\/www.amanien.info\/news\/elections-a-la-presidence-de-la-caf-le-candidat-jacques-anouma-rassure-je-matelerai-a-la-mise-en-oeuvre-de-mon-projet-ambitieux\/\">\r\n\t\t\t\t\t\t\t\u00c9lections \u00e0 la pr\u00e9sidence de la CAF : Le candidat, Jacques Anouma rassure : \u00a0\u00bb Je m\u2019att\u00e8lerai \u00e0 la mise en \u0153uvre de mon projet  ambitieux\t\t\t\t\t\t<\/a>\r\n\t\t\t\t\t<\/li>\r\n\t\t\t\t\t\t\t\t\t\t<li>\r\n\t\t\t\t\t\t<a class=\"limit-line\" href=\"https:\/\/www.amanien.info\/news\/reprise-du-dialogue-politique-entre-le-pouvoir-et-l-opposition-le-premier-ministre-hamed-bakayoko-parlons-nous-franchement-pour-la-paix\/\">\r\n\t\t\t\t\t\t\tReprise du dialogue politique entre le pouvoir et l&rsquo; opposition: Le premier Ministre Hamed Bakayoko \u00a0\u00bb Parlons nous franchement pour la paix\u00a0\u00bb\t\t\t\t\t\t<\/a>\r\n\t\t\t\t\t<\/li>\r\n\t\t\t\t\t\t\t\t\t\t<li>\r\n\t\t\t\t\t\t<a class=\"limit-line\" href=\"https:\/\/www.amanien.info\/news\/koumassi-arbre-de-noel-le-maire-offre-de-nombreux-cadeaux-aux-enfants\/\">\r\n\t\t\t\t\t\t\tKoumassi\/ Arbre de no\u00ebl: Le Maire offre de nombreux cadeaux aux enfants\t\t\t\t\t\t<\/a>\r\n\t\t\t\t\t<\/li>\r\n\t\t\t\t\t\t\t\t\t\t<li>\r\n\t\t\t\t\t\t<a class=\"limit-line\" href=\"https:\/\/www.amanien.info\/news\/universite-internationale-de-grand-bassam-77-etudiants-recoivent-leurs-diplomes\/\">\r\n\t\t\t\t\t\t\tUniversit\u00e9 internationale de Grand-Bassam: 77 \u00e9tudiants re\u00e7oivent leurs dipl\u00f4mes\t\t\t\t\t\t<\/a>\r\n\t\t\t\t\t<\/li>\r\n\t\t\t\t\t\t\t\t\t\t<li>\r\n\t\t\t\t\t\t<a class=\"limit-line\" href=\"https:\/\/www.amanien.info\/news\/fedinci-le-gala-annuel-se-tient-le-29-septembre\/\">\r\n\t\t\t\t\t\t\tFEDINCI: Le gala annuel se tient le 29 D\u00e9cembre\t\t\t\t\t\t<\/a>\r\n\t\t\t\t\t<\/li>\r\n\t\t\t\t\t\t\t\t\t\t<li>\r\n\t\t\t\t\t\t<a class=\"limit-line\" href=\"https:\/\/www.amanien.info\/news\/sante-le-massif-annonce-une-greve-generale-dans-les-etablissements-sanitaires-publics-du-23-au-25-decembre-2020\/\">\r\n\t\t\t\t\t\t\tSant\u00e9\/Le MASSIF annonce une gr\u00e8ve g\u00e9n\u00e9rale dans les \u00e9tablissements sanitaires publics du 23 au 25 d\u00e9cembre 2020\t\t\t\t\t\t<\/a>\r\n\t\t\t\t\t<\/li>\r\n\t\t\t\t\t\t\t\t\t\t<li>\r\n\t\t\t\t\t\t<a class=\"limit-line\" href=\"https:\/\/www.amanien.info\/news\/palais-presidentielle-le-president-de-la-republique-a-recu-le-president-de-la-commission-de-l-uemoa-et-presidente-de-l-international-liberale\/\">\r\n\t\t\t\t\t\t\tPalais pr\u00e9sidentielle: Le pr\u00e9sident de la R\u00e9publique a re\u00e7u le pr\u00e9sident de la commission de l&rsquo; Uemoa et pr\u00e9sidente de l&rsquo; international Lib\u00e9rale\t\t\t\t\t\t<\/a>\r\n\t\t\t\t\t<\/li>\r\n\t\t\t\t\t\t\t\t\t\t<li>\r\n\t\t\t\t\t\t<a class=\"limit-line\" href=\"https:\/\/www.amanien.info\/news\/reamenagement-du-gouvernement-kouadio-konan-bertin-nomme-ministre-de-la-reconciliation\/\">\r\n\t\t\t\t\t\t\tR\u00e9am\u00e9nagement du gouvernement: Kouadio Konan Bertin nomm\u00e9 ministre de la r\u00e9conciliation\t\t\t\t\t\t<\/a>\r\n\t\t\t\t\t<\/li>\r\n\t\t\t\t\t\t\t\t\t\t<li>\r\n\t\t\t\t\t\t<a class=\"limit-line\" href=\"https:\/\/www.amanien.info\/news\/un-exorciste-revele-lidentite-spirituelle-de-la-ville-de-san-pedro\/\">\r\n\t\t\t\t\t\t\tUn exorciste r\u00e9v\u00e8le l&rsquo;identit\u00e9 spirituelle de la ville de San-Pedro.\t\t\t\t\t\t<\/a>\r\n\t\t\t\t\t<\/li>\r\n\t\t\t\t\t\t\t\t\t\t<li>\r\n\t\t\t\t\t\t<a class=\"limit-line\" href=\"https:\/\/www.amanien.info\/news\/san-pedro-lequipe-bardot-la-bache-remporte-la-1ere-edition-du-tournoi-de-la-fraternite-ousmane-coulibaly\/\">\r\n\t\t\t\t\t\t\tSan-P\u00e9dro : L&rsquo;\u00e9quipe \u00a0\u00bbbardot la b\u00e2che\u00a0\u00bb remporte la 1\u00e8re \u00e9dition du tournoi de la fraternit\u00e9 \u2018\u2018Ousmane Coulibaly\u2019\u2019 .\t\t\t\t\t\t<\/a>\r\n\t\t\t\t\t<\/li>\r\n\t\t\t\t\t\t\t\t\t\t<li>\r\n\t\t\t\t\t\t<a class=\"limit-line\" href=\"https:\/\/www.amanien.info\/news\/investiture-du-president-de-la-republique-alassane-ouattara-nous-devons-relever-le-defi-majeur-du-developpement\/\">\r\n\t\t\t\t\t\t\tInvestiture du pr\u00e9sident de la R\u00e9publique\/ Alassane Ouattara : \u00a0\u00bb Nous devons relever le d\u00e9fi majeur du d\u00e9veloppement\u00a0\u00bb\t\t\t\t\t\t<\/a>\r\n\t\t\t\t\t<\/li>\r\n\t\t\t\t\t\t\t\t\t\t<li>\r\n\t\t\t\t\t\t<a class=\"limit-line\" href=\"https:\/\/www.amanien.info\/news\/developpement-local-les-cadres-de-botro-sunissent-pour-accelerer-le-developpement-de-leur-departement\/\">\r\n\t\t\t\t\t\t\tDEVELOPPEMENT LOCAL :  les Cadres de Botro s\u2019unissent pour acc\u00e9l\u00e9rer le d\u00e9veloppement de leur d\u00e9partement.\t\t\t\t\t\t<\/a>\r\n\t\t\t\t\t<\/li>\r\n\t\t\t\t\t\t\t\t\t\t<li>\r\n\t\t\t\t\t\t<a class=\"limit-line\" href=\"https:\/\/www.amanien.info\/news\/communique-du-conseil-des-ministres-du-9-decembre-la-deuxieme-phase-de-demantelement-tarifaire-avec-l-union-europeenne-adoptee\/\">\r\n\t\t\t\t\t\t\tCommuniqu\u00e9 du conseil des ministres du 9 d\u00e9cembre: La deuxi\u00e8me phase de d\u00e9mant\u00e8lement tarifaire avec l&rsquo; Union Europ\u00e9enne adopt\u00e9e\t\t\t\t\t\t<\/a>\r\n\t\t\t\t\t<\/li>\r\n\t\t\t\t\t\t\t\t\t\t<li>\r\n\t\t\t\t\t\t<a class=\"limit-line\" href=\"https:\/\/www.amanien.info\/news\/lutte-contre-la-covid19-5-millions-de-personnes-seront-vaccinees-gratuitement-a-partir-d-avril-2021\/\">\r\n\t\t\t\t\t\t\tLutte contre la covid19: 5 millions de personnes seront vaccin\u00e9es gratuitement \u00e0 partir d&rsquo; avril 2021\t\t\t\t\t\t<\/a>\r\n\t\t\t\t\t<\/li>\r\n\t\t\t\t\t\t\t\t\t\t<li>\r\n\t\t\t\t\t\t<a class=\"limit-line\" href=\"https:\/\/www.amanien.info\/news\/livoirien-tidjane-thiam-nouveau-gardien-du-capitalisme-inclusif-avec-le-vatican\/\">\r\n\t\t\t\t\t\t\tL&rsquo;Ivoirien Tidjane Thiam, nouveau \u00ab gardien \u00bb du capitalisme inclusif avec le Vatican\t\t\t\t\t\t<\/a>\r\n\t\t\t\t\t<\/li>\r\n\t\t\t\t\t\t\t\t\t\t<li>\r\n\t\t\t\t\t\t<a class=\"limit-line\" href=\"https:\/\/www.amanien.info\/news\/un-comite-de-veille-et-de-suivi-de-la-cohesion-sociale-installe-a-san-pedro\/\">\r\n\t\t\t\t\t\t\tUn comite de veille et de suivi de la coh\u00e9sion sociale install\u00e9 \u00e0 San-Pedro.\t\t\t\t\t\t<\/a>\r\n\t\t\t\t\t<\/li>\r\n\t\t\t\t\t\t\t\t\t\t<li>\r\n\t\t\t\t\t\t<a class=\"limit-line\" href=\"https:\/\/www.amanien.info\/news\/le-communique-de-la-reunion-ordinaire-du-comite-de-politique-monetaire-de-la-bceao-tenue-le-2-decembre-2020\/\">\r\n\t\t\t\t\t\t\tLe communiqu\u00e9 de la r\u00e9union ordinaire du Comit\u00e9 de Politique Mon\u00e9taire de la BCEAO tenue le 2 d\u00e9cembre 2020\t\t\t\t\t\t<\/a>\r\n\t\t\t\t\t<\/li>\r\n\t\t\t\t\t\t\t\t\t\t<li>\r\n\t\t\t\t\t\t<a class=\"limit-line\" href=\"https:\/\/www.amanien.info\/news\/togo-coup-detat-dejoue-plusieurs-personnes-arretees\/\">\r\n\t\t\t\t\t\t\tTogo: coup d&rsquo;Etat d\u00e9jou\u00e9, plusieurs personnes arr\u00eat\u00e9es\t\t\t\t\t\t<\/a>\r\n\t\t\t\t\t<\/li>\r\n\t\t\t\t\t\t\t\t\t\t<li>\r\n\t\t\t\t\t\t<a class=\"limit-line\" href=\"https:\/\/www.amanien.info\/news\/desobeissance-civile-yopougon-des-violences-signalees-a-niangon\/\">\r\n\t\t\t\t\t\t\tD\u00e9sob\u00e9issance civile\/Yopougon : Des violences signal\u00e9es \u00e0 Niangon\t\t\t\t\t\t<\/a>\r\n\t\t\t\t\t<\/li>\r\n\t\t\t\t\t\t\t\t\t\t<li>\r\n\t\t\t\t\t\t<a class=\"limit-line\" href=\"https:\/\/www.amanien.info\/news\/les-agents-de-sante-de-cote-divoire-negliges-veulent-passer-a-la-vitesse-superieure-et-sappretent-a-rendre-rouge-le-mois-de-decembre\/\">\r\n\t\t\t\t\t\t\tLES AGENTS DE SANTE DE C\u00d4TE D\u2019IVOIRE NEGLIGES VEULENT PASSER A LA VITESSE SUPERIEURE ET S\u2019APPR\u00caTENT \u00a0A RENDRE ROUGE, LE MOIS DE DECEMBRE\t\t\t\t\t\t<\/a>\r\n\t\t\t\t\t<\/li>\r\n\t\t\t\t\t\t\t\t\t\t<li>\r\n\t\t\t\t\t\t<a class=\"limit-line\" href=\"https:\/\/www.amanien.info\/news\/le-conseiller-aux-droits-de-lhomme-kouassi-alfred-exhorte-les-personnes-handicapees-a-sapproprier-le-projet-de-societe-la-cote-divoire-solidaire\/\">\r\n\t\t\t\t\t\t\tLe conseiller aux droits de l&rsquo;homme, Kouassi Alfred exhorte les personnes handicap\u00e9es \u00e0 s&rsquo;approprier le projet de soci\u00e9t\u00e9\u00a0\u00bb la C\u00f4te d&rsquo;Ivoire solidaire\u00a0\u00bb\t\t\t\t\t\t<\/a>\r\n\t\t\t\t\t<\/li>\r\n\t\t\t\t\t\t\t\t\t\t<li>\r\n\t\t\t\t\t\t<a class=\"limit-line\" href=\"https:\/\/www.amanien.info\/news\/40eme-fete-des-moissons-de-la-paroisse-saint-raphael-pasteur-ediemou-la-cote-divoire-est-sous-l-autorite-de-dieu\/\">\r\n\t\t\t\t\t\t\t40\u00e8me f\u00eate des moissons de la paroisse Saint Rapha\u00ebl: Pasteur Ediemou: \u00a0\u00bb La C\u00f4te d&rsquo;Ivoire est sous l&rsquo; autorit\u00e9 de Dieu\u00a0\u00bb\t\t\t\t\t\t<\/a>\r\n\t\t\t\t\t<\/li>\r\n\t\t\t\t\t\t\t\t\t\t<li>\r\n\t\t\t\t\t\t<a class=\"limit-line\" href=\"https:\/\/www.amanien.info\/news\/affaire-stop-a-la-desobeissance-civile-et-place-au-dialogue-le-president-de-la-jpdci-urbaine-valentin-kouassi-formel\/\">\r\n\t\t\t\t\t\t\tAffaire\u00a0\u00bb stop \u00e0 la d\u00e9sob\u00e9issance civile et place au dialogue\u00a0\u00bb\/ Le Pr\u00e9sident de la JPDCI urbaine, Valentin Kouassi formel : << (...) Le mot d'ordre de d\u00e9sob\u00e9issance civile lanc\u00e9 par le Pr\u00e9sident B\u00e9di\u00e9 est et demeure en vigueur>>\t\t\t\t\t\t<\/a>\r\n\t\t\t\t\t<\/li>\r\n\t\t\t\t\t\t\t\t\t\t<li>\r\n\t\t\t\t\t\t<a class=\"limit-line\" href=\"https:\/\/www.amanien.info\/news\/communique-du-conseil-des-ministres-du-25-novembre-obligation-aux-partis-politiques-de-presenter-un-minimum-de-30-de-femmes-lors-des-elections\/\">\r\n\t\t\t\t\t\t\tCommuniqu\u00e9 du conseil des ministres du 25 novembre: Obligation aux partis politiques de pr\u00e9senter un minimum de 30% de femmes lors des \u00e9lections\t\t\t\t\t\t<\/a>\r\n\t\t\t\t\t<\/li>\r\n\t\t\t\t\t\t\t\t\t\t<li>\r\n\t\t\t\t\t\t<a class=\"limit-line\" href=\"https:\/\/www.amanien.info\/news\/declaration-de-l-ambassadeur-des-etats-unis-en-cote-divoire-en-2020-la-violence-a-l-egard-des-femmes-et-des-filles-a-augmente\/\">\r\n\t\t\t\t\t\t\tD\u00e9claration de l&rsquo; Ambassadeur des \u00c9tats-Unis en C\u00f4te d&rsquo;Ivoire: \u00a0\u00bb En 2020 la violence \u00e0 l&rsquo; \u00e9gard des femmes et des filles a augment\u00e9\u00a0\u00bb\t\t\t\t\t\t<\/a>\r\n\t\t\t\t\t<\/li>\r\n\t\t\t\t\t\t\t\t\t\t<li>\r\n\t\t\t\t\t\t<a class=\"limit-line\" href=\"https:\/\/www.amanien.info\/news\/situation-sociopolitique-le-president-henri-konan-bedie-a-echange-avec-le-mediateur-de-la-republique\/\">\r\n\t\t\t\t\t\t\tSituation sociopolitique: Le pr\u00e9sident Henri Konan B\u00e9di\u00e9 a \u00e9chang\u00e9 avec le m\u00e9diateur de la R\u00e9publique\t\t\t\t\t\t<\/a>\r\n\t\t\t\t\t<\/li>\r\n\t\t\t\t\t\t\t\t\t\t<li>\r\n\t\t\t\t\t\t<a class=\"limit-line\" href=\"https:\/\/www.amanien.info\/news\/eglise-du-christianisme-celeste-la-paroisse-saint-raphael-celebre-sa-40eme-fete-des-moissons\/\">\r\n\t\t\t\t\t\t\t\u00c9glise du christianisme c\u00e9leste: La paroisse Saint Rapha\u00ebl c\u00e9l\u00e8bre sa 40\u00e8me f\u00eate des moissons\t\t\t\t\t\t<\/a>\r\n\t\t\t\t\t<\/li>\r\n\t\t\t\t\t\t\t\t\t\t<li>\r\n\t\t\t\t\t\t<a class=\"limit-line\" href=\"https:\/\/www.amanien.info\/news\/lonpc-forme-178-pompiers-civils-a-san-pedro\/\">\r\n\t\t\t\t\t\t\tL\u2019ONPC forme 178 pompiers civils \u00e0 San-Pedro\t\t\t\t\t\t<\/a>\r\n\t\t\t\t\t<\/li>\r\n\t\t\t\t\t\t\t\t\t\t<li>\r\n\t\t\t\t\t\t<a class=\"limit-line\" href=\"https:\/\/www.amanien.info\/news\/mandat-darret-contre-guillaume-soro-le-communique-du-collectif-de-ses-avocats\/\">\r\n\t\t\t\t\t\t\tMandat d\u2019arr\u00eat contre Guillaume Soro : le communiqu\u00e9 du collectif de ses Avocats\t\t\t\t\t\t<\/a>\r\n\t\t\t\t\t<\/li>\r\n\t\t\t\t\t\t\t\t\t\t<li>\r\n\t\t\t\t\t\t<a class=\"limit-line\" href=\"https:\/\/www.amanien.info\/news\/communique-di-conseil-des-ministres-du-18-novembre-la-croissance-economique-situee-a-18-en-2020\/\">\r\n\t\t\t\t\t\t\tCommuniqu\u00e9 di conseil des ministres du 18 novembre: La croissance \u00e9conomique situ\u00e9e \u00e0 1,8% en 2020\t\t\t\t\t\t<\/a>\r\n\t\t\t\t\t<\/li>\r\n\t\t\t\t\t\t\t\t\t\t<li>\r\n\t\t\t\t\t\t<a class=\"limit-line\" href=\"https:\/\/www.amanien.info\/news\/situation-sociopolitique-reverend-ediemou-blin-jacob-je-remercie-dieu-parce-que-alassane-a-tendu-la-main-a-son-grand-frere-bedie\/\">\r\n\t\t\t\t\t\t\tSituation sociopolitique: R\u00e9v\u00e9rend Ediemou Blin Jacob: \u00a0\u00bb Je remercie Dieu parce que Alassane a tendu la main \u00e0 son grand fr\u00e8re B\u00e9di\u00e9\u00a0\u00bb\t\t\t\t\t\t<\/a>\r\n\t\t\t\t\t<\/li>\r\n\t\t\t\t\t\t\t\t\t\t<li>\r\n\t\t\t\t\t\t<a class=\"limit-line\" href=\"https:\/\/www.amanien.info\/news\/presidentielle-du-31-octobre-2020-desobeissance-civile-alassane-ouattara\/\">\r\n\t\t\t\t\t\t\tPr\u00e9sidentielle du 31 octobre 2020, d\u00e9sob\u00e9issance civile\/ Alassane Ouattara : << Ce n'est pas normal d'emp\u00eacher les ivoiriens de voter. En tout cas, je suis r\u00e9volt\u00e9>>\t\t\t\t\t\t<\/a>\r\n\t\t\t\t\t<\/li>\r\n\t\t\t\t\t\t\t\t\t\t<li>\r\n\t\t\t\t\t\t<a class=\"limit-line\" href=\"https:\/\/www.amanien.info\/news\/journee-nationale-de-la-paix-declaration-du-gouvernement\/\">\r\n\t\t\t\t\t\t\tJourn\u00e9e nationale de la paix: D\u00e9claration du gouvernement\t\t\t\t\t\t<\/a>\r\n\t\t\t\t\t<\/li>\r\n\t\t\t\t\t\t\t\t\t\t<li>\r\n\t\t\t\t\t\t<a class=\"limit-line\" href=\"https:\/\/www.amanien.info\/news\/dialogue-politique-le-peuple-doit-faire-confiance-au-president-bedie\/\">\r\n\t\t\t\t\t\t\tDialogue politique: Le peuple doit faire confiance au pr\u00e9sident B\u00e9di\u00e9\t\t\t\t\t\t<\/a>\r\n\t\t\t\t\t<\/li>\r\n\t\t\t\t\t\t\t\t\t\t<li>\r\n\t\t\t\t\t\t<a class=\"limit-line\" href=\"https:\/\/www.amanien.info\/news\/decrispation-du-climat-sociopolitique-les-presidents-alassane-ouattara-et-henri-konan-bedie-se-sont-rencontres\/\">\r\n\t\t\t\t\t\t\tD\u00e9crispation du climat sociopolitique: Les pr\u00e9sidents Alassane Ouattara et Henri Konan Bedi\u00e9 se sont rencontr\u00e9s\t\t\t\t\t\t<\/a>\r\n\t\t\t\t\t<\/li>\r\n\t\t\t\t\t\t\t\t\t\t<li>\r\n\t\t\t\t\t\t<a class=\"limit-line\" href=\"https:\/\/www.amanien.info\/news\/situation-sociopolitique-le-pdci-annonce-l-allegement-du-dispositif-securitaire-autour-de-son-siege\/\">\r\n\t\t\t\t\t\t\tSituation sociopolitique: Le PDCI annonce l&rsquo; all\u00e8gement du dispositif s\u00e9curitaire autour de son si\u00e8ge\t\t\t\t\t\t<\/a>\r\n\t\t\t\t\t<\/li>\r\n\t\t\t\t\t\t\t\t\t\t<li>\r\n\t\t\t\t\t\t<a class=\"limit-line\" href=\"https:\/\/www.amanien.info\/news\/election-presidentielle-le-constitutionnel-constitutionnel-confirme-la-victoire-d-alassane-ouattara\/\">\r\n\t\t\t\t\t\t\t\u00c9lection pr\u00e9sidentielle: Le constitutionnel constitutionnel confirme la victoire d&rsquo; Alassane Ouattara\t\t\t\t\t\t<\/a>\r\n\t\t\t\t\t<\/li>\r\n\t\t\t\t\t\t\t\t\t\t<li>\r\n\t\t\t\t\t\t<a class=\"limit-line\" href=\"https:\/\/www.amanien.info\/news\/declaration-de-lacepnuci-suite-a-la-sequestration-du-journaliste-alex-yao-hallan-dans-lexercice-de-ses-fonctions\/\">\r\n\t\t\t\t\t\t\tD\u00e9claration de l\u2019ACEPNUCI, suite \u00e0 la s\u00e9questration du journaliste, Alex Yao Hallan, dans l\u2019exercice de ses fonctions\t\t\t\t\t\t<\/a>\r\n\t\t\t\t\t<\/li>\r\n\t\t\t\t\t\t\t\t\t\t<li>\r\n\t\t\t\t\t\t<a class=\"limit-line\" href=\"https:\/\/www.amanien.info\/news\/processus-electoral-cisse-bacongo-je-demande-aux-ivoiriens-de-rester-sereins\/\">\r\n\t\t\t\t\t\t\tProcessus \u00e9lectoral: Ciss\u00e9 Bacongo:\u00a0\u00bb Je demande aux Ivoiriens de rester sereins\u00a0\u00bb\t\t\t\t\t\t<\/a>\r\n\t\t\t\t\t<\/li>\r\n\t\t\t\t\t\t\t\t\t\t<li>\r\n\t\t\t\t\t\t<a class=\"limit-line\" href=\"https:\/\/www.amanien.info\/news\/crise-politique-des-ambassadeurs-echangent-avec-le-president-bedie\/\">\r\n\t\t\t\t\t\t\tCrise politique: Des ambassadeurs \u00e9changent avec le pr\u00e9sident Bedi\u00e9\t\t\t\t\t\t<\/a>\r\n\t\t\t\t\t<\/li>\r\n\t\t\t\t\t\t\t\t\t\t<li>\r\n\t\t\t\t\t\t<a class=\"limit-line\" href=\"https:\/\/www.amanien.info\/news\/situation-sociopolitique-le-president-laurent-gbagbo-demande-au-premier-ministre-de-favoriser-le-dialogue\/\">\r\n\t\t\t\t\t\t\tSituation sociopolitique: Le pr\u00e9sident Laurent Gbagbo demande au premier ministre de favoriser le dialogue\t\t\t\t\t\t<\/a>\r\n\t\t\t\t\t<\/li>\r\n\t\t\t\t\t\t\t\t\t\t<li>\r\n\t\t\t\t\t\t<a class=\"limit-line\" href=\"https:\/\/www.amanien.info\/news\/processus-electoral-mamadou-sanogo-le-taux-de-participation-est-satisfaisant\/\">\r\n\t\t\t\t\t\t\tProcessus \u00e9lectoral: Mamadou Sanogo:\u00a0\u00bb\u00a0 Le taux de participation est satisfaisant\u00a0\u00bb\t\t\t\t\t\t<\/a>\r\n\t\t\t\t\t<\/li>\r\n\t\t\t\t\t\t\t\t\t\t<li>\r\n\t\t\t\t\t\t<a class=\"limit-line\" href=\"https:\/\/www.amanien.info\/news\/election-presidentielle-2020-le-president-de-la-cei-donne-vainqueur-alassane-ouattara\/\">\r\n\t\t\t\t\t\t\t\u00c9lection pr\u00e9sidentielle 2020: Le pr\u00e9sident de la Cei donne vainqueur Alassane Ouattara\t\t\t\t\t\t<\/a>\r\n\t\t\t\t\t<\/li>\r\n\t\t\t\t\t\t\t\t\t\t<li>\r\n\t\t\t\t\t\t<a class=\"limit-line\" href=\"https:\/\/www.amanien.info\/news\/le-conseil-national-de-transition-cnt-preside-par-henri-konan-bedie-annonce-la-formation-dun-gouvernement-de-transition-dans-les-toutes-prochaines-heures\/\">\r\n\t\t\t\t\t\t\tLe conseil national de transition (CNT) pr\u00e9sid\u00e9 par Henri Konan B\u00e9di\u00e9 annonce la formation d&rsquo;un gouvernement de transition dans les toutes prochaines heures\t\t\t\t\t\t<\/a>\r\n\t\t\t\t\t<\/li>\r\n\t\t\t\t\t\t\t\t\t\t<li>\r\n\t\t\t\t\t\t<a class=\"limit-line\" href=\"https:\/\/www.amanien.info\/news\/point-de-presse-des-partis-de-lopposition-lu-par-le-president-affi-nguessan\/\">\r\n\t\t\t\t\t\t\tPOINT DE PRESSE DES PARTIS DE L&rsquo;OPPOSITION, LU PAR LE PR\u00c9SIDENT AFFI N&rsquo;GUESSAN\t\t\t\t\t\t<\/a>\r\n\t\t\t\t\t<\/li>\r\n\t\t\t\t\t\t\t\t\t\t<li>\r\n\t\t\t\t\t\t<a class=\"limit-line\" href=\"https:\/\/www.amanien.info\/news\/election-presidentielle-le-president-alassane-ouattara-a-vote-au-lycee-sainte-marie\/\">\r\n\t\t\t\t\t\t\t\u00c9lection pr\u00e9sidentielle: Le pr\u00e9sident Alassane Ouattara a vot\u00e9 au lyc\u00e9e Sainte Marie\t\t\t\t\t\t<\/a>\r\n\t\t\t\t\t<\/li>\r\n\t\t\t\t\t\t\t\t\t\t<li>\r\n\t\t\t\t\t\t<a class=\"limit-line\" href=\"https:\/\/www.amanien.info\/news\/election-presidentielle-2020-madame-simone-ehivet-releve-lurgence-de-la-mise-en-place-dun-gouvernement-de-transition\/\">\r\n\t\t\t\t\t\t\t\u00e9lection pr\u00e9sidentielle 2020: MADAME SIMONE EHIVET REL\u00c8VE L\u2019URGENCE DE LA MISE EN PLACE D\u2019UN GOUVERNEMENT DE TRANSITION\t\t\t\t\t\t<\/a>\r\n\t\t\t\t\t<\/li>\r\n\t\t\t\t\t\t\t\t\t\t<li>\r\n\t\t\t\t\t\t<a class=\"limit-line\" href=\"https:\/\/www.amanien.info\/news\/cloture-de-la-campagne-electorale-a-koumassi-les-militants-invites-a-aller-voter-dans-la-paix\/\">\r\n\t\t\t\t\t\t\tCl\u00f4ture de la campagne \u00e9lectorale \u00e0 Koumassi: Les militants invit\u00e9s \u00e0 aller voter dans la paix\t\t\t\t\t\t<\/a>\r\n\t\t\t\t\t<\/li>\r\n\t\t\t\t\t\t\t\t\t\t<li>\r\n\t\t\t\t\t\t<a class=\"limit-line\" href=\"https:\/\/www.amanien.info\/news\/a-3-jours-de-la-presidentielle-lex-pro-guillaume-soro-soro-kanigui-appelle-ses-partisans-et-sympathisants-a-soutenir-ouattara\/\">\r\n\t\t\t\t\t\t\tA 3 jours de la pr\u00e9sidentielle, L&rsquo;ex-pro Guillaume Soro, Soro Kanigui appelle ses partisans et sympathisants  \u00e0 soutenir Ouattara\t\t\t\t\t\t<\/a>\r\n\t\t\t\t\t<\/li>\r\n\t\t\t\t\t\t\t\t\t\t<li>\r\n\t\t\t\t\t\t<a class=\"limit-line\" href=\"https:\/\/www.amanien.info\/news\/situation-sociopolitique-en-cote-divoire-la-societe-civile-invite-le-pouvoir-et-lopposition-au-dialogue-pour-eviter-une-autre-crise-a-la-cote-divoire\/\">\r\n\t\t\t\t\t\t\tSITUATION SOCIOPOLITIQUE EN C\u00d4TE D\u2019IVOIRE: LA SOCI\u00c9T\u00c9 CIVILE INVITE LE POUVOIR ET L\u2019OPPOSITION AU DIALOGUE POUR \u00c9VITER UNE AUTRE CRISE A LA COTE D\u2019IVOIRE\t\t\t\t\t\t<\/a>\r\n\t\t\t\t\t<\/li>\r\n\t\t\t\t\t\t\t\t\t\t<li>\r\n\t\t\t\t\t\t<a class=\"limit-line\" href=\"https:\/\/www.amanien.info\/news\/obseques-du-ministre-sidiki-diakite-le-defunt-fait-commandeur-de-l-ordre-national\/\">\r\n\t\t\t\t\t\t\tObs\u00e8ques du ministre Sidiki Diakit\u00e9: Le d\u00e9funt fait commandeur de l&rsquo; ordre national\t\t\t\t\t\t<\/a>\r\n\t\t\t\t\t<\/li>\r\n\t\t\t\t\t\t\t\t\t\t<li>\r\n\t\t\t\t\t\t<a class=\"limit-line\" href=\"https:\/\/www.amanien.info\/news\/developpement-economique-la-fedinci-et-l-ascad-plaident-pour-l-industrialisation-de-la-cote-divoire\/\">\r\n\t\t\t\t\t\t\tD\u00e9veloppement \u00e9conomique: La Fedinci et l&rsquo; Ascad plaident pour l&rsquo; industrialisation de la C\u00f4te d&rsquo;Ivoire\t\t\t\t\t\t<\/a>\r\n\t\t\t\t\t<\/li>\r\n\t\t\t\t\t\t\t\t\t\t<li>\r\n\t\t\t\t\t\t<a class=\"limit-line\" href=\"https:\/\/www.amanien.info\/news\/la-cei-a-initie-a-san-pedro-une-rencontre-de-sensibilisation-sur-le-mode-operatoire-du-scrutin-du-31-octobre\/\">\r\n\t\t\t\t\t\t\tLa CEI, a initi\u00e9 \u00e0 San-Pedro une rencontre de sensibilisation sur le mode op\u00e9ratoire du scrutin du 31 octobre\t\t\t\t\t\t<\/a>\r\n\t\t\t\t\t<\/li>\r\n\t\t\t\t\t\t\t\t\t\t<li>\r\n\t\t\t\t\t\t<a class=\"limit-line\" href=\"https:\/\/www.amanien.info\/news\/deces-du-ministre-de-l-administration-du-territoire-sidiki-diakite\/\">\r\n\t\t\t\t\t\t\tD\u00e9c\u00e8s du ministre de l&rsquo; administration du territoire Sidiki Diakit\u00e9\t\t\t\t\t\t<\/a>\r\n\t\t\t\t\t<\/li>\r\n\t\t\t\t\t\t\t\t\t\t<li>\r\n\t\t\t\t\t\t<a class=\"limit-line\" href=\"https:\/\/www.amanien.info\/news\/interview-avec-pr-adoubi-innocent-chef-de-service-cancerologie-au-chu-de-treichville-et-directeur-coordonnateur-du-programme-national-de-lutte-contre-le-cancer-pnlca\/\">\r\n\t\t\t\t\t\t\tInterview avec Pr ADOUBI INNOCENT (Chef de service canc\u00e9rologie au CHU de Treichville et Directeur-coordonnateur du Programme National de Lutte contre le Cancer (PNLCa)\t\t\t\t\t\t<\/a>\r\n\t\t\t\t\t<\/li>\r\n\t\t\t\t\t\t\t\t\t\t<li>\r\n\t\t\t\t\t\t<a class=\"limit-line\" href=\"https:\/\/www.amanien.info\/news\/election-presidentielle-en-cote-divoire-voici-la-note-qui-decline-les-propositions-faites-a-lopposition\/\">\r\n\t\t\t\t\t\t\t\u00c9lection Pr\u00e9sidentielle en C\u00f4te d&rsquo;ivoire: Voici la note qui d\u00e9cline les propositions faites \u00e0 l&rsquo;opposition\t\t\t\t\t\t<\/a>\r\n\t\t\t\t\t<\/li>\r\n\t\t\t\t\t\t\t\t\t\t<li>\r\n\t\t\t\t\t\t<a class=\"limit-line\" href=\"https:\/\/www.amanien.info\/news\/on-sachemine-vers-le-report-de-la-presidentielle\/\">\r\n\t\t\t\t\t\t\tOn s\u2019achemine vers le report de la pr\u00e9sidentielle ?\t\t\t\t\t\t<\/a>\r\n\t\t\t\t\t<\/li>\r\n\t\t\t\t\t\t\t\t\t\t<li>\r\n\t\t\t\t\t\t<a class=\"limit-line\" href=\"https:\/\/www.amanien.info\/news\/situation-de-la-campagne-electorale-a-san-pedro\/\">\r\n\t\t\t\t\t\t\tSituation de la campagne \u00e9lectorale \u00e0 San-Pedro\t\t\t\t\t\t<\/a>\r\n\t\t\t\t\t<\/li>\r\n\t\t\t\t\t\t\t\t\t\t<li>\r\n\t\t\t\t\t\t<a class=\"limit-line\" href=\"https:\/\/www.amanien.info\/news\/koumassi-lancement-de-la-campagne-electorale-le-maire-cisse-bacongo-veut-90-de-suffrages-et-de-taux-de-participation\/\">\r\n\t\t\t\t\t\t\tKoumassi\/ lancement de la campagne \u00e9lectorale: Le Maire Ciss\u00e9 Bacongo veut 90 %\u00a0 de suffrages et de taux de participation\t\t\t\t\t\t<\/a>\r\n\t\t\t\t\t<\/li>\r\n\t\t\t\t\t\t\t\t\t\t<li>\r\n\t\t\t\t\t\t<a class=\"limit-line\" href=\"https:\/\/www.amanien.info\/news\/crise-electorale-en-afrique-de-louest-alioune-tine-denonce-la-couardise-de-la-cedeao-et-de-lua\/\">\r\n\t\t\t\t\t\t\tCrise \u00e9lectorale en Afrique de l\u2019Ouest \/ Alioune Tine d\u00e9nonce la couardise de la CEDEAO et de l\u2019UA\t\t\t\t\t\t<\/a>\r\n\t\t\t\t\t<\/li>\r\n\t\t\t\t\t\t\t\t\t\t<li>\r\n\t\t\t\t\t\t<a class=\"limit-line\" href=\"https:\/\/www.amanien.info\/news\/election-presidentielle-mission-de-la-cedeao-la-mission-note-la-persistance-des-points-de-divergence-sur-le-processus-electoral\/\">\r\n\t\t\t\t\t\t\t\u00c9lection pr\u00e9sidentielle\/Mission de la Cedeao: \u00ab\u00a0La mission note la persistance des points de divergence sur le processus \u00e9lectoral\u00a0\u00bb\t\t\t\t\t\t<\/a>\r\n\t\t\t\t\t<\/li>\r\n\t\t\t\t\t\t\t\t\t\t<li>\r\n\t\t\t\t\t\t<a class=\"limit-line\" href=\"https:\/\/www.amanien.info\/news\/le-senateur-yebarth-justin-offre-2500-tables-bancs-aux-iepp-de-la-region-de-san-pedro\/\">\r\n\t\t\t\t\t\t\tLe S\u00e9nateur Y\u00e9barth Justin offre 2500 tables-bancs aux IEPP de la r\u00e9gion de San-Pedro\t\t\t\t\t\t<\/a>\r\n\t\t\t\t\t<\/li>\r\n\t\t\t\t\t\t\t\t\t\t<li>\r\n\t\t\t\t\t\t<a class=\"limit-line\" href=\"https:\/\/www.amanien.info\/news\/la-delegation-de-la-cedeao-accueillie-par-une-grande-foule-chez-le-president-bedie\/\">\r\n\t\t\t\t\t\t\tLa d\u00e9l\u00e9gation de la Cedeao accueillie par une grande foule chez le Pr\u00e9sident B\u00e9di\u00e9\t\t\t\t\t\t<\/a>\r\n\t\t\t\t\t<\/li>\r\n\t\t\t\t\t\t\t\t\t\t<li>\r\n\t\t\t\t\t\t<a class=\"limit-line\" href=\"https:\/\/www.amanien.info\/news\/election-presidentielle-du-31-octobre-l-opposition-demande-a-ses-militants-de-s-abstenir-du-processus-electoral\/\">\r\n\t\t\t\t\t\t\t\u00c9lection pr\u00e9sidentielle du 31 octobre: L&rsquo; opposition demande \u00e0 ses militants de s&rsquo; abstenir du processus \u00e9lectoral\t\t\t\t\t\t<\/a>\r\n\t\t\t\t\t<\/li>\r\n\t\t\t\t\t\t\t\t\t\t<li>\r\n\t\t\t\t\t\t<a class=\"limit-line\" href=\"https:\/\/www.amanien.info\/news\/campagne-electorale-2020-le-projet-de-societe-du-candidat-du-rhdp-presente\/\">\r\n\t\t\t\t\t\t\tCampagne \u00e9lectorale 2020: Le projet de soci\u00e9t\u00e9 du candidat du RHDP pr\u00e9sent\u00e9\t\t\t\t\t\t<\/a>\r\n\t\t\t\t\t<\/li>\r\n\t\t\t\t\t\t\t\t\t\t<li>\r\n\t\t\t\t\t\t<a class=\"limit-line\" href=\"https:\/\/www.amanien.info\/news\/une-ivoiro-americaine-invite-ses-soeurs-a-une-marche-pour-preserver-la-paix-et-la-cohesion-sociale\/\">\r\n\t\t\t\t\t\t\tUNE IVOIRO-am\u00e9ricaine INVITE SES S\u0152URS A UNE MARCHE\u00a0POUR PR\u00c9SERVER LA PAIX ET LA COH\u00c9SION SOCIALE\t\t\t\t\t\t<\/a>\r\n\t\t\t\t\t<\/li>\r\n\t\t\t\t\t\t\t\t\t\t<li>\r\n\t\t\t\t\t\t<a class=\"limit-line\" href=\"https:\/\/www.amanien.info\/news\/le-premier-ministre-hamed-bakayoko-inaugure-les-tours-a-et-b-de-la-cite-administrative-apres-rehabilitation\/\">\r\n\t\t\t\t\t\t\tLe premier ministre Hamed Bakayoko inaugure les tours A et B de la cit\u00e9 administrative apr\u00e8s r\u00e9habilitation\t\t\t\t\t\t<\/a>\r\n\t\t\t\t\t<\/li>\r\n\t\t\t\t\t\t\t\t\t\t<li>\r\n\t\t\t\t\t\t<a class=\"limit-line\" href=\"https:\/\/www.amanien.info\/news\/atelier-presse-la-croix-rouge-instruit-les-journalistes-sur-ses-missions\/\">\r\n\t\t\t\t\t\t\tAtelier presse: La Croix-Rouge instruit les journalistes sur ses missions\t\t\t\t\t\t<\/a>\r\n\t\t\t\t\t<\/li>\r\n\t\t\t\t\t\t\t\t\t\t<li>\r\n\t\t\t\t\t\t<a class=\"limit-line\" href=\"https:\/\/www.amanien.info\/news\/retrait-des-cartes-delecteurs-une-faible-affluence-de-loperation-a-san-pedro\/\">\r\n\t\t\t\t\t\t\tRetrait des cartes d&rsquo;\u00e9lecteurs: Une faible affluence de l&rsquo;op\u00e9ration \u00e0 San-Pedro\t\t\t\t\t\t<\/a>\r\n\t\t\t\t\t<\/li>\r\n\t\t\t\t\t\t\t\t\t\t<li>\r\n\t\t\t\t\t\t<a class=\"limit-line\" href=\"https:\/\/www.amanien.info\/news\/un-mouvement-de-soutien-a-la-canditature-dalassane-ouattara-est-ne-a-san-pedro\/\">\r\n\t\t\t\t\t\t\tUn mouvement de soutien \u00e0 la canditature d&rsquo;Alassane Ouattara est n\u00e9 \u00e0 San-Pedro.\t\t\t\t\t\t<\/a>\r\n\t\t\t\t\t<\/li>\r\n\t\t\t\t\t\t\t\t\t\t<li>\r\n\t\t\t\t\t\t<a class=\"limit-line\" href=\"https:\/\/www.amanien.info\/news\/les-journalistes-et-correspondants-regionaux-en-formation-a-yamoussoukro\/\">\r\n\t\t\t\t\t\t\tLes journalistes et correspondants r\u00e9gionaux en formation \u00e0 Yamoussoukro\t\t\t\t\t\t<\/a>\r\n\t\t\t\t\t<\/li>\r\n\t\t\t\t\t\t\t\t\t\t<li>\r\n\t\t\t\t\t\t<a class=\"limit-line\" href=\"https:\/\/www.amanien.info\/news\/koumassi-inauguration-du-marche-dje-konan-le-maire-cisse-bacongo-avec-la-volonte-tout-est-possible\/\">\r\n\t\t\t\t\t\t\tKoumassi\/ inauguration du march\u00e9 Dj\u00ea Konan: Le Maire Ciss\u00e9 Bacongo \u00a0\u00bb Avec la volont\u00e9 tout est possible\u00a0\u00bb\t\t\t\t\t\t<\/a>\r\n\t\t\t\t\t<\/li>\r\n\t\t\t\t\t\t\t\t\t\t<li>\r\n\t\t\t\t\t\t<a class=\"limit-line\" href=\"https:\/\/www.amanien.info\/news\/hommes-de-medias-et-societe-civile-main-dans-la-main-pour-sensibiliser-sur-les-cancers-de-lenfant\/\">\r\n\t\t\t\t\t\t\tHommes de m\u00e9dias et soci\u00e9t\u00e9 civile main dans la main\u00a0pour sensibiliser sur les cancers de l\u2019enfant\t\t\t\t\t\t<\/a>\r\n\t\t\t\t\t<\/li>\r\n\t\t\t\t\t\t\t\t\t\t<li>\r\n\t\t\t\t\t\t<a class=\"limit-line\" href=\"https:\/\/www.amanien.info\/news\/medias-election-presidentielle-le-gepci-pressente-officiellement-la-charte-des-editeurs-de-presse-pour-des-elections-apaisees\/\">\r\n\t\t\t\t\t\t\tM\u00c9DIAS\/\u00e9lection pr\u00e9sidentielle : LE GEPCI PRESSENTE OFFICIELLEMENT LA CHARTE DES \u00c9DITEURS DE PRESSE POUR DES ELECTIONS APAIS\u00c9ES\t\t\t\t\t\t<\/a>\r\n\t\t\t\t\t<\/li>\r\n\t\t\t\t\t\t\t\t\t\t<li>\r\n\t\t\t\t\t\t<a class=\"limit-line\" href=\"https:\/\/www.amanien.info\/news\/visite-du-chef-de-l-etat-a-odienne-une-rencontre-prevue-avec-les-cadres\/\">\r\n\t\t\t\t\t\t\tVisite du chef de l&rsquo; \u00c9tat \u00e0 Odienn\u00e9: Une rencontre pr\u00e9vue avec les cadres\t\t\t\t\t\t<\/a>\r\n\t\t\t\t\t<\/li>\r\n\t\t\t\t\t\t\t\t\t\t<li>\r\n\t\t\t\t\t\t<a class=\"limit-line\" href=\"https:\/\/www.amanien.info\/news\/meeting-de-la-plateforme-des-partis-politiques-de-lopposition-le-president-henri-konan-bedie-sollicite-l-onu\/\">\r\n\t\t\t\t\t\t\tMeeting de la plateforme des partis politiques de l&rsquo;opposition: Le pr\u00e9sident Henri Konan Bedi\u00e9 sollicite l&rsquo; ONU\t\t\t\t\t\t<\/a>\r\n\t\t\t\t\t<\/li>\r\n\t\t\t\t\t\t\t\t\t\t<li>\r\n\t\t\t\t\t\t<a class=\"limit-line\" href=\"https:\/\/www.amanien.info\/news\/presidentielles-du-31-octobre-le-reverend-pasteur-ediemou-il-faut-que-tous-les-candidats-retenus-aillent-aux-elections\/\">\r\n\t\t\t\t\t\t\tPr\u00e9sidentielles du 31 octobre: Le r\u00e9v\u00e9rend Pasteur Ediemou \u00a0\u00bb Il faut que tous les candidats retenus aillent aux \u00e9lections\u00a0\u00bb\t\t\t\t\t\t<\/a>\r\n\t\t\t\t\t<\/li>\r\n\t\t\t\t\t\t\t\t\t\t<li>\r\n\t\t\t\t\t\t<a class=\"limit-line\" href=\"https:\/\/www.amanien.info\/news\/koumassi-quartier-haoussabougou-la-mairie-met-en-garde-les-fauteurs-de-troubles\/\">\r\n\t\t\t\t\t\t\tKoumassi\/ quartier Haoussabougou: La Mairie met en garde les fauteurs de troubles\t\t\t\t\t\t<\/a>\r\n\t\t\t\t\t<\/li>\r\n\t\t\t\t\t\t\t\t\t\t<li>\r\n\t\t\t\t\t\t<a class=\"limit-line\" href=\"https:\/\/www.amanien.info\/news\/elections-presidentielles-la-mission-conjointe-onu-union-africaine-cedeao-appelle-au-dialogue\/\">\r\n\t\t\t\t\t\t\t\u00c9lections pr\u00e9sidentielles: La mission conjointe Onu- Union Africaine- Cedeao appelle au dialogue\t\t\t\t\t\t<\/a>\r\n\t\t\t\t\t<\/li>\r\n\t\t\t\t\t\t\t\t\t\t<li>\r\n\t\t\t\t\t\t<a class=\"limit-line\" href=\"https:\/\/www.amanien.info\/news\/medias-distinction-les-meilleurs-journalistes-du-zanzan-primes\/\">\r\n\t\t\t\t\t\t\tM\u00c9DIAS\/DISTINCTION : LES MEILLEURS JOURNALISTES DU ZANZAN PRIMES\t\t\t\t\t\t<\/a>\r\n\t\t\t\t\t<\/li>\r\n\t\t\t\t\t\t\t\t\t\t<li>\r\n\t\t\t\t\t\t<a class=\"limit-line\" href=\"https:\/\/www.amanien.info\/news\/apres-sa-rencontre-avec-la-mission-conjointe-affi-n-guessan-nous-avons-partage-nos-preoccupations-par-rapport-a-l-organisation-de-l-election-presidentielle\/\">\r\n\t\t\t\t\t\t\tApr\u00e8s sa rencontre avec la mission conjointe: Affi N&rsquo; Guessan\u00a0\u00bb Nous avons partag\u00e9 nos pr\u00e9occupations par rapport \u00e0 l&rsquo; organisation de l&rsquo; \u00e9lection pr\u00e9sidentielle\u00a0\u00bb\t\t\t\t\t\t<\/a>\r\n\t\t\t\t\t<\/li>\r\n\t\t\t\t\t\t\t\t\t\t<li>\r\n\t\t\t\t\t\t<a class=\"limit-line\" href=\"https:\/\/www.amanien.info\/news\/mali-la-cedeao-leve-les-sanctions\/\">\r\n\t\t\t\t\t\t\tMali: La Cedeao l\u00e8ve les sanctions\t\t\t\t\t\t<\/a>\r\n\t\t\t\t\t<\/li>\r\n\t\t\t\t\t\t\t\t\t\t<li>\r\n\t\t\t\t\t\t<a class=\"limit-line\" href=\"https:\/\/www.amanien.info\/news\/mission-conjointe-onu-union-africaine-cedeao-pour-une-election-presidentielle-credible-inclusive-et-pacifique\/\">\r\n\t\t\t\t\t\t\tMission conjointe Onu- Union Africaine- Cedeao: Pour une \u00e9lection pr\u00e9sidentielle cr\u00e9dible, inclusive et pacifique\t\t\t\t\t\t<\/a>\r\n\t\t\t\t\t<\/li>\r\n\t\t\t\t\t\t\t\t\t\t<li>\r\n\t\t\t\t\t\t<a class=\"limit-line\" href=\"https:\/\/www.amanien.info\/news\/lancement-de-la-precampagne-du-rhdp-a-san-pedro\/\">\r\n\t\t\t\t\t\t\tLancement de la pr\u00e9campagne du RHDP \u00e0 San-Pedro\t\t\t\t\t\t<\/a>\r\n\t\t\t\t\t<\/li>\r\n\t\t\t\t\t\t\t\t\t\t<li>\r\n\t\t\t\t\t\t<a class=\"limit-line\" href=\"https:\/\/www.amanien.info\/news\/port-autonome-d-abidjan-deuxieme-terminal-a-conteneurs-le-chef-de-l-etat-lance-les-travaux\/\">\r\n\t\t\t\t\t\t\tPort Autonome d&rsquo; Abidjan\/ deuxi\u00e8me terminal \u00e0 conteneurs: Le chef de l&rsquo; \u00c9tat lance les travaux\t\t\t\t\t\t<\/a>\r\n\t\t\t\t\t<\/li>\r\n\t\t\t\t\t\t\t\t\t\t<li>\r\n\t\t\t\t\t\t<a class=\"limit-line\" href=\"https:\/\/www.amanien.info\/news\/letat-ivoirien-dote-les-transporteurs-de-san-pedro-en-plusieurs-vehicules-neufs\/\">\r\n\t\t\t\t\t\t\tL\u2019\u00c9tat ivoirien dote les transporteurs de San-Pedro en plusieurs v\u00e9hicules neufs\t\t\t\t\t\t<\/a>\r\n\t\t\t\t\t<\/li>\r\n\t\t\t\t\t\t\t\t\t\t<li>\r\n\t\t\t\t\t\t<a class=\"limit-line\" href=\"https:\/\/www.amanien.info\/news\/promotion-des-inventions-aginov-comme-solution\/\">\r\n\t\t\t\t\t\t\tPromotion des inventions: Aginov comme solution\t\t\t\t\t\t<\/a>\r\n\t\t\t\t\t<\/li>\r\n\t\t\t\t\t\t\t\t\t\t<li>\r\n\t\t\t\t\t\t<a class=\"limit-line\" href=\"https:\/\/www.amanien.info\/news\/sewe-festival-edition-2020-les-jeunes-sensibilises-pour-des-elections-sans-violence-a-san-pedro\/\">\r\n\t\t\t\t\t\t\t\u00a0\u00bbS\u00e9w\u00e9 Festival\u00a0\u00bb \u00e9dition 2020: Les jeunes sensibilis\u00e9s pour des \u00e9lections sans violence \u00e0 San-Pedro\t\t\t\t\t\t<\/a>\r\n\t\t\t\t\t<\/li>\r\n\t\t\t\t\t\t\t\t\t\t<li>\r\n\t\t\t\t\t\t<a class=\"limit-line\" href=\"https:\/\/www.amanien.info\/news\/san-pedro-le-mouvement-femme-impacte-epanouie-sensibilise-sur-les-valeurs-dun-foyer-epanoui\/\">\r\n\t\t\t\t\t\t\tSan-Pedro: Le mouvement \u00a0\u00bbfemme impacte \u00e9panouie\u00a0\u00bb sensibilise sur les valeurs d&rsquo;un foyer \u00e9panoui\t\t\t\t\t\t<\/a>\r\n\t\t\t\t\t<\/li>\r\n\t\t\t\t\t\t\t\t\t\t<li>\r\n\t\t\t\t\t\t<a class=\"limit-line\" href=\"https:\/\/www.amanien.info\/news\/meeting-de-cloture-de-la-visite-d-etat-dans-la-marahoue-alassane-outtara-d-importants-investissements-ont-ete-realises-dans-la-region\/\">\r\n\t\t\t\t\t\t\tMeeting de cl\u00f4ture de la visite d&rsquo; \u00c9tat dans la Marahou\u00e9: Alassane Outtara \u00a0\u00bb D&rsquo; importants investissements ont \u00e9t\u00e9 r\u00e9alis\u00e9s dans la r\u00e9gion\u00a0\u00bb\t\t\t\t\t\t<\/a>\r\n\t\t\t\t\t<\/li>\r\n\t\t\t\t\t\t\t\t\t\t<li>\r\n\t\t\t\t\t\t<a class=\"limit-line\" href=\"https:\/\/www.amanien.info\/news\/discours-liminaire-du-president-de-lunion-pour-la-cote-divoire-upci-au-rendez-vous-de-lacepnuci-theme-election-presidentielle-2020-quelle-assurance-pour-liv\/\">\r\n\t\t\t\t\t\t\tDiscours liminaire du Pr\u00e9sident de l\u2019Union pour la C\u00f4te d\u2019ivoire (UPCI) au rendez-vous de l\u2019ACEPNUCI.  Th\u00e8me : \u00c9lection pr\u00e9sidentielle 2020 : quelle assurance pour l\u2019ivoirien ?\t\t\t\t\t\t<\/a>\r\n\t\t\t\t\t<\/li>\r\n\t\t\t\t\t\t\t\t\t\t<li>\r\n\t\t\t\t\t\t<a class=\"limit-line\" href=\"https:\/\/www.amanien.info\/news\/ano-kouao-president-de-la-federation-des-traditherapeutes-la-faiblesse-sexuelle-est-differente-de-l-infertilite\/\">\r\n\t\t\t\t\t\t\tAno Kouao ( pr\u00e9sident de la F\u00e9d\u00e9ration des Tradith\u00e9rapeutes) : \u00a0\u00bb La faiblesse sexuelle est diff\u00e9rente de l&rsquo; infertilit\u00e9\u00a0\u00bb\t\t\t\t\t\t<\/a>\r\n\t\t\t\t\t<\/li>\r\n\t\t\t\t\t\t\t\t\t\t<li>\r\n\t\t\t\t\t\t<a class=\"limit-line\" href=\"https:\/\/www.amanien.info\/news\/valorisation-des-inventions-et-innovations-l-aginov-lancee-le-29-septembre\/\">\r\n\t\t\t\t\t\t\tValorisation des inventions et innovations: L&rsquo; Aginov lanc\u00e9e le 29 septembre\t\t\t\t\t\t<\/a>\r\n\t\t\t\t\t<\/li>\r\n\t\t\t\t\t\t\t\t\t\t<li>\r\n\t\t\t\t\t\t<a class=\"limit-line\" href=\"https:\/\/www.amanien.info\/news\/situation-socio-politique-le-representant-special-du-secretaire-general-de-l-onu-invite-a-la-concertation\/\">\r\n\t\t\t\t\t\t\tSituation socio- politique: Le repr\u00e9sentant sp\u00e9cial du secr\u00e9taire g\u00e9n\u00e9ral de l&rsquo; ONU invite \u00e0 la concertation\t\t\t\t\t\t<\/a>\r\n\t\t\t\t\t<\/li>\r\n\t\t\t\t\t\t\t\t\t\t<li>\r\n\t\t\t\t\t\t<a class=\"limit-line\" href=\"https:\/\/www.amanien.info\/news\/cote-divoire-vatican-un-timbre-pour-celebrer-50-ans-de-relations\/\">\r\n\t\t\t\t\t\t\tC\u00f4te d&rsquo;Ivoire- Vatican: Un timbre pour c\u00e9l\u00e9brer 50 ans de Relations\t\t\t\t\t\t<\/a>\r\n\t\t\t\t\t<\/li>\r\n\t\t\t\t\t\t\t\t\t\t<li>\r\n\t\t\t\t\t\t<a class=\"limit-line\" href=\"https:\/\/www.amanien.info\/news\/meeting-de-la-plateforme-pour-la-victoire-du-rhdp-hamed-bakayoko-quand-on-aime-son-pays-on-ne-le-menace-pas\/\">\r\n\t\t\t\t\t\t\tMeeting de la plateforme pour la victoire du RHDP: Hamed Bakayoko \u00a0\u00bb Quand on aime son pays, on ne le menace pas\u00a0\u00bb\t\t\t\t\t\t<\/a>\r\n\t\t\t\t\t<\/li>\r\n\t\t\t\t\t\t\t\t\t\t<li>\r\n\t\t\t\t\t\t<a class=\"limit-line\" href=\"https:\/\/www.amanien.info\/news\/des-travaux-de-construction-des-infrastructures-culturelles-de-formation-et-deducation-lances-a-san-pedro\/\">\r\n\t\t\t\t\t\t\tDes travaux de construction des infrastructures culturelles de formation et d\u2019\u00e9ducation lanc\u00e9s \u00e0 San-Pedro\t\t\t\t\t\t<\/a>\r\n\t\t\t\t\t<\/li>\r\n\t\t\t\t\t\t\t\t\t\t<li>\r\n\t\t\t\t\t\t<a class=\"limit-line\" href=\"https:\/\/www.amanien.info\/news\/rencontre-des-plateformes-de-l-opposition-henri-konan-bedie-la-candidature-du-president-alassane-ouattara-a-l-election-du-31-octobre-est-anticonstitutionnelle\/\">\r\n\t\t\t\t\t\t\tRencontre des plateformes de l&rsquo; opposition: Henri Konan Bedi\u00e9 \u00a0\u00bb La candidature du pr\u00e9sident Alassane Ouattara \u00e0 l&rsquo; \u00e9lection du 31 octobre est anticonstitutionnelle\u00a0\u00bb\t\t\t\t\t\t<\/a>\r\n\t\t\t\t\t<\/li>\r\n\t\t\t\t\t\t\t\t\t\t<li>\r\n\t\t\t\t\t\t<a class=\"limit-line\" href=\"https:\/\/www.amanien.info\/news\/mission-internationale-dobservation-electorale-mioe-conjointe-eisa-tcc-elections-presidentielle-et-legislatives-en-republique-de-cote-divoire\/\">\r\n\t\t\t\t\t\t\tMission Internationale d&rsquo;Observation \u00c9lectorale (MIOE) conjointe EISA-TCC \u00c9lections Pr\u00e9sidentielle et L\u00e9gislatives en R\u00e9publique de C\u00f4te d\u2019Ivoire\u00a0\u00a0\u00a0\t\t\t\t\t\t<\/a>\r\n\t\t\t\t\t<\/li>\r\n\t\t\t\t\t\t\t\t\t\t<li>\r\n\t\t\t\t\t\t<a class=\"limit-line\" href=\"https:\/\/www.amanien.info\/news\/sante-gratuite-ciblee-121-685-kits-d-accouchement-mis-a-la-disposition-des-populations\/\">\r\n\t\t\t\t\t\t\tSant\u00e9\/ Gratuit\u00e9 cibl\u00e9e: 121.685 kits d&rsquo; accouchement mis \u00e0 la disposition des populations\t\t\t\t\t\t<\/a>\r\n\t\t\t\t\t<\/li>\r\n\t\t\t\t\t\t\t\t\t\t<li>\r\n\t\t\t\t\t\t<a class=\"limit-line\" href=\"https:\/\/www.amanien.info\/news\/bingerville-patrimoine-foncier-du-cnra-des-employes-menaces-d-expulsion-par-le-maire\/\">\r\n\t\t\t\t\t\t\tBingerville\/ patrimoine foncier du CNRA: Des employ\u00e9s menac\u00e9s d&rsquo; expulsion par le Maire\t\t\t\t\t\t<\/a>\r\n\t\t\t\t\t<\/li>\r\n\t\t\t\t\t\t\t\t\t\t<li>\r\n\t\t\t\t\t\t<a class=\"limit-line\" href=\"https:\/\/www.amanien.info\/news\/21eme-journee-africaine-de-la-technologie-et-de-la-propriete-intellectuelle-pierre-djibril-coulibaly-president-de-la-fedinci-la-cote-divoire-industrielle-c-est-possible-maintenant\/\">\r\n\t\t\t\t\t\t\t21\u00e8me journ\u00e9e Africaine de la Technologie et de la propri\u00e9t\u00e9 Intellectuelle: Pierre Djibril Coulibaly ( pr\u00e9sident de la FEDINCI) \u00a0\u00bb La C\u00f4te d&rsquo;Ivoire industrielle, c&rsquo; est possible maintenant\u00a0\u00bb\t\t\t\t\t\t<\/a>\r\n\t\t\t\t\t<\/li>\r\n\t\t\t\t\t\t\t\t\t\t<li>\r\n\t\t\t\t\t\t<a class=\"limit-line\" href=\"https:\/\/www.amanien.info\/news\/point-presse-sur-la-situation-sociopolitique-en-cote-divoire-la-diaspora-simplique-et-en-appelle-au-calme-et-a-la-retenue\/\">\r\n\t\t\t\t\t\t\tPOINT PRESSE SUR LA SITUATION SOCIOPOLITIQUE EN COTE D\u2019IVOIRE \/LA \u00a0DIASPORA S\u2019IMPLIQUE ET EN APPELLE AU CALME ET A LA RETENUE\t\t\t\t\t\t<\/a>\r\n\t\t\t\t\t<\/li>\r\n\t\t\t\t\t\t\t\t\t\t<li>\r\n\t\t\t\t\t\t<a class=\"limit-line\" href=\"https:\/\/www.amanien.info\/news\/medias-le-president-de-l-anp-invite-a-la-verification-des-sources-d-informations\/\">\r\n\t\t\t\t\t\t\tM\u00e9dias: Le pr\u00e9sident de l&rsquo; ANP invite \u00e0 la v\u00e9rification des sources d&rsquo; informations\t\t\t\t\t\t<\/a>\r\n\t\t\t\t\t<\/li>\r\n\t\t\t\t\t\t\t\t\t\t<li>\r\n\t\t\t\t\t\t<a class=\"limit-line\" href=\"https:\/\/www.amanien.info\/news\/le-personnel-decobank-prevoit-une-greve-et-interpelle-leur-direction-generale\/\">\r\n\t\t\t\t\t\t\tLE PERSONNEL D\u2019ECOBANK PREVOIT UNE GREVE ET INTERPELLE LEUR DIRECTION GENERALE\t\t\t\t\t\t<\/a>\r\n\t\t\t\t\t<\/li>\r\n\t\t\t\t\t\t\t\t\t\t<li>\r\n\t\t\t\t\t\t<a class=\"limit-line\" href=\"https:\/\/www.amanien.info\/news\/transport-un-a-operateur-economique-a-un-projet-pour-la-modernisation-du-secteur-du-transport-routier-en-cote-divoire\/\">\r\n\t\t\t\t\t\t\tTRANSPORT : Un a op\u00e9rateur \u00e9conomique\u00a0 a un projet pour la modernisation du secteur du transport routier en C\u00f4te d&rsquo;ivoire\t\t\t\t\t\t<\/a>\r\n\t\t\t\t\t<\/li>\r\n\t\t\t\t\t\t\t\t\t\t<li>\r\n\t\t\t\t\t\t<a class=\"limit-line\" href=\"https:\/\/www.amanien.info\/news\/reunion-des-chefs-d-etats-de-la-cedeao-la-crise-malienne-au-menu-de-la-rencontre\/\">\r\n\t\t\t\t\t\t\tR\u00e9union des chefs d&rsquo; Etats de la Cedeao: La crise Malienne au menu de la rencontre\t\t\t\t\t\t<\/a>\r\n\t\t\t\t\t<\/li>\r\n\t\t\t\t\t\t\t\t\t\t<li>\r\n\t\t\t\t\t\t<a class=\"limit-line\" href=\"https:\/\/www.amanien.info\/news\/elections-presidentielles-la-cour-africaine-des-droits-de-l-homme-et-des-peuples-demande-le-retablissement-de-guillaume-soro-sur-la-liste-electorale\/\">\r\n\t\t\t\t\t\t\t\u00c9lections pr\u00e9sidentielles: La Cour Africaine des droits de l&rsquo; homme et des peuples demande le r\u00e9tablissement de Guillaume Soro sur la liste \u00e9lectorale\t\t\t\t\t\t<\/a>\r\n\t\t\t\t\t<\/li>\r\n\t\t\t\t\t\t\t\t\t\t<li>\r\n\t\t\t\t\t\t<a class=\"limit-line\" href=\"https:\/\/www.amanien.info\/news\/san-pedro-les-guides-religieux-invites-a-sensibiliser-a-la-paix-la-cohesion-sociale-et-a-la-tolerance-politique-dans-les-lieux-de-culte\/\">\r\n\t\t\t\t\t\t\tSan Pedro: Les guides religieux invit\u00e9s \u00e0 sensibiliser \u00e0 la paix, la coh\u00e9sion sociale et \u00e0 la tol\u00e9rance politique dans les lieux de culte\t\t\t\t\t\t<\/a>\r\n\t\t\t\t\t<\/li>\r\n\t\t\t\t\t\t\t\t\t\t<li>\r\n\t\t\t\t\t\t<a class=\"limit-line\" href=\"https:\/\/www.amanien.info\/news\/dr-koffi-edmond-porte-parole-du-collectif-des-syndicats-du-cnra-le-succes-de-l-agriculture-de-notre-pays-repose-sur-la-recherche-agronomique\/\">\r\n\t\t\t\t\t\t\tDr Koffi Edmond( porte parole du collectif des syndicats du CNRA): \u00a0\u00bb Le succ\u00e8s de l&rsquo; agriculture de notre pays repose sur la recherche agronomique\u00a0\u00bb\t\t\t\t\t\t<\/a>\r\n\t\t\t\t\t<\/li>\r\n\t\t\t\t\t\t\t\t\t\t<li>\r\n\t\t\t\t\t\t<a class=\"limit-line\" href=\"https:\/\/www.amanien.info\/news\/declaration-guillaume-soro-je-conteste-vigoureusement-la-decision-injuste-et-infondee-prise-par-le-conseil-constitutionnel\/\">\r\n\t\t\t\t\t\t\tD\u00e9claration Guillaume Soro: \u00a0\u00bb je conteste vigoureusement la d\u00e9cision injuste et infond\u00e9e prise par le conseil constitutionnel\u00a0\u00bb\t\t\t\t\t\t<\/a>\r\n\t\t\t\t\t<\/li>\r\n\t\t\t\t\t\t\t\t\t\t<li>\r\n\t\t\t\t\t\t<a class=\"limit-line\" href=\"https:\/\/www.amanien.info\/news\/declaration-du-president-bedie-je-prends-acte-de-la-validation-de-ma-candidature\/\">\r\n\t\t\t\t\t\t\tD\u00e9claration du pr\u00e9sident. Bedi\u00e9:\u00a0 \u00a0\u00bb Je prends acte de la validation de ma candidature\u00a0\u00bb\u00a0\t\t\t\t\t\t<\/a>\r\n\t\t\t\t\t<\/li>\r\n\t\t\t\t\t\t\t\t\t\t<li>\r\n\t\t\t\t\t\t<a class=\"limit-line\" href=\"https:\/\/www.amanien.info\/news\/elections-presidentielles-du-31-octobre-le-conseil-constitutionnel-valide-4-candidatures-sur-les-44-recus\/\">\r\n\t\t\t\t\t\t\t\u00c9lections pr\u00e9sidentielles du 31 octobre: Le conseil constitutionnel valide 4 candidatures sur les 44 re\u00e7us\t\t\t\t\t\t<\/a>\r\n\t\t\t\t\t<\/li>\r\n\t\t\t\t\t\t\t\t\t\t<li>\r\n\t\t\t\t\t\t<a class=\"limit-line\" href=\"https:\/\/www.amanien.info\/news\/elections-presidentielles-le-candidat-du-pdci-henri-konan-bedie-investi\/\">\r\n\t\t\t\t\t\t\t\u00c9lections Pr\u00e9sidentielles: Le candidat du PDCI Henri Konan Bedi\u00e9 investi\t\t\t\t\t\t<\/a>\r\n\t\t\t\t\t<\/li>\r\n\t\t\t\t\t\t\t\t\t\t<li>\r\n\t\t\t\t\t\t<a class=\"limit-line\" href=\"https:\/\/www.amanien.info\/news\/meeting-de-cloture-de-la-visite-d-etat-dans-le-morounou-alassane-ouattara-il-faut-aller-aux-urnes-pour-voter-votre-candidat\/\">\r\n\t\t\t\t\t\t\tMeeting de cl\u00f4ture de la visite d&rsquo; \u00c9tat dans le Morounou: Alassane Ouattara \u00a0\u00bb Il faut aller aux urnes pour voter votre candidat\u00a0\u00bb\t\t\t\t\t\t<\/a>\r\n\t\t\t\t\t<\/li>\r\n\t\t\t\t\t\t\t\t\t\t<li>\r\n\t\t\t\t\t\t<a class=\"limit-line\" href=\"https:\/\/www.amanien.info\/news\/eligibilite-aux-presidentielles-du-31-octobre-les-avocats-du-candidat-bedie-font-des-precisions\/\">\r\n\t\t\t\t\t\t\t\u00c9ligibilit\u00e9 aux Pr\u00e9sidentielles du 31 octobre: Les avocats du candidat B\u00e9di\u00e9 font des pr\u00e9cisions\t\t\t\t\t\t<\/a>\r\n\t\t\t\t\t<\/li>\r\n\t\t\t\t\t\t\t\t\t\t<li>\r\n\t\t\t\t\t\t<a class=\"limit-line\" href=\"https:\/\/www.amanien.info\/news\/la-ville-de-san-pedro-a-accueilli-le-championnat-national-de-cyclisme-2020\/\">\r\n\t\t\t\t\t\t\tLa ville de San-Pedro a accueilli le championnat national de cyclisme 2020\t\t\t\t\t\t<\/a>\r\n\t\t\t\t\t<\/li>\r\n\t\t\t\t\t\t\t\t\t\t<li>\r\n\t\t\t\t\t\t<a class=\"limit-line\" href=\"https:\/\/www.amanien.info\/news\/long-batouery-gnossoa-boane-dresse-son-bilan-dactivites-realisees-a-san-pedro\/\">\r\n\t\t\t\t\t\t\tL\u2019ONG BATOUERY GNOSSOA BOANE dresse son bilan d\u2019activit\u00e9s r\u00e9alis\u00e9es \u00e0 San-Pedro\t\t\t\t\t\t<\/a>\r\n\t\t\t\t\t<\/li>\r\n\t\t\t\t\t\t\t\t\t\t<li>\r\n\t\t\t\t\t\t<a class=\"limit-line\" href=\"https:\/\/www.amanien.info\/news\/cooperation-bilaterale-le-president-alassane-ouattara-a-eu-un-dejeuner-de-travail-avec-le-president-emmanuel-macron\/\">\r\n\t\t\t\t\t\t\tCoop\u00e9ration bilat\u00e9rale: Le Pr\u00e9sident Alassane OUATTARA a eu un d\u00e9jeuner de travail avec le Pr\u00e9sident Emmanuel MACRON\t\t\t\t\t\t<\/a>\r\n\t\t\t\t\t<\/li>\r\n\t\t\t\t\t\t\t\t\t\t<li>\r\n\t\t\t\t\t\t<a class=\"limit-line\" href=\"https:\/\/www.amanien.info\/news\/affaire-adjoumani-chefs-traditionnels-et-guides-religieux-du-gontougo-se-concertent\/\">\r\n\t\t\t\t\t\t\tAffaire Adjoumani : Chefs traditionnels et guides religieux du Gontougo se concertent\t\t\t\t\t\t<\/a>\r\n\t\t\t\t\t<\/li>\r\n\t\t\t\t\t\t\t\t\t\t<li>\r\n\t\t\t\t\t\t<a class=\"limit-line\" href=\"https:\/\/www.amanien.info\/news\/cei-presidentielles-les-dossiers-de-candidatures-transmis-au-conseil-constitutionnel\/\">\r\n\t\t\t\t\t\t\tCei\/ pr\u00e9sidentielles: Les dossiers de candidatures transmis au conseil constitutionnel\t\t\t\t\t\t<\/a>\r\n\t\t\t\t\t<\/li>\r\n\t\t\t\t\t\t\t\t\t\t<li>\r\n\t\t\t\t\t\t<a class=\"limit-line\" href=\"https:\/\/www.amanien.info\/news\/campagne-electorale-le-ramede-dit-non-a-l-utilisation-des-enfants\/\">\r\n\t\t\t\t\t\t\tCampagne \u00e9lectorale: Le Ramede dit non \u00e0 l&rsquo; utilisation des enfants\t\t\t\t\t\t<\/a>\r\n\t\t\t\t\t<\/li>\r\n\t\t\t\t\t\t\t\t\t\t<li>\r\n\t\t\t\t\t\t<a class=\"limit-line\" href=\"https:\/\/www.amanien.info\/news\/region-du-cavally-la-ministre-anne-ouloto-plaide-pour-la-cohesion-sociale\/\">\r\n\t\t\t\t\t\t\tR\u00e9gion du Cavally: La Ministre Anne Ouloto plaide pour la coh\u00e9sion sociale\t\t\t\t\t\t<\/a>\r\n\t\t\t\t\t<\/li>\r\n\t\t\t\t\t\t\t\t\t\t<li>\r\n\t\t\t\t\t\t<a class=\"limit-line\" href=\"https:\/\/www.amanien.info\/news\/cooperation-les-etats-unis-font-un-don-a-linstitut-national-dhygiene-publique\/\">\r\n\t\t\t\t\t\t\tCoop\u00e9ration: Les \u00c9tats-Unis font un don \u00e0 l\u2019Institut National d\u2019Hygi\u00e8ne Publique\t\t\t\t\t\t<\/a>\r\n\t\t\t\t\t<\/li>\r\n\t\t\t\t\t\t\t\t\t\t<li>\r\n\t\t\t\t\t\t<a class=\"limit-line\" href=\"https:\/\/www.amanien.info\/news\/3eme-mandat-de-ouattara-le-cardinal-kutwa-recadre-ouattara-cette-candidature-nest-pas-necessaire\/\">\r\n\t\t\t\t\t\t\t3\u00e8me mandat de Ouattara: Le Cardinal Kutwa recadre Ouattara. \u00ab cette candidature n\u2019est pas n\u00e9cessaire \u00bb\t\t\t\t\t\t<\/a>\r\n\t\t\t\t\t<\/li>\r\n\t\t\t\t\t\t\t\t\t\t<li>\r\n\t\t\t\t\t\t<a class=\"limit-line\" href=\"https:\/\/www.amanien.info\/news\/en-visite-a-daoukro-le-premier-ministre-hamed-bakayoko-invite-a-la-culture-de-la-paix\/\">\r\n\t\t\t\t\t\t\tEn visite \u00e0 Daoukro, le premier ministre Hamed Bakayoko invite \u00e0 la culture de la paix\t\t\t\t\t\t<\/a>\r\n\t\t\t\t\t<\/li>\r\n\t\t\t\t\t\t\t\t\t\t<li>\r\n\t\t\t\t\t\t<a class=\"limit-line\" href=\"https:\/\/www.amanien.info\/news\/conference-de-presse-du-president-de-lupci-me-soro-brahima-demande-au-president-ouattara-de-nous-conduire-en-ayant-les-yeux-rives-sur-les-retroviseurs-le-pare-brise-etant-plus-large-et-la\/\">\r\n\t\t\t\t\t\t\tCONFERENCE DE PRESSE DU PRESIDENT DE L\u2019UPCI : Me SORO Brahima demande au Pr\u00e9sident OUATTARA de nous conduire en ayant les yeux riv\u00e9s sur les r\u00e9troviseurs, le pare-brise \u00e9tant plus large et la route sinueuse en ce moment. Voici sa d\u00e9claration liminaire\t\t\t\t\t\t<\/a>\r\n\t\t\t\t\t<\/li>\r\n\t\t\t\t\t\t\t\t\t\t<li>\r\n\t\t\t\t\t\t<a class=\"limit-line\" href=\"https:\/\/www.amanien.info\/news\/mesures-barrieres-contre-la-covid-19-la-cote-divoire-a-son-masque-transparent\/\">\r\n\t\t\t\t\t\t\tMesures barri\u00e8res contre la covid-19: La C\u00f4te d&rsquo;Ivoire a son masque transparent\t\t\t\t\t\t<\/a>\r\n\t\t\t\t\t<\/li>\r\n\t\t\t\t\t\t\t\t\t\t<li>\r\n\t\t\t\t\t\t<a class=\"limit-line\" href=\"https:\/\/www.amanien.info\/news\/transport-actes-de-vandalisme-sur-les-vehicules-toure-adama-met-en-garde\/\">\r\n\t\t\t\t\t\t\tTransport \/ Actes de vandalisme sur les v\u00e9hicules: Tour\u00e9 Adama met en garde\t\t\t\t\t\t<\/a>\r\n\t\t\t\t\t<\/li>\r\n\t\t\t\t\t\t\t\t\t\t<li>\r\n\t\t\t\t\t\t<a class=\"limit-line\" href=\"https:\/\/www.amanien.info\/news\/3e-mandat-le-professeur-wodie-sort-de-sa-reserve-condamne-le-crime-de-ouattara-contre-la-constitution-et-le-peuple\/\">\r\n\t\t\t\t\t\t\t3e mandat : Le professeur Wodi\u00e9 sort de sa r\u00e9serve, condamne le crime de Ouattara contre la Constitution et le peuple\t\t\t\t\t\t<\/a>\r\n\t\t\t\t\t<\/li>\r\n\t\t\t\t\t\t\t\t\t\t<li>\r\n\t\t\t\t\t\t<a class=\"limit-line\" href=\"https:\/\/www.amanien.info\/news\/grande-mobilisation-des-militants-du-pdci-pour-accompagner-le-depot-de-la-candidature-de-bedie\/\">\r\n\t\t\t\t\t\t\tGrande mobilisation des militants du PDCI pour accompagner le d\u00e9p\u00f4t de la candidature de Bedi\u00e9\t\t\t\t\t\t<\/a>\r\n\t\t\t\t\t<\/li>\r\n\t\t\t\t\t\t\t\t\t\t<li>\r\n\t\t\t\t\t\t<a class=\"limit-line\" href=\"https:\/\/www.amanien.info\/news\/yopougon-3eme-mandat-de-ouattara-deja-2-morts-forces-de-lordre-en-fuite-voici-tout-ce-qui-se-passe-ce-jeudi\/\">\r\n\t\t\t\t\t\t\tYopougon \/ 3\u00e8me mandat de Ouattara: Encore 2 morts, forces de l&rsquo;ordre en fuite : voici tout ce qui se passe ce jeudi\t\t\t\t\t\t<\/a>\r\n\t\t\t\t\t<\/li>\r\n\t\t\t\t\t\t\t\t\t\t<li>\r\n\t\t\t\t\t\t<a class=\"limit-line\" href=\"https:\/\/www.amanien.info\/news\/commune-de-koumassi-le-maire-cisse-bacongo-offre-un-siege-a-la-chefferie-traditionnelle\/\">\r\n\t\t\t\t\t\t\tCommune de Koumassi: Le Maire Ciss\u00e9 Bacongo offre un si\u00e8ge \u00e0 la chefferie traditionnelle\t\t\t\t\t\t<\/a>\r\n\t\t\t\t\t<\/li>\r\n\t\t\t\t\t\t\t\t\t\t<li>\r\n\t\t\t\t\t\t<a class=\"limit-line\" href=\"https:\/\/www.amanien.info\/news\/paix-et-cohesion-sociale-la-tidianiya-amawiya-dadjame-prie-pour-la-paix-en-cote-divoire-et-en-lafrique-de-louest\/\">\r\n\t\t\t\t\t\t\tPaix et coh\u00e9sion sociale: La Tidianiya amawiya d\u2019Adjam\u00e9 prie pour \u00a0la paix en C\u00f4te d\u2019Ivoire et en l\u2019Afrique de l\u2019Ouest\t\t\t\t\t\t<\/a>\r\n\t\t\t\t\t<\/li>\r\n\t\t\t\t\t\t\t\t\t\t<li>\r\n\t\t\t\t\t\t<a class=\"limit-line\" href=\"https:\/\/www.amanien.info\/news\/communique-de-presse-ambassade-des-etats-unis-en-cote-divoire\/\">\r\n\t\t\t\t\t\t\tCommunique de Presse &#8212; Ambassade des \u00c9tats-Unis en C\u00f4te d&rsquo;Ivoire\t\t\t\t\t\t<\/a>\r\n\t\t\t\t\t<\/li>\r\n\t\t\t\t\t\t\t\t\t\t<li>\r\n\t\t\t\t\t\t<a class=\"limit-line\" href=\"https:\/\/www.amanien.info\/news\/guillaume-soro-a-parle-ouattara-ne-sera-pas-le-prochain-president-de-cote-divoire\/\">\r\n\t\t\t\t\t\t\tGuillaume Soro a parl\u00e9 : \u00ab Ouattara ne sera pas le prochain Pr\u00e9sident de C\u00f4te d\u2019Ivoire \u00bb\t\t\t\t\t\t<\/a>\r\n\t\t\t\t\t<\/li>\r\n\t\t\t\t\t\t\t\t\t\t<li>\r\n\t\t\t\t\t\t<a class=\"limit-line\" href=\"https:\/\/www.amanien.info\/news\/presidentielle-2020-le-candidat-du-rhdp-a-depose-son-dossier-de-candidature-a-la-cei\/\">\r\n\t\t\t\t\t\t\tPr\u00e9sidentielle 2020 : Le Candidat du RHDP a d\u00e9pos\u00e9 son dossier de candidature \u00e0 la CEI\t\t\t\t\t\t<\/a>\r\n\t\t\t\t\t<\/li>\r\n\t\t\t\t\t\t\t\t\t\t<li>\r\n\t\t\t\t\t\t<a class=\"limit-line\" href=\"https:\/\/www.amanien.info\/news\/transport-poids-lourds-le-nouveau-president-de-lufdpplao-ci-degage-ses-priorites\/\">\r\n\t\t\t\t\t\t\tTransport poids lourds: Le nouveau pr\u00e9sident de l\u2019Ufdpplao-CI d\u00e9gage ses priorit\u00e9s\t\t\t\t\t\t<\/a>\r\n\t\t\t\t\t<\/li>\r\n\t\t\t\t\t\t\t\t\t\t<li>\r\n\t\t\t\t\t\t<a class=\"limit-line\" href=\"https:\/\/www.amanien.info\/news\/convention-ordinaire-du-rhdp-le-candidat-du-parti-alassane-ouattara-investi\/\">\r\n\t\t\t\t\t\t\tConvention ordinaire du RHDP: Le candidat du parti Alassane Ouattara investi\t\t\t\t\t\t<\/a>\r\n\t\t\t\t\t<\/li>\r\n\t\t\t\t\t\t\t\t\t\t<li>\r\n\t\t\t\t\t\t<a class=\"limit-line\" href=\"https:\/\/www.amanien.info\/news\/affaire-341-magasins-fermes-a-koumassi-le-collectif-des-commercants-et-le-sycaopao-interpellent-le-premier-ministre\/\">\r\n\t\t\t\t\t\t\tAffaire 341 magasins ferm\u00e9s \u00e0 Koumassi: Le Collectif des commer\u00e7ants et le Sycaopao interpellent le Premier ministre\t\t\t\t\t\t<\/a>\r\n\t\t\t\t\t<\/li>\r\n\t\t\t\t\t\t\t\t\t\t<li>\r\n\t\t\t\t\t\t<a class=\"limit-line\" href=\"https:\/\/www.amanien.info\/news\/litterature-lauteur-jean-baptiste-akrou-interpelle-ses-confreres-sur-deux-attitudes-partisanes-condamnables\/\">\r\n\t\t\t\t\t\t\tlitt\u00e9rature : L\u2019AUTEUR JEAN-BAPTISTE AKROU INTERPELLE SES CONFRERES SUR DEUX ATTITUDES PARTISANES CONDAMNABLES\t\t\t\t\t\t<\/a>\r\n\t\t\t\t\t<\/li>\r\n\t\t\t\t\t\t\t\t\t\t<li>\r\n\t\t\t\t\t\t<a class=\"limit-line\" href=\"https:\/\/www.amanien.info\/news\/culture-dessin-tache-dencre-lance-le-dessin-citoyen-pour-des-elections-apaisees-en-cote-divoire\/\">\r\n\t\t\t\t\t\t\tCULTURE\/DESSIN\u00a0: \u00ab\u00a0TACHE D\u2019ENCRE\u00a0\u00bb LANCE LE DESSIN CITOYEN POUR DES ELECTIONS APAISEES EN C\u00d4TE D\u2019IVOIRE\t\t\t\t\t\t<\/a>\r\n\t\t\t\t\t<\/li>\r\n\t\t\t\t\t\t\t\t\t\t<li>\r\n\t\t\t\t\t\t<a class=\"limit-line\" href=\"https:\/\/www.amanien.info\/news\/mali-le-president-ibk-annonce-sa-demission-suite-au-coup-de-force-militaire\/\">\r\n\t\t\t\t\t\t\tMali: le pr\u00e9sident IBK annonce sa d\u00e9mission suite au coup de force militaire\t\t\t\t\t\t<\/a>\r\n\t\t\t\t\t<\/li>\r\n\t\t\t\t\t\t\t\t\t\t<li>\r\n\t\t\t\t\t\t<a class=\"limit-line\" href=\"https:\/\/www.amanien.info\/news\/communique-du-conseil-des-ministres-du-19-aout-9-decrets-adoptes-pour-l-election-presidentielle-du-31-octobre\/\">\r\n\t\t\t\t\t\t\tCommuniqu\u00e9 du conseil des ministres du 19 ao\u00fbt: 9 d\u00e9crets adopt\u00e9s pour l&rsquo; \u00e9lection pr\u00e9sidentielle du 31 octobre\t\t\t\t\t\t<\/a>\r\n\t\t\t\t\t<\/li>\r\n\t\t\t\t\t\t\t\t\t\t<li>\r\n\t\t\t\t\t\t<a class=\"limit-line\" href=\"https:\/\/www.amanien.info\/news\/sycaopao-apres-le-rappel-a-dieu-du-fondateur-karamoko-souhalio-desormais-aux-commandes\/\">\r\n\t\t\t\t\t\t\t\u00a0Sycaopao \/ Apr\u00e8s le rappel \u00e0 Dieu du fondateur:\u00a0 Karamoko Souhalio d\u00e9sormais aux commandes\t\t\t\t\t\t<\/a>\r\n\t\t\t\t\t<\/li>\r\n\t\t\t\t\t\t\t\t\t\t<li>\r\n\t\t\t\t\t\t<a class=\"limit-line\" href=\"https:\/\/www.amanien.info\/news\/transport-ufddplao-ci-doumbia-lacine-plebiscite-a-la-tete-de-la-structure-pour-cinq-ans\/\">\r\n\t\t\t\t\t\t\tTransport \/ Ufddplao-CI: Doumbia Lacin\u00e9 pl\u00e9biscit\u00e9 \u00e0 la t\u00eate de la structure pour cinq ans\t\t\t\t\t\t<\/a>\r\n\t\t\t\t\t<\/li>\r\n\t\t\t\t\t\t\t\t\t\t<li>\r\n\t\t\t\t\t\t<a class=\"limit-line\" href=\"https:\/\/www.amanien.info\/news\/3eme-mandat-de-ouattara-3-vehicules-incendies-a-yopougon-ce-lundi-matin-point-de-la-situation\/\">\r\n\t\t\t\t\t\t\t3\u00e8me mandat de Ouattara: 3 v\u00e9hicules incendi\u00e9s \u00e0 Yopougon ce lundi matin. Point de la situation\t\t\t\t\t\t<\/a>\r\n\t\t\t\t\t<\/li>\r\n\t\t\t\t\t\t\t\t\t\t<li>\r\n\t\t\t\t\t\t<a class=\"limit-line\" href=\"https:\/\/www.amanien.info\/news\/3eme-mandat-de-ouattara-les-manifestations-ont-repris-ce-lundi-dans-quelques-localites-du-pays\/\">\r\n\t\t\t\t\t\t\t3\u00e8me mandat de Ouattara: Les manifestations ont repris ce lundi dans quelques localit\u00e9s du pays\t\t\t\t\t\t<\/a>\r\n\t\t\t\t\t<\/li>\r\n\t\t\t\t\t\t\t\t\t\t<li>\r\n\t\t\t\t\t\t<a class=\"limit-line\" href=\"https:\/\/www.amanien.info\/news\/enquete-balance-des-paiements-2019-le-tresor-ivoirien-sensibilise-et-forme-en-ligne-les-acteurs\/\">\r\n\t\t\t\t\t\t\tEnqu\u00eate balance des paiements 2019: le Tr\u00e9sor ivoirien sensibilise et forme en ligne les acteurs\t\t\t\t\t\t<\/a>\r\n\t\t\t\t\t<\/li>\r\n\t\t\t\t\t\t\t\t\t\t<li>\r\n\t\t\t\t\t\t<a class=\"limit-line\" href=\"https:\/\/www.amanien.info\/news\/situation-politique-face-aux-recents-evenements-la-coalition-notre-nation-condamne-et-appelle-a-mettre-balle-a-terre\/\">\r\n\t\t\t\t\t\t\tSituation politique\/ Face aux r\u00e9cents \u00e9v\u00e8nements:\u00a0 La coalition \u00a0\u2018\u2019Notre Nation\u2019\u2019 condamne et appelle \u00e0 mettre balle \u00e0 terre\t\t\t\t\t\t<\/a>\r\n\t\t\t\t\t<\/li>\r\n\t\t\t\t\t\t\t\t\t\t<li>\r\n\t\t\t\t\t\t<a class=\"limit-line\" href=\"https:\/\/www.amanien.info\/news\/transport-ufdpplao-ci-kouyate-rejette-lassemblee-de-bouake\/\">\r\n\t\t\t\t\t\t\tTransport \/ Ufdpplao-CI: Kouyat\u00e9 rejette l\u2019assembl\u00e9e de Bouak\u00e9\t\t\t\t\t\t<\/a>\r\n\t\t\t\t\t<\/li>\r\n\t\t\t\t\t\t\t\t\t\t<li>\r\n\t\t\t\t\t\t<a class=\"limit-line\" href=\"https:\/\/www.amanien.info\/news\/reverend-pasteur-ediemou-blin-jacob-president-de-leglise-du-christianisme-celeste-de-cote-divoire-avec-la-nouvelle-constitution-le-president-alassane-ouattara\/\">\r\n\t\t\t\t\t\t\tR\u00e9v\u00e9rend pasteur Ediemou Blin Jacob (Pr\u00e9sident de l\u2019\u00e9glise du christianisme c\u00e9leste de C\u00f4te d\u2019Ivoire)  \u00ab\u00a0 Avec la nouvelle constitution\u00a0; le pr\u00e9sident Alassane Ouattara a droit \u00e0 un autre mandat\u00a0\u00bb\t\t\t\t\t\t<\/a>\r\n\t\t\t\t\t<\/li>\r\n\t\t\t\t\t\t\t\t\t\t<li>\r\n\t\t\t\t\t\t<a class=\"limit-line\" href=\"https:\/\/www.amanien.info\/news\/elections-presidentielles-investiture-du-president-alassane-ouattara-le-22-aout\/\">\r\n\t\t\t\t\t\t\t\u00c9lections pr\u00e9sidentielles: Investiture du pr\u00e9sident Alassane Ouattara le 22 ao\u00fbt\t\t\t\t\t\t<\/a>\r\n\t\t\t\t\t<\/li>\r\n\t\t\t\t\t\t\t\t\t\t<li>\r\n\t\t\t\t\t\t<a class=\"limit-line\" href=\"https:\/\/www.amanien.info\/news\/manifestation-contre-le-3eme-mandat-du-chef-de-letat-des-morts-et-des-degats-materiels-enregistres\/\">\r\n\t\t\t\t\t\t\tManifestation contre le 3\u00e8me mandat du chef de l&rsquo;\u00c9tat: Des morts et des d\u00e9g\u00e2ts mat\u00e9riels enregistr\u00e9s\t\t\t\t\t\t<\/a>\r\n\t\t\t\t\t<\/li>\r\n\t\t\t\t\t\t\t\t\t\t<li>\r\n\t\t\t\t\t\t<a class=\"limit-line\" href=\"https:\/\/www.amanien.info\/news\/san-pedro-la-marche-de-protestation-dispersee-et-deux-personnes-interpellees\/\">\r\n\t\t\t\t\t\t\tSan-Pedro : La marche de protestation dispers\u00e9e et deux personnes interpell\u00e9es\t\t\t\t\t\t<\/a>\r\n\t\t\t\t\t<\/li>\r\n\t\t\t\t\t\t\t\t\t\t<li>\r\n\t\t\t\t\t\t<a class=\"limit-line\" href=\"https:\/\/www.amanien.info\/news\/celebration-des-60-ans-dindependance-de-la-cote-divoire-la-fensci-reconnaissante-aux-actions-du-chef-de-letat\/\">\r\n\t\t\t\t\t\t\tC\u00e9l\u00e9bration des 60 ans d\u2019ind\u00e9pendance de la C\u00f4te d\u2019Ivoire: La FENSCI reconnaissante aux actions du Chef de l\u2019\u00c9tat\t\t\t\t\t\t<\/a>\r\n\t\t\t\t\t<\/li>\r\n\t\t\t\t\t\t\t\t\t\t<li>\r\n\t\t\t\t\t\t<a class=\"limit-line\" href=\"https:\/\/www.amanien.info\/news\/federation-ivoirienne-de-football-le-processus-electoral-suspendu\/\">\r\n\t\t\t\t\t\t\tF\u00e9d\u00e9ration Ivoirienne de Football: Le processus \u00e9lectoral suspendu\t\t\t\t\t\t<\/a>\r\n\t\t\t\t\t<\/li>\r\n\t\t\t\t\t\t\t\t\t\t<li>\r\n\t\t\t\t\t\t<a class=\"limit-line\" href=\"https:\/\/www.amanien.info\/news\/simone-gbagbo-face-a-la-presse-la-candidature-de-m-ouattara-est-anticonstitutionnelle\/\">\r\n\t\t\t\t\t\t\tSimone Gbagbo face \u00e0 la presse: \u00a0\u00bb La candidature de M. Ouattara est anticonstitutionnelle\u00a0\u00bb\t\t\t\t\t\t<\/a>\r\n\t\t\t\t\t<\/li>\r\n\t\t\t\t\t\t\t\t\t\t<li>\r\n\t\t\t\t\t\t<a class=\"limit-line\" href=\"https:\/\/www.amanien.info\/news\/presidentielles-2020-charles-konan-banny-declare-je-soutiens-bedie-ouattara-et-moi-tout-nous-divise\/\">\r\n\t\t\t\t\t\t\tPr\u00e9sidentielles 2020 &#8211; Charles Konan Banny d\u00e9clare : Je soutiens B\u00e9di\u00e9, Ouattara et moi, tout nous divise\t\t\t\t\t\t<\/a>\r\n\t\t\t\t\t<\/li>\r\n\t\t\t\t\t\t\t\t\t\t<li>\r\n\t\t\t\t\t\t<a class=\"limit-line\" href=\"https:\/\/www.amanien.info\/news\/greve-des-employes-du-cnra-le-directeur-general-menace\/\">\r\n\t\t\t\t\t\t\tGr\u00e8ve des employ\u00e9s du CNRA: Le Directeur G\u00e9n\u00e9ral menace\t\t\t\t\t\t<\/a>\r\n\t\t\t\t\t<\/li>\r\n\t\t\t\t\t\t\t\t\t\t<li>\r\n\t\t\t\t\t\t<a class=\"limit-line\" href=\"https:\/\/www.amanien.info\/news\/soutien-au-chef-de-letat-les-jeunes-leaders-du-gbeke-lancent-officiellement-les-activites-du-mouvement-gbeke-ebo-yokou-nan-ye-djasso\/\">\r\n\t\t\t\t\t\t\tSoutien au Chef de l\u2019Etat\u00a0: Les jeunes leaders du Gb\u00eak\u00ea lancent officiellement les activit\u00e9s du mouvement \u00ab\u00a0Gb\u00eak\u00ea, \u00e9bo yokou nan y\u00e9\u00a0djasso \u00bb\t\t\t\t\t\t<\/a>\r\n\t\t\t\t\t<\/li>\r\n\t\t\t\t\t\t\t\t\t\t<li>\r\n\t\t\t\t\t\t<a class=\"limit-line\" href=\"https:\/\/www.amanien.info\/news\/3e-mandat-de-ouattara-ca-chauffe-a-daoukro-cocody-riviera-et-gagnoa-se-signalent\/\">\r\n\t\t\t\t\t\t\t3\u00e8 mandat de Ouattara : \u00ab\u00a0\u00c7a chauffe\u00a0\u00bb \u00e0 Daoukro. Cocody riviera et Gagnoa se signalent\t\t\t\t\t\t<\/a>\r\n\t\t\t\t\t<\/li>\r\n\t\t\t\t\t\t\t\t\t\t<li>\r\n\t\t\t\t\t\t<a class=\"limit-line\" href=\"https:\/\/www.amanien.info\/news\/60-eme-anniversaire-de-l-independance-le-chef-de-letat-a-preside-une-ceremonie-de-prise-d-arme\/\">\r\n\t\t\t\t\t\t\t60 \u00e8me anniversaire de l&rsquo; ind\u00e9pendance: Le chef de l&rsquo;\u00c9tat a pr\u00e9sid\u00e9 une c\u00e9r\u00e9monie de prise d&rsquo; arme\t\t\t\t\t\t<\/a>\r\n\t\t\t\t\t<\/li>\r\n\t\t\t\t\t\t\t\t\t\t<li>\r\n\t\t\t\t\t\t<a class=\"limit-line\" href=\"https:\/\/www.amanien.info\/news\/celebration-des-60-ans-dindependance-de-la-cote-divoire-la-cngr-ci-reconnaissante-aux-actions-du-chef-de-letat\/\">\r\n\t\t\t\t\t\t\tC\u00e9l\u00e9bration des 60 ans d\u2019ind\u00e9pendance de la C\u00f4te d\u2019Ivoire : La CNGR-CI reconnaissante aux actions du Chef de l\u2019\u00c9tat\t\t\t\t\t\t<\/a>\r\n\t\t\t\t\t<\/li>\r\n\t\t\t\t\t\t\t\t\t\t<li>\r\n\t\t\t\t\t\t<a class=\"limit-line\" href=\"https:\/\/www.amanien.info\/news\/les-populations-de-san-pedro-sensibilises-sur-le-mode-operatoire-du-contentieux-et-du-parrainage-citoyen\/\">\r\n\t\t\t\t\t\t\tLes populations de San-Pedro sensibilis\u00e9s sur le mode op\u00e9ratoire du contentieux et du parrainage citoyen\t\t\t\t\t\t<\/a>\r\n\t\t\t\t\t<\/li>\r\n\t\t\t\t\t\t\t\t\t\t<li>\r\n\t\t\t\t\t\t<a class=\"limit-line\" href=\"https:\/\/www.amanien.info\/news\/60eme-anniversaire-de-lindependance-de-la-cote-divoire-le-prefet-de-region-de-san-pedro-exhorte-ses-administres\/\">\r\n\t\t\t\t\t\t\t60\u00e8me anniversaire de l&rsquo;ind\u00e9pendance de la C\u00f4te d&rsquo;ivoire: Le pr\u00e9fet de r\u00e9gion de San-Pedro exhorte ses administr\u00e9s\t\t\t\t\t\t<\/a>\r\n\t\t\t\t\t<\/li>\r\n\t\t\t\t\t\t\t\t\t\t<li>\r\n\t\t\t\t\t\t<a class=\"limit-line\" href=\"https:\/\/www.amanien.info\/news\/discours-du-chef-de-letat-alassane-ouattara-a-l-occasion-de-la-fete-de-l-independance-je-suis-candidat-a-l-election-presidentielle-du-31-octobre\/\">\r\n\t\t\t\t\t\t\tDiscours du chef de l&rsquo;\u00c9tat Alassane Ouattara \u00e0 l&rsquo; occasion de la f\u00eate de l&rsquo; ind\u00e9pendance: \u00a0\u00bb Je suis candidat \u00e0 l&rsquo; \u00e9lection pr\u00e9sidentielle du 31 octobre\u00a0\u00bb\t\t\t\t\t\t<\/a>\r\n\t\t\t\t\t<\/li>\r\n\t\t\t\t\t\t\t\t\t\t<li>\r\n\t\t\t\t\t\t<a class=\"limit-line\" href=\"https:\/\/www.amanien.info\/news\/communique-du-conseil-des-ministres-du-5-aout-la-journee-nationale-du-pardon-et-du-souvenir-adoptee\/\">\r\n\t\t\t\t\t\t\tCommuniqu\u00e9 du conseil des ministres du 5 ao\u00fbt: La journ\u00e9e nationale du pardon et du souvenir adopt\u00e9e\t\t\t\t\t\t<\/a>\r\n\t\t\t\t\t<\/li>\r\n\t\t\t\t\t\t\t\t\t\t<li>\r\n\t\t\t\t\t\t<a class=\"limit-line\" href=\"https:\/\/www.amanien.info\/news\/un-lineaire-total-de-5-810-m-de-voiries-sera-realise-dans-la-ville-de-san-pedro\/\">\r\n\t\t\t\t\t\t\tUn lin\u00e9aire total de 5 810 m de voiries sera r\u00e9alis\u00e9 dans la ville de San-Pedro.\t\t\t\t\t\t<\/a>\r\n\t\t\t\t\t<\/li>\r\n\t\t\t\t\t\t\t\t\t\t<li>\r\n\t\t\t\t\t\t<a class=\"limit-line\" href=\"https:\/\/www.amanien.info\/news\/bon-a-savoir\/\">\r\n\t\t\t\t\t\t\tBon \u00e0 savoir\t\t\t\t\t\t<\/a>\r\n\t\t\t\t\t<\/li>\r\n\t\t\t\t\t\t\t\t\t\t<li>\r\n\t\t\t\t\t\t<a class=\"limit-line\" href=\"https:\/\/www.amanien.info\/news\/la-coordination-regionale-de-ludpci-san-pedro-reaffirme-son-soutien-a-mabri-toikeusse\/\">\r\n\t\t\t\t\t\t\tLa coordination r\u00e9gionale de l&rsquo;UDPCI San-Pedro r\u00e9affirme son soutien \u00e0 Mabri Toikeusse\t\t\t\t\t\t<\/a>\r\n\t\t\t\t\t<\/li>\r\n\t\t\t\t\t\t\t\t\t\t<li>\r\n\t\t\t\t\t\t<a class=\"limit-line\" href=\"https:\/\/www.amanien.info\/news\/presidence-de-la-fif-la-candidature-de-drogba-deposee\/\">\r\n\t\t\t\t\t\t\tPr\u00e9sidence de la FIF : La candidature de Drogba d\u00e9pos\u00e9e\t\t\t\t\t\t<\/a>\r\n\t\t\t\t\t<\/li>\r\n\t\t\t\t\t\t\t\t\t\t<li>\r\n\t\t\t\t\t\t<a class=\"limit-line\" href=\"https:\/\/www.amanien.info\/news\/bamba-siaka-designe-par-le-president-bedie-pour-representer-le-pdci-rda-a-la-commission-centrale-de-la-cei\/\">\r\n\t\t\t\t\t\t\tBamba Siaka d\u00e9sign\u00e9 par le Pr\u00e9sident B\u00e9di\u00e9 pour repr\u00e9senter le Pdci-RDA \u00e0 la Commission centrale de la CEI\t\t\t\t\t\t<\/a>\r\n\t\t\t\t\t<\/li>\r\n\t\t\t\t\t\t\t\t\t\t<li>\r\n\t\t\t\t\t\t<a class=\"limit-line\" href=\"https:\/\/www.amanien.info\/news\/primature-la-fensci-se-felicite-de-la-nomination-de-hamed-bakayoko\/\">\r\n\t\t\t\t\t\t\tPrimature\u00a0: La Fensci se f\u00e9licite\u00a0 de la nomination de Hamed Bakayoko\t\t\t\t\t\t<\/a>\r\n\t\t\t\t\t<\/li>\r\n\t\t\t\t\t\t\t\t\t\t<li>\r\n\t\t\t\t\t\t<a class=\"limit-line\" href=\"https:\/\/www.amanien.info\/news\/tabaski-ou-laid-el-kebir-2020-toure-adama-a-prie-a-la-moquee-zawiya-de-gbeba-avec-les-enfants-de-la-gare\/\">\r\n\t\t\t\t\t\t\tTabaski ou l\u2019A\u00efd-el-Kebir 2020: Tour\u00e9 Adama a pri\u00e9 \u00e0 la moqu\u00e9e Zawiya de Gb\u00eaba avec les enfants de la gare.\t\t\t\t\t\t<\/a>\r\n\t\t\t\t\t<\/li>\r\n\t\t\t\t\t\t\t\t\t\t<li>\r\n\t\t\t\t\t\t<a class=\"limit-line\" href=\"https:\/\/www.amanien.info\/news\/primature-hamed-bakayoko-nomme-premier-ministrechef-du-gouvernement\/\">\r\n\t\t\t\t\t\t\tPrimature: Hamed Bakayoko nomm\u00e9 Premier Ministre,chef du gouvernement\t\t\t\t\t\t<\/a>\r\n\t\t\t\t\t<\/li>\r\n\t\t\t\t\t\t\t\t\t\t<li>\r\n\t\t\t\t\t\t<a class=\"limit-line\" href=\"https:\/\/www.amanien.info\/news\/secteur-des-medias-l-intersyndicale-demande-plus-de-protection-pour-les-journalistes\/\">\r\n\t\t\t\t\t\t\tSecteur des m\u00e9dias: L&rsquo; intersyndicale demande plus de protection pour les journalistes\t\t\t\t\t\t<\/a>\r\n\t\t\t\t\t<\/li>\r\n\t\t\t\t\t\t\t\t\t\t<li>\r\n\t\t\t\t\t\t<a class=\"limit-line\" href=\"https:\/\/www.amanien.info\/news\/reunion-du-conseil-politique-du-rhdp-alassane-ouattara-a-propos-d-une-eventuelle-candidature-laissez-moi-le-temps-du-recueillement-et-de-la-reflexion\/\">\r\n\t\t\t\t\t\t\tR\u00e9union du conseil politique du RHDP: Alassane Ouattara \u00e0 propos d&rsquo; une \u00e9ventuelle candidature \u00a0\u00bb Laissez moi le temps du recueillement et de la r\u00e9flexion\u00a0\u00bb\t\t\t\t\t\t<\/a>\r\n\t\t\t\t\t<\/li>\r\n\t\t\t\t\t\t\t\t\t\t<li>\r\n\t\t\t\t\t\t<a class=\"limit-line\" href=\"https:\/\/www.amanien.info\/news\/communique-du-conseil-des-ministres-du-29-juillet-le-plan-d-actions-prioritaire-se-poursuit\/\">\r\n\t\t\t\t\t\t\tCommuniqu\u00e9 du conseil des ministres du 29 juillet: Le plan d&rsquo; actions prioritaire\u00a0 se poursuit\t\t\t\t\t\t<\/a>\r\n\t\t\t\t\t<\/li>\r\n\t\t\t\t\t\t\t\t\t\t<li>\r\n\t\t\t\t\t\t<a class=\"limit-line\" href=\"https:\/\/www.amanien.info\/news\/convention-locales-du-pdci-le-president-bedie-a-vote-au-siege-de-son-parti-a-cocody\/\">\r\n\t\t\t\t\t\t\tConvention locales du Pdci: Le Pr\u00e9sident B\u00e9di\u00e9 a vot\u00e9  au si\u00e8ge de son parti \u00e0 Cocody\t\t\t\t\t\t<\/a>\r\n\t\t\t\t\t<\/li>\r\n\t\t\t\t\t\t\t\t\t\t<li>\r\n\t\t\t\t\t\t<a class=\"limit-line\" href=\"https:\/\/www.amanien.info\/news\/paix-et-cohesion-sociale-en-prelude-aux-elections-a-venir-le-president-de-lorganisation-notre-nation-presente-son-bureau\/\">\r\n\t\t\t\t\t\t\tPaix et coh\u00e9sion sociale \/ En pr\u00e9lude aux \u00e9lections \u00e0 venir: Le pr\u00e9sident de l\u2019organisation \u00a0\u2018\u2019Notre Nation\u2019\u2019 pr\u00e9sente son bureau\t\t\t\t\t\t<\/a>\r\n\t\t\t\t\t<\/li>\r\n\t\t\t\t\t\t\t\t\t\t<li>\r\n\t\t\t\t\t\t<a class=\"limit-line\" href=\"https:\/\/www.amanien.info\/news\/tabaski-ou-laid-el-kebir-2020-toure-adama-prevoit-500-kits-alimentaires-pour-les-enfants-de-gbeba\/\">\r\n\t\t\t\t\t\t\tTabaski ou l\u2019A\u00efd-el-Kebir 2020: Tour\u00e9 Adama pr\u00e9voit 500 kits alimentaires pour les enfants de Gb\u00eaba\t\t\t\t\t\t<\/a>\r\n\t\t\t\t\t<\/li>\r\n\t\t\t\t\t\t\t\t\t\t<li>\r\n\t\t\t\t\t\t<a class=\"limit-line\" href=\"https:\/\/www.amanien.info\/news\/centre-national-de-recherche-agronomique-les-employes-reclament-le-paiement-des-arrieres-de-salaires\/\">\r\n\t\t\t\t\t\t\tCentre national de recherche Agronomique: Les employ\u00e9s r\u00e9clament le paiement des arri\u00e9r\u00e9s de salaires\t\t\t\t\t\t<\/a>\r\n\t\t\t\t\t<\/li>\r\n\t\t\t\t\t\t\t\t\t\t<li>\r\n\t\t\t\t\t\t<a class=\"limit-line\" href=\"https:\/\/www.amanien.info\/news\/designation-du-candidat-du-pdci-aux-elections-presidentielles-les-conventions-locales-se-tiennent-les-25-et-26-juillet\/\">\r\n\t\t\t\t\t\t\tD\u00e9signation du candidat du PDCI aux \u00e9lections pr\u00e9sidentielles: Les conventions locales se tiennent les 25 et 26 juillet\t\t\t\t\t\t<\/a>\r\n\t\t\t\t\t<\/li>\r\n\t\t\t\t\t\t\t\t\t\t<li>\r\n\t\t\t\t\t\t<a class=\"limit-line\" href=\"https:\/\/www.amanien.info\/news\/marcel-amon-tanoh-annonce-sa-candidature-a-la-presidentielle-doctobre-2020-et-juge-le-travail-accompli-par-le-gouvernement-en-place\/\">\r\n\t\t\t\t\t\t\tMarcel Amon Tanoh annonce sa candidature \u00e0 la pr\u00e9sidentielle d&rsquo;octobre 2020 et juge le travail accompli par le gouvernement en place\t\t\t\t\t\t<\/a>\r\n\t\t\t\t\t<\/li>\r\n\t\t\t\t\t\t\t\t\t\t<li>\r\n\t\t\t\t\t\t<a class=\"limit-line\" href=\"https:\/\/www.amanien.info\/news\/deces-de-l-ancien-premier-ministre-seydou-elimane-diarra\/\">\r\n\t\t\t\t\t\t\tD\u00e9c\u00e8s de l&rsquo; ancien premier ministre Seydou Elimane Diarra\t\t\t\t\t\t<\/a>\r\n\t\t\t\t\t<\/li>\r\n\t\t\t\t\t\t\t\t\t\t<li>\r\n\t\t\t\t\t\t<a class=\"limit-line\" href=\"https:\/\/www.amanien.info\/news\/eglise-catholique-deces-de-mgr-pierre-marie-coty\/\">\r\n\t\t\t\t\t\t\t\u00c9glise catholique: D\u00e9c\u00e8s de Mgr Pierre Marie Coty\t\t\t\t\t\t<\/a>\r\n\t\t\t\t\t<\/li>\r\n\t\t\t\t\t\t\t\t\t\t<li>\r\n\t\t\t\t\t\t<a class=\"limit-line\" href=\"https:\/\/www.amanien.info\/news\/decede-le-8-juillet-dernier-le-premier-ministre-amadou-gon-coulibaly-inhume-vendredi\/\">\r\n\t\t\t\t\t\t\tD\u00e9c\u00e9d\u00e9 le 8 juillet dernier: Le premier ministre Amadou Gon Coulibaly inhum\u00e9 vendredi\t\t\t\t\t\t<\/a>\r\n\t\t\t\t\t<\/li>\r\n\t\t\t\t\t\t\t\t\t\t<li>\r\n\t\t\t\t\t\t<a class=\"limit-line\" href=\"https:\/\/www.amanien.info\/news\/coronavirus-la-cote-divoire-compte-a-ce-jour-13-554-cas\/\">\r\n\t\t\t\t\t\t\tCoronavirus: La C\u00f4te d&rsquo;Ivoire compte \u00e0 ce jour 13.554 cas\t\t\t\t\t\t<\/a>\r\n\t\t\t\t\t<\/li>\r\n\t\t\t\t\t\t\t\t\t\t<li>\r\n\t\t\t\t\t\t<a class=\"limit-line\" href=\"https:\/\/www.amanien.info\/news\/hommage-au-premier-ministre-amadou-gon-coulibaly-toure-adama-cngr-ci-que-dieu-vous-accorde-sa-clemence-et-sa-misericorde\/\">\r\n\t\t\t\t\t\t\tHommage au Premier ministre Amadou Gon Coulibaly Tour\u00e9 Adama Cngr \u2013CI\u00a0: \u2018\u2019 Que Dieu vous accorde sa cl\u00e9mence et sa mis\u00e9ricorde\u2019\u2019\u00a0\t\t\t\t\t\t<\/a>\r\n\t\t\t\t\t<\/li>\r\n\t\t\t\t\t\t\t\t\t\t<li>\r\n\t\t\t\t\t\t<a class=\"limit-line\" href=\"https:\/\/www.amanien.info\/news\/federation-des-tradipraticiens-de-sante-et-de-naturotherapeutes-ano-kouao-daniel-il-faut-que-nous-soyons-unis\/\">\r\n\t\t\t\t\t\t\tF\u00e9d\u00e9ration des tradipraticiens de sant\u00e9 et de naturoth\u00e9rapeutes: Ano Kouao Daniel \u00a0\u00bb Il faut que nous soyons unis\u00a0\u00bb\t\t\t\t\t\t<\/a>\r\n\t\t\t\t\t<\/li>\r\n\t\t\t\t\t\t\t\t\t\t<li>\r\n\t\t\t\t\t\t<a class=\"limit-line\" href=\"https:\/\/www.amanien.info\/news\/ouverture-du-grand-abidjan-abdoulaye-sylla-president-fensci-dit-merci-a-ouattara\/\">\r\n\t\t\t\t\t\t\tOuverture du Grand Abidjan :\u00a0 Abdoulaye Sylla, pr\u00e9sident Fensci dit merci \u00e0 Ouattara\t\t\t\t\t\t<\/a>\r\n\t\t\t\t\t<\/li>\r\n\t\t\t\t\t\t\t\t\t\t<li>\r\n\t\t\t\t\t\t<a class=\"limit-line\" href=\"https:\/\/www.amanien.info\/news\/deces-du-premier-ministre-la-nation-rend-hommage-a-amadou-gon-coulibaly\/\">\r\n\t\t\t\t\t\t\tD\u00e9c\u00e8s du premier ministre: La nation rend hommage \u00e0 Amadou Gon Coulibaly\t\t\t\t\t\t<\/a>\r\n\t\t\t\t\t<\/li>\r\n\t\t\t\t\t\t\t\t\t\t<li>\r\n\t\t\t\t\t\t<a class=\"limit-line\" href=\"https:\/\/www.amanien.info\/news\/communique-du-conseil-des-ministres-du-13-juillet-un-decret-adopte-organisant-les-modalites-pour-le-parrainage-en-vue-des-elections-presidentielles\/\">\r\n\t\t\t\t\t\t\tCommuniqu\u00e9 du conseil des ministres du 13 juillet: Un d\u00e9cret adopt\u00e9, organisant les modalit\u00e9s pour le parrainage en vue des \u00e9lections pr\u00e9sidentielles\t\t\t\t\t\t<\/a>\r\n\t\t\t\t\t<\/li>\r\n\t\t\t\t\t\t\t\t\t\t<li>\r\n\t\t\t\t\t\t<a class=\"limit-line\" href=\"https:\/\/www.amanien.info\/news\/presidence-de-la-republique-le-vice-president-a-demissionne\/\">\r\n\t\t\t\t\t\t\tPr\u00e9sidence de la R\u00e9publique: Le vice pr\u00e9sident a d\u00e9missionn\u00e9\t\t\t\t\t\t<\/a>\r\n\t\t\t\t\t<\/li>\r\n\t\t\t\t\t\t\t\t\t\t<li>\r\n\t\t\t\t\t\t<a class=\"limit-line\" href=\"https:\/\/www.amanien.info\/news\/lutte-contre-la-covid-19-la-croix-rouge-de-cote-divoire-assiste-les-personnes-en-situation-de-handicap\/\">\r\n\t\t\t\t\t\t\tLutte contre la covid-19: La Croix-Rouge de C\u00f4te d&rsquo;Ivoire assiste les personnes en situation de handicap\t\t\t\t\t\t<\/a>\r\n\t\t\t\t\t<\/li>\r\n\t\t\t\t\t\t\t\t\t\t<li>\r\n\t\t\t\t\t\t<a class=\"limit-line\" href=\"https:\/\/www.amanien.info\/news\/soutien-aux-ideaux-de-paix-et-cohesion-sociale-le-president-de-lorganisation-notre-nation-presente-les-objectifs-de-sa-structure\/\">\r\n\t\t\t\t\t\t\tSoutien aux id\u00e9aux de paix et coh\u00e9sion sociale : Le pr\u00e9sident de l\u2019organisation \u00a0\u2018\u2019Notre Nation\u2019\u2019 pr\u00e9sente les objectifs de sa structure\t\t\t\t\t\t<\/a>\r\n\t\t\t\t\t<\/li>\r\n\t\t\t\t\t\t\t\t\t\t<li>\r\n\t\t\t\t\t\t<a class=\"limit-line\" href=\"https:\/\/www.amanien.info\/news\/deces-du-premier-ministre-un-deuil-national-de-8-jours-decrete\/\">\r\n\t\t\t\t\t\t\tD\u00e9c\u00e8s du premier ministre: Un deuil national de 8 jours d\u00e9cr\u00e9t\u00e9\t\t\t\t\t\t<\/a>\r\n\t\t\t\t\t<\/li>\r\n\t\t\t\t\t\t\t\t\t\t<li>\r\n\t\t\t\t\t\t<a class=\"limit-line\" href=\"https:\/\/www.amanien.info\/news\/deces-du-premier-ministre-reverend-pasteur-ediemou-blin-jacob-president-du-forum-national-des-confessions-religieuses-que-la-mort-d-amadou-gon-coulibaly-aide-a-la-reconciliation-nationale\/\">\r\n\t\t\t\t\t\t\tD\u00e9c\u00e8s du premier ministre\/R\u00e9v\u00e9rend Pasteur Ediemou Blin Jacob ( pr\u00e9sident du forum national des confessions religieuses):\u00a0\u00bb Que la mort d&rsquo; Amadou Gon Coulibaly aide \u00e0 la r\u00e9conciliation nationale\u00a0\u00bb\t\t\t\t\t\t<\/a>\r\n\t\t\t\t\t<\/li>\r\n\t\t\t\t\t\t\t\t\t\t<li>\r\n\t\t\t\t\t\t<a class=\"limit-line\" href=\"https:\/\/www.amanien.info\/news\/communique-du-conseil-des-ministres-du-8-juillet-le-gouvernement-ordonne-la-fermeture-des-sites-de-placement-d-argent\/\">\r\n\t\t\t\t\t\t\tCommuniqu\u00e9 du conseil des ministres du 8 juillet: Le gouvernement\u00a0 ordonne la fermeture des sites de placement d&rsquo; argent\t\t\t\t\t\t<\/a>\r\n\t\t\t\t\t<\/li>\r\n\t\t\t\t\t\t\t\t\t\t<li>\r\n\t\t\t\t\t\t<a class=\"limit-line\" href=\"https:\/\/www.amanien.info\/news\/le-chef-du-gouvernement-amadou-gon-coulibaly-est-decede\/\">\r\n\t\t\t\t\t\t\tLe chef du gouvernement Amadou Gon Coulibaly est d\u00e9c\u00e9d\u00e9\t\t\t\t\t\t<\/a>\r\n\t\t\t\t\t<\/li>\r\n\t\t\t\t\t\t\t\t\t\t<li>\r\n\t\t\t\t\t\t<a class=\"limit-line\" href=\"https:\/\/www.amanien.info\/news\/press-club-unjci-le-professeur-abou-karamoko-president-de-lufhb-etait-face-a-la-presse\/\">\r\n\t\t\t\t\t\t\tPRESS-CLUB UNJCI : LE PROFESSEUR\u00a0 ABOU KARAMOKO (PR\u00c9SIDENT DE L\u2019UFHB) \u00c9TAIT  FACE\u00a0 A LA PRESSE\t\t\t\t\t\t<\/a>\r\n\t\t\t\t\t<\/li>\r\n\t\t\t\t\t\t\t\t\t\t<li>\r\n\t\t\t\t\t\t<a class=\"limit-line\" href=\"https:\/\/www.amanien.info\/news\/transport-atelier-de-formation-des-futurs-conducteurs-lufdpplao-ci-felicite-et-fait-des-suggestions\/\">\r\n\t\t\t\t\t\t\tTransport \/ Atelier \u00a0de formation des futurs conducteurs: L\u2019Ufdpplao-CI f\u00e9licite et fait des suggestions\t\t\t\t\t\t<\/a>\r\n\t\t\t\t\t<\/li>\r\n\t\t\t\t\t\t\t\t\t\t<li>\r\n\t\t\t\t\t\t<a class=\"limit-line\" href=\"https:\/\/www.amanien.info\/news\/impacts-de-la-covid-19-sur-le-transport-terrestre-abou-diallo-president-synttu-ci-nous-sommes-au-bord-du-gouffre\/\">\r\n\t\t\t\t\t\t\tImpacts de la Covid 19 sur le transport terrestre \/ Abou Diallo pr\u00e9sident Synttu-CI: \u2018\u2019 Nous sommes au bord du gouffre\u2019\u2019\t\t\t\t\t\t<\/a>\r\n\t\t\t\t\t<\/li>\r\n\t\t\t\t\t\t\t\t\t\t<li>\r\n\t\t\t\t\t\t<a class=\"limit-line\" href=\"https:\/\/www.amanien.info\/news\/impacts-de-la-covid-19-sur-le-transport-terrestre-abdoulaye-sylla-president-fensci-si-rien-nest-fait-beaucoup-de-societes-vont-fermer\/\">\r\n\t\t\t\t\t\t\tImpacts de la Covid 19 sur le transport terrestre \/ Abdoulaye Sylla, pr\u00e9sident Fensci: \u2018\u2019 Si rien n\u2019est fait, beaucoup de soci\u00e9t\u00e9s vont fermer\u2019\u2019\t\t\t\t\t\t<\/a>\r\n\t\t\t\t\t<\/li>\r\n\t\t\t\t\t\t\t\t\t\t<li>\r\n\t\t\t\t\t\t<a class=\"limit-line\" href=\"https:\/\/www.amanien.info\/news\/sakassou-sidi-toure-aux-populations-de-dibri-assikrio-1-et-2-faire-gagner-amadou-gon-coulibaly-cest-faire-gagner-la-sous-prefecture-de-dibri-assikro-1-et-2\/\">\r\n\t\t\t\t\t\t\tSakassou\/Sidi Tour\u00e9 aux populations de Dibri-Assikrio 1 et 2: \u00ab Faire gagner Amadou Gon Coulibaly, c\u2019est faire gagner la sous-pr\u00e9fecture de Dibri-Assikro 1 et 2 \u00bb\t\t\t\t\t\t<\/a>\r\n\t\t\t\t\t<\/li>\r\n\t\t\t\t\t\t\t\t\t\t<li>\r\n\t\t\t\t\t\t<a class=\"limit-line\" href=\"https:\/\/www.amanien.info\/news\/transport-terrestre-alphabetisation-du-secteur-la-directrice-de-la-daenf-salue-les-actions-de-la-cngr-ci\/\">\r\n\t\t\t\t\t\t\tTransport terrestre \/ Alphab\u00e9tisation du secteur: La Directrice de la Daenf salue les actions\u00a0 de la Cngr-CI\t\t\t\t\t\t<\/a>\r\n\t\t\t\t\t<\/li>\r\n\t\t\t\t\t\t\t\t\t\t<li>\r\n\t\t\t\t\t\t<a class=\"limit-line\" href=\"https:\/\/www.amanien.info\/news\/commune-de-koumassi-le-marche-dje-konan-fait-peau-neuve\/\">\r\n\t\t\t\t\t\t\tCommune de Koumassi: Le march\u00e9 Dje Konan fait peau neuve\t\t\t\t\t\t<\/a>\r\n\t\t\t\t\t<\/li>\r\n\t\t\t\t\t\t\t\t\t\t<li>\r\n\t\t\t\t\t\t<a class=\"limit-line\" href=\"https:\/\/www.amanien.info\/news\/afin-d-obtenir-la-securisation-du-patrimoine-foncier-de-la-cnra-les-employes-decretent-trois-jours-de-greve\/\">\r\n\t\t\t\t\t\t\tS\u00e9curisation du patrimoine foncier du CNRA: Les employ\u00e9s d\u00e9cr\u00e8tent trois jours de gr\u00e8ve\t\t\t\t\t\t<\/a>\r\n\t\t\t\t\t<\/li>\r\n\t\t\t\t\t\t\t\t\t\t<li>\r\n\t\t\t\t\t\t<a class=\"limit-line\" href=\"https:\/\/www.amanien.info\/news\/front-populaire-ivoirien-laurent-gbagbo-souhaite-des-elections-apaisees\/\">\r\n\t\t\t\t\t\t\tFront Populaire Ivoirien: Laurent Gbagbo souhaite des \u00e9lections apais\u00e9es\t\t\t\t\t\t<\/a>\r\n\t\t\t\t\t<\/li>\r\n\t\t\t\t\t\t\t\t\t\t<li>\r\n\t\t\t\t\t\t<a class=\"limit-line\" href=\"https:\/\/www.amanien.info\/news\/conseil-des-ministres-extraordinaire-les-constructions-qui-obstruent-les-voies-d-eau-seront-detruites\/\">\r\n\t\t\t\t\t\t\tConseil des ministres extraordinaire: Les constructions qui obstruent les voies d&rsquo; eau seront d\u00e9truites\t\t\t\t\t\t<\/a>\r\n\t\t\t\t\t<\/li>\r\n\t\t\t\t\t\t\t\t\t\t<li>\r\n\t\t\t\t\t\t<a class=\"limit-line\" href=\"https:\/\/www.amanien.info\/news\/inauguration-du-siege-de-l-acepnuci-dr-diamana-presente-sa-solution-contre-le-coronavirus\/\">\r\n\t\t\t\t\t\t\tInauguration du si\u00e8ge de l&rsquo; Acepnuci:\u00a0Dr Diamana pr\u00e9sente sa solution contre le coronavirus\t\t\t\t\t\t<\/a>\r\n\t\t\t\t\t<\/li>\r\n\t\t\t\t\t\t\t\t\t\t<li>\r\n\t\t\t\t\t\t<a class=\"limit-line\" href=\"https:\/\/www.amanien.info\/news\/gare-routiere-gbeba-dadjame-pour-une-meilleure-sensibilisation-des-jeunes-la-mosquee-change-dimam\/\">\r\n\t\t\t\t\t\t\tGare routi\u00e8re Gb\u00eaba d\u2019Adjam\u00e9 \/ Pour une meilleure sensibilisation des jeunes: La mosqu\u00e9e change d\u2019imam\t\t\t\t\t\t<\/a>\r\n\t\t\t\t\t<\/li>\r\n\t\t\t\t\t\t\t\t\t\t<li>\r\n\t\t\t\t\t\t<a class=\"limit-line\" href=\"https:\/\/www.amanien.info\/news\/sensibilisation-sur-la-pandemie-du-coronavirus-limam-de-la-mosquee-moudjahidine-monte-au-creneau\/\">\r\n\t\t\t\t\t\t\tSensibilisation sur la pand\u00e9mie du Coronavirus: L\u2019imam de la mosqu\u00e9e Moudjahidine monte au cr\u00e9neau\t\t\t\t\t\t<\/a>\r\n\t\t\t\t\t<\/li>\r\n\t\t\t\t\t\t\t\t\t\t<li>\r\n\t\t\t\t\t\t<a class=\"limit-line\" href=\"https:\/\/www.amanien.info\/news\/lutte-contre-le-coronavirus-laddad-ci-sengage-sur-plusieurs-fronts\/\">\r\n\t\t\t\t\t\t\tLutte contre le Coronavirus: L\u2019ADDAD \u2013CI s\u2019engage sur plusieurs fronts\t\t\t\t\t\t<\/a>\r\n\t\t\t\t\t<\/li>\r\n\t\t\t\t\t\t\t\t\t\t<li>\r\n\t\t\t\t\t\t<a class=\"limit-line\" href=\"https:\/\/www.amanien.info\/news\/conseil-des-ministres-du-mercredi-24-juin-les-anciennes-carte-nationale-d-identite-protegees-jusquau-30-juin-2021\/\">\r\n\t\t\t\t\t\t\tConseil des Ministres du Mercredi 24 Juin : Les anciennes carte nationale d&rsquo; identit\u00e9 prot\u00e9g\u00e9es jusqu&rsquo;au 30 juin 2021\t\t\t\t\t\t<\/a>\r\n\t\t\t\t\t<\/li>\r\n\t\t\t\t\t\t\t\t\t\t<li>\r\n\t\t\t\t\t\t<a class=\"limit-line\" href=\"https:\/\/www.amanien.info\/news\/lutte-contre-le-travail-des-enfants-la-premiere-dame-equipe-la-sous-direction-de-la-police-criminelle-en-charge-de-la-lutte-contre-ce-phenomene\/\">\r\n\t\t\t\t\t\t\tLutte contre le Travail des Enfants\u00a0: La Premi\u00e8re Dame \u00e9quipe la sous-direction de la Police criminelle en charge de la lutte contre ce ph\u00e9nom\u00e8ne\t\t\t\t\t\t<\/a>\r\n\t\t\t\t\t<\/li>\r\n\t\t\t\t\t\t\t\t\t\t<li>\r\n\t\t\t\t\t\t<a class=\"limit-line\" href=\"https:\/\/www.amanien.info\/news\/alphabetisation-du-secteur-du-transport-la-cngr-ci-a-lhonneur-2\/\">\r\n\t\t\t\t\t\t\tAlphab\u00e9tisation du secteur du transport: La \u00a0CNGR-CI \u00e0 l\u2019honneur\t\t\t\t\t\t<\/a>\r\n\t\t\t\t\t<\/li>\r\n\t\t\t\t\t\t\t\t\t\t<li>\r\n\t\t\t\t\t\t<a class=\"limit-line\" href=\"https:\/\/www.amanien.info\/news\/communique-du-conseil-national-de-securite-jeudi-25-juin-2020\/\">\r\n\t\t\t\t\t\t\tCommuniqu\u00e9 du Conseil National de S\u00e9curit\u00e9 Jeudi 25 Juin 2020\t\t\t\t\t\t<\/a>\r\n\t\t\t\t\t<\/li>\r\n\t\t\t\t\t\t\t\t\t\t<li>\r\n\t\t\t\t\t\t<a class=\"limit-line\" href=\"https:\/\/www.amanien.info\/news\/drame-danyama-la-premiere-dame-offre-des-dons-en-nature-et-en-espece-dune-valeur-de-32-millions-f-cfa-aux-victimes\/\">\r\n\t\t\t\t\t\t\tDrame d\u2019Anyama : La Premi\u00e8re Dame offre des dons en nature et en esp\u00e8ce d\u2019une valeur de 32 millions F CFA aux victimes  \u00a0\t\t\t\t\t\t<\/a>\r\n\t\t\t\t\t<\/li>\r\n\t\t\t\t\t\t\t\t\t\t<li>\r\n\t\t\t\t\t\t<a class=\"limit-line\" href=\"https:\/\/www.amanien.info\/news\/covid-19-12-ressortissants-maliens-en-provenance-de-la-frontiere-nigouni-tengrela-pour-la-cote-divoire-interpelles\/\">\r\n\t\t\t\t\t\t\tCOVID-19 : 12 ressortissants maliens en provenance de la fronti\u00e8re Nigouni-Tengrela pour la C\u00f4te d&rsquo;Ivoire interpell\u00e9s\t\t\t\t\t\t<\/a>\r\n\t\t\t\t\t<\/li>\r\n\t\t\t\t\t\t\t\t\t\t<li>\r\n\t\t\t\t\t\t<a class=\"limit-line\" href=\"https:\/\/www.amanien.info\/news\/presidentielle-2020-lufdpplao-ci-veut-assurer-une-victoire-eclatante-au-candidat-rhdp\/\">\r\n\t\t\t\t\t\t\tPr\u00e9sidentielle 2020: L\u2019Ufdpplao-CI veut assurer une victoire \u00e9clatante au candidat RHDP\t\t\t\t\t\t<\/a>\r\n\t\t\t\t\t<\/li>\r\n\t\t\t\t\t\t\t\t\t\t<li>\r\n\t\t\t\t\t\t<a class=\"limit-line\" href=\"https:\/\/www.amanien.info\/news\/education-sexuelle-avortement-securise-en-partenariat-avec-engender-health-long-femmes-en-action-ci-instruit-parents-et-jeunes\/\">\r\n\t\t\t\t\t\t\t\u00c9ducation sexuelle, avortement s\u00e9curis\u00e9 \/ En partenariat avec Engender Health: L\u2019Ong Femmes en action CI instruit parents et jeunes\t\t\t\t\t\t<\/a>\r\n\t\t\t\t\t<\/li>\r\n\t\t\t\t\t\t\t\t\t\t<li>\r\n\t\t\t\t\t\t<a class=\"limit-line\" href=\"https:\/\/www.amanien.info\/news\/revision-de-la-liste-electorale-le-pdci-souhaite-une-prorogation\/\">\r\n\t\t\t\t\t\t\tR\u00e9vision de la liste \u00e9lectorale: Le PDCI souhaite une prorogation\u00a0\t\t\t\t\t\t<\/a>\r\n\t\t\t\t\t<\/li>\r\n\t\t\t\t\t\t\t\t\t\t<li>\r\n\t\t\t\t\t\t<a class=\"limit-line\" href=\"https:\/\/www.amanien.info\/news\/koumassi-pluies-diluviennes-le-maire-bacongo-poursuit-les-travaux-d-assainissement\/\">\r\n\t\t\t\t\t\t\tKoumassi\/ Pluies diluviennes: Le Maire Bacongo poursuit les travaux d&rsquo; assainissement\t\t\t\t\t\t<\/a>\r\n\t\t\t\t\t<\/li>\r\n\t\t\t\t\t\t\t\t\t\t<li>\r\n\t\t\t\t\t\t<a class=\"limit-line\" href=\"https:\/\/www.amanien.info\/news\/13-personnes-trouvent-la-mort-dans-un-eboulement-a-anyama\/\">\r\n\t\t\t\t\t\t\t13 personnes trouvent la mort dans un \u00e9boulement \u00e0 Anyama\t\t\t\t\t\t<\/a>\r\n\t\t\t\t\t<\/li>\r\n\t\t\t\t\t\t\t\t\t\t<li>\r\n\t\t\t\t\t\t<a class=\"limit-line\" href=\"https:\/\/www.amanien.info\/news\/covid-19-plus-de-6000-cas-enregistres\/\">\r\n\t\t\t\t\t\t\tCovid-19: Plus de 6000 cas enregistr\u00e9s\t\t\t\t\t\t<\/a>\r\n\t\t\t\t\t<\/li>\r\n\t\t\t\t\t\t\t\t\t\t<li>\r\n\t\t\t\t\t\t<a class=\"limit-line\" href=\"https:\/\/www.amanien.info\/news\/la-commission-regionale-cndh-san-pedro-initie-une-rencontre-avec-les-hommes-de-medias\/\">\r\n\t\t\t\t\t\t\tLa commission r\u00e9gionale CNDH San-Pedro initie une rencontre avec les hommes de m\u00e9dias\t\t\t\t\t\t<\/a>\r\n\t\t\t\t\t<\/li>\r\n\t\t\t\t\t\t\t\t\t\t<li>\r\n\t\t\t\t\t\t<a class=\"limit-line\" href=\"https:\/\/www.amanien.info\/news\/san-pedro-sensibilisation-des-populations-exposees-aux-risques-dinondation-dans-la-localite\/\">\r\n\t\t\t\t\t\t\tSan-Pedro: Sensibilisation des populations expos\u00e9es aux risques d\u2019inondation dans la localit\u00e9\t\t\t\t\t\t<\/a>\r\n\t\t\t\t\t<\/li>\r\n\t\t\t\t\t\t\t\t\t\t<li>\r\n\t\t\t\t\t\t<a class=\"limit-line\" href=\"https:\/\/www.amanien.info\/news\/cadbe-le-forum-des-ong-et-sos-violences-sexuelles-recommande-a-letat-dassurer-leffectivite-de-la-mise-en-oeuvre-des-recommandations\/\">\r\n\t\t\t\t\t\t\tCADBE: LE FORUM DES ONG\u00a0 ET SOS VIOLENCES SEXUELLES RECOMMANDE A L\u2019ETAT D\u2019ASSURER L\u2019EFFECTIVITE\u00a0 DE LA MISE EN \u0152UVRE DES RECOMMANDATIONS\t\t\t\t\t\t<\/a>\r\n\t\t\t\t\t<\/li>\r\n\t\t\t\t\t\t\t\t\t\t<li>\r\n\t\t\t\t\t\t<a class=\"limit-line\" href=\"https:\/\/www.amanien.info\/news\/alphabetisation-du-secteur-du-transport-la-cngr-ci-a-lhonneur\/\">\r\n\t\t\t\t\t\t\tAlphab\u00e9tisation du secteur du transport: La \u00a0CNGR-CI \u00e0 l\u2019honneur\t\t\t\t\t\t<\/a>\r\n\t\t\t\t\t<\/li>\r\n\t\t\t\t\t\t\t\t\t\t<li>\r\n\t\t\t\t\t\t<a class=\"limit-line\" href=\"https:\/\/www.amanien.info\/news\/la-banque-mondiale-soutient-la-cote-divoire-avec-315-millions-dollars-pour-reduire-les-risques-dinondation\/\">\r\n\t\t\t\t\t\t\tLa Banque mondiale soutient la c\u00f4te d\u2019ivoire avec 315 millions dollars pour r\u00e9duire les risques d\u2019inondation\t\t\t\t\t\t<\/a>\r\n\t\t\t\t\t<\/li>\r\n\t\t\t\t\t\t\t\t\t\t<li>\r\n\t\t\t\t\t\t<a class=\"limit-line\" href=\"https:\/\/www.amanien.info\/news\/coronavirus-74-voyageurs-clandestins-refoules-vers-leur-pays-de-provenance-par-la-police-nationale\/\">\r\n\t\t\t\t\t\t\tCoronavirus : 74 voyageurs clandestins refoul\u00e9s vers leur pays de provenance par la Police nationale\t\t\t\t\t\t<\/a>\r\n\t\t\t\t\t<\/li>\r\n\t\t\t\t\t\t\t\t\t\t<li>\r\n\t\t\t\t\t\t<a class=\"limit-line\" href=\"https:\/\/www.amanien.info\/news\/biographie-konan-jacques-assahore\/\">\r\n\t\t\t\t\t\t\tBiographie | Konan Jacques ASSAHORE\t\t\t\t\t\t<\/a>\r\n\t\t\t\t\t<\/li>\r\n\t\t\t\t\t\t\t\t\t\t<li>\r\n\t\t\t\t\t\t<a class=\"limit-line\" href=\"https:\/\/www.amanien.info\/news\/1290\/\">\r\n\t\t\t\t\t\t\t\t\t\t\t\t\t<\/a>\r\n\t\t\t\t\t<\/li>\r\n\t\t\t\t\t\t\t\t\t\t<li>\r\n\t\t\t\t\t\t<a class=\"limit-line\" href=\"https:\/\/www.amanien.info\/news\/covid19-la-communaute-libanaise-en-cote-divoire-fait-un-important-don-de-25-millions-de-francs-cfa\/\">\r\n\t\t\t\t\t\t\tCovid19 : La communaut\u00e9 libanaise en C\u00f4te d\u2019Ivoire fait un important don de 25 millions de francs CFA\t\t\t\t\t\t<\/a>\r\n\t\t\t\t\t<\/li>\r\n\t\t\t\t\t\t\t\t\t\t<li>\r\n\t\t\t\t\t\t<a class=\"limit-line\" href=\"https:\/\/www.amanien.info\/news\/covid-19-la-russie-lance-son-premier-medicament-contre-la-maladie\/\">\r\n\t\t\t\t\t\t\tCovid-19\u00a0: La Russie lance son premier m\u00e9dicament contre la maladie\t\t\t\t\t\t<\/a>\r\n\t\t\t\t\t<\/li>\r\n\t\t\t\t\t\t\t\t\t\t<li>\r\n\t\t\t\t\t\t<a class=\"limit-line\" href=\"https:\/\/www.amanien.info\/news\/codiv-19-les-operateurs-economiques-de-grand-bassam-sensibilises-sur-les-demarches-pour-lobtention-des-fonds\/\">\r\n\t\t\t\t\t\t\tCOVID 19.\u00a0: Les op\u00e9rateurs \u00e9conomiques de Grand-Bassam sensibilis\u00e9s sur les d\u00e9marches pour l\u2019obtention des fonds.\t\t\t\t\t\t<\/a>\r\n\t\t\t\t\t<\/li>\r\n\t\t\t\t\t\t\t\t\t\t<li>\r\n\t\t\t\t\t\t<a class=\"limit-line\" href=\"https:\/\/www.amanien.info\/news\/covid-19-serge-kolea-super-ebony-initie-la-chaine-de-solidarite-en-faveur-des-journalistes-et-assimiles\/\">\r\n\t\t\t\t\t\t\tCOVID 19 : SERGE KOLEA (SUPER EBONY) INITIE LA CHAINE DE SOLIDARITE EN FAVEUR DES JOURNALISTES ET ASSIMILES\t\t\t\t\t\t<\/a>\r\n\t\t\t\t\t<\/li>\r\n\t\t\t\t\t\t\t\t\t\t<li>\r\n\t\t\t\t\t\t<a class=\"limit-line\" href=\"https:\/\/www.amanien.info\/news\/attaque-d-un-poste-des-forces-armees-une-operation-de-ratissage-lancee\/\">\r\n\t\t\t\t\t\t\tAttaque d&rsquo; un poste des forces arm\u00e9es: Une op\u00e9ration de ratissage lanc\u00e9e\t\t\t\t\t\t<\/a>\r\n\t\t\t\t\t<\/li>\r\n\t\t\t\t\t\t\t\t\t\t<li>\r\n\t\t\t\t\t\t<a class=\"limit-line\" href=\"https:\/\/www.amanien.info\/news\/la-population-de-san-pedro-sensibilisee-sur-le-mode-operatoire-de-la-revision-de-liste-electorale\/\">\r\n\t\t\t\t\t\t\tLa population de San-Pedro sensibilis\u00e9e sur le mode op\u00e9ratoire de la r\u00e9vision de liste \u00e9lectorale\t\t\t\t\t\t<\/a>\r\n\t\t\t\t\t<\/li>\r\n\t\t\t\t\t\t\t\t\t\t<li>\r\n\t\t\t\t\t\t<a class=\"limit-line\" href=\"https:\/\/www.amanien.info\/news\/6-ans-de-prison-pour-le-conducteur-qui-donne-la-mort-au-pr-adonis-et-sa-famille\/\">\r\n\t\t\t\t\t\t\t6 ans de prison pour le conducteur qui donn\u00e9 la mort au Pr Adonis et sa famille \u00a0\t\t\t\t\t\t<\/a>\r\n\t\t\t\t\t<\/li>\r\n\t\t\t\t\t\t\t\t\t\t<li>\r\n\t\t\t\t\t\t<a class=\"limit-line\" href=\"https:\/\/www.amanien.info\/news\/journee-mondiale-des-oceans-la-mairie-de-grand-bassam-installe-une-brigade-de-salubrite-des-plages\/\">\r\n\t\t\t\t\t\t\tJOURN\u00c9E MONDIALE DES OC\u00c9ANS\u00a0: LA MAIRIE DE GRAND-BASSAM INSTALLE UNE BRIGADE DE SALUBRIT\u00c9 DES PLAGES.\t\t\t\t\t\t<\/a>\r\n\t\t\t\t\t<\/li>\r\n\t\t\t\t\t\t\t\t\t\t<li>\r\n\t\t\t\t\t\t<a class=\"limit-line\" href=\"https:\/\/www.amanien.info\/news\/rhdp-federation-des-associations-feminines-dabobo-depot-9-madame-fofana-nee-toure-aminata-elue-presidente\/\">\r\n\t\t\t\t\t\t\tRHDP\/ FEDERATION DES ASSOCIATIONS \u00a0f\u00e9minines D\u2019ABOBO D\u00c9P\u00d4T \u00a09 : MADAME FOFANA N\u00c9E TOURE AMINATA \u00c9LUE pr\u00e9sidente\t\t\t\t\t\t<\/a>\r\n\t\t\t\t\t<\/li>\r\n\t\t\t\t\t\t\t\t\t\t<li>\r\n\t\t\t\t\t\t<a class=\"limit-line\" href=\"https:\/\/www.amanien.info\/news\/coronavirus-le-ministere-de-la-femme-remet-des-kits-de-protection-a-17-villages-du-canton-gbaloan-sud-daloa\/\">\r\n\t\t\t\t\t\t\tCoronavirus : le minist\u00e8re de la Femme remet des kits de protection \u00e0 17 villages du canton Gbaloan sud (Daloa)\t\t\t\t\t\t<\/a>\r\n\t\t\t\t\t<\/li>\r\n\t\t\t\t\t\t\t\t\t\t<li>\r\n\t\t\t\t\t\t<a class=\"limit-line\" href=\"https:\/\/www.amanien.info\/news\/reouverture-des-ecoles-et-universites-un-convoi-detudiants-a-quitte-san-pedro-pour-abidjan-ce-4-juin\/\">\r\n\t\t\t\t\t\t\tR\u00e9ouverture des \u00e9coles et universit\u00e9s: Un convoi d\u2019\u00e9tudiants a quitt\u00e9 San-Pedro pour Abidjan ce 4 juin\t\t\t\t\t\t<\/a>\r\n\t\t\t\t\t<\/li>\r\n\t\t\t\t\t\t\t\t\t\t<li>\r\n\t\t\t\t\t\t<a class=\"limit-line\" href=\"https:\/\/www.amanien.info\/news\/education-nationale-lexamen-du-cepe-de-la-session-2019-2020-supprime\/\">\r\n\t\t\t\t\t\t\t\u00c9ducation nationale : L\u2019examen du CEPE de la session 2019-2020 supprim\u00e9\t\t\t\t\t\t<\/a>\r\n\t\t\t\t\t<\/li>\r\n\t\t\t\t\t\t\t\t\t\t<li>\r\n\t\t\t\t\t\t<a class=\"limit-line\" href=\"https:\/\/www.amanien.info\/news\/examens-scolaires-le-nouveau-calendrier-connu\/\">\r\n\t\t\t\t\t\t\tExamens scolaires: Le nouveau calendrier connu\t\t\t\t\t\t<\/a>\r\n\t\t\t\t\t<\/li>\r\n\t\t\t\t\t\t\t\t\t\t<li>\r\n\t\t\t\t\t\t<a class=\"limit-line\" href=\"https:\/\/www.amanien.info\/news\/bureau-politique-du-pdci-discours-d-orientation-du-president-henri-konan-bedie\/\">\r\n\t\t\t\t\t\t\tBureau politique du PDCI: Discours d&rsquo; orientation du pr\u00e9sident Henri Konan Bedie\t\t\t\t\t\t<\/a>\r\n\t\t\t\t\t<\/li>\r\n\t\t\t\t\t\t\t\t\t\t<li>\r\n\t\t\t\t\t\t<a class=\"limit-line\" href=\"https:\/\/www.amanien.info\/news\/coronavirus-covid-19-les-createurs-de-mode-font-don-de-1000-cache-nez-aux-journalistes-de-cote-divoire\/\">\r\n\t\t\t\t\t\t\tCORONAVIRUS (COVID-19) : LES CR\u00c9ATEURS DE MODE FONT DON DE 1000 CACHE-NEZ AUX JOURNALISTES DE COTE D\u2019IVOIRE\t\t\t\t\t\t<\/a>\r\n\t\t\t\t\t<\/li>\r\n\t\t\t\t\t\t\t\t\t\t<li>\r\n\t\t\t\t\t\t<a class=\"limit-line\" href=\"https:\/\/www.amanien.info\/news\/quinzaine-de-lenvironnement-la-20eme-edition-lancee\/\">\r\n\t\t\t\t\t\t\tQuinzaine de l&rsquo;environnement: La 20\u00e8me \u00e9dition lanc\u00e9e\t\t\t\t\t\t<\/a>\r\n\t\t\t\t\t<\/li>\r\n\t\t\t\t\t\t\t\t\t\t<li>\r\n\t\t\t\t\t\t<a class=\"limit-line\" href=\"https:\/\/www.amanien.info\/news\/celebration-de-la-journee-mondiale-sans-tabac-lacina-tall-etablit-une-forte-correlation-entre-tabagisme-et-le-coronavirus\/\">\r\n\t\t\t\t\t\t\tC\u00e9l\u00e9bration de la journ\u00e9e mondiale sans tabac\u00a0: Lacina Tall \u00e9tablit une forte corr\u00e9lation entre tabagisme et le Coronavirus\t\t\t\t\t\t<\/a>\r\n\t\t\t\t\t<\/li>\r\n\t\t\t\t\t\t\t\t\t\t<li>\r\n\t\t\t\t\t\t<a class=\"limit-line\" href=\"https:\/\/www.amanien.info\/news\/transport-rencontre-cngr-ci-pmua-daenf-et-protection-sociale-toure-adama-plaide-pour-la-realisation-de-ses-doleances\/\">\r\n\t\t\t\t\t\t\tTransport \/ Rencontre Cngr-CI, Pmua, Daenf et Protection sociale : Tour\u00e9 Adama plaide pour la r\u00e9alisation de ses dol\u00e9ances\t\t\t\t\t\t<\/a>\r\n\t\t\t\t\t<\/li>\r\n\t\t\t\t\t\t\t\t\t\t<li>\r\n\t\t\t\t\t\t<a class=\"limit-line\" href=\"https:\/\/www.amanien.info\/news\/fermeture-de-341-magasins-a-koumassi-le-sycaopao-projette-de-fortes-actions\/\">\r\n\t\t\t\t\t\t\tFermeture de 341 magasins \u00e0 Koumassi: Le Sycaopao projette de fortes actions\t\t\t\t\t\t<\/a>\r\n\t\t\t\t\t<\/li>\r\n\t\t\t\t\t\t\t\t\t\t<li>\r\n\t\t\t\t\t\t<a class=\"limit-line\" href=\"https:\/\/www.amanien.info\/news\/activites-portuaires-nouveau-tarif-de-facturation-blc-eir-le-synat-ci-denonce-une-majoration-abusive\/\">\r\n\t\t\t\t\t\t\tActivit\u00e9s portuaires \/ Nouveau tarif de facturation Blc &#8211; Eir: Le Synat-CI d\u00e9nonce une majoration abusive\t\t\t\t\t\t<\/a>\r\n\t\t\t\t\t<\/li>\r\n\t\t\t\t\t\t\t\t\t\t<li>\r\n\t\t\t\t\t\t<a class=\"limit-line\" href=\"https:\/\/www.amanien.info\/news\/hausse-du-prix-du-carburant-et-du-gaz-butane-pour-le-mois-de-juin\/\">\r\n\t\t\t\t\t\t\tHausse du prix du carburant et du gaz butane pour le mois de juin\t\t\t\t\t\t<\/a>\r\n\t\t\t\t\t<\/li>\r\n\t\t\t\t\t\t\t\t\t\t<li>\r\n\t\t\t\t\t\t<a class=\"limit-line\" href=\"https:\/\/www.amanien.info\/news\/henri-konan-bedie-declare-nous-tenons-desormais-lune-des-cles-de-notre-reconciliation-nationale-apres-lassouplissement-de-restrictions-de-laurent-gbagbo-et-charles-ble-goude\/\">\r\n\t\t\t\t\t\t\tHenri Konan Bedi\u00e9 d\u00e9clare \u00a0\u00bb Nous tenons, d\u00e9sormais, l\u2019une des cl\u00e9s de notre r\u00e9conciliation nationale\u00a0\u00bb apr\u00e8s l\u2019assouplissement de restrictions de Laurent Gbagbo et Charles Bl\u00e9 Goud\u00e9\t\t\t\t\t\t<\/a>\r\n\t\t\t\t\t<\/li>\r\n\t\t\t\t\t\t\t\t\t\t<li>\r\n\t\t\t\t\t\t<a class=\"limit-line\" href=\"https:\/\/www.amanien.info\/news\/le-cns-maintient-letat-durgence-lisolement-du-grand-abidjan-la-fermeture-des-bars-boites-de-nuit-et-des-frontieres-maintenus-jusquau-14-juin-2020\/\">\r\n\t\t\t\t\t\t\tLe CNS maintient l\u2019\u00e9tat d\u2019urgence, l\u2019isolement du Grand Abidjan, la fermeture des bars, bo\u00eetes de nuit et des fronti\u00e8res maintenus jusqu\u2019au 14 juin 2020\t\t\t\t\t\t<\/a>\r\n\t\t\t\t\t<\/li>\r\n\t\t\t\t\t\t\t\t\t\t<li>\r\n\t\t\t\t\t\t<a class=\"limit-line\" href=\"https:\/\/www.amanien.info\/news\/medecine-traditionnelle-covid-19-ano-kouao-le-dr-kroa-ehoule-est-un-obstacle-a-l-emergence-des-praticiens\/\">\r\n\t\t\t\t\t\t\tM\u00e9decine traditionnelle\/ covid- 19: Ano Kouao \u00a0\u00bb Le Dr Kroa Ehoule est un obstacle \u00e0 l&rsquo; \u00e9mergence des praticiens\u00a0\u00bb\t\t\t\t\t\t<\/a>\r\n\t\t\t\t\t<\/li>\r\n\t\t\t\t\t\t\t\t\t\t<li>\r\n\t\t\t\t\t\t<a class=\"limit-line\" href=\"https:\/\/www.amanien.info\/news\/presidentielles-d-octobre-2020-le-fpi-va-lancer-l-operation-inondation-electorale\/\">\r\n\t\t\t\t\t\t\tPr\u00e9sidentielles d&rsquo; octobre 2020: Le FPI va lancer l&rsquo; op\u00e9ration \u00a0\u00bb inondation \u00e9lectorale\u00a0\u00bb\t\t\t\t\t\t<\/a>\r\n\t\t\t\t\t<\/li>\r\n\t\t\t\t\t\t\t\t\t\t<li>\r\n\t\t\t\t\t\t<a class=\"limit-line\" href=\"https:\/\/www.amanien.info\/news\/covid-19-47-nouveaux-cas-confirmes\/\">\r\n\t\t\t\t\t\t\tCovid-19: 47 nouveaux cas confirm\u00e9s\t\t\t\t\t\t<\/a>\r\n\t\t\t\t\t<\/li>\r\n\t\t\t\t\t\t\t\t\t\t<li>\r\n\t\t\t\t\t\t<a class=\"limit-line\" href=\"https:\/\/www.amanien.info\/news\/coronavirus-covid-19-unpsci-soulage-ses-membres-apres-le-don-du-ministre-des-sports\/\">\r\n\t\t\t\t\t\t\tCORONAVIRUS (COVID-19)\/ UNPSCI SOULAGE SES MEMBRES APRES LE DON DU MINISTRE DES SPORTS\t\t\t\t\t\t<\/a>\r\n\t\t\t\t\t<\/li>\r\n\t\t\t\t\t\t\t\t\t\t<li>\r\n\t\t\t\t\t\t<a class=\"limit-line\" href=\"https:\/\/www.amanien.info\/news\/une-course-poursuite-aux-mepris-de-regles-de-prudence-tourne-au-drame-et-fait-des-morts\/\">\r\n\t\t\t\t\t\t\tUne course poursuite \u00ab\u00a0aux m\u00e9pris de r\u00e8gles de prudence\u00a0\u00bb tourne au drame et fait des morts\t\t\t\t\t\t<\/a>\r\n\t\t\t\t\t<\/li>\r\n\t\t\t\t\t\t\t\t\t\t<li>\r\n\t\t\t\t\t\t<a class=\"limit-line\" href=\"https:\/\/www.amanien.info\/news\/fif-la-date-des-prochaines-elections-du-president-connue\/\">\r\n\t\t\t\t\t\t\tFIF: la date des prochaines \u00e9lections du pr\u00e9sident connue\t\t\t\t\t\t<\/a>\r\n\t\t\t\t\t<\/li>\r\n\t\t\t\t\t\t\t\t\t\t<li>\r\n\t\t\t\t\t\t<a class=\"limit-line\" href=\"https:\/\/www.amanien.info\/news\/la-justice-annonce-une-enquete-apres-des-echauffourees-a-la-prison-dabidjan\/\">\r\n\t\t\t\t\t\t\tLa Justice annonce une enqu\u00eate apr\u00e8s des \u00e9chauffour\u00e9es \u00e0 la prison d\u2019Abidjan\t\t\t\t\t\t<\/a>\r\n\t\t\t\t\t<\/li>\r\n\t\t\t\t\t\t\t\t\t\t<li>\r\n\t\t\t\t\t\t<a class=\"limit-line\" href=\"https:\/\/www.amanien.info\/news\/industrie-touristique-covid-19-le-ministre-siandou-fofana-et-les-acteurs-echangent-sur-les-recettes-de-la-relance-apres-la-crise-sanitaire\/\">\r\n\t\t\t\t\t\t\tIndustrie touristique\/COVID 19 : le ministre Siandou Fofana et les acteurs \u00e9changent sur les recettes de la relance apr\u00e8s la crise sanitaire\t\t\t\t\t\t<\/a>\r\n\t\t\t\t\t<\/li>\r\n\t\t\t\t\t\t\t\t\t\t<li>\r\n\t\t\t\t\t\t<a class=\"limit-line\" href=\"https:\/\/www.amanien.info\/news\/lutte-contre-le-covid-19-la-fedinci-presente-ses-inventions-au-ministere-de-l-industrie\/\">\r\n\t\t\t\t\t\t\tLutte contre le covid-19 : La FEDINCI pr\u00e9sente ses inventions au minist\u00e8re de l&rsquo; Industrie\t\t\t\t\t\t<\/a>\r\n\t\t\t\t\t<\/li>\r\n\t\t\t\t\t\t\t\t\t\t<li>\r\n\t\t\t\t\t\t<a class=\"limit-line\" href=\"https:\/\/www.amanien.info\/news\/cheickh-boikary-fofana-president-du-cosim-nest-plus-le-message-du-chef-de-letat\/\">\r\n\t\t\t\t\t\t\tCheickh Boikary Fofana pr\u00e9sident du Cosim n\u2019est plus, le message du Chef de l\u2019Etat\t\t\t\t\t\t<\/a>\r\n\t\t\t\t\t<\/li>\r\n\t\t\t\t\t\t\t\t\t\t<li>\r\n\t\t\t\t\t\t<a class=\"limit-line\" href=\"https:\/\/www.amanien.info\/news\/1014\/\">\r\n\t\t\t\t\t\t\tCOVID-19\/ Bouk\u00e9bo : KOFFI Koffi Cosma fait un don de vivre et non-vivre d\u2019une valeur de 15 millions de francs aux habitants de Bouk\u00e9bo et, poursuit l\u2019extension \u00e9lectrique du village \u00e0 un co\u00fbt de 30 millions.\t\t\t\t\t\t<\/a>\r\n\t\t\t\t\t<\/li>\r\n\t\t\t\t\t\t\t\t\t\t<li>\r\n\t\t\t\t\t\t<a class=\"limit-line\" href=\"https:\/\/www.amanien.info\/news\/nouvelles-taxes-pour-le-financement-de-la-sir-arretons-de-nous-foutre-des-ivoiriens-sindigne-andre-silver-konan\/\">\r\n\t\t\t\t\t\t\tNouvelles taxes pour le financement de la SIR : \u00ab Arr\u00eatons de nous foutre des Ivoiriens ! \u00bb, s\u2019indigne Andr\u00e9 Silver Konan\t\t\t\t\t\t<\/a>\r\n\t\t\t\t\t<\/li>\r\n\t\t\t\t\t\t\t\t\t\t<li>\r\n\t\t\t\t\t\t<a class=\"limit-line\" href=\"https:\/\/www.amanien.info\/news\/bedie-tient-la-dragee-haute-a-ouattara\/\">\r\n\t\t\t\t\t\t\tB\u00c9DI\u00c9 TIENT LA DRAG\u00c9E HAUTE \u00c0 OUATTARA\t\t\t\t\t\t<\/a>\r\n\t\t\t\t\t<\/li>\r\n\t\t\t\t\t\t\t\t\t\t<li>\r\n\t\t\t\t\t\t<a class=\"limit-line\" href=\"https:\/\/www.amanien.info\/news\/mobilite-urbaine-et-amelioration-de-la-circulation-des-personnes-le-premier-vice-gouverneur-du-daa-danho-paulin-inaugure-les-gares-multimodales-et-les-espaces-commerciaux-dadjame-liberte\/\">\r\n\t\t\t\t\t\t\tMobilit\u00e9 urbaine et am\u00e9lioration de la circulation des personnes : le premier Vice-gouverneur du DAA, Danho Paulin inaugure les gares multimodales et les espaces commerciaux d&rsquo;Adjam\u00e9-Libert\u00e9\u00a0\t\t\t\t\t\t<\/a>\r\n\t\t\t\t\t<\/li>\r\n\t\t\t\t\t\t\t\t\t\t<li>\r\n\t\t\t\t\t\t<a class=\"limit-line\" href=\"https:\/\/www.amanien.info\/news\/lutte-contre-le-tabagisme-et-lalcoolisme-en-milieu-scolaire-et-universitaire-ouverture-a-abidjan-du-simpa-2026\/\">\r\n\t\t\t\t\t\t\tLutte contre le tabagisme et l&rsquo;alcoolisme en milieu scolaire et universitaire : ouverture \u00e0 Abidjan du SIMPA 2026\t\t\t\t\t\t<\/a>\r\n\t\t\t\t\t<\/li>\r\n\t\t\t\t\t\t\t\t\t\t<li>\r\n\t\t\t\t\t\t<a class=\"limit-line\" href=\"https:\/\/www.amanien.info\/news\/journee-mondiale-de-la-propriete-intellectuelle-lindustrie-du-sport-joue-un-role-dans-leconomie-mondiale\/\">\r\n\t\t\t\t\t\t\tJourn\u00e9e mondiale de la propri\u00e9t\u00e9 intellectuelle : l&rsquo;industrie du sport joue un r\u00f4le dans l&rsquo;\u00e9conomie mondiale\u00a0\t\t\t\t\t\t<\/a>\r\n\t\t\t\t\t<\/li>\r\n\t\t\t\t\t\t\t\t\t\t<li>\r\n\t\t\t\t\t\t<a class=\"limit-line\" href=\"https:\/\/www.amanien.info\/news\/droits-humains-amnesty-international-denonce-plusieurs-zones-dombre-en-cote-divoire\/\">\r\n\t\t\t\t\t\t\tDroits humains : Amnesty International d\u00e9nonce plusieurs zones d&rsquo;ombre en C\u00f4te d&rsquo;Ivoire\u00a0\t\t\t\t\t\t<\/a>\r\n\t\t\t\t\t<\/li>\r\n\t\t\t\t\t\t\t\t\t\t<li>\r\n\t\t\t\t\t\t<a class=\"limit-line\" href=\"https:\/\/www.amanien.info\/news\/emergence-de-lafrique-lassociation-des-femmes-de-la-diaspora-sengage\/\">\r\n\t\t\t\t\t\t\t\u00c9mergence de l&rsquo;Afrique : l&rsquo;association des femmes de la diaspora s&rsquo;engage\u00a0\t\t\t\t\t\t<\/a>\r\n\t\t\t\t\t<\/li>\r\n\t\t\t\t\t\t\t\t\t\t<li>\r\n\t\t\t\t\t\t<a class=\"limit-line\" href=\"https:\/\/www.amanien.info\/news\/abidjan-innova-le-salon-reporte-au-26-novembre-2026\/\">\r\n\t\t\t\t\t\t\tAbidjan innova: le salon report\u00e9 au 26 novembre 2026\t\t\t\t\t\t<\/a>\r\n\t\t\t\t\t<\/li>\r\n\t\t\t\t\t\t\t\t\t\t<li>\r\n\t\t\t\t\t\t<a class=\"limit-line\" href=\"https:\/\/www.amanien.info\/news\/amelioration-du-diagnostic-et-suivi-du-diabete-et-des-hemoglobinopathies-nexxon-care-met-en-place-la-hplc-une-technologie-de-reference\/\">\r\n\t\t\t\t\t\t\tAm\u00e9lioration du diagnostic et suivi du diab\u00e8te et des h\u00e9moglobinopathies : NEXXON CARE met en place la HPLC, une technologie de r\u00e9f\u00e9rence\u00a0\t\t\t\t\t\t<\/a>\r\n\t\t\t\t\t<\/li>\r\n\t\t\t\t\t\t\t\t\t\t<li>\r\n\t\t\t\t\t\t<a class=\"limit-line\" href=\"https:\/\/www.amanien.info\/news\/examens-a-grand-tirage-session-2026-voici-le-calendrier-complet-des-compositions-et-de-la-proclamation-des-resultats\/\">\r\n\t\t\t\t\t\t\tExamens \u00e0 grand tirage session 2026 : voici le calendrier complet des compositions et de la proclamation des r\u00e9sultats\u00a0\t\t\t\t\t\t<\/a>\r\n\t\t\t\t\t<\/li>\r\n\t\t\t\t\t\t\t\t\t\t<li>\r\n\t\t\t\t\t\t<a class=\"limit-line\" href=\"https:\/\/www.amanien.info\/news\/musique-chretienne-la-chantre-elmina-ouatt-dedicace-preuve-de-foi\/\">\r\n\t\t\t\t\t\t\tMusique chr\u00e9tienne: La chantre Elmina Ouatt d\u00e9dicace \u00a0\u00bb Preuve de foi\u00a0\u00bb\t\t\t\t\t\t<\/a>\r\n\t\t\t\t\t<\/li>\r\n\t\t\t\t\t\t\t\t\t\t<li>\r\n\t\t\t\t\t\t<a class=\"limit-line\" href=\"https:\/\/www.amanien.info\/news\/7901-2\/\">\r\n\t\t\t\t\t\t\tS\u00e9curit\u00e9 routi\u00e8re et promotion du civisme : le CINN m\u00e8ne une campagne de proximit\u00e9 aupr\u00e8s des conducteurs de motos et leurs passagers\t\t\t\t\t\t<\/a>\r\n\t\t\t\t\t<\/li>\r\n\t\t\t\t\t\t\t\t\t\t<li>\r\n\t\t\t\t\t\t<a class=\"limit-line\" href=\"https:\/\/www.amanien.info\/news\/7898-2\/\">\r\n\t\t\t\t\t\t\tAffaire \u00ab\u00a0paiement de 11 milliards de FCFA \u00e0 un prestataire du Forum des march\u00e9s d&rsquo;Adjam\u00e9\u00a0\u00bb : la FENACCI s&rsquo;oppose et lance un appel \u00e0 l&rsquo;Etat\t\t\t\t\t\t<\/a>\r\n\t\t\t\t\t<\/li>\r\n\t\t\t\t\t\t\t\t\t\t<li>\r\n\t\t\t\t\t\t<a class=\"limit-line\" href=\"https:\/\/www.amanien.info\/news\/sport-handball-salaam-handball-club-lance-ses-activites-sous-le-signe-de-la-mobilisation\/\">\r\n\t\t\t\t\t\t\tSport\/Handball : Salaam Handball Club lance ses activit\u00e9s sous le signe de la mobilisation\u00a0\t\t\t\t\t\t<\/a>\r\n\t\t\t\t\t<\/li>\r\n\t\t\t\t\t\t\t\t\t\t<li>\r\n\t\t\t\t\t\t<a class=\"limit-line\" href=\"https:\/\/www.amanien.info\/news\/promotion-de-lexcellence-et-du-merite-le-10e-diner-gala-de-lopgb-consacre-plusieurs-batisseurs-de-la-cote-divoire\/\">\r\n\t\t\t\t\t\t\tPromotion de l&rsquo;Excellence et du M\u00e9rite : Le 10e D\u00eener Gala de l\u2019OPGB consacre plusieurs b\u00e2tisseurs de la C\u00f4te d\u2019Ivoire\t\t\t\t\t\t<\/a>\r\n\t\t\t\t\t<\/li>\r\n\t\t\t\t\t\t\t\t\t\t<li>\r\n\t\t\t\t\t\t<a class=\"limit-line\" href=\"https:\/\/www.amanien.info\/news\/ouverture-du-forum-ethique-et-social-safex-2026-dr-samassy-rokyatou-aux-etudiants\/\">\r\n\t\t\t\t\t\t\tOuverture du Forum \u00c9thique et social SAFEX 2026 : Dr SAMASSY Rokyatou aux \u00e9tudiants : <<Nous voulons former une g\u00e9n\u00e9ration responsable, engag\u00e9e, disciplin\u00e9e et orient\u00e9e vers l'action>>\t\t\t\t\t\t<\/a>\r\n\t\t\t\t\t<\/li>\r\n\t\t\t\t\t\t\t\t\t\t<li>\r\n\t\t\t\t\t\t<a class=\"limit-line\" href=\"https:\/\/www.amanien.info\/news\/grande-conference-de-presse-de-la-team-mln-les-mensonges-de-jc-coulibaly-et-bertin-nguessan-mis-a-nu\/\">\r\n\t\t\t\t\t\t\tGRANDE CONFERENCE DE PRESSE DE LA TEAM MLN Les mensonges de JC Coulibaly et Bertin N\u2019guessan mis \u00e0 nu\t\t\t\t\t\t<\/a>\r\n\t\t\t\t\t<\/li>\r\n\t\t\t\t\t\t\t\t\t\t<li>\r\n\t\t\t\t\t\t<a class=\"limit-line\" href=\"https:\/\/www.amanien.info\/news\/celebration-du-cinquantenaire-de-lesca-les-organisateurs-devoilent-le-chronogramme-des-festivites-et-sonne-la-mobilisation\/\">\r\n\t\t\t\t\t\t\tC\u00e9l\u00e9bration du cinquantenaire de l&rsquo;ESCA : les organisateurs d\u00e9voilent le chronogramme des festivit\u00e9s et sonne la mobilisation\u00a0\t\t\t\t\t\t<\/a>\r\n\t\t\t\t\t<\/li>\r\n\t\t\t\t\t\t\t\t\t\t<li>\r\n\t\t\t\t\t\t<a class=\"limit-line\" href=\"https:\/\/www.amanien.info\/news\/bonne-gouvernance-kouakou-anzoua-abissa-sacre-meilleur-manager-du-secteur-banques-et-assurances\/\">\r\n\t\t\t\t\t\t\tBonne gouvernance : Kouakou Anzoua Abissa sacr\u00e9 meilleur manager du secteur banques et assurances\t\t\t\t\t\t<\/a>\r\n\t\t\t\t\t<\/li>\r\n\t\t\t\t\t\t\t\t\t\t<li>\r\n\t\t\t\t\t\t<a class=\"limit-line\" href=\"https:\/\/www.amanien.info\/news\/lancement-du-sirexe-2026-le-vice-premier-ministre-tene-birahima-ouattara-rend-un-hommage-au-ministre-sangafowa-pour-les-reformes-engagees-et-les-performances-enregistrees-dans-le-secteur-minier\/\">\r\n\t\t\t\t\t\t\tLancement du SIREXE 2026 : le Vice-premier ministre T\u00e9n\u00e9 Birahima Ouattara rend un hommage au Ministre Sangafowa pour les r\u00e9formes engag\u00e9es et les performances enregistr\u00e9es dans le secteur minier\t\t\t\t\t\t<\/a>\r\n\t\t\t\t\t<\/li>\r\n\t\t\t\t\t\t\t\t\t\t<li>\r\n\t\t\t\t\t\t<a class=\"limit-line\" href=\"https:\/\/www.amanien.info\/news\/promotion-du-livre-et-de-la-lecture-le-palais-de-la-culture-lance-officiellement-les-activites-du-centre-de-documentation-bernard-zadi-zaourou\/\">\r\n\t\t\t\t\t\t\tPromotion du livre et de la lecture : le Palais de la Culture lance officiellement les activit\u00e9s du Centre de Documentation Bernard Zadi Zaourou\t\t\t\t\t\t<\/a>\r\n\t\t\t\t\t<\/li>\r\n\t\t\t\t\t\t\t\t\t\t<li>\r\n\t\t\t\t\t\t<a class=\"limit-line\" href=\"https:\/\/www.amanien.info\/news\/fenetre-fifa-mars-2026-emerse-fae-devoile-une-liste-de-25-elephants-pour-affronter-la-coree-du-sud-et-lecosse\/\">\r\n\t\t\t\t\t\t\tFen\u00eatre FIFA Mars 2026 : Emerse Fa\u00e9 d\u00e9voile une liste de 25 \u00e9l\u00e9phants pour affronter\u00a0 la Cor\u00e9e du Sud et l&rsquo;\u00c9cosse\u00a0\t\t\t\t\t\t<\/a>\r\n\t\t\t\t\t<\/li>\r\n\t\t\t\t\t\t\t\t\t\t<li>\r\n\t\t\t\t\t\t<a class=\"limit-line\" href=\"https:\/\/www.amanien.info\/news\/coupe-de-tonnerre-a-la-caf-le-maroc-sacre-vainqueur-de-la-can-2025-sur-tapis-vert\/\">\r\n\t\t\t\t\t\t\tCoupe de tonnerre \u00e0 la CAF : le Maroc sacr\u00e9 vainqueur de la CAN 2025 sur tapis vert\u00a0\t\t\t\t\t\t<\/a>\r\n\t\t\t\t\t<\/li>\r\n\t\t\t\t\t\t\t\t\t\t<li>\r\n\t\t\t\t\t\t<a class=\"limit-line\" href=\"https:\/\/www.amanien.info\/news\/abobo-7eme-edition-de-la-rupture-collective-du-jeune-de-la-famaj-ci-meite-daouda-appelle-a-lunion-des-populations-de-la-commune-dabobo\/\">\r\n\t\t\t\t\t\t\tAbobo\/ 7\u00e8me \u00e9dition de la rupture collective du je\u00fbne de la FAMAJ-CI : M\u00e9it\u00e9 Daouda appelle \u00e0 l&rsquo;union des populations de la commune d&rsquo;Abobo\t\t\t\t\t\t<\/a>\r\n\t\t\t\t\t<\/li>\r\n\t\t\t\t\t\t\t\t\t\t<li>\r\n\t\t\t\t\t\t<a class=\"limit-line\" href=\"https:\/\/www.amanien.info\/news\/gbeke-developpement-du-gblole-ministre-assahore-prone-lunite-et-relance-lassociation-des-cadres\/\">\r\n\t\t\t\t\t\t\tGb\u00eak\u00ea\/ D\u00e9veloppement du Gblo*Le ministre Assahor\u00e9 pr\u00f4ne l\u2019unit\u00e9 et relance l\u2019association des cadres*\t\t\t\t\t\t<\/a>\r\n\t\t\t\t\t<\/li>\r\n\t\t\t\t\t\t\t\t\t\t<li>\r\n\t\t\t\t\t\t<a class=\"limit-line\" href=\"https:\/\/www.amanien.info\/news\/stocks-des-tonnes-de-cacao-dans-les-entrepots-les-producteurs-lancent-un-appel-pressant-au-chef-de-letat\/\">\r\n\t\t\t\t\t\t\tStocks des tonnes de cacao dans les entrep\u00f4ts : les producteurs lancent un appel pressant au Chef de l&rsquo;Etat\t\t\t\t\t\t<\/a>\r\n\t\t\t\t\t<\/li>\r\n\t\t\t\t\t\t\t\t\t\t<li>\r\n\t\t\t\t\t\t<a class=\"limit-line\" href=\"https:\/\/www.amanien.info\/news\/lutte-contre-la-corruption-la-habg-dresse-le-bilan-de-ses-activites-2025-et-fixe-ses-priorites-pour-lannee-2026\/\">\r\n\t\t\t\t\t\t\tLutte contre la corruption : la HABG dresse le bilan de ses activit\u00e9s 2025 et fixe ses priorit\u00e9s pour l&rsquo;ann\u00e9e 2026\t\t\t\t\t\t<\/a>\r\n\t\t\t\t\t<\/li>\r\n\t\t\t\t\t\t\t\t\t\t<li>\r\n\t\t\t\t\t\t<a class=\"limit-line\" href=\"https:\/\/www.amanien.info\/news\/mme-mataly-bamba-presidente-de-lafepci-notre-ambition-est-de-faire-rayonner-la-femme-patissiere-ivoirienne-au-niveau-national-et-international\/\">\r\n\t\t\t\t\t\t\tMme Mataly Bamba, Pr\u00e9sidente de l&rsquo;AFEPCI : \u00ab\u00a0Notre ambition est de faire rayonner la femme p\u00e2tissi\u00e8re ivoirienne, au niveau national et international\u00a0\u00bb\t\t\t\t\t\t<\/a>\r\n\t\t\t\t\t<\/li>\r\n\t\t\t\t\t\t\t\t\t\t<li>\r\n\t\t\t\t\t\t<a class=\"limit-line\" href=\"https:\/\/www.amanien.info\/news\/ouverture-de-la-7eme-edition-des-journees-des-sciences-geologiques-lufr-strm-rend-un-vibrant-hommage-a-leminent-professeur-aka-kouame\/\">\r\n\t\t\t\t\t\t\tOuverture de la 7\u00e8me \u00e9dition des Journ\u00e9es des Sciences g\u00e9ologiques : l&rsquo;UFR STRM rend un vibrant hommage \u00e0 l&rsquo;\u00e9minent Professeur AKA Kouam\u00e9\u00a0\t\t\t\t\t\t<\/a>\r\n\t\t\t\t\t<\/li>\r\n\t\t\t\t\t\t\t\t\t\t<li>\r\n\t\t\t\t\t\t<a class=\"limit-line\" href=\"https:\/\/www.amanien.info\/news\/ramadan-2026-lassociation-les-batisseurs-davenir-offre-60-kits-alimentaires-a-la-communaute-musulmane-de-la-mosquee-sogodogo-dadjame-macaci\/\">\r\n\t\t\t\t\t\t\tRamadan 2026 : l&rsquo;Association Les B\u00e2tisseurs d&rsquo;Avenir offre 60 kits alimentaires \u00e0 la communaut\u00e9 musulmane de la mosqu\u00e9e Sogodogo d&rsquo;Adjam\u00e9-Macaci\u00a0\t\t\t\t\t\t<\/a>\r\n\t\t\t\t\t<\/li>\r\n\t\t\t\t\t\t\t\t\t\t<li>\r\n\t\t\t\t\t\t<a class=\"limit-line\" href=\"https:\/\/www.amanien.info\/news\/investissements-en-cote-divoire-4-242-milliards-fcfa-mobilises-par-le-cepici-sur-la-periode-2021-2025\/\">\r\n\t\t\t\t\t\t\tInvestissements en C\u00f4te d&rsquo;Ivoire :  4 242 milliards FCFA mobilis\u00e9s par le CEPICI sur la p\u00e9riode 2021-2025\t\t\t\t\t\t<\/a>\r\n\t\t\t\t\t<\/li>\r\n\t\t\t\t\t\t\t\t\t\t<li>\r\n\t\t\t\t\t\t<a class=\"limit-line\" href=\"https:\/\/www.amanien.info\/news\/siimea-2026-la-commissaire-generale-fatima-fakhry-devoile-les-grandes-articulations\/\">\r\n\t\t\t\t\t\t\tSIIMEA 2026 : la Commissaire g\u00e9n\u00e9rale, Fatima FAKHRY d\u00e9voile les grandes articulations\u00a0\t\t\t\t\t\t<\/a>\r\n\t\t\t\t\t<\/li>\r\n\t\t\t\t\t\t\t\t\t\t<li>\r\n\t\t\t\t\t\t<a class=\"limit-line\" href=\"https:\/\/www.amanien.info\/news\/esca-50-ans-service-de-la-formation-des-elites-en-cote-divoire\/\">\r\n\t\t\t\t\t\t\tESCA : 50 ans service de la formation des \u00e9lites en C\u00f4te d&rsquo;Ivoire\t\t\t\t\t\t<\/a>\r\n\t\t\t\t\t<\/li>\r\n\t\t\t\t\t\t\t\t\t\t<li>\r\n\t\t\t\t\t\t<a class=\"limit-line\" href=\"https:\/\/www.amanien.info\/news\/lancement-de-la-3eme-edition-des-oscars-de-la-culture-baoule-et-de-lexcellence-le-commissaire-general-voguy-kouakou-devoile-des-innovations-majeures\/\">\r\n\t\t\t\t\t\t\tLancement de la 3eme \u00e9dition des Oscars de la culture Baoul\u00e9 et de l&rsquo;excellence : le Commissaire g\u00e9n\u00e9ral, Voguy Kouakou d\u00e9voile des innovations majeures\u00a0\t\t\t\t\t\t<\/a>\r\n\t\t\t\t\t<\/li>\r\n\t\t\t\t\t\t\t\t\t\t<li>\r\n\t\t\t\t\t\t<a class=\"limit-line\" href=\"https:\/\/www.amanien.info\/news\/gestion-des-dechets-et-protection-de-lenvironnement-divana-immobilier-lance-une-vaste-campagne-de-salubrite-a-yopougon\/\">\r\n\t\t\t\t\t\t\tGestion des d\u00e9chets et protection de l&rsquo;environnement\u00a0 : Divana Immobilier lance une vaste campagne de salubrit\u00e9 \u00e0 Yopougon\t\t\t\t\t\t<\/a>\r\n\t\t\t\t\t<\/li>\r\n\t\t\t\t\t\t\t\t\t\t<li>\r\n\t\t\t\t\t\t<a class=\"limit-line\" href=\"https:\/\/www.amanien.info\/news\/election-a-la-presidence-de-lunjci-la-candidate-marie-laure-ngoran-devoile-les-grands-axes-de-son-ambitieux-programme\/\">\r\n\t\t\t\t\t\t\tElection \u00e0 la Pr\u00e9sidence de l&rsquo;UNJCI : La candidate Marie-Laure N\u2019Goran d\u00e9voile les grands axes de son ambitieux programme\u00a0\t\t\t\t\t\t<\/a>\r\n\t\t\t\t\t<\/li>\r\n\t\t\t\t\t\t\t\t\t\t<li>\r\n\t\t\t\t\t\t<a class=\"limit-line\" href=\"https:\/\/www.amanien.info\/news\/prevention-des-addictions-le-simpa-une-plateforme-strategique-de-sensibilisation-de-formation-et-de-plaidoyer-pour-influencer-les-comportements-sociaux\/\">\r\n\t\t\t\t\t\t\tPr\u00e9vention des addictions : le SIMPA, une plateforme strat\u00e9gique de sensibilisation, de formation et de plaidoyer pour influencer les comportements sociaux\u00a0\t\t\t\t\t\t<\/a>\r\n\t\t\t\t\t<\/li>\r\n\t\t\t\t\t\t\t\t\t\t<li>\r\n\t\t\t\t\t\t<a class=\"limit-line\" href=\"https:\/\/www.amanien.info\/news\/promotion-de-la-protection-de-lenvironnement-un-colloque-national-des-religieux-et-guides-religieux-sur-lenvironnement-se-tient-a-abidjan\/\">\r\n\t\t\t\t\t\t\tPromotion de la protection de l&rsquo;environnement : Un colloque national des religieux et guides religieux sur l&rsquo;environnement se tient \u00e0 Abidjan\u00a0\t\t\t\t\t\t<\/a>\r\n\t\t\t\t\t<\/li>\r\n\t\t\t\t\t\t\t\t\t\t<li>\r\n\t\t\t\t\t\t<a class=\"limit-line\" href=\"https:\/\/www.amanien.info\/news\/27eme-edition-du-week-end-des-ebony-le-president-de-lunjci-jean-claude-coulibaly-devoile-le-chronogramme-de-levenement\/\">\r\n\t\t\t\t\t\t\t27\u00e8me \u00e9dition du Week-end des Ebony : Le Pr\u00e9sident de l&rsquo;UNJCI, Jean-Claude Coulibaly d\u00e9voile le chronogramme de l&rsquo;\u00e9v\u00e9nement\t\t\t\t\t\t<\/a>\r\n\t\t\t\t\t<\/li>\r\n\t\t\t\t\t\t\t\t\t\t<li>\r\n\t\t\t\t\t\t<a class=\"limit-line\" href=\"https:\/\/www.amanien.info\/news\/ministere-des-eaux-et-forets-laurent-tchagba-passe-officiellement-le-temoin-a-assahore-konan-jacques\/\">\r\n\t\t\t\t\t\t\tMinist\u00e8re des Eaux et For\u00eats : Laurent Tchagba passe officiellement le t\u00e9moin \u00e0 Assahor\u00e9 Konan Jacques\t\t\t\t\t\t<\/a>\r\n\t\t\t\t\t<\/li>\r\n\t\t\t\t\t\t\t\t\t\t<li>\r\n\t\t\t\t\t\t<a class=\"limit-line\" href=\"https:\/\/www.amanien.info\/news\/4eme-one-man-show-de-lhumoriste-boukary-de-grosses-surprises-attendues-le-08-fevrier-prochain\/\">\r\n\t\t\t\t\t\t\t4\u00e8me One Man Show de l&rsquo;humoriste Boukary : de grosses surprises attendues le 08 f\u00e9vrier prochain\t\t\t\t\t\t<\/a>\r\n\t\t\t\t\t<\/li>\r\n\t\t\t\t\t\t\t\t\t\t<li>\r\n\t\t\t\t\t\t<a class=\"limit-line\" href=\"https:\/\/www.amanien.info\/news\/marie-laure-ngoran-apres-le-depot-de-son-dossier-de-candidature-a-la-presidence-de-lunjci-nous-voulons-batir-une-unjci-unie\/\">\r\n\t\t\t\t\t\t\tMarie-Laure N&rsquo;Goran apr\u00e8s le d\u00e9p\u00f4t de son dossier de candidature \u00e0 la pr\u00e9sidence de l&rsquo;UNJCI : \u00ab\u00a0Nous voulons b\u00e2tir une UNJCI unie\u00a0\u00bb\t\t\t\t\t\t<\/a>\r\n\t\t\t\t\t<\/li>\r\n\t\t\t\t\t\t\t\t\t\t<li>\r\n\t\t\t\t\t\t<a class=\"limit-line\" href=\"https:\/\/www.amanien.info\/news\/litterature-dr-lagbre-appolinaire-dedicace-ses-5-ouvrages\/\">\r\n\t\t\t\t\t\t\tLitt\u00e9rature : Dr LAGBRE Appolinaire d\u00e9dicace ses 5 ouvrages\t\t\t\t\t\t<\/a>\r\n\t\t\t\t\t<\/li>\r\n\t\t\t\t\t\t\t\t\t\t<li>\r\n\t\t\t\t\t\t<a class=\"limit-line\" href=\"https:\/\/www.amanien.info\/news\/lancement-de-la-9eme-edition-du-salon-de-limmobilier-de-cote-divoire-sici-2026-plus-de-50-000-visiteurs-et-120-exposants-attendus\/\">\r\n\t\t\t\t\t\t\tLancement de la 9\u00e8me \u00e9dition du Salon de l&rsquo;immobilier de C\u00f4te d&rsquo;Ivoire (SICI 2026) : plus de 50 000 visiteurs et 120 exposants attendus\u00a0\t\t\t\t\t\t<\/a>\r\n\t\t\t\t\t<\/li>\r\n\t\t\t\t\t\t\t\t\t\t<li>\r\n\t\t\t\t\t\t<a class=\"limit-line\" href=\"https:\/\/www.amanien.info\/news\/legislatives-2025-a-tiassale-assale-tiemoko-jai-gagne-les-elections-avec-1356-voix-decart\/\">\r\n\t\t\t\t\t\t\tL\u00e9gislatives 2025 \u00e0 Tiassal\u00e9 \/ Assal\u00e9 Ti\u00e9moko : \u00ab\u00a0J&rsquo;ai gagn\u00e9 les \u00e9lections avec 1356 voix d&rsquo;\u00e9cart\u00a0\u00bb\t\t\t\t\t\t<\/a>\r\n\t\t\t\t\t<\/li>\r\n\t\t\t\t\t\t\t\t\t\t<li>\r\n\t\t\t\t\t\t<a class=\"limit-line\" href=\"https:\/\/www.amanien.info\/news\/journees-scientifiques-doncologie-echimane-les-experts-et-oncologues-planchent-sur-lacces-aux-therapies-innovantes-en-cote-divoire\/\">\r\n\t\t\t\t\t\t\tJourn\u00e9es scientifiques d&rsquo;Oncologie Echimane : les Experts et Oncologues planchent sur l&rsquo;acc\u00e8s aux th\u00e9rapies innovantes en C\u00f4te d&rsquo;Ivoire\u00a0\t\t\t\t\t\t<\/a>\r\n\t\t\t\t\t<\/li>\r\n\t\t\t\t\t\t\t\t\t\t<li>\r\n\t\t\t\t\t\t<a class=\"limit-line\" href=\"https:\/\/www.amanien.info\/news\/long-petraroc-fait-des-dons-de-vivres-et-non-vivres-a-1800-veuves\/\">\r\n\t\t\t\t\t\t\tL&rsquo;ONG PETRAROC fait des dons de vivres et non vivres \u00e0 1800 veuves\t\t\t\t\t\t<\/a>\r\n\t\t\t\t\t<\/li>\r\n\t\t\t\t\t\t\t\t\t\t<li>\r\n\t\t\t\t\t\t<a class=\"limit-line\" href=\"https:\/\/www.amanien.info\/news\/8eme-edition-de-la-nuit-des-etoiles-les-entreprises-dafriqueneea-2025-plusieurs-batisseurs-et-acteurs-de-developpement-de-lafrique-honores\/\">\r\n\t\t\t\t\t\t\t8\u00e8me \u00e9dition de la Nuit des \u00c9toiles les Entreprises d&rsquo;Afrique(NEEA 2025): plusieurs b\u00e2tisseurs et acteurs de d\u00e9veloppement de l&rsquo;Afrique honor\u00e9s\u00a0\t\t\t\t\t\t<\/a>\r\n\t\t\t\t\t<\/li>\r\n\t\t\t\t\t\t\t\t\t\t<li>\r\n\t\t\t\t\t\t<a class=\"limit-line\" href=\"https:\/\/www.amanien.info\/news\/can-2025-cote-divoire-vs-mozambique-voici-la-composition-probable-des-elephants\/\">\r\n\t\t\t\t\t\t\tCAN\u00a0 2025 \/ C\u00f4te d&rsquo;Ivoire vs Mozambique : voici la composition probable des \u00e9l\u00e9phants\u00a0\t\t\t\t\t\t<\/a>\r\n\t\t\t\t\t<\/li>\r\n\t\t\t\t\t\t\t\t\t\t<li>\r\n\t\t\t\t\t\t<a class=\"limit-line\" href=\"https:\/\/www.amanien.info\/news\/legislatives-2025-a-yopougon-la-liste-rhdp-conduite-par-adama-bictogo-lance-sa-campagne-en-grande-pompe\/\">\r\n\t\t\t\t\t\t\tL\u00e9gislatives 2025 \u00e0 Yopougon : la liste RHDP conduite par Adama Bictogo lance sa campagne en grande pompe\t\t\t\t\t\t<\/a>\r\n\t\t\t\t\t<\/li>\r\n\t\t\t\t\t\t\t\t\t\t<li>\r\n\t\t\t\t\t\t<a class=\"limit-line\" href=\"https:\/\/www.amanien.info\/news\/promotion-des-produits-delevage-locaux-lancement-a-abidjan-de-la-foire-ivoire-tabaski-2026\/\">\r\n\t\t\t\t\t\t\tPromotion des produits d&rsquo;\u00e9levage locaux : lancement \u00e0 Abidjan de la Foire Ivoire Tabaski 2026\t\t\t\t\t\t<\/a>\r\n\t\t\t\t\t<\/li>\r\n\t\t\t\t\t\t\t\t\t\t<li>\r\n\t\t\t\t\t\t<a class=\"limit-line\" href=\"https:\/\/www.amanien.info\/news\/litterature-lecrivain-hyacinthe-nguessan-maunny-rend-hommage-au-dg-du-paa-a-travers-son-ouvrage-administration-et-gestion-des-ports\/\">\r\n\t\t\t\t\t\t\tLitt\u00e9rature : l&rsquo;\u00e9crivain Hyacinthe N&rsquo;Guessan Maunny rend hommage au DG du PAA \u00e0 travers son ouvrage \u00ab\u00a0Administration et Gestion des Ports\u00a0\u00bb\t\t\t\t\t\t<\/a>\r\n\t\t\t\t\t<\/li>\r\n\t\t\t\t\t\t\t<\/ul>\r\n\t<\/div>\r\n[vc_row_inner][vc_column_inner width=\u00a0\u00bb2\/3&Prime;]<div class=\" bs-listing bs-listing-listing-classic bs-listing-single-tab pagination-animate\"><div class=\"bs-slider-items-container\" data-slider-animation-speed=\"750\" data-slider-autoplay=\"1\" data-slider-control-dots=\"off\" data-slider-control-next-prev=\"style-1\" data-autoplaySpeed=\"3000\">\t\t<div class=\"bs-pagination-wrapper main-term-none slider bs-slider-first-item bs-slider-item bs-items-7\">\r\n\t\t\t<div class=\"listing listing-classic listing-classic-1 clearfix  columns-1\">\r\n\t\t<article class=\"post-7937 type-post format-standard has-post-thumbnail   listing-item listing-item-classic listing-item-classic-1 main-term-12 bsw-7 \">\r\n\t<div class=\"listing-inner item-inner\">\r\n\t\t\t\t\t<div class=\"featured clearfix\">\r\n\t\t\t\t\t\t\t\t<a  title=\"Mobilit\u00e9 urbaine et am\u00e9lioration de la circulation des personnes : le premier Vice-gouverneur du DAA, Danho Paulin inaugure les gares multimodales et les espaces commerciaux d&rsquo;Adjam\u00e9-Libert\u00e9\u00a0\" data-src=\"https:\/\/www.amanien.info\/news\/wp-content\/uploads\/2026\/04\/IMG-20260429-WA0025-750x430.jpg\" data-bs-srcset=\"{&quot;baseurl&quot;:&quot;https:\\\/\\\/www.amanien.info\\\/news\\\/wp-content\\\/uploads\\\/2026\\\/04\\\/&quot;,&quot;sizes&quot;:{&quot;210&quot;:&quot;IMG-20260429-WA0025-210x136.jpg&quot;,&quot;279&quot;:&quot;IMG-20260429-WA0025-279x220.jpg&quot;,&quot;357&quot;:&quot;IMG-20260429-WA0025-357x210.jpg&quot;,&quot;750&quot;:&quot;IMG-20260429-WA0025-750x430.jpg&quot;,&quot;1280&quot;:&quot;IMG-20260429-WA0025.jpg&quot;}}\"\t\t\t\t\t\tclass=\"img-holder\" href=\"https:\/\/www.amanien.info\/news\/mobilite-urbaine-et-amelioration-de-la-circulation-des-personnes-le-premier-vice-gouverneur-du-daa-danho-paulin-inaugure-les-gares-multimodales-et-les-espaces-commerciaux-dadjame-liberte\/\"><\/a>\r\n\t\t\t\t\t\t\t<\/div>\r\n\t\t<h2 class=\"title\">\t\t<a href=\"https:\/\/www.amanien.info\/news\/mobilite-urbaine-et-amelioration-de-la-circulation-des-personnes-le-premier-vice-gouverneur-du-daa-danho-paulin-inaugure-les-gares-multimodales-et-les-espaces-commerciaux-dadjame-liberte\/\" class=\"post-url post-title\">\r\n\t\t\tMobilit\u00e9 urbaine et am\u00e9lioration de la circulation des personnes : le premier&hellip;\t\t<\/a>\r\n\t\t<\/h2>\t\t<div class=\"post-meta\">\r\n\r\n\t\t\t\t\t\t\t<a href=\"https:\/\/www.amanien.info\/news\/author\/amanien-infos\/\"\r\n\t\t\t\t   title=\"Parcourir les articles Auteur\"\r\n\t\t\t\t   class=\"post-author-a\">\r\n\t\t\t\t\t<i class=\"post-author author\">\r\n\t\t\t\t\t\tGermain Ndri\t\t\t\t\t<\/i>\r\n\t\t\t\t<\/a>\r\n\t\t\t\t\t\t\t<span class=\"time\"><time class=\"post-published updated\"\r\n\t\t\t\t                         datetime=\"2026-04-30T12:22:02+00:00\">Avr 30, 2026<\/time><\/span>\r\n\t\t\t\t\t\t<\/div>\r\n\t\t\t\t\t\t\t<div class=\"post-summary\">\r\n\t\t\t\tLe premier Vice-gouverneur du District Autonome d'Abidjan (DAA),\u00a0 Danho Claude Paulin, a proc\u00e9d\u00e9, le mardi 28 avril 2026, \u00e0 l'inauguration du rond point, des gares multimodales et des espaces commerciaux d'Adjam\u00e9-Libert\u00e9 220 logements.\u00a0\r\n\r\nC'\u00e9tait en pr\u00e9sence du 4\u00e8 adjoint au maire de la Mairie d'Adjam\u00e9, en charge de l'hygi\u00e8ne, de la salubrit\u00e9 et&hellip;\t\t\t<\/div>\r\n\t\t\t\t\t<a class=\"read-more\"\r\n\t\t\t   href=\"https:\/\/www.amanien.info\/news\/mobilite-urbaine-et-amelioration-de-la-circulation-des-personnes-le-premier-vice-gouverneur-du-daa-danho-paulin-inaugure-les-gares-multimodales-et-les-espaces-commerciaux-dadjame-liberte\/\">Lire la suite...<\/a>\r\n\t\t\t\t<\/div>\r\n\t<\/article >\r\n\t<\/div>\r\n\t\n\t<\/div>\t\t<div class=\"bs-pagination-wrapper main-term-none slider  bs-slider-item bs-items-7\">\r\n\t\t\t<div class=\"listing listing-classic listing-classic-1 clearfix  columns-1\">\r\n\t\t<article class=\"post-7934 type-post format-standard has-post-thumbnail   listing-item listing-item-classic listing-item-classic-1 main-term-12 bsw-7 \">\r\n\t<div class=\"listing-inner item-inner\">\r\n\t\t\t\t\t<div class=\"featured clearfix\">\r\n\t\t\t\t\t\t\t\t<a  title=\"Lutte contre le tabagisme et l&rsquo;alcoolisme en milieu scolaire et universitaire : ouverture \u00e0 Abidjan du SIMPA 2026\" data-src=\"https:\/\/www.amanien.info\/news\/wp-content\/uploads\/2026\/04\/image_870x_69eb38dc32d76-750x430.jpg\" data-bs-srcset=\"{&quot;baseurl&quot;:&quot;https:\\\/\\\/www.amanien.info\\\/news\\\/wp-content\\\/uploads\\\/2026\\\/04\\\/&quot;,&quot;sizes&quot;:{&quot;210&quot;:&quot;image_870x_69eb38dc32d76-210x136.jpg&quot;,&quot;279&quot;:&quot;image_870x_69eb38dc32d76-279x220.jpg&quot;,&quot;357&quot;:&quot;image_870x_69eb38dc32d76-357x210.jpg&quot;,&quot;750&quot;:&quot;image_870x_69eb38dc32d76-750x430.jpg&quot;,&quot;870&quot;:&quot;image_870x_69eb38dc32d76.jpg&quot;}}\"\t\t\t\t\t\tclass=\"img-holder\" href=\"https:\/\/www.amanien.info\/news\/lutte-contre-le-tabagisme-et-lalcoolisme-en-milieu-scolaire-et-universitaire-ouverture-a-abidjan-du-simpa-2026\/\"><\/a>\r\n\t\t\t\t\t\t\t<\/div>\r\n\t\t<h2 class=\"title\">\t\t<a href=\"https:\/\/www.amanien.info\/news\/lutte-contre-le-tabagisme-et-lalcoolisme-en-milieu-scolaire-et-universitaire-ouverture-a-abidjan-du-simpa-2026\/\" class=\"post-url post-title\">\r\n\t\t\tLutte contre le tabagisme et l&rsquo;alcoolisme en milieu scolaire et universitaire :&hellip;\t\t<\/a>\r\n\t\t<\/h2>\t\t<div class=\"post-meta\">\r\n\r\n\t\t\t\t\t\t\t<a href=\"https:\/\/www.amanien.info\/news\/author\/amanien-infos\/\"\r\n\t\t\t\t   title=\"Parcourir les articles Auteur\"\r\n\t\t\t\t   class=\"post-author-a\">\r\n\t\t\t\t\t<i class=\"post-author author\">\r\n\t\t\t\t\t\tGermain Ndri\t\t\t\t\t<\/i>\r\n\t\t\t\t<\/a>\r\n\t\t\t\t\t\t\t<span class=\"time\"><time class=\"post-published updated\"\r\n\t\t\t\t                         datetime=\"2026-04-25T10:54:50+00:00\">Avr 25, 2026<\/time><\/span>\r\n\t\t\t\t\t\t<\/div>\r\n\t\t\t\t\t\t\t<div class=\"post-summary\">\r\n\t\t\t\tLa premi\u00e8re \u00e9dition du Salon international des m\u00e9dias sur la pr\u00e9vention de l\u2019addiction (SIMPA 2026) a ouvert ses portes, le jeudi 23 avril 2026, au Centre ivoiro-cor\u00e9en d\u2019Adjam\u00e9 Abidjan, en pr\u00e9sence des officiels, partenaires et hommes de m\u00e9dias sur les diff\u00e9rentes addictions, ph\u00e9nom\u00e8nes qui gangr\u00e8nent la jeunesse ivoirienne. Ainsi, le Simpa vient&hellip;\t\t\t<\/div>\r\n\t\t\t\t\t<a class=\"read-more\"\r\n\t\t\t   href=\"https:\/\/www.amanien.info\/news\/lutte-contre-le-tabagisme-et-lalcoolisme-en-milieu-scolaire-et-universitaire-ouverture-a-abidjan-du-simpa-2026\/\">Lire la suite...<\/a>\r\n\t\t\t\t<\/div>\r\n\t<\/article >\r\n\t<\/div>\r\n\t\n\t<\/div>\t\t<div class=\"bs-pagination-wrapper main-term-none slider  bs-slider-item bs-items-7\">\r\n\t\t\t<div class=\"listing listing-classic listing-classic-1 clearfix  columns-1\">\r\n\t\t<article class=\"post-7931 type-post format-standard has-post-thumbnail   listing-item listing-item-classic listing-item-classic-1 main-term-12 bsw-7 \">\r\n\t<div class=\"listing-inner item-inner\">\r\n\t\t\t\t\t<div class=\"featured clearfix\">\r\n\t\t\t\t\t\t\t\t<a  title=\"Journ\u00e9e mondiale de la propri\u00e9t\u00e9 intellectuelle : l&rsquo;industrie du sport joue un r\u00f4le dans l&rsquo;\u00e9conomie mondiale\u00a0\" data-src=\"https:\/\/www.amanien.info\/news\/wp-content\/uploads\/2026\/04\/IMG_20260424_133206_965-750x430.jpg\" data-bs-srcset=\"{&quot;baseurl&quot;:&quot;https:\\\/\\\/www.amanien.info\\\/news\\\/wp-content\\\/uploads\\\/2026\\\/04\\\/&quot;,&quot;sizes&quot;:{&quot;210&quot;:&quot;IMG_20260424_133206_965-210x136.jpg&quot;,&quot;279&quot;:&quot;IMG_20260424_133206_965-279x220.jpg&quot;,&quot;357&quot;:&quot;IMG_20260424_133206_965-357x210.jpg&quot;,&quot;750&quot;:&quot;IMG_20260424_133206_965-750x430.jpg&quot;,&quot;2560&quot;:&quot;IMG_20260424_133206_965-scaled.jpg&quot;}}\"\t\t\t\t\t\tclass=\"img-holder\" href=\"https:\/\/www.amanien.info\/news\/journee-mondiale-de-la-propriete-intellectuelle-lindustrie-du-sport-joue-un-role-dans-leconomie-mondiale\/\"><\/a>\r\n\t\t\t\t\t\t\t<\/div>\r\n\t\t<h2 class=\"title\">\t\t<a href=\"https:\/\/www.amanien.info\/news\/journee-mondiale-de-la-propriete-intellectuelle-lindustrie-du-sport-joue-un-role-dans-leconomie-mondiale\/\" class=\"post-url post-title\">\r\n\t\t\tJourn\u00e9e mondiale de la propri\u00e9t\u00e9 intellectuelle : l&rsquo;industrie du sport joue un&hellip;\t\t<\/a>\r\n\t\t<\/h2>\t\t<div class=\"post-meta\">\r\n\r\n\t\t\t\t\t\t\t<a href=\"https:\/\/www.amanien.info\/news\/author\/amanien-infos\/\"\r\n\t\t\t\t   title=\"Parcourir les articles Auteur\"\r\n\t\t\t\t   class=\"post-author-a\">\r\n\t\t\t\t\t<i class=\"post-author author\">\r\n\t\t\t\t\t\tGermain Ndri\t\t\t\t\t<\/i>\r\n\t\t\t\t<\/a>\r\n\t\t\t\t\t\t\t<span class=\"time\"><time class=\"post-published updated\"\r\n\t\t\t\t                         datetime=\"2026-04-24T17:29:40+00:00\">Avr 24, 2026<\/time><\/span>\r\n\t\t\t\t\t\t<\/div>\r\n\t\t\t\t\t\t\t<div class=\"post-summary\">\r\n\t\t\t\t \r\nLa journ\u00e9e mondiale de la propri\u00e9t\u00e9 intellectuelle ( JMPI), sera c\u00e9l\u00e9br\u00e9e le 26 avril 2026. Dans le cadre de cet \u00e9v\u00e9nement, la Fondation Africa Innova, a organis\u00e9 le vendredi 24 avril \u00e0 la Chambre de commerce et d'industrie sise dans la commune du Plateau, une conf\u00e9rence sous le th\u00e8me :\" Comment la propri\u00e9t\u00e9 intellectuelle fait avancer le&hellip;\t\t\t<\/div>\r\n\t\t\t\t\t<a class=\"read-more\"\r\n\t\t\t   href=\"https:\/\/www.amanien.info\/news\/journee-mondiale-de-la-propriete-intellectuelle-lindustrie-du-sport-joue-un-role-dans-leconomie-mondiale\/\">Lire la suite...<\/a>\r\n\t\t\t\t<\/div>\r\n\t<\/article >\r\n\t<\/div>\r\n\t\n\t<\/div>\t\t<div class=\"bs-pagination-wrapper main-term-none slider  bs-slider-item bs-items-7\">\r\n\t\t\t<div class=\"listing listing-classic listing-classic-1 clearfix  columns-1\">\r\n\t\t<article class=\"post-7927 type-post format-standard has-post-thumbnail   listing-item listing-item-classic listing-item-classic-1 main-term-12 bsw-7 \">\r\n\t<div class=\"listing-inner item-inner\">\r\n\t\t\t\t\t<div class=\"featured clearfix\">\r\n\t\t\t\t\t\t\t\t<a  title=\"Droits humains : Amnesty International d\u00e9nonce plusieurs zones d&rsquo;ombre en C\u00f4te d&rsquo;Ivoire\u00a0\" data-src=\"https:\/\/www.amanien.info\/news\/wp-content\/uploads\/2026\/04\/IMG-20260421-WA0098-768x512-1-750x430.jpg\" data-bs-srcset=\"{&quot;baseurl&quot;:&quot;https:\\\/\\\/www.amanien.info\\\/news\\\/wp-content\\\/uploads\\\/2026\\\/04\\\/&quot;,&quot;sizes&quot;:{&quot;210&quot;:&quot;IMG-20260421-WA0098-768x512-1-210x136.jpg&quot;,&quot;279&quot;:&quot;IMG-20260421-WA0098-768x512-1-279x220.jpg&quot;,&quot;357&quot;:&quot;IMG-20260421-WA0098-768x512-1-357x210.jpg&quot;,&quot;750&quot;:&quot;IMG-20260421-WA0098-768x512-1-750x430.jpg&quot;,&quot;768&quot;:&quot;IMG-20260421-WA0098-768x512-1.jpg&quot;}}\"\t\t\t\t\t\tclass=\"img-holder\" href=\"https:\/\/www.amanien.info\/news\/droits-humains-amnesty-international-denonce-plusieurs-zones-dombre-en-cote-divoire\/\"><\/a>\r\n\t\t\t\t\t\t\t<\/div>\r\n\t\t<h2 class=\"title\">\t\t<a href=\"https:\/\/www.amanien.info\/news\/droits-humains-amnesty-international-denonce-plusieurs-zones-dombre-en-cote-divoire\/\" class=\"post-url post-title\">\r\n\t\t\tDroits humains : Amnesty International d\u00e9nonce plusieurs zones d&rsquo;ombre en C\u00f4te&hellip;\t\t<\/a>\r\n\t\t<\/h2>\t\t<div class=\"post-meta\">\r\n\r\n\t\t\t\t\t\t\t<a href=\"https:\/\/www.amanien.info\/news\/author\/amanien-infos\/\"\r\n\t\t\t\t   title=\"Parcourir les articles Auteur\"\r\n\t\t\t\t   class=\"post-author-a\">\r\n\t\t\t\t\t<i class=\"post-author author\">\r\n\t\t\t\t\t\tGermain Ndri\t\t\t\t\t<\/i>\r\n\t\t\t\t<\/a>\r\n\t\t\t\t\t\t\t<span class=\"time\"><time class=\"post-published updated\"\r\n\t\t\t\t                         datetime=\"2026-04-22T19:12:59+00:00\">Avr 22, 2026<\/time><\/span>\r\n\t\t\t\t\t\t<\/div>\r\n\t\t\t\t\t\t\t<div class=\"post-summary\">\r\n\t\t\t\tL'ong Amnesty International section C\u00f4te d'Ivoire a organis\u00e9, le mardi 21 avril 2026, \u00e0 son si\u00e8ge situ\u00e9 Abidjan-Cocody, la c\u00e9r\u00e9monie de lancement de son rapport annuel 2025\/26.\u00a0\r\n\r\n\r\nA cette occasion, le Directeur Ex\u00e9cutif d'Amnesty International C\u00f4te d'Ivoire, Herv\u00e9 Delmas KOKOU a, d'embl\u00e9e, salu\u00e9 des avanc\u00e9es l\u00e9gislatives au niveau des droits&hellip;\t\t\t<\/div>\r\n\t\t\t\t\t<a class=\"read-more\"\r\n\t\t\t   href=\"https:\/\/www.amanien.info\/news\/droits-humains-amnesty-international-denonce-plusieurs-zones-dombre-en-cote-divoire\/\">Lire la suite...<\/a>\r\n\t\t\t\t<\/div>\r\n\t<\/article >\r\n\t<\/div>\r\n\t\n\t<\/div>\t\t<div class=\"bs-pagination-wrapper main-term-none slider  bs-slider-item bs-items-7\">\r\n\t\t\t<div class=\"listing listing-classic listing-classic-1 clearfix  columns-1\">\r\n\t\t<article class=\"post-7924 type-post format-standard has-post-thumbnail   listing-item listing-item-classic listing-item-classic-1 main-term-12 bsw-7 \">\r\n\t<div class=\"listing-inner item-inner\">\r\n\t\t\t\t\t<div class=\"featured clearfix\">\r\n\t\t\t\t\t\t\t\t<a  title=\"\u00c9mergence de l&rsquo;Afrique : l&rsquo;association des femmes de la diaspora s&rsquo;engage\u00a0\" data-src=\"https:\/\/www.amanien.info\/news\/wp-content\/uploads\/2026\/04\/IMG_20260417_121419_052-750x430.jpg\" data-bs-srcset=\"{&quot;baseurl&quot;:&quot;https:\\\/\\\/www.amanien.info\\\/news\\\/wp-content\\\/uploads\\\/2026\\\/04\\\/&quot;,&quot;sizes&quot;:{&quot;210&quot;:&quot;IMG_20260417_121419_052-210x136.jpg&quot;,&quot;279&quot;:&quot;IMG_20260417_121419_052-279x220.jpg&quot;,&quot;357&quot;:&quot;IMG_20260417_121419_052-357x210.jpg&quot;,&quot;750&quot;:&quot;IMG_20260417_121419_052-750x430.jpg&quot;,&quot;2560&quot;:&quot;IMG_20260417_121419_052-scaled.jpg&quot;}}\"\t\t\t\t\t\tclass=\"img-holder\" href=\"https:\/\/www.amanien.info\/news\/emergence-de-lafrique-lassociation-des-femmes-de-la-diaspora-sengage\/\"><\/a>\r\n\t\t\t\t\t\t\t<\/div>\r\n\t\t<h2 class=\"title\">\t\t<a href=\"https:\/\/www.amanien.info\/news\/emergence-de-lafrique-lassociation-des-femmes-de-la-diaspora-sengage\/\" class=\"post-url post-title\">\r\n\t\t\t\u00c9mergence de l&rsquo;Afrique : l&rsquo;association des femmes de la diaspora&hellip;\t\t<\/a>\r\n\t\t<\/h2>\t\t<div class=\"post-meta\">\r\n\r\n\t\t\t\t\t\t\t<a href=\"https:\/\/www.amanien.info\/news\/author\/amanien-infos\/\"\r\n\t\t\t\t   title=\"Parcourir les articles Auteur\"\r\n\t\t\t\t   class=\"post-author-a\">\r\n\t\t\t\t\t<i class=\"post-author author\">\r\n\t\t\t\t\t\tGermain Ndri\t\t\t\t\t<\/i>\r\n\t\t\t\t<\/a>\r\n\t\t\t\t\t\t\t<span class=\"time\"><time class=\"post-published updated\"\r\n\t\t\t\t                         datetime=\"2026-04-17T16:22:46+00:00\">Avr 17, 2026<\/time><\/span>\r\n\t\t\t\t\t\t<\/div>\r\n\t\t\t\t\t\t\t<div class=\"post-summary\">\r\n\t\t\t\t \r\nL' Association Femmes Africaines Influentes de la Diaspora( FAID), a anim\u00e9 un point de presse vendredi 17 avril 2026, au Jacobleu Art Gallery situ\u00e9 au deux plateaux Aghien.\u00a0\r\nSous le th\u00e8me \" Femmes africaines de la diaspora : l'excellence au f\u00e9minin, une force africaine pour un rayonnement mondial\", la pr\u00e9sidente de ladite association Mme&hellip;\t\t\t<\/div>\r\n\t\t\t\t\t<a class=\"read-more\"\r\n\t\t\t   href=\"https:\/\/www.amanien.info\/news\/emergence-de-lafrique-lassociation-des-femmes-de-la-diaspora-sengage\/\">Lire la suite...<\/a>\r\n\t\t\t\t<\/div>\r\n\t<\/article >\r\n\t<\/div>\r\n\t\n\t<\/div>\t\t<div class=\"bs-pagination-wrapper main-term-none slider  bs-slider-item bs-items-7\">\r\n\t\t\t<div class=\"listing listing-classic listing-classic-1 clearfix  columns-1\">\r\n\t\t<article class=\"post-7919 type-post format-standard has-post-thumbnail   listing-item listing-item-classic listing-item-classic-1 main-term-5 bsw-7 \">\r\n\t<div class=\"listing-inner item-inner\">\r\n\t\t\t\t\t<div class=\"featured clearfix\">\r\n\t\t\t\t\t\t\t\t<a  title=\"Abidjan innova: le salon report\u00e9 au 26 novembre 2026\" data-src=\"https:\/\/www.amanien.info\/news\/wp-content\/uploads\/2026\/04\/17762437774088445641507340301006-1-750x430.jpg\" data-bs-srcset=\"{&quot;baseurl&quot;:&quot;https:\\\/\\\/www.amanien.info\\\/news\\\/wp-content\\\/uploads\\\/2026\\\/04\\\/&quot;,&quot;sizes&quot;:{&quot;210&quot;:&quot;17762437774088445641507340301006-1-210x136.jpg&quot;,&quot;279&quot;:&quot;17762437774088445641507340301006-1-279x220.jpg&quot;,&quot;357&quot;:&quot;17762437774088445641507340301006-1-357x210.jpg&quot;,&quot;750&quot;:&quot;17762437774088445641507340301006-1-750x430.jpg&quot;,&quot;800&quot;:&quot;17762437774088445641507340301006-1.jpg&quot;}}\"\t\t\t\t\t\tclass=\"img-holder\" href=\"https:\/\/www.amanien.info\/news\/abidjan-innova-le-salon-reporte-au-26-novembre-2026\/\"><\/a>\r\n\t\t\t\t\t\t\t<\/div>\r\n\t\t<h2 class=\"title\">\t\t<a href=\"https:\/\/www.amanien.info\/news\/abidjan-innova-le-salon-reporte-au-26-novembre-2026\/\" class=\"post-url post-title\">\r\n\t\t\tAbidjan innova: le salon report\u00e9 au 26 novembre 2026\t\t<\/a>\r\n\t\t<\/h2>\t\t<div class=\"post-meta\">\r\n\r\n\t\t\t\t\t\t\t<a href=\"https:\/\/www.amanien.info\/news\/author\/amanien-infos\/\"\r\n\t\t\t\t   title=\"Parcourir les articles Auteur\"\r\n\t\t\t\t   class=\"post-author-a\">\r\n\t\t\t\t\t<i class=\"post-author author\">\r\n\t\t\t\t\t\tGermain Ndri\t\t\t\t\t<\/i>\r\n\t\t\t\t<\/a>\r\n\t\t\t\t\t\t\t<span class=\"time\"><time class=\"post-published updated\"\r\n\t\t\t\t                         datetime=\"2026-04-15T09:15:19+00:00\">Avr 15, 2026<\/time><\/span>\r\n\t\t\t\t\t\t<\/div>\r\n\t\t\t\t\t\t\t<div class=\"post-summary\">\r\n\t\t\t\t \r\nLa 8e \u00e9dition du salon international annuel des inventions ( Abidjan Innova), initialement pr\u00e9vue du 23 au 25 avril 2026 au palais de la culture de Treichville, est report\u00e9e. Elle se tiendra finalement du 26 au 28 novembre 2026 sur le m\u00eame site.\u00a0\r\nCette information a \u00e9t\u00e9 rendue publique le mardi 14 avril par M. Pierre Djibril Coulibaly,&hellip;\t\t\t<\/div>\r\n\t\t\t\t\t<a class=\"read-more\"\r\n\t\t\t   href=\"https:\/\/www.amanien.info\/news\/abidjan-innova-le-salon-reporte-au-26-novembre-2026\/\">Lire la suite...<\/a>\r\n\t\t\t\t<\/div>\r\n\t<\/article >\r\n\t<\/div>\r\n\t\n\t<\/div>\t\t<div class=\"bs-pagination-wrapper main-term-none slider  bs-slider-item bs-items-7\">\r\n\t\t\t<div class=\"listing listing-classic listing-classic-1 clearfix  columns-1\">\r\n\t\t<article class=\"post-7912 type-post format-standard has-post-thumbnail   listing-item listing-item-classic listing-item-classic-1 main-term-14 bsw-7 \">\r\n\t<div class=\"listing-inner item-inner\">\r\n\t\t\t\t\t<div class=\"featured clearfix\">\r\n\t\t\t\t\t\t\t\t<a  title=\"Am\u00e9lioration du diagnostic et suivi du diab\u00e8te et des h\u00e9moglobinopathies : NEXXON CARE met en place la HPLC, une technologie de r\u00e9f\u00e9rence\u00a0\" data-src=\"https:\/\/www.amanien.info\/news\/wp-content\/uploads\/2026\/04\/IMG-20260409-WA0040-750x430.jpg\" data-bs-srcset=\"{&quot;baseurl&quot;:&quot;https:\\\/\\\/www.amanien.info\\\/news\\\/wp-content\\\/uploads\\\/2026\\\/04\\\/&quot;,&quot;sizes&quot;:{&quot;210&quot;:&quot;IMG-20260409-WA0040-210x136.jpg&quot;,&quot;279&quot;:&quot;IMG-20260409-WA0040-279x220.jpg&quot;,&quot;357&quot;:&quot;IMG-20260409-WA0040-357x210.jpg&quot;,&quot;750&quot;:&quot;IMG-20260409-WA0040-750x430.jpg&quot;,&quot;1080&quot;:&quot;IMG-20260409-WA0040.jpg&quot;}}\"\t\t\t\t\t\tclass=\"img-holder\" href=\"https:\/\/www.amanien.info\/news\/amelioration-du-diagnostic-et-suivi-du-diabete-et-des-hemoglobinopathies-nexxon-care-met-en-place-la-hplc-une-technologie-de-reference\/\"><\/a>\r\n\t\t\t\t\t\t\t<\/div>\r\n\t\t<h2 class=\"title\">\t\t<a href=\"https:\/\/www.amanien.info\/news\/amelioration-du-diagnostic-et-suivi-du-diabete-et-des-hemoglobinopathies-nexxon-care-met-en-place-la-hplc-une-technologie-de-reference\/\" class=\"post-url post-title\">\r\n\t\t\tAm\u00e9lioration du diagnostic et suivi du diab\u00e8te et des h\u00e9moglobinopathies : NEXXON&hellip;\t\t<\/a>\r\n\t\t<\/h2>\t\t<div class=\"post-meta\">\r\n\r\n\t\t\t\t\t\t\t<a href=\"https:\/\/www.amanien.info\/news\/author\/amanien-infos\/\"\r\n\t\t\t\t   title=\"Parcourir les articles Auteur\"\r\n\t\t\t\t   class=\"post-author-a\">\r\n\t\t\t\t\t<i class=\"post-author author\">\r\n\t\t\t\t\t\tGermain Ndri\t\t\t\t\t<\/i>\r\n\t\t\t\t<\/a>\r\n\t\t\t\t\t\t\t<span class=\"time\"><time class=\"post-published updated\"\r\n\t\t\t\t                         datetime=\"2026-04-13T17:58:43+00:00\">Avr 13, 2026<\/time><\/span>\r\n\t\t\t\t\t\t<\/div>\r\n\t\t\t\t\t\t\t<div class=\"post-summary\">\r\n\t\t\t\t\"L'HPLC au c\u0153ur du diagnostic biologique : d\u00e9tection de la dr\u00e9panocytose, des autres h\u00e9mogloginopathies et la surveillance du diab\u00e8te par l'analyse de l'HBA1C\". Tel est le th\u00e8me du symposium scientifique multidisciplinaire organis\u00e9, le jeudi 09 avril 2026, \u00e0 Abidjan-Plateau, par NEXXON CARE.\u00a0\r\n\r\nL'objectif de cette importante rencontre est de cr\u00e9er&hellip;\t\t\t<\/div>\r\n\t\t\t\t\t<a class=\"read-more\"\r\n\t\t\t   href=\"https:\/\/www.amanien.info\/news\/amelioration-du-diagnostic-et-suivi-du-diabete-et-des-hemoglobinopathies-nexxon-care-met-en-place-la-hplc-une-technologie-de-reference\/\">Lire la suite...<\/a>\r\n\t\t\t\t<\/div>\r\n\t<\/article >\r\n\t<\/div>\r\n\t\n\t<\/div><div class=\"bs-slider-controls main-term-none\"><div class=\"bs-control-nav  bs-control-nav-style-1\"><\/div><\/div><\/div><\/div><div class=\"vc_custom_1516440305670 bs-listing bs-listing-listing-grid-1 bs-listing-single-tab\">\t<div class=\"listing listing-grid listing-grid-1 clearfix columns-2\">\r\n\t\t<article class=\"post-7937 type-post format-standard has-post-thumbnail   listing-item listing-item-grid listing-item-grid-1 main-term-12\">\r\n\t<div class=\"item-inner\">\r\n\t\t\t\t\t<div class=\"featured clearfix\">\r\n\t\t\t\t\t\t\t\t<a  title=\"Mobilit\u00e9 urbaine et am\u00e9lioration de la circulation des personnes : le premier Vice-gouverneur du DAA, Danho Paulin inaugure les gares multimodales et les espaces commerciaux d&rsquo;Adjam\u00e9-Libert\u00e9\u00a0\" data-src=\"https:\/\/www.amanien.info\/news\/wp-content\/uploads\/2026\/04\/IMG-20260429-WA0025-357x210.jpg\" data-bs-srcset=\"{&quot;baseurl&quot;:&quot;https:\\\/\\\/www.amanien.info\\\/news\\\/wp-content\\\/uploads\\\/2026\\\/04\\\/&quot;,&quot;sizes&quot;:{&quot;210&quot;:&quot;IMG-20260429-WA0025-210x136.jpg&quot;,&quot;279&quot;:&quot;IMG-20260429-WA0025-279x220.jpg&quot;,&quot;357&quot;:&quot;IMG-20260429-WA0025-357x210.jpg&quot;,&quot;750&quot;:&quot;IMG-20260429-WA0025-750x430.jpg&quot;,&quot;1280&quot;:&quot;IMG-20260429-WA0025.jpg&quot;}}\"\t\t\t\t\t\tclass=\"img-holder\" href=\"https:\/\/www.amanien.info\/news\/mobilite-urbaine-et-amelioration-de-la-circulation-des-personnes-le-premier-vice-gouverneur-du-daa-danho-paulin-inaugure-les-gares-multimodales-et-les-espaces-commerciaux-dadjame-liberte\/\"><\/a>\r\n\r\n\t\t\t\t\t\t\t<\/div>\r\n\t\t<h2 class=\"title\">\t\t<a href=\"https:\/\/www.amanien.info\/news\/mobilite-urbaine-et-amelioration-de-la-circulation-des-personnes-le-premier-vice-gouverneur-du-daa-danho-paulin-inaugure-les-gares-multimodales-et-les-espaces-commerciaux-dadjame-liberte\/\" class=\"post-title post-url\">\r\n\t\t\tMobilit\u00e9 urbaine et am\u00e9lioration de la circulation des&hellip;\t\t<\/a>\r\n\t\t<\/h2>\t\t<div class=\"post-meta\">\r\n\r\n\t\t\t\t\t\t\t<a href=\"https:\/\/www.amanien.info\/news\/author\/amanien-infos\/\"\r\n\t\t\t\t   title=\"Parcourir les articles Auteur\"\r\n\t\t\t\t   class=\"post-author-a\">\r\n\t\t\t\t\t<i class=\"post-author author\">\r\n\t\t\t\t\t\tGermain Ndri\t\t\t\t\t<\/i>\r\n\t\t\t\t<\/a>\r\n\t\t\t\t\t\t\t<span class=\"time\"><time class=\"post-published updated\"\r\n\t\t\t\t                         datetime=\"2026-04-30T12:22:02+00:00\">Avr 30, 2026<\/time><\/span>\r\n\t\t\t\t\t\t<\/div>\r\n\t\t\t<\/div>\r\n\t<\/article >\r\n\t<article class=\"post-7934 type-post format-standard has-post-thumbnail   listing-item listing-item-grid listing-item-grid-1 main-term-12\">\r\n\t<div class=\"item-inner\">\r\n\t\t\t\t\t<div class=\"featured clearfix\">\r\n\t\t\t\t\t\t\t\t<a  title=\"Lutte contre le tabagisme et l&rsquo;alcoolisme en milieu scolaire et universitaire : ouverture \u00e0 Abidjan du SIMPA 2026\" data-src=\"https:\/\/www.amanien.info\/news\/wp-content\/uploads\/2026\/04\/image_870x_69eb38dc32d76-357x210.jpg\" data-bs-srcset=\"{&quot;baseurl&quot;:&quot;https:\\\/\\\/www.amanien.info\\\/news\\\/wp-content\\\/uploads\\\/2026\\\/04\\\/&quot;,&quot;sizes&quot;:{&quot;210&quot;:&quot;image_870x_69eb38dc32d76-210x136.jpg&quot;,&quot;279&quot;:&quot;image_870x_69eb38dc32d76-279x220.jpg&quot;,&quot;357&quot;:&quot;image_870x_69eb38dc32d76-357x210.jpg&quot;,&quot;750&quot;:&quot;image_870x_69eb38dc32d76-750x430.jpg&quot;,&quot;870&quot;:&quot;image_870x_69eb38dc32d76.jpg&quot;}}\"\t\t\t\t\t\tclass=\"img-holder\" href=\"https:\/\/www.amanien.info\/news\/lutte-contre-le-tabagisme-et-lalcoolisme-en-milieu-scolaire-et-universitaire-ouverture-a-abidjan-du-simpa-2026\/\"><\/a>\r\n\r\n\t\t\t\t\t\t\t<\/div>\r\n\t\t<h2 class=\"title\">\t\t<a href=\"https:\/\/www.amanien.info\/news\/lutte-contre-le-tabagisme-et-lalcoolisme-en-milieu-scolaire-et-universitaire-ouverture-a-abidjan-du-simpa-2026\/\" class=\"post-title post-url\">\r\n\t\t\tLutte contre le tabagisme et l&rsquo;alcoolisme en milieu&hellip;\t\t<\/a>\r\n\t\t<\/h2>\t\t<div class=\"post-meta\">\r\n\r\n\t\t\t\t\t\t\t<a href=\"https:\/\/www.amanien.info\/news\/author\/amanien-infos\/\"\r\n\t\t\t\t   title=\"Parcourir les articles Auteur\"\r\n\t\t\t\t   class=\"post-author-a\">\r\n\t\t\t\t\t<i class=\"post-author author\">\r\n\t\t\t\t\t\tGermain Ndri\t\t\t\t\t<\/i>\r\n\t\t\t\t<\/a>\r\n\t\t\t\t\t\t\t<span class=\"time\"><time class=\"post-published updated\"\r\n\t\t\t\t                         datetime=\"2026-04-25T10:54:50+00:00\">Avr 25, 2026<\/time><\/span>\r\n\t\t\t\t\t\t<\/div>\r\n\t\t\t<\/div>\r\n\t<\/article >\r\n\t<\/div>\r\n\t<\/div><div class=\" bs-listing bs-listing-listing-blog-1 bs-listing-single-tab pagination-animate\">\t\t<div class=\"bs-pagination-wrapper main-term-none simple_numbered bs-slider-first-item\">\r\n\t\t\t<div class=\"listing listing-blog listing-blog-1 clearfix columns-1 columns-1\">\r\n\t\t<article class=\"post-7937 type-post format-standard has-post-thumbnail   listing-item listing-item-blog  listing-item-blog-1 main-term-12 bsw-7 \">\r\n\t\t<div class=\"item-inner clearfix\">\r\n\t\t\t\t\t\t\t<div class=\"featured clearfix\">\r\n\t\t\t\t\t\t\t\t\t\t<a  title=\"Mobilit\u00e9 urbaine et am\u00e9lioration de la circulation des personnes : le premier Vice-gouverneur du DAA, Danho Paulin inaugure les gares multimodales et les espaces commerciaux d&rsquo;Adjam\u00e9-Libert\u00e9\u00a0\" data-src=\"https:\/\/www.amanien.info\/news\/wp-content\/uploads\/2026\/04\/IMG-20260429-WA0025-210x136.jpg\" data-bs-srcset=\"{&quot;baseurl&quot;:&quot;https:\\\/\\\/www.amanien.info\\\/news\\\/wp-content\\\/uploads\\\/2026\\\/04\\\/&quot;,&quot;sizes&quot;:{&quot;86&quot;:&quot;IMG-20260429-WA0025-86x64.jpg&quot;,&quot;210&quot;:&quot;IMG-20260429-WA0025-210x136.jpg&quot;,&quot;279&quot;:&quot;IMG-20260429-WA0025-279x220.jpg&quot;,&quot;357&quot;:&quot;IMG-20260429-WA0025-357x210.jpg&quot;,&quot;750&quot;:&quot;IMG-20260429-WA0025-750x430.jpg&quot;,&quot;1280&quot;:&quot;IMG-20260429-WA0025.jpg&quot;}}\"\t\t\t\t\t\t\tclass=\"img-holder\" href=\"https:\/\/www.amanien.info\/news\/mobilite-urbaine-et-amelioration-de-la-circulation-des-personnes-le-premier-vice-gouverneur-du-daa-danho-paulin-inaugure-les-gares-multimodales-et-les-espaces-commerciaux-dadjame-liberte\/\"><\/a>\r\n\t\t\t\t\t\t\t\t\t<\/div>\r\n\t\t\t<h2 class=\"title\">\t\t\t<a href=\"https:\/\/www.amanien.info\/news\/mobilite-urbaine-et-amelioration-de-la-circulation-des-personnes-le-premier-vice-gouverneur-du-daa-danho-paulin-inaugure-les-gares-multimodales-et-les-espaces-commerciaux-dadjame-liberte\/\" class=\"post-url post-title\">\r\n\t\t\t\tMobilit\u00e9 urbaine et am\u00e9lioration de la circulation des personnes&hellip;\t\t\t<\/a>\r\n\t\t\t<\/h2>\t\t<div class=\"post-meta\">\r\n\r\n\t\t\t\t\t\t\t<a href=\"https:\/\/www.amanien.info\/news\/author\/amanien-infos\/\"\r\n\t\t\t\t   title=\"Parcourir les articles Auteur\"\r\n\t\t\t\t   class=\"post-author-a\">\r\n\t\t\t\t\t<i class=\"post-author author\">\r\n\t\t\t\t\t\tGermain Ndri\t\t\t\t\t<\/i>\r\n\t\t\t\t<\/a>\r\n\t\t\t\t\t\t\t<span class=\"time\"><time class=\"post-published updated\"\r\n\t\t\t\t                         datetime=\"2026-04-30T12:22:02+00:00\">Avr 30, 2026<\/time><\/span>\r\n\t\t\t\t\t\t<\/div>\r\n\t\t\t\t<\/div>\r\n\t<\/article>\r\n\t<article class=\"post-7934 type-post format-standard has-post-thumbnail   listing-item listing-item-blog  listing-item-blog-1 main-term-12 bsw-7 \">\r\n\t\t<div class=\"item-inner clearfix\">\r\n\t\t\t\t\t\t\t<div class=\"featured clearfix\">\r\n\t\t\t\t\t\t\t\t\t\t<a  title=\"Lutte contre le tabagisme et l&rsquo;alcoolisme en milieu scolaire et universitaire : ouverture \u00e0 Abidjan du SIMPA 2026\" data-src=\"https:\/\/www.amanien.info\/news\/wp-content\/uploads\/2026\/04\/image_870x_69eb38dc32d76-210x136.jpg\" data-bs-srcset=\"{&quot;baseurl&quot;:&quot;https:\\\/\\\/www.amanien.info\\\/news\\\/wp-content\\\/uploads\\\/2026\\\/04\\\/&quot;,&quot;sizes&quot;:{&quot;86&quot;:&quot;image_870x_69eb38dc32d76-86x64.jpg&quot;,&quot;210&quot;:&quot;image_870x_69eb38dc32d76-210x136.jpg&quot;,&quot;279&quot;:&quot;image_870x_69eb38dc32d76-279x220.jpg&quot;,&quot;357&quot;:&quot;image_870x_69eb38dc32d76-357x210.jpg&quot;,&quot;750&quot;:&quot;image_870x_69eb38dc32d76-750x430.jpg&quot;,&quot;870&quot;:&quot;image_870x_69eb38dc32d76.jpg&quot;}}\"\t\t\t\t\t\t\tclass=\"img-holder\" href=\"https:\/\/www.amanien.info\/news\/lutte-contre-le-tabagisme-et-lalcoolisme-en-milieu-scolaire-et-universitaire-ouverture-a-abidjan-du-simpa-2026\/\"><\/a>\r\n\t\t\t\t\t\t\t\t\t<\/div>\r\n\t\t\t<h2 class=\"title\">\t\t\t<a href=\"https:\/\/www.amanien.info\/news\/lutte-contre-le-tabagisme-et-lalcoolisme-en-milieu-scolaire-et-universitaire-ouverture-a-abidjan-du-simpa-2026\/\" class=\"post-url post-title\">\r\n\t\t\t\tLutte contre le tabagisme et l&rsquo;alcoolisme en milieu&hellip;\t\t\t<\/a>\r\n\t\t\t<\/h2>\t\t<div class=\"post-meta\">\r\n\r\n\t\t\t\t\t\t\t<a href=\"https:\/\/www.amanien.info\/news\/author\/amanien-infos\/\"\r\n\t\t\t\t   title=\"Parcourir les articles Auteur\"\r\n\t\t\t\t   class=\"post-author-a\">\r\n\t\t\t\t\t<i class=\"post-author author\">\r\n\t\t\t\t\t\tGermain Ndri\t\t\t\t\t<\/i>\r\n\t\t\t\t<\/a>\r\n\t\t\t\t\t\t\t<span class=\"time\"><time class=\"post-published updated\"\r\n\t\t\t\t                         datetime=\"2026-04-25T10:54:50+00:00\">Avr 25, 2026<\/time><\/span>\r\n\t\t\t\t\t\t<\/div>\r\n\t\t\t\t<\/div>\r\n\t<\/article>\r\n\t<article class=\"post-7931 type-post format-standard has-post-thumbnail   listing-item listing-item-blog  listing-item-blog-1 main-term-12 bsw-7 \">\r\n\t\t<div class=\"item-inner clearfix\">\r\n\t\t\t\t\t\t\t<div class=\"featured clearfix\">\r\n\t\t\t\t\t\t\t\t\t\t<a  title=\"Journ\u00e9e mondiale de la propri\u00e9t\u00e9 intellectuelle : l&rsquo;industrie du sport joue un r\u00f4le dans l&rsquo;\u00e9conomie mondiale\u00a0\" data-src=\"https:\/\/www.amanien.info\/news\/wp-content\/uploads\/2026\/04\/IMG_20260424_133206_965-210x136.jpg\" data-bs-srcset=\"{&quot;baseurl&quot;:&quot;https:\\\/\\\/www.amanien.info\\\/news\\\/wp-content\\\/uploads\\\/2026\\\/04\\\/&quot;,&quot;sizes&quot;:{&quot;86&quot;:&quot;IMG_20260424_133206_965-86x64.jpg&quot;,&quot;210&quot;:&quot;IMG_20260424_133206_965-210x136.jpg&quot;,&quot;279&quot;:&quot;IMG_20260424_133206_965-279x220.jpg&quot;,&quot;357&quot;:&quot;IMG_20260424_133206_965-357x210.jpg&quot;,&quot;750&quot;:&quot;IMG_20260424_133206_965-750x430.jpg&quot;,&quot;2560&quot;:&quot;IMG_20260424_133206_965-scaled.jpg&quot;}}\"\t\t\t\t\t\t\tclass=\"img-holder\" href=\"https:\/\/www.amanien.info\/news\/journee-mondiale-de-la-propriete-intellectuelle-lindustrie-du-sport-joue-un-role-dans-leconomie-mondiale\/\"><\/a>\r\n\t\t\t\t\t\t\t\t\t<\/div>\r\n\t\t\t<h2 class=\"title\">\t\t\t<a href=\"https:\/\/www.amanien.info\/news\/journee-mondiale-de-la-propriete-intellectuelle-lindustrie-du-sport-joue-un-role-dans-leconomie-mondiale\/\" class=\"post-url post-title\">\r\n\t\t\t\tJourn\u00e9e mondiale de la propri\u00e9t\u00e9 intellectuelle :&hellip;\t\t\t<\/a>\r\n\t\t\t<\/h2>\t\t<div class=\"post-meta\">\r\n\r\n\t\t\t\t\t\t\t<a href=\"https:\/\/www.amanien.info\/news\/author\/amanien-infos\/\"\r\n\t\t\t\t   title=\"Parcourir les articles Auteur\"\r\n\t\t\t\t   class=\"post-author-a\">\r\n\t\t\t\t\t<i class=\"post-author author\">\r\n\t\t\t\t\t\tGermain Ndri\t\t\t\t\t<\/i>\r\n\t\t\t\t<\/a>\r\n\t\t\t\t\t\t\t<span class=\"time\"><time class=\"post-published updated\"\r\n\t\t\t\t                         datetime=\"2026-04-24T17:29:40+00:00\">Avr 24, 2026<\/time><\/span>\r\n\t\t\t\t\t\t<\/div>\r\n\t\t\t\t<\/div>\r\n\t<\/article>\r\n\t<article class=\"post-7927 type-post format-standard has-post-thumbnail   listing-item listing-item-blog  listing-item-blog-1 main-term-12 bsw-7 \">\r\n\t\t<div class=\"item-inner clearfix\">\r\n\t\t\t\t\t\t\t<div class=\"featured clearfix\">\r\n\t\t\t\t\t\t\t\t\t\t<a  title=\"Droits humains : Amnesty International d\u00e9nonce plusieurs zones d&rsquo;ombre en C\u00f4te d&rsquo;Ivoire\u00a0\" data-src=\"https:\/\/www.amanien.info\/news\/wp-content\/uploads\/2026\/04\/IMG-20260421-WA0098-768x512-1-210x136.jpg\" data-bs-srcset=\"{&quot;baseurl&quot;:&quot;https:\\\/\\\/www.amanien.info\\\/news\\\/wp-content\\\/uploads\\\/2026\\\/04\\\/&quot;,&quot;sizes&quot;:{&quot;86&quot;:&quot;IMG-20260421-WA0098-768x512-1-86x64.jpg&quot;,&quot;210&quot;:&quot;IMG-20260421-WA0098-768x512-1-210x136.jpg&quot;,&quot;279&quot;:&quot;IMG-20260421-WA0098-768x512-1-279x220.jpg&quot;,&quot;357&quot;:&quot;IMG-20260421-WA0098-768x512-1-357x210.jpg&quot;,&quot;750&quot;:&quot;IMG-20260421-WA0098-768x512-1-750x430.jpg&quot;,&quot;768&quot;:&quot;IMG-20260421-WA0098-768x512-1.jpg&quot;}}\"\t\t\t\t\t\t\tclass=\"img-holder\" href=\"https:\/\/www.amanien.info\/news\/droits-humains-amnesty-international-denonce-plusieurs-zones-dombre-en-cote-divoire\/\"><\/a>\r\n\t\t\t\t\t\t\t\t\t<\/div>\r\n\t\t\t<h2 class=\"title\">\t\t\t<a href=\"https:\/\/www.amanien.info\/news\/droits-humains-amnesty-international-denonce-plusieurs-zones-dombre-en-cote-divoire\/\" class=\"post-url post-title\">\r\n\t\t\t\tDroits humains : Amnesty International d\u00e9nonce plusieurs zones&hellip;\t\t\t<\/a>\r\n\t\t\t<\/h2>\t\t<div class=\"post-meta\">\r\n\r\n\t\t\t\t\t\t\t<a href=\"https:\/\/www.amanien.info\/news\/author\/amanien-infos\/\"\r\n\t\t\t\t   title=\"Parcourir les articles Auteur\"\r\n\t\t\t\t   class=\"post-author-a\">\r\n\t\t\t\t\t<i class=\"post-author author\">\r\n\t\t\t\t\t\tGermain Ndri\t\t\t\t\t<\/i>\r\n\t\t\t\t<\/a>\r\n\t\t\t\t\t\t\t<span class=\"time\"><time class=\"post-published updated\"\r\n\t\t\t\t                         datetime=\"2026-04-22T19:12:59+00:00\">Avr 22, 2026<\/time><\/span>\r\n\t\t\t\t\t\t<\/div>\r\n\t\t\t\t<\/div>\r\n\t<\/article>\r\n\t<article class=\"post-7924 type-post format-standard has-post-thumbnail   listing-item listing-item-blog  listing-item-blog-1 main-term-12 bsw-7 \">\r\n\t\t<div class=\"item-inner clearfix\">\r\n\t\t\t\t\t\t\t<div class=\"featured clearfix\">\r\n\t\t\t\t\t\t\t\t\t\t<a  title=\"\u00c9mergence de l&rsquo;Afrique : l&rsquo;association des femmes de la diaspora s&rsquo;engage\u00a0\" data-src=\"https:\/\/www.amanien.info\/news\/wp-content\/uploads\/2026\/04\/IMG_20260417_121419_052-210x136.jpg\" data-bs-srcset=\"{&quot;baseurl&quot;:&quot;https:\\\/\\\/www.amanien.info\\\/news\\\/wp-content\\\/uploads\\\/2026\\\/04\\\/&quot;,&quot;sizes&quot;:{&quot;86&quot;:&quot;IMG_20260417_121419_052-86x64.jpg&quot;,&quot;210&quot;:&quot;IMG_20260417_121419_052-210x136.jpg&quot;,&quot;279&quot;:&quot;IMG_20260417_121419_052-279x220.jpg&quot;,&quot;357&quot;:&quot;IMG_20260417_121419_052-357x210.jpg&quot;,&quot;750&quot;:&quot;IMG_20260417_121419_052-750x430.jpg&quot;,&quot;2560&quot;:&quot;IMG_20260417_121419_052-scaled.jpg&quot;}}\"\t\t\t\t\t\t\tclass=\"img-holder\" href=\"https:\/\/www.amanien.info\/news\/emergence-de-lafrique-lassociation-des-femmes-de-la-diaspora-sengage\/\"><\/a>\r\n\t\t\t\t\t\t\t\t\t<\/div>\r\n\t\t\t<h2 class=\"title\">\t\t\t<a href=\"https:\/\/www.amanien.info\/news\/emergence-de-lafrique-lassociation-des-femmes-de-la-diaspora-sengage\/\" class=\"post-url post-title\">\r\n\t\t\t\t\u00c9mergence de l&rsquo;Afrique : l&rsquo;association des femmes de&hellip;\t\t\t<\/a>\r\n\t\t\t<\/h2>\t\t<div class=\"post-meta\">\r\n\r\n\t\t\t\t\t\t\t<a href=\"https:\/\/www.amanien.info\/news\/author\/amanien-infos\/\"\r\n\t\t\t\t   title=\"Parcourir les articles Auteur\"\r\n\t\t\t\t   class=\"post-author-a\">\r\n\t\t\t\t\t<i class=\"post-author author\">\r\n\t\t\t\t\t\tGermain Ndri\t\t\t\t\t<\/i>\r\n\t\t\t\t<\/a>\r\n\t\t\t\t\t\t\t<span class=\"time\"><time class=\"post-published updated\"\r\n\t\t\t\t                         datetime=\"2026-04-17T16:22:46+00:00\">Avr 17, 2026<\/time><\/span>\r\n\t\t\t\t\t\t<\/div>\r\n\t\t\t\t<\/div>\r\n\t<\/article>\r\n\t<article class=\"post-7919 type-post format-standard has-post-thumbnail   listing-item listing-item-blog  listing-item-blog-1 main-term-5 bsw-7 \">\r\n\t\t<div class=\"item-inner clearfix\">\r\n\t\t\t\t\t\t\t<div class=\"featured clearfix\">\r\n\t\t\t\t\t\t\t\t\t\t<a  title=\"Abidjan innova: le salon report\u00e9 au 26 novembre 2026\" data-src=\"https:\/\/www.amanien.info\/news\/wp-content\/uploads\/2026\/04\/17762437774088445641507340301006-1-210x136.jpg\" data-bs-srcset=\"{&quot;baseurl&quot;:&quot;https:\\\/\\\/www.amanien.info\\\/news\\\/wp-content\\\/uploads\\\/2026\\\/04\\\/&quot;,&quot;sizes&quot;:{&quot;86&quot;:&quot;17762437774088445641507340301006-1-86x64.jpg&quot;,&quot;210&quot;:&quot;17762437774088445641507340301006-1-210x136.jpg&quot;,&quot;279&quot;:&quot;17762437774088445641507340301006-1-279x220.jpg&quot;,&quot;357&quot;:&quot;17762437774088445641507340301006-1-357x210.jpg&quot;,&quot;750&quot;:&quot;17762437774088445641507340301006-1-750x430.jpg&quot;,&quot;800&quot;:&quot;17762437774088445641507340301006-1.jpg&quot;}}\"\t\t\t\t\t\t\tclass=\"img-holder\" href=\"https:\/\/www.amanien.info\/news\/abidjan-innova-le-salon-reporte-au-26-novembre-2026\/\"><\/a>\r\n\t\t\t\t\t\t\t\t\t<\/div>\r\n\t\t\t<h2 class=\"title\">\t\t\t<a href=\"https:\/\/www.amanien.info\/news\/abidjan-innova-le-salon-reporte-au-26-novembre-2026\/\" class=\"post-url post-title\">\r\n\t\t\t\tAbidjan innova: le salon report\u00e9 au 26 novembre 2026\t\t\t<\/a>\r\n\t\t\t<\/h2>\t\t<div class=\"post-meta\">\r\n\r\n\t\t\t\t\t\t\t<a href=\"https:\/\/www.amanien.info\/news\/author\/amanien-infos\/\"\r\n\t\t\t\t   title=\"Parcourir les articles Auteur\"\r\n\t\t\t\t   class=\"post-author-a\">\r\n\t\t\t\t\t<i class=\"post-author author\">\r\n\t\t\t\t\t\tGermain Ndri\t\t\t\t\t<\/i>\r\n\t\t\t\t<\/a>\r\n\t\t\t\t\t\t\t<span class=\"time\"><time class=\"post-published updated\"\r\n\t\t\t\t                         datetime=\"2026-04-15T09:15:19+00:00\">Avr 15, 2026<\/time><\/span>\r\n\t\t\t\t\t\t<\/div>\r\n\t\t\t\t<\/div>\r\n\t<\/article>\r\n\t<article class=\"post-7912 type-post format-standard has-post-thumbnail   listing-item listing-item-blog  listing-item-blog-1 main-term-14 bsw-7 \">\r\n\t\t<div class=\"item-inner clearfix\">\r\n\t\t\t\t\t\t\t<div class=\"featured clearfix\">\r\n\t\t\t\t\t\t\t\t\t\t<a  title=\"Am\u00e9lioration du diagnostic et suivi du diab\u00e8te et des h\u00e9moglobinopathies : NEXXON CARE met en place la HPLC, une technologie de r\u00e9f\u00e9rence\u00a0\" data-src=\"https:\/\/www.amanien.info\/news\/wp-content\/uploads\/2026\/04\/IMG-20260409-WA0040-210x136.jpg\" data-bs-srcset=\"{&quot;baseurl&quot;:&quot;https:\\\/\\\/www.amanien.info\\\/news\\\/wp-content\\\/uploads\\\/2026\\\/04\\\/&quot;,&quot;sizes&quot;:{&quot;86&quot;:&quot;IMG-20260409-WA0040-86x64.jpg&quot;,&quot;210&quot;:&quot;IMG-20260409-WA0040-210x136.jpg&quot;,&quot;279&quot;:&quot;IMG-20260409-WA0040-279x220.jpg&quot;,&quot;357&quot;:&quot;IMG-20260409-WA0040-357x210.jpg&quot;,&quot;750&quot;:&quot;IMG-20260409-WA0040-750x430.jpg&quot;,&quot;1080&quot;:&quot;IMG-20260409-WA0040.jpg&quot;}}\"\t\t\t\t\t\t\tclass=\"img-holder\" href=\"https:\/\/www.amanien.info\/news\/amelioration-du-diagnostic-et-suivi-du-diabete-et-des-hemoglobinopathies-nexxon-care-met-en-place-la-hplc-une-technologie-de-reference\/\"><\/a>\r\n\t\t\t\t\t\t\t\t\t<\/div>\r\n\t\t\t<h2 class=\"title\">\t\t\t<a href=\"https:\/\/www.amanien.info\/news\/amelioration-du-diagnostic-et-suivi-du-diabete-et-des-hemoglobinopathies-nexxon-care-met-en-place-la-hplc-une-technologie-de-reference\/\" class=\"post-url post-title\">\r\n\t\t\t\tAm\u00e9lioration du diagnostic et suivi du diab\u00e8te et des&hellip;\t\t\t<\/a>\r\n\t\t\t<\/h2>\t\t<div class=\"post-meta\">\r\n\r\n\t\t\t\t\t\t\t<a href=\"https:\/\/www.amanien.info\/news\/author\/amanien-infos\/\"\r\n\t\t\t\t   title=\"Parcourir les articles Auteur\"\r\n\t\t\t\t   class=\"post-author-a\">\r\n\t\t\t\t\t<i class=\"post-author author\">\r\n\t\t\t\t\t\tGermain Ndri\t\t\t\t\t<\/i>\r\n\t\t\t\t<\/a>\r\n\t\t\t\t\t\t\t<span class=\"time\"><time class=\"post-published updated\"\r\n\t\t\t\t                         datetime=\"2026-04-13T17:58:43+00:00\">Avr 13, 2026<\/time><\/span>\r\n\t\t\t\t\t\t<\/div>\r\n\t\t\t\t<\/div>\r\n\t<\/article>\r\n\t<\/div>\r\n\t\n\t<\/div><div class=\"bs-pagination bs-simple-pagination simple_numbered main-term-none clearfix\">\r\n\t\t\t<script>var bs_ajax_paginate_746203821 = '{\"query\":{\"category\":\"\",\"tag\":\"\",\"taxonomy\":\"\",\"post_ids\":\"\",\"post_type\":\"\",\"count\":\"7\",\"order_by\":\"date\",\"order\":\"DESC\",\"time_filter\":\"\",\"offset\":\"\",\"style\":\"listing-blog-1\",\"show_excerpt\":\"0\",\"cats-tags-condition\":\"and\",\"cats-condition\":\"in\",\"tags-condition\":\"in\",\"featured_image\":\"0\",\"ignore_sticky_posts\":\"1\",\"author_ids\":\"\",\"disable_duplicate\":\"0\",\"ad-active\":\"0\",\"ad-after_each\":\"\",\"ad-type\":\"\",\"ad-banner\":\"\",\"ad-campaign\":\"none\",\"ad-count\":\"\",\"ad-columns\":\"1\",\"ad-orderby\":\"date\",\"ad-order\":\"ASC\",\"ad-align\":\"left\",\"paginate\":\"simple_numbered\",\"pagination-show-label\":\"0\",\"columns\":\"1\",\"listing-settings\":\"\",\"override-listing-settings\":\"0\",\"_layout\":{\"state\":\"1|1|0\",\"page\":\"3-col-1\"}},\"type\":\"bs_post_listing\",\"view\":\"Publisher_Blog_Listing_1_Shortcode\",\"current_page\":1,\"ajax_url\":\"\\\/news\\\/wp-admin\\\/admin-ajax.php\",\"remove_duplicates\":\"0\",\"columns\":\"1\",\"show_excerpt\":\"0\",\"paginate\":\"simple_numbered\",\"pagination-show-label\":\"0\",\"ad-active\":\"0\",\"ad-after_each\":\"\",\"ad-type\":\"\",\"ad-banner\":\"\",\"ad-campaign\":\"none\",\"ad-count\":\"\",\"ad-columns\":\"1\",\"ad-orderby\":\"date\",\"ad-order\":\"ASC\",\"ad-align\":\"left\",\"override-listing-settings\":\"0\",\"listing-settings\":\"\",\"_layout\":{\"state\":\"1|1|0\",\"page\":\"3-col-1\"},\"_bs_pagin_token\":\"7bd82bd\"}';<\/script><div class=\"pagination bs-numbered-pagination\" itemscope=\"itemscope\" itemtype=\"https:\/\/schema.org\/SiteNavigationElement\/Pagination\"><span aria-current=\"page\" class=\"page-numbers current\">1<\/span>\n<a class=\"page-numbers\" href=\"https:\/\/www.amanien.info\/news\/wp-json\/wp\/v2\/pages\/5213\/page\/2\/\">2<\/a>\n<a class=\"page-numbers\" href=\"https:\/\/www.amanien.info\/news\/wp-json\/wp\/v2\/pages\/5213\/page\/3\/\">3<\/a>\n<span class=\"page-numbers dots\">\u2026<\/span>\n<a class=\"page-numbers\" href=\"https:\/\/www.amanien.info\/news\/wp-json\/wp\/v2\/pages\/5213\/page\/189\/\">189<\/a>\n<a class=\"next page-numbers\" href=\"https:\/\/www.amanien.info\/news\/wp-json\/wp\/v2\/pages\/5213\/page\/2\/\">Prochain <i class=\"fa fa-angle-right\"><\/i><\/a><\/div><\/div><\/div>\t<div \t\t\tclass=\"bs-shortcode bs-embed clearfix \">\r\n\t\t\t\t<h3 class=\"section-heading sh-t3 sh-s1\">\r\n\t\t\t\t<span class=\"h-text\">VIDEOPUB<\/span>\r\n\t\t\t\t<\/h3>\r\n\t\t\t\t\t<div class=\"bs-embed-item bs-lazy-iframe-wrapper\">\r\n\t\t\t\t<iframe title=\"RTI PUB AGENDA 29S\" width=\"1170\" height=\"658\" data-src=\"https:\/\/www.youtube.com\/embed\/uaOBPLxIv3g?wmode=transparent&amp;rel=0&amp;feature=oembed\" frameborder=\"0\" allow=\"accelerometer; autoplay; clipboard-write; encrypted-media; gyroscope; picture-in-picture; web-share\" referrerpolicy=\"strict-origin-when-cross-origin\" allowfullscreen><\/iframe>\t\t\t<\/div>\r\n\t\t\t\t<\/div><!-- .bs-embed -->\r\n[\/vc_column_inner][vc_column_inner width=\u00a0\u00bb1\/3&Prime;]<div class=\" bs-listing bs-listing-listing-text-3 bs-listing-single-tab\">\t\t<h3 class=\"section-heading sh-t3 sh-s1 main-term-none\">\r\n\r\n\t\t\r\n\t\t\t\t\t\t\t<span class=\"h-text main-term-none main-link\">\r\n\t\t\t\t\t\tDERNIERES INFOS\t\t\t\t\t<\/span>\r\n\t\t\t\r\n\t\t\r\n\t\t<\/h3>\r\n\t\t\t<div class=\"listing listing-text listing-text-3 clearfix columns-1\">\r\n\t\t<article class=\"post-7937 type-post format-standard has-post-thumbnail   listing-item listing-item-text listing-item-text-3 main-term-12\">\r\n\t<div class=\"item-inner\">\r\n\t\t<h2 class=\"title\">\t\t<a href=\"https:\/\/www.amanien.info\/news\/mobilite-urbaine-et-amelioration-de-la-circulation-des-personnes-le-premier-vice-gouverneur-du-daa-danho-paulin-inaugure-les-gares-multimodales-et-les-espaces-commerciaux-dadjame-liberte\/\" class=\"post-title post-url\">\r\n\t\t\tMobilit\u00e9 urbaine et am\u00e9lioration de la circulation des personnes&hellip;\t\t<\/a>\r\n\t\t<\/h2>\t<\/div>\r\n\t<\/article >\r\n\t<article class=\"post-7934 type-post format-standard has-post-thumbnail   listing-item listing-item-text listing-item-text-3 main-term-12\">\r\n\t<div class=\"item-inner\">\r\n\t\t<h2 class=\"title\">\t\t<a href=\"https:\/\/www.amanien.info\/news\/lutte-contre-le-tabagisme-et-lalcoolisme-en-milieu-scolaire-et-universitaire-ouverture-a-abidjan-du-simpa-2026\/\" class=\"post-title post-url\">\r\n\t\t\tLutte contre le tabagisme et l&rsquo;alcoolisme en milieu&hellip;\t\t<\/a>\r\n\t\t<\/h2>\t<\/div>\r\n\t<\/article >\r\n\t<article class=\"post-7931 type-post format-standard has-post-thumbnail   listing-item listing-item-text listing-item-text-3 main-term-12\">\r\n\t<div class=\"item-inner\">\r\n\t\t<h2 class=\"title\">\t\t<a href=\"https:\/\/www.amanien.info\/news\/journee-mondiale-de-la-propriete-intellectuelle-lindustrie-du-sport-joue-un-role-dans-leconomie-mondiale\/\" class=\"post-title post-url\">\r\n\t\t\tJourn\u00e9e mondiale de la propri\u00e9t\u00e9 intellectuelle :&hellip;\t\t<\/a>\r\n\t\t<\/h2>\t<\/div>\r\n\t<\/article >\r\n\t<article class=\"post-7927 type-post format-standard has-post-thumbnail   listing-item listing-item-text listing-item-text-3 main-term-12\">\r\n\t<div class=\"item-inner\">\r\n\t\t<h2 class=\"title\">\t\t<a href=\"https:\/\/www.amanien.info\/news\/droits-humains-amnesty-international-denonce-plusieurs-zones-dombre-en-cote-divoire\/\" class=\"post-title post-url\">\r\n\t\t\tDroits humains : Amnesty International d\u00e9nonce plusieurs zones&hellip;\t\t<\/a>\r\n\t\t<\/h2>\t<\/div>\r\n\t<\/article >\r\n\t<article class=\"post-7924 type-post format-standard has-post-thumbnail   listing-item listing-item-text listing-item-text-3 main-term-12\">\r\n\t<div class=\"item-inner\">\r\n\t\t<h2 class=\"title\">\t\t<a href=\"https:\/\/www.amanien.info\/news\/emergence-de-lafrique-lassociation-des-femmes-de-la-diaspora-sengage\/\" class=\"post-title post-url\">\r\n\t\t\t\u00c9mergence de l&rsquo;Afrique : l&rsquo;association des femmes de&hellip;\t\t<\/a>\r\n\t\t<\/h2>\t<\/div>\r\n\t<\/article >\r\n\t<article class=\"post-7919 type-post format-standard has-post-thumbnail   listing-item listing-item-text listing-item-text-3 main-term-5\">\r\n\t<div class=\"item-inner\">\r\n\t\t<h2 class=\"title\">\t\t<a href=\"https:\/\/www.amanien.info\/news\/abidjan-innova-le-salon-reporte-au-26-novembre-2026\/\" class=\"post-title post-url\">\r\n\t\t\tAbidjan innova: le salon report\u00e9 au 26 novembre 2026\t\t<\/a>\r\n\t\t<\/h2>\t<\/div>\r\n\t<\/article >\r\n\t<article class=\"post-7912 type-post format-standard has-post-thumbnail   listing-item listing-item-text listing-item-text-3 main-term-14\">\r\n\t<div class=\"item-inner\">\r\n\t\t<h2 class=\"title\">\t\t<a href=\"https:\/\/www.amanien.info\/news\/amelioration-du-diagnostic-et-suivi-du-diabete-et-des-hemoglobinopathies-nexxon-care-met-en-place-la-hplc-une-technologie-de-reference\/\" class=\"post-title post-url\">\r\n\t\t\tAm\u00e9lioration du diagnostic et suivi du diab\u00e8te et des&hellip;\t\t<\/a>\r\n\t\t<\/h2>\t<\/div>\r\n\t<\/article >\r\n\t<article class=\"post-7909 type-post format-standard has-post-thumbnail   listing-item listing-item-text listing-item-text-3 main-term-13\">\r\n\t<div class=\"item-inner\">\r\n\t\t<h2 class=\"title\">\t\t<a href=\"https:\/\/www.amanien.info\/news\/examens-a-grand-tirage-session-2026-voici-le-calendrier-complet-des-compositions-et-de-la-proclamation-des-resultats\/\" class=\"post-title post-url\">\r\n\t\t\tExamens \u00e0 grand tirage session 2026 : voici le calendrier&hellip;\t\t<\/a>\r\n\t\t<\/h2>\t<\/div>\r\n\t<\/article >\r\n\t<article class=\"post-7906 type-post format-standard has-post-thumbnail   listing-item listing-item-text listing-item-text-3 main-term-3\">\r\n\t<div class=\"item-inner\">\r\n\t\t<h2 class=\"title\">\t\t<a href=\"https:\/\/www.amanien.info\/news\/musique-chretienne-la-chantre-elmina-ouatt-dedicace-preuve-de-foi\/\" class=\"post-title post-url\">\r\n\t\t\tMusique chr\u00e9tienne: La chantre Elmina Ouatt d\u00e9dicace \u00a0\u00bb Preuve&hellip;\t\t<\/a>\r\n\t\t<\/h2>\t<\/div>\r\n\t<\/article >\r\n\t<article class=\"post-7901 type-post format-standard has-post-thumbnail   listing-item listing-item-text listing-item-text-3 main-term-12\">\r\n\t<div class=\"item-inner\">\r\n\t\t<h2 class=\"title\">\t\t<a href=\"https:\/\/www.amanien.info\/news\/7901-2\/\" class=\"post-title post-url\">\r\n\t\t\tS\u00e9curit\u00e9 routi\u00e8re et promotion du civisme : le CINN m\u00e8ne une&hellip;\t\t<\/a>\r\n\t\t<\/h2>\t<\/div>\r\n\t<\/article >\r\n\t<article class=\"post-7898 type-post format-standard has-post-thumbnail   listing-item listing-item-text listing-item-text-3 main-term-5\">\r\n\t<div class=\"item-inner\">\r\n\t\t<h2 class=\"title\">\t\t<a href=\"https:\/\/www.amanien.info\/news\/7898-2\/\" class=\"post-title post-url\">\r\n\t\t\tAffaire \u00ab\u00a0paiement de 11 milliards de FCFA \u00e0 un prestataire du&hellip;\t\t<\/a>\r\n\t\t<\/h2>\t<\/div>\r\n\t<\/article >\r\n\t<article class=\"post-7894 type-post format-standard has-post-thumbnail   listing-item listing-item-text listing-item-text-3 main-term-4\">\r\n\t<div class=\"item-inner\">\r\n\t\t<h2 class=\"title\">\t\t<a href=\"https:\/\/www.amanien.info\/news\/sport-handball-salaam-handball-club-lance-ses-activites-sous-le-signe-de-la-mobilisation\/\" class=\"post-title post-url\">\r\n\t\t\tSport\/Handball : Salaam Handball Club lance ses activit\u00e9s sous&hellip;\t\t<\/a>\r\n\t\t<\/h2>\t<\/div>\r\n\t<\/article >\r\n\t<\/div>\r\n\t<\/div><div class=\" bs-listing bs-listing-user-listing-1 bs-listing-single-tab pagination-animate\">\t\t<h3 class=\"section-heading sh-t3 sh-s1 main-term-none\">\r\n\r\n\t\t\r\n\t\t\t\t\t\t\t<span class=\"h-text main-term-none main-link\">\r\n\t\t\t\t\t\t<i class=\"bf-icon  fa fa-hand-grab-o\"><\/i> ARTICLES PAR AUTEUR\t\t\t\t\t<\/span>\r\n\t\t\t\r\n\t\t\r\n\t\t<\/h3>\r\n\t\t<div class=\"bs-slider-items-container\" data-slider-animation-speed=\"750\" data-slider-autoplay=\"1\" data-slider-control-dots=\"off\" data-slider-control-next-prev=\"style-1\" data-autoplaySpeed=\"3000\">\t\t<div class=\"bs-pagination-wrapper main-term-none slider bs-slider-first-item bs-slider-item bs-items-9\">\r\n\t\t\r\n\t<div class=\"listing listing-user type-1 style-1 columns-1 clearfix\">\r\n\t\t<div class=\"listing-item listing-item-user type-1 style-1 clearfix\">\r\n\t<div class=\"bs-user-item\">\r\n\t\t<div class=\"user-avatar\">\r\n\t\t\t<a href=\"https:\/\/www.amanien.info\/news\/author\/amanien-infos\/\">\r\n\t\t\t\t<img alt='' src='https:\/\/secure.gravatar.com\/avatar\/8b6fd79a6419c56994c28b9c53763adff7bcbdf74237e49eea96caabc2fbc8cb?s=60&d=mm&r=g' class='avatar avatar-60 photo avatar-default' height='60' width='60' \/>\t\t\t<\/a>\r\n\t\t<\/div>\r\n\r\n\t\t<div class=\"user-meta\">\r\n\t\t\t<h5 class=\"user-display-name\"><a href=\"https:\/\/www.amanien.info\/news\/author\/amanien-infos\/\">Germain Ndri<\/a><\/h5>\t\t\t\t<a href=\"https:\/\/www.amanien.info\/news\/author\/amanien-infos\/\"\r\n\t\t\t\t   class=\"btn btn-light\">Afficher tous les messages<\/a>\r\n\t\t\t\t\t\t<\/div>\r\n\t<\/div>\r\n<\/div>\r\n\t<\/div>\r\n\n\t<\/div>\t\t<div class=\"bs-pagination-wrapper main-term-none slider  bs-slider-item bs-items-9\">\r\n\t\t\r\n\t<div class=\"listing listing-user type-1 style-1 columns-1 clearfix\">\r\n\t\t\t<\/div>\r\n\n\t<\/div>\t\t<div class=\"bs-pagination-wrapper main-term-none slider  bs-slider-item bs-items-9\">\r\n\t\t\r\n\t<div class=\"listing listing-user type-1 style-1 columns-1 clearfix\">\r\n\t\t\t<\/div>\r\n\n\t<\/div>\t\t<div class=\"bs-pagination-wrapper main-term-none slider  bs-slider-item bs-items-9\">\r\n\t\t\r\n\t<div class=\"listing listing-user type-1 style-1 columns-1 clearfix\">\r\n\t\t\t<\/div>\r\n\n\t<\/div>\t\t<div class=\"bs-pagination-wrapper main-term-none slider  bs-slider-item bs-items-9\">\r\n\t\t\r\n\t<div class=\"listing listing-user type-1 style-1 columns-1 clearfix\">\r\n\t\t\t<\/div>\r\n\n\t<\/div>\t\t<div class=\"bs-pagination-wrapper main-term-none slider  bs-slider-item bs-items-9\">\r\n\t\t\r\n\t<div class=\"listing listing-user type-1 style-1 columns-1 clearfix\">\r\n\t\t\t<\/div>\r\n\n\t<\/div>\t\t<div class=\"bs-pagination-wrapper main-term-none slider  bs-slider-item bs-items-9\">\r\n\t\t\r\n\t<div class=\"listing listing-user type-1 style-1 columns-1 clearfix\">\r\n\t\t\t<\/div>\r\n\n\t<\/div>\t\t<div class=\"bs-pagination-wrapper main-term-none slider  bs-slider-item bs-items-9\">\r\n\t\t\r\n\t<div class=\"listing listing-user type-1 style-1 columns-1 clearfix\">\r\n\t\t\t<\/div>\r\n\n\t<\/div>\t\t<div class=\"bs-pagination-wrapper main-term-none slider  bs-slider-item bs-items-9\">\r\n\t\t\r\n\t<div class=\"listing listing-user type-1 style-1 columns-1 clearfix\">\r\n\t\t\t<\/div>\r\n\n\t<\/div><div class=\"bs-slider-controls main-term-none\"><div class=\"bs-control-nav  bs-control-nav-style-1\"><\/div><\/div><\/div><\/div><div class=\" bs-listing bs-listing-listing-text-1 bs-listing-single-tab\">\t\t<h3 class=\"section-heading sh-t3 sh-s1 main-term-156\">\r\n\r\n\t\t\r\n\t\t\t\t\t\t\t<a href=\"https:\/\/www.amanien.info\/news\/category\/artisanat\/\" class=\"main-link\">\r\n\t\t\t\t\t\t\t<span class=\"h-text main-term-156\">\r\n\t\t\t\t\t\t\t\tACTUALITE\t\t\t\t\t\t\t<\/span>\r\n\t\t\t\t<\/a>\r\n\t\t\t\r\n\t\t\r\n\t\t<\/h3>\r\n\t\t\t<div class=\"listing listing-text listing-text-1 clearfix columns-1\">\r\n\t\t<article class=\"post-7919 type-post format-standard has-post-thumbnail   listing-item listing-item-text listing-item-text-1 main-term-5\">\r\n\t<div class=\"item-inner\">\r\n\t\t<div class=\"term-badges floated\"><span class=\"term-badge term-5\"><a href=\"https:\/\/www.amanien.info\/news\/category\/economie\/\">Economie<\/a><\/span><\/div><h2 class=\"title\">\t\t<a href=\"https:\/\/www.amanien.info\/news\/abidjan-innova-le-salon-reporte-au-26-novembre-2026\/\" class=\"post-title post-url\">\r\n\t\t\tAbidjan innova: le salon report\u00e9 au 26 novembre 2026\t\t<\/a>\r\n\t\t<\/h2>\t\t<div class=\"post-meta\">\r\n\r\n\t\t\t\t\t\t\t<a href=\"https:\/\/www.amanien.info\/news\/author\/amanien-infos\/\"\r\n\t\t\t\t   title=\"Parcourir les articles Auteur\"\r\n\t\t\t\t   class=\"post-author-a\">\r\n\t\t\t\t\t<i class=\"post-author author\">\r\n\t\t\t\t\t\tGermain Ndri\t\t\t\t\t<\/i>\r\n\t\t\t\t<\/a>\r\n\t\t\t\t\t<\/div>\r\n\t\t\t<\/div>\r\n\t<\/article >\r\n\t<article class=\"post-7906 type-post format-standard has-post-thumbnail   listing-item listing-item-text listing-item-text-1 main-term-3\">\r\n\t<div class=\"item-inner\">\r\n\t\t<div class=\"term-badges floated\"><span class=\"term-badge term-3\"><a href=\"https:\/\/www.amanien.info\/news\/category\/culture\/\">Culture<\/a><\/span><\/div><h2 class=\"title\">\t\t<a href=\"https:\/\/www.amanien.info\/news\/musique-chretienne-la-chantre-elmina-ouatt-dedicace-preuve-de-foi\/\" class=\"post-title post-url\">\r\n\t\t\tMusique chr\u00e9tienne: La chantre Elmina Ouatt d\u00e9dicace \u00a0\u00bb Preuve de foi\u00a0\u00bb\t\t<\/a>\r\n\t\t<\/h2>\t\t<div class=\"post-meta\">\r\n\r\n\t\t\t\t\t\t\t<a href=\"https:\/\/www.amanien.info\/news\/author\/amanien-infos\/\"\r\n\t\t\t\t   title=\"Parcourir les articles Auteur\"\r\n\t\t\t\t   class=\"post-author-a\">\r\n\t\t\t\t\t<i class=\"post-author author\">\r\n\t\t\t\t\t\tGermain Ndri\t\t\t\t\t<\/i>\r\n\t\t\t\t<\/a>\r\n\t\t\t\t\t<\/div>\r\n\t\t\t<\/div>\r\n\t<\/article >\r\n\t<article class=\"post-7898 type-post format-standard has-post-thumbnail   listing-item listing-item-text listing-item-text-1 main-term-5\">\r\n\t<div class=\"item-inner\">\r\n\t\t<div class=\"term-badges floated\"><span class=\"term-badge term-5\"><a href=\"https:\/\/www.amanien.info\/news\/category\/economie\/\">Economie<\/a><\/span><\/div><h2 class=\"title\">\t\t<a href=\"https:\/\/www.amanien.info\/news\/7898-2\/\" class=\"post-title post-url\">\r\n\t\t\tAffaire \u00ab\u00a0paiement de 11 milliards de FCFA \u00e0 un prestataire du Forum des march\u00e9s&hellip;\t\t<\/a>\r\n\t\t<\/h2>\t\t<div class=\"post-meta\">\r\n\r\n\t\t\t\t\t\t\t<a href=\"https:\/\/www.amanien.info\/news\/author\/amanien-infos\/\"\r\n\t\t\t\t   title=\"Parcourir les articles Auteur\"\r\n\t\t\t\t   class=\"post-author-a\">\r\n\t\t\t\t\t<i class=\"post-author author\">\r\n\t\t\t\t\t\tGermain Ndri\t\t\t\t\t<\/i>\r\n\t\t\t\t<\/a>\r\n\t\t\t\t\t<\/div>\r\n\t\t\t<\/div>\r\n\t<\/article >\r\n\t<article class=\"post-7894 type-post format-standard has-post-thumbnail   listing-item listing-item-text listing-item-text-1 main-term-4\">\r\n\t<div class=\"item-inner\">\r\n\t\t<div class=\"term-badges floated\"><span class=\"term-badge term-4\"><a href=\"https:\/\/www.amanien.info\/news\/category\/sport\/\">Sport<\/a><\/span><\/div><h2 class=\"title\">\t\t<a href=\"https:\/\/www.amanien.info\/news\/sport-handball-salaam-handball-club-lance-ses-activites-sous-le-signe-de-la-mobilisation\/\" class=\"post-title post-url\">\r\n\t\t\tSport\/Handball : Salaam Handball Club lance ses activit\u00e9s sous le signe de la&hellip;\t\t<\/a>\r\n\t\t<\/h2>\t\t<div class=\"post-meta\">\r\n\r\n\t\t\t\t\t\t\t<a href=\"https:\/\/www.amanien.info\/news\/author\/amanien-infos\/\"\r\n\t\t\t\t   title=\"Parcourir les articles Auteur\"\r\n\t\t\t\t   class=\"post-author-a\">\r\n\t\t\t\t\t<i class=\"post-author author\">\r\n\t\t\t\t\t\tGermain Ndri\t\t\t\t\t<\/i>\r\n\t\t\t\t<\/a>\r\n\t\t\t\t\t<\/div>\r\n\t\t\t<\/div>\r\n\t<\/article >\r\n\t<\/div>\r\n\t<\/div>[\/vc_column_inner][\/vc_row_inner]<div class=\" bs-listing bs-listing-listing-mix-1-3 bs-listing-single-tab\">\t\t<h3 class=\"section-heading sh-t3 sh-s1 main-term-156\">\r\n\r\n\t\t\r\n\t\t\t\t\t\t\t<a href=\"https:\/\/www.amanien.info\/news\/category\/artisanat\/\" class=\"main-link\">\r\n\t\t\t\t\t\t\t<span class=\"h-text main-term-156\">\r\n\t\t\t\t\t\t\t\tARTISANAT\t\t\t\t\t\t\t<\/span>\r\n\t\t\t\t<\/a>\r\n\t\t\t\r\n\t\t\r\n\t\t<\/h3>\r\n\t\t\t<div class=\"listing listing-mix-6 clearfix \">\r\n\t\t<div class=\"item-inner\">\r\n\t\t\t<div class=\"column-1\">\r\n\t\t\t\t\t\t\t<\/div>\r\n\t\t\t<div class=\"column-2\">\r\n\t\t\t\t\t\t\t<\/div>\r\n\t\t<\/div>\r\n\t<\/div>\r\n<\/div><div class=\" bs-listing bs-listing-listing-mix-1-3 bs-listing-single-tab\">\t\t<h3 class=\"section-heading sh-t3 sh-s1 main-term-5\">\r\n\r\n\t\t\r\n\t\t\t\t\t\t\t<a href=\"https:\/\/www.amanien.info\/news\/category\/economie\/\" class=\"main-link\">\r\n\t\t\t\t\t\t\t<span class=\"h-text main-term-5\">\r\n\t\t\t\t\t\t\t\tECONOMIE\t\t\t\t\t\t\t<\/span>\r\n\t\t\t\t<\/a>\r\n\t\t\t\r\n\t\t\r\n\t\t<\/h3>\r\n\t\t\t<div class=\"listing listing-mix-6 clearfix \">\r\n\t\t<div class=\"item-inner\">\r\n\t\t\t<div class=\"column-1\">\r\n\t\t\t\t\t<article class=\"post-7919 type-post format-standard has-post-thumbnail   listing-item listing-item-grid listing-item-grid-1 main-term-5\">\r\n\t<div class=\"item-inner\">\r\n\t\t\t\t\t<div class=\"featured clearfix\">\r\n\t\t\t\t\t\t\t\t<a  title=\"Abidjan innova: le salon report\u00e9 au 26 novembre 2026\" data-src=\"https:\/\/www.amanien.info\/news\/wp-content\/uploads\/2026\/04\/17762437774088445641507340301006-1-357x210.jpg\" data-bs-srcset=\"{&quot;baseurl&quot;:&quot;https:\\\/\\\/www.amanien.info\\\/news\\\/wp-content\\\/uploads\\\/2026\\\/04\\\/&quot;,&quot;sizes&quot;:{&quot;210&quot;:&quot;17762437774088445641507340301006-1-210x136.jpg&quot;,&quot;279&quot;:&quot;17762437774088445641507340301006-1-279x220.jpg&quot;,&quot;357&quot;:&quot;17762437774088445641507340301006-1-357x210.jpg&quot;,&quot;750&quot;:&quot;17762437774088445641507340301006-1-750x430.jpg&quot;,&quot;800&quot;:&quot;17762437774088445641507340301006-1.jpg&quot;}}\"\t\t\t\t\t\tclass=\"img-holder\" href=\"https:\/\/www.amanien.info\/news\/abidjan-innova-le-salon-reporte-au-26-novembre-2026\/\"><\/a>\r\n\r\n\t\t\t\t\t\t\t<\/div>\r\n\t\t<h2 class=\"title\">\t\t<a href=\"https:\/\/www.amanien.info\/news\/abidjan-innova-le-salon-reporte-au-26-novembre-2026\/\" class=\"post-title post-url\">\r\n\t\t\tAbidjan innova: le salon report\u00e9 au 26 novembre 2026\t\t<\/a>\r\n\t\t<\/h2>\t\t<div class=\"post-meta\">\r\n\r\n\t\t\t\t\t\t\t<a href=\"https:\/\/www.amanien.info\/news\/author\/amanien-infos\/\"\r\n\t\t\t\t   title=\"Parcourir les articles Auteur\"\r\n\t\t\t\t   class=\"post-author-a\">\r\n\t\t\t\t\t<i class=\"post-author author\">\r\n\t\t\t\t\t\tGermain Ndri\t\t\t\t\t<\/i>\r\n\t\t\t\t<\/a>\r\n\t\t\t\t\t\t\t<span class=\"time\"><time class=\"post-published updated\"\r\n\t\t\t\t                         datetime=\"2026-04-15T09:15:19+00:00\">Avr 15, 2026<\/time><\/span>\r\n\t\t\t\t\t\t<\/div>\r\n\t\t\t<\/div>\r\n\t<\/article >\r\n\t\t\t<\/div>\r\n\t\t\t<div class=\"column-2\">\r\n\t\t\t\t\t<div class=\"listing listing-text listing-text-2 clearfix columns-1\">\r\n\t\t<article class=\"post-7898 type-post format-standard has-post-thumbnail   listing-item listing-item-text listing-item-text-2 main-term-5\">\r\n\t<div class=\"item-inner\">\r\n\t\t<h2 class=\"title\">\t\t<a href=\"https:\/\/www.amanien.info\/news\/7898-2\/\" class=\"post-title post-url\">\r\n\t\t\tAffaire \u00ab\u00a0paiement de 11 milliards de FCFA \u00e0 un prestataire du Forum des march\u00e9s&hellip;\t\t<\/a>\r\n\t\t<\/h2>\t\t<div class=\"post-meta\">\r\n\r\n\t\t\t\t\t\t\t<span class=\"time\"><time class=\"post-published updated\"\r\n\t\t\t\t                         datetime=\"2026-04-07T17:23:08+00:00\">Avr 7, 2026<\/time><\/span>\r\n\t\t\t\t\t\t<\/div>\r\n\t\t\t<\/div>\r\n\t<\/article >\r\n\t<article class=\"post-7874 type-post format-standard has-post-thumbnail   listing-item listing-item-text listing-item-text-2 main-term-5\">\r\n\t<div class=\"item-inner\">\r\n\t\t<h2 class=\"title\">\t\t<a href=\"https:\/\/www.amanien.info\/news\/lancement-du-sirexe-2026-le-vice-premier-ministre-tene-birahima-ouattara-rend-un-hommage-au-ministre-sangafowa-pour-les-reformes-engagees-et-les-performances-enregistrees-dans-le-secteur-minier\/\" class=\"post-title post-url\">\r\n\t\t\tLancement du SIREXE 2026 : le Vice-premier ministre T\u00e9n\u00e9 Birahima Ouattara rend un hommage&hellip;\t\t<\/a>\r\n\t\t<\/h2>\t\t<div class=\"post-meta\">\r\n\r\n\t\t\t\t\t\t\t<span class=\"time\"><time class=\"post-published updated\"\r\n\t\t\t\t                         datetime=\"2026-03-24T19:13:03+00:00\">Mar 24, 2026<\/time><\/span>\r\n\t\t\t\t\t\t<\/div>\r\n\t\t\t<\/div>\r\n\t<\/article >\r\n\t<article class=\"post-7829 type-post format-standard has-post-thumbnail   listing-item listing-item-text listing-item-text-2 main-term-5\">\r\n\t<div class=\"item-inner\">\r\n\t\t<h2 class=\"title\">\t\t<a href=\"https:\/\/www.amanien.info\/news\/investissements-en-cote-divoire-4-242-milliards-fcfa-mobilises-par-le-cepici-sur-la-periode-2021-2025\/\" class=\"post-title post-url\">\r\n\t\t\tInvestissements en C\u00f4te d&rsquo;Ivoire :  4 242 milliards FCFA mobilis\u00e9s par le CEPICI sur&hellip;\t\t<\/a>\r\n\t\t<\/h2>\t\t<div class=\"post-meta\">\r\n\r\n\t\t\t\t\t\t\t<span class=\"time\"><time class=\"post-published updated\"\r\n\t\t\t\t                         datetime=\"2026-02-20T14:50:32+00:00\">F\u00e9v 20, 2026<\/time><\/span>\r\n\t\t\t\t\t\t<\/div>\r\n\t\t\t<\/div>\r\n\t<\/article >\r\n\t<article class=\"post-7822 type-post format-standard has-post-thumbnail   listing-item listing-item-text listing-item-text-2 main-term-5\">\r\n\t<div class=\"item-inner\">\r\n\t\t<h2 class=\"title\">\t\t<a href=\"https:\/\/www.amanien.info\/news\/siimea-2026-la-commissaire-generale-fatima-fakhry-devoile-les-grandes-articulations\/\" class=\"post-title post-url\">\r\n\t\t\tSIIMEA 2026 : la Commissaire g\u00e9n\u00e9rale, Fatima FAKHRY d\u00e9voile les grandes articulations\u00a0\t\t<\/a>\r\n\t\t<\/h2>\t\t<div class=\"post-meta\">\r\n\r\n\t\t\t\t\t\t\t<span class=\"time\"><time class=\"post-published updated\"\r\n\t\t\t\t                         datetime=\"2026-02-19T07:50:22+00:00\">F\u00e9v 19, 2026<\/time><\/span>\r\n\t\t\t\t\t\t<\/div>\r\n\t\t\t<\/div>\r\n\t<\/article >\r\n\t<\/div>\r\n\t\t\t\t<\/div>\r\n\t\t<\/div>\r\n\t<\/div>\r\n<\/div>[vc_images_carousel images=\u00a0\u00bb4697,4696&Prime; img_size=\u00a0\u00bb650&#215;388&Prime; autoplay=\u00a0\u00bbyes\u00a0\u00bb hide_pagination_control=\u00a0\u00bbyes\u00a0\u00bb css_animation=\u00a0\u00bbslideInDown\u00a0\u00bb title=\u00a0\u00bbESPACE PUBLICITE\u00a0\u00bb]<div class=\" bs-listing bs-listing-listing-mix-1-3 bs-listing-single-tab\">\t\t<h3 class=\"section-heading sh-t3 sh-s1 main-term-12\">\r\n\r\n\t\t\r\n\t\t\t\t\t\t\t<a href=\"https:\/\/www.amanien.info\/news\/category\/societe\/\" class=\"main-link\">\r\n\t\t\t\t\t\t\t<span class=\"h-text main-term-12\">\r\n\t\t\t\t\t\t\t\tSOCIETE\t\t\t\t\t\t\t<\/span>\r\n\t\t\t\t<\/a>\r\n\t\t\t\r\n\t\t\r\n\t\t<\/h3>\r\n\t\t\t<div class=\"listing listing-mix-6 clearfix \">\r\n\t\t<div class=\"item-inner\">\r\n\t\t\t<div class=\"column-1\">\r\n\t\t\t\t\t<article class=\"post-7837 type-post format-standard has-post-thumbnail   listing-item listing-item-grid listing-item-grid-1 main-term-13\">\r\n\t<div class=\"item-inner\">\r\n\t\t\t\t\t<div class=\"featured clearfix\">\r\n\t\t\t\t\t\t\t\t<a  title=\"Ouverture de la 7\u00e8me \u00e9dition des Journ\u00e9es des Sciences g\u00e9ologiques : l&rsquo;UFR STRM rend un vibrant hommage \u00e0 l&rsquo;\u00e9minent Professeur AKA Kouam\u00e9\u00a0\" data-src=\"https:\/\/www.amanien.info\/news\/wp-content\/uploads\/2026\/02\/IMG_20260224_120456_204-357x210.jpg\" data-bs-srcset=\"{&quot;baseurl&quot;:&quot;https:\\\/\\\/www.amanien.info\\\/news\\\/wp-content\\\/uploads\\\/2026\\\/02\\\/&quot;,&quot;sizes&quot;:{&quot;210&quot;:&quot;IMG_20260224_120456_204-210x136.jpg&quot;,&quot;279&quot;:&quot;IMG_20260224_120456_204-279x220.jpg&quot;,&quot;357&quot;:&quot;IMG_20260224_120456_204-357x210.jpg&quot;,&quot;750&quot;:&quot;IMG_20260224_120456_204-750x430.jpg&quot;,&quot;2560&quot;:&quot;IMG_20260224_120456_204-scaled.jpg&quot;}}\"\t\t\t\t\t\tclass=\"img-holder\" href=\"https:\/\/www.amanien.info\/news\/ouverture-de-la-7eme-edition-des-journees-des-sciences-geologiques-lufr-strm-rend-un-vibrant-hommage-a-leminent-professeur-aka-kouame\/\"><\/a>\r\n\r\n\t\t\t\t\t\t\t<\/div>\r\n\t\t<h2 class=\"title\">\t\t<a href=\"https:\/\/www.amanien.info\/news\/ouverture-de-la-7eme-edition-des-journees-des-sciences-geologiques-lufr-strm-rend-un-vibrant-hommage-a-leminent-professeur-aka-kouame\/\" class=\"post-title post-url\">\r\n\t\t\tOuverture de la 7\u00e8me \u00e9dition des Journ\u00e9es des Sciences g\u00e9ologiques :&hellip;\t\t<\/a>\r\n\t\t<\/h2>\t\t<div class=\"post-meta\">\r\n\r\n\t\t\t\t\t\t\t<a href=\"https:\/\/www.amanien.info\/news\/author\/amanien-infos\/\"\r\n\t\t\t\t   title=\"Parcourir les articles Auteur\"\r\n\t\t\t\t   class=\"post-author-a\">\r\n\t\t\t\t\t<i class=\"post-author author\">\r\n\t\t\t\t\t\tGermain Ndri\t\t\t\t\t<\/i>\r\n\t\t\t\t<\/a>\r\n\t\t\t\t\t\t\t<span class=\"time\"><time class=\"post-published updated\"\r\n\t\t\t\t                         datetime=\"2026-02-25T20:40:14+00:00\">F\u00e9v 25, 2026<\/time><\/span>\r\n\t\t\t\t\t\t<\/div>\r\n\t\t\t<\/div>\r\n\t<\/article >\r\n\t\t\t<\/div>\r\n\t\t\t<div class=\"column-2\">\r\n\t\t\t\t\t<div class=\"listing listing-text listing-text-2 clearfix columns-1\">\r\n\t\t<article class=\"post-7810 type-post format-standard has-post-thumbnail   listing-item listing-item-text listing-item-text-2 main-term-12\">\r\n\t<div class=\"item-inner\">\r\n\t\t<h2 class=\"title\">\t\t<a href=\"https:\/\/www.amanien.info\/news\/gestion-des-dechets-et-protection-de-lenvironnement-divana-immobilier-lance-une-vaste-campagne-de-salubrite-a-yopougon\/\" class=\"post-title post-url\">\r\n\t\t\tGestion des d\u00e9chets et protection de l&rsquo;environnement\u00a0 : Divana Immobilier lance une&hellip;\t\t<\/a>\r\n\t\t<\/h2>\t\t<div class=\"post-meta\">\r\n\r\n\t\t\t\t\t\t\t<span class=\"time\"><time class=\"post-published updated\"\r\n\t\t\t\t                         datetime=\"2026-02-07T15:44:42+00:00\">F\u00e9v 7, 2026<\/time><\/span>\r\n\t\t\t\t\t\t<\/div>\r\n\t\t\t<\/div>\r\n\t<\/article >\r\n\t<article class=\"post-7807 type-post format-standard has-post-thumbnail   listing-item listing-item-text listing-item-text-2 main-term-12\">\r\n\t<div class=\"item-inner\">\r\n\t\t<h2 class=\"title\">\t\t<a href=\"https:\/\/www.amanien.info\/news\/election-a-la-presidence-de-lunjci-la-candidate-marie-laure-ngoran-devoile-les-grands-axes-de-son-ambitieux-programme\/\" class=\"post-title post-url\">\r\n\t\t\tElection \u00e0 la Pr\u00e9sidence de l&rsquo;UNJCI : La candidate Marie-Laure N\u2019Goran d\u00e9voile les&hellip;\t\t<\/a>\r\n\t\t<\/h2>\t\t<div class=\"post-meta\">\r\n\r\n\t\t\t\t\t\t\t<span class=\"time\"><time class=\"post-published updated\"\r\n\t\t\t\t                         datetime=\"2026-02-05T11:01:08+00:00\">F\u00e9v 5, 2026<\/time><\/span>\r\n\t\t\t\t\t\t<\/div>\r\n\t\t\t<\/div>\r\n\t<\/article >\r\n\t<article class=\"post-7793 type-post format-standard has-post-thumbnail   listing-item listing-item-text listing-item-text-2 main-term-12\">\r\n\t<div class=\"item-inner\">\r\n\t\t<h2 class=\"title\">\t\t<a href=\"https:\/\/www.amanien.info\/news\/27eme-edition-du-week-end-des-ebony-le-president-de-lunjci-jean-claude-coulibaly-devoile-le-chronogramme-de-levenement\/\" class=\"post-title post-url\">\r\n\t\t\t27\u00e8me \u00e9dition du Week-end des Ebony : Le Pr\u00e9sident de l&rsquo;UNJCI, Jean-Claude Coulibaly&hellip;\t\t<\/a>\r\n\t\t<\/h2>\t\t<div class=\"post-meta\">\r\n\r\n\t\t\t\t\t\t\t<span class=\"time\"><time class=\"post-published updated\"\r\n\t\t\t\t                         datetime=\"2026-01-29T15:54:51+00:00\">Jan 29, 2026<\/time><\/span>\r\n\t\t\t\t\t\t<\/div>\r\n\t\t\t<\/div>\r\n\t<\/article >\r\n\t<article class=\"post-7780 type-post format-standard has-post-thumbnail   listing-item listing-item-text listing-item-text-2 main-term-12\">\r\n\t<div class=\"item-inner\">\r\n\t\t<h2 class=\"title\">\t\t<a href=\"https:\/\/www.amanien.info\/news\/marie-laure-ngoran-apres-le-depot-de-son-dossier-de-candidature-a-la-presidence-de-lunjci-nous-voulons-batir-une-unjci-unie\/\" class=\"post-title post-url\">\r\n\t\t\tMarie-Laure N&rsquo;Goran apr\u00e8s le d\u00e9p\u00f4t de son dossier de candidature \u00e0 la pr\u00e9sidence de&hellip;\t\t<\/a>\r\n\t\t<\/h2>\t\t<div class=\"post-meta\">\r\n\r\n\t\t\t\t\t\t\t<span class=\"time\"><time class=\"post-published updated\"\r\n\t\t\t\t                         datetime=\"2026-01-18T12:09:33+00:00\">Jan 18, 2026<\/time><\/span>\r\n\t\t\t\t\t\t<\/div>\r\n\t\t\t<\/div>\r\n\t<\/article >\r\n\t<\/div>\r\n\t\t\t\t<\/div>\r\n\t\t<\/div>\r\n\t<\/div>\r\n<\/div>[\/vc_column][vc_column width=\u00a0\u00bb1\/4&Prime; sticky_sidebar=\u00a0\u00bbtrue\u00a0\u00bb is_sidebar=\u00a0\u00bbtrue\u00a0\u00bb]\t<div \t\t\tclass=\"bs-shortcode bs-embed clearfix \">\r\n\t\t\t\t<h3 class=\"section-heading sh-t3 sh-s1\">\r\n\t\t\t\t<span class=\"h-text\"><i class=\"bf-icon  fa fa-video-camera\"><\/i> SPOTS VIDEO<\/span>\r\n\t\t\t\t<\/h3>\r\n\t\t\t\t\t<div class=\"bs-embed-item bs-lazy-iframe-wrapper\">\r\n\t\t\t\t<iframe title=\"Spot Publicitaire: Coin Afrique\" width=\"1170\" height=\"658\" data-src=\"https:\/\/www.youtube.com\/embed\/P35A6vNfCp0?wmode=transparent&amp;rel=0&amp;feature=oembed\" frameborder=\"0\" allow=\"accelerometer; autoplay; clipboard-write; encrypted-media; gyroscope; picture-in-picture; web-share\" referrerpolicy=\"strict-origin-when-cross-origin\" allowfullscreen><\/iframe>\t\t\t<\/div>\r\n\t\t\t\t<\/div><!-- .bs-embed -->\r\n<div class=\" bs-listing bs-listing-listing-thumbnail-3 bs-listing-single-tab\">\t\t<h3 class=\"section-heading sh-t3 sh-s1 main-term-16\">\r\n\r\n\t\t\r\n\t\t\t\t\t\t\t<a href=\"https:\/\/www.amanien.info\/news\/category\/politique\/\" class=\"main-link\">\r\n\t\t\t\t\t\t\t<span class=\"h-text main-term-16\">\r\n\t\t\t\t\t\t\t\tPOLITIQUE\t\t\t\t\t\t\t<\/span>\r\n\t\t\t\t<\/a>\r\n\t\t\t\r\n\t\t\r\n\t\t<\/h3>\r\n\t\t\t<div class=\"listing listing-thumbnail listing-tb-3 clearfix columns-1\">\r\n\t<article  class=\"post-4767 type-post format-standard has-post-thumbnail   listing-item listing-item-thumbnail listing-item-tb-3 main-term-16\">\r\n<div class=\"item-inner clearfix\">\r\n\t\t\t\t<div class=\"featured featured-type-featured-image\">\r\n\t\t\t<a  title=\"Municipales 2023 : Le Maire d&rsquo;Adjam\u00e9, Soumahoro Farikou exhorte tous les candidats \u00e0 utiliser le bon ton\" data-src=\"https:\/\/www.amanien.info\/news\/wp-content\/uploads\/2023\/08\/IMG-20230824-WA0020.jpg\" data-bs-srcset=\"{&quot;baseurl&quot;:&quot;https:\\\/\\\/www.amanien.info\\\/news\\\/wp-content\\\/uploads\\\/2023\\\/08\\\/&quot;,&quot;sizes&quot;:{&quot;1080&quot;:&quot;IMG-20230824-WA0020.jpg&quot;}}\"\t\t\t\t\tclass=\"img-holder\" href=\"https:\/\/www.amanien.info\/news\/municipales-2023-le-maire-dadjame-soumahoro-farikou-exhorte-tous-les-candidats-a-utiliser-le-bon-ton\/\"><\/a>\r\n\t\t\t\t\t<\/div>\r\n\t<h2 class=\"title\">\t<a class=\"post-url\" href=\"https:\/\/www.amanien.info\/news\/municipales-2023-le-maire-dadjame-soumahoro-farikou-exhorte-tous-les-candidats-a-utiliser-le-bon-ton\/\" title=\"Municipales 2023 : Le Maire d&rsquo;Adjam\u00e9, Soumahoro Farikou exhorte tous les candidats \u00e0 utiliser le bon ton\">\r\n\t\t<span class=\"post-title\">\r\n\t\t\tMunicipales 2023 : Le Maire d&rsquo;Adjam\u00e9, Soumahoro&hellip;\t\t<\/span>\r\n\t<\/a>\r\n\t<\/h2><\/div>\r\n<\/article >\r\n<article  class=\"post-6391 type-post format-standard has-post-thumbnail   listing-item listing-item-thumbnail listing-item-tb-3 main-term-16\">\r\n<div class=\"item-inner clearfix\">\r\n\t\t\t\t<div class=\"featured featured-type-featured-image\">\r\n\t\t\t<a  title=\"Cocody : Le Coordonnateur principal du RHDP, \u00c9ric TABA officiellement investi\" data-src=\"https:\/\/www.amanien.info\/news\/wp-content\/uploads\/2024\/08\/IMG-20240809-WA0120-86x64.jpg\" data-bs-srcset=\"{&quot;baseurl&quot;:&quot;https:\\\/\\\/www.amanien.info\\\/news\\\/wp-content\\\/uploads\\\/2024\\\/08\\\/&quot;,&quot;sizes&quot;:{&quot;86&quot;:&quot;IMG-20240809-WA0120-86x64.jpg&quot;,&quot;210&quot;:&quot;IMG-20240809-WA0120-210x136.jpg&quot;,&quot;1148&quot;:&quot;IMG-20240809-WA0120.jpg&quot;}}\"\t\t\t\t\tclass=\"img-holder\" href=\"https:\/\/www.amanien.info\/news\/cocody-le-coordonnateur-principal-du-rhdp-eric-taba-officiellement-investi\/\"><\/a>\r\n\t\t\t\t\t<\/div>\r\n\t<h2 class=\"title\">\t<a class=\"post-url\" href=\"https:\/\/www.amanien.info\/news\/cocody-le-coordonnateur-principal-du-rhdp-eric-taba-officiellement-investi\/\" title=\"Cocody : Le Coordonnateur principal du RHDP, \u00c9ric TABA officiellement investi\">\r\n\t\t<span class=\"post-title\">\r\n\t\t\tCocody : Le Coordonnateur principal du RHDP, \u00c9ric TABA&hellip;\t\t<\/span>\r\n\t<\/a>\r\n\t<\/h2><\/div>\r\n<\/article >\r\n<article  class=\"post-6995 type-post format-standard has-post-thumbnail   listing-item listing-item-thumbnail listing-item-tb-3 main-term-16\">\r\n<div class=\"item-inner clearfix\">\r\n\t\t\t\t<div class=\"featured featured-type-featured-image\">\r\n\t\t\t<a  title=\"Pr\u00e9sidentielle 2025 en C\u00f4te d\u2019Ivoire :10 000 femmes autour du \u2018\u2019CAUCUS des femmes\u2019\u2019 pour c\u00e9l\u00e9brer la paix\" data-src=\"https:\/\/www.amanien.info\/news\/wp-content\/uploads\/2025\/01\/09-janvier-2025-Faucus-des-femmes-1-86x64.jpg\" data-bs-srcset=\"{&quot;baseurl&quot;:&quot;https:\\\/\\\/www.amanien.info\\\/news\\\/wp-content\\\/uploads\\\/2025\\\/01\\\/&quot;,&quot;sizes&quot;:{&quot;86&quot;:&quot;09-janvier-2025-Faucus-des-femmes-1-86x64.jpg&quot;,&quot;210&quot;:&quot;09-janvier-2025-Faucus-des-femmes-1-210x136.jpg&quot;,&quot;960&quot;:&quot;09-janvier-2025-Faucus-des-femmes-1.jpg&quot;}}\"\t\t\t\t\tclass=\"img-holder\" href=\"https:\/\/www.amanien.info\/news\/presidentielle-2025-en-cote-divoire-10-000-femmes-autour-du-caucus-des-femmes-pour-celebrer-la-paix\/\"><\/a>\r\n\t\t\t\t\t<\/div>\r\n\t<h2 class=\"title\">\t<a class=\"post-url\" href=\"https:\/\/www.amanien.info\/news\/presidentielle-2025-en-cote-divoire-10-000-femmes-autour-du-caucus-des-femmes-pour-celebrer-la-paix\/\" title=\"Pr\u00e9sidentielle 2025 en C\u00f4te d\u2019Ivoire :10 000 femmes autour du \u2018\u2019CAUCUS des femmes\u2019\u2019 pour c\u00e9l\u00e9brer la paix\">\r\n\t\t<span class=\"post-title\">\r\n\t\t\tPr\u00e9sidentielle 2025 en C\u00f4te d\u2019Ivoire :10 000 femmes&hellip;\t\t<\/span>\r\n\t<\/a>\r\n\t<\/h2><\/div>\r\n<\/article >\r\n<article  class=\"post-5860 type-post format-standard has-post-thumbnail   listing-item listing-item-thumbnail listing-item-tb-3 main-term-16\">\r\n<div class=\"item-inner clearfix\">\r\n\t\t\t\t<div class=\"featured featured-type-featured-image\">\r\n\t\t\t<a  title=\"Kon\u00e9 Mamadou, Pr\u00e9sident de l&rsquo;UJ-RHDP :\u00a0\u00bbNous voulons b\u00e2tir une jeunesse solidaire, dynamique et engag\u00e9e au service de notre grand parti\u00a0\u00bb\" data-src=\"https:\/\/www.amanien.info\/news\/wp-content\/uploads\/2024\/02\/image_870x_65d4626552178-1-86x64.jpg\" data-bs-srcset=\"{&quot;baseurl&quot;:&quot;https:\\\/\\\/www.amanien.info\\\/news\\\/wp-content\\\/uploads\\\/2024\\\/02\\\/&quot;,&quot;sizes&quot;:{&quot;86&quot;:&quot;image_870x_65d4626552178-1-86x64.jpg&quot;,&quot;210&quot;:&quot;image_870x_65d4626552178-1-210x136.jpg&quot;,&quot;870&quot;:&quot;image_870x_65d4626552178-1.jpg&quot;}}\"\t\t\t\t\tclass=\"img-holder\" href=\"https:\/\/www.amanien.info\/news\/kone-mamadou-president-de-luj-rhdp-nous-voulons-batir-une-jeunesse-solidaire-dynamique-et-engagee-au-service-de-notre-grand-parti\/\"><\/a>\r\n\t\t\t\t\t<\/div>\r\n\t<h2 class=\"title\">\t<a class=\"post-url\" href=\"https:\/\/www.amanien.info\/news\/kone-mamadou-president-de-luj-rhdp-nous-voulons-batir-une-jeunesse-solidaire-dynamique-et-engagee-au-service-de-notre-grand-parti\/\" title=\"Kon\u00e9 Mamadou, Pr\u00e9sident de l&rsquo;UJ-RHDP :\u00a0\u00bbNous voulons b\u00e2tir une jeunesse solidaire, dynamique et engag\u00e9e au service de notre grand parti\u00a0\u00bb\">\r\n\t\t<span class=\"post-title\">\r\n\t\t\tKon\u00e9 Mamadou, Pr\u00e9sident de l&rsquo;UJ-RHDP :\u00a0\u00bbNous&hellip;\t\t<\/span>\r\n\t<\/a>\r\n\t<\/h2><\/div>\r\n<\/article >\r\n<article  class=\"post-7536 type-post format-standard has-post-thumbnail   listing-item listing-item-thumbnail listing-item-tb-3 main-term-16\">\r\n<div class=\"item-inner clearfix\">\r\n\t\t\t\t<div class=\"featured featured-type-featured-image\">\r\n\t\t\t<a  title=\"Dr Dj\u00e9n\u00e9ba Ouattara(Pr\u00e9sidente de l&rsquo;US-RHDP) : \u00ab\u00a0le Pr\u00e9sident Ouattara est le candidat de la continuit\u00e9, de la stabilit\u00e9 et du progr\u00e8s social\u00a0\u00bb\" data-src=\"https:\/\/www.amanien.info\/news\/wp-content\/uploads\/2025\/09\/IMG-20250903-WA0128-86x64.jpg\" data-bs-srcset=\"{&quot;baseurl&quot;:&quot;https:\\\/\\\/www.amanien.info\\\/news\\\/wp-content\\\/uploads\\\/2025\\\/09\\\/&quot;,&quot;sizes&quot;:{&quot;86&quot;:&quot;IMG-20250903-WA0128-86x64.jpg&quot;,&quot;210&quot;:&quot;IMG-20250903-WA0128-210x136.jpg&quot;,&quot;1706&quot;:&quot;IMG-20250903-WA0128-scaled.jpg&quot;}}\"\t\t\t\t\tclass=\"img-holder\" href=\"https:\/\/www.amanien.info\/news\/dr-djeneba-ouattarapresidente-de-lus-rhdp-le-president-ouattara-est-le-candidat-de-la-continuite-de-la-stabilite-et-du-progres-social\/\"><\/a>\r\n\t\t\t\t\t<\/div>\r\n\t<h2 class=\"title\">\t<a class=\"post-url\" href=\"https:\/\/www.amanien.info\/news\/dr-djeneba-ouattarapresidente-de-lus-rhdp-le-president-ouattara-est-le-candidat-de-la-continuite-de-la-stabilite-et-du-progres-social\/\" title=\"Dr Dj\u00e9n\u00e9ba Ouattara(Pr\u00e9sidente de l&rsquo;US-RHDP) : \u00ab\u00a0le Pr\u00e9sident Ouattara est le candidat de la continuit\u00e9, de la stabilit\u00e9 et du progr\u00e8s social\u00a0\u00bb\">\r\n\t\t<span class=\"post-title\">\r\n\t\t\tDr Dj\u00e9n\u00e9ba Ouattara(Pr\u00e9sidente de l&rsquo;US-RHDP) : \u00ab\u00a0&hellip;\t\t<\/span>\r\n\t<\/a>\r\n\t<\/h2><\/div>\r\n<\/article >\r\n<article  class=\"post-6831 type-post format-standard has-post-thumbnail   listing-item listing-item-thumbnail listing-item-tb-3 main-term-16\">\r\n<div class=\"item-inner clearfix\">\r\n\t\t\t\t<div class=\"featured featured-type-featured-image\">\r\n\t\t\t<a  title=\"R\u00e9vision de la Liste Electorale : le PPA-CI exige la prorogation de la p\u00e9riode d&rsquo;enr\u00f4lement d&rsquo;au moins 3 mois\u00a0\" data-src=\"https:\/\/www.amanien.info\/news\/wp-content\/uploads\/2024\/11\/IMG-20241106-WA0066-86x64.jpg\" data-bs-srcset=\"{&quot;baseurl&quot;:&quot;https:\\\/\\\/www.amanien.info\\\/news\\\/wp-content\\\/uploads\\\/2024\\\/11\\\/&quot;,&quot;sizes&quot;:{&quot;86&quot;:&quot;IMG-20241106-WA0066-86x64.jpg&quot;,&quot;210&quot;:&quot;IMG-20241106-WA0066-210x136.jpg&quot;,&quot;816&quot;:&quot;IMG-20241106-WA0066.jpg&quot;}}\"\t\t\t\t\tclass=\"img-holder\" href=\"https:\/\/www.amanien.info\/news\/revision-de-la-liste-electorale-le-ppa-ci-exige-la-prorogation-de-la-periode-denrolement-dau-moins-3-mois\/\"><\/a>\r\n\t\t\t\t\t<\/div>\r\n\t<h2 class=\"title\">\t<a class=\"post-url\" href=\"https:\/\/www.amanien.info\/news\/revision-de-la-liste-electorale-le-ppa-ci-exige-la-prorogation-de-la-periode-denrolement-dau-moins-3-mois\/\" title=\"R\u00e9vision de la Liste Electorale : le PPA-CI exige la prorogation de la p\u00e9riode d&rsquo;enr\u00f4lement d&rsquo;au moins 3 mois\u00a0\">\r\n\t\t<span class=\"post-title\">\r\n\t\t\tR\u00e9vision de la Liste Electorale : le PPA-CI exige la&hellip;\t\t<\/span>\r\n\t<\/a>\r\n\t<\/h2><\/div>\r\n<\/article >\r\n<article  class=\"post-7288 type-post format-standard has-post-thumbnail   listing-item listing-item-thumbnail listing-item-tb-3 main-term-16\">\r\n<div class=\"item-inner clearfix\">\r\n\t\t\t\t<div class=\"featured featured-type-featured-image\">\r\n\t\t\t<a  title=\"\u00c9lection pr\u00e9sidentielle apais\u00e9e : l&rsquo;ONG Way4life pr\u00e9sente le projet \u00ab\u00a0Ma C\u00f4te d&rsquo;Ivoire, Ma Paix\u00a0\u00bb\" data-src=\"https:\/\/www.amanien.info\/news\/wp-content\/uploads\/2025\/05\/IMG-20250517-WA0024-86x64.jpg\" data-bs-srcset=\"{&quot;baseurl&quot;:&quot;https:\\\/\\\/www.amanien.info\\\/news\\\/wp-content\\\/uploads\\\/2025\\\/05\\\/&quot;,&quot;sizes&quot;:{&quot;86&quot;:&quot;IMG-20250517-WA0024-86x64.jpg&quot;,&quot;210&quot;:&quot;IMG-20250517-WA0024-210x136.jpg&quot;,&quot;1280&quot;:&quot;IMG-20250517-WA0024.jpg&quot;}}\"\t\t\t\t\tclass=\"img-holder\" href=\"https:\/\/www.amanien.info\/news\/election-presidentielle-apaisee-long-way4life-presente-le-projet-ma-cote-divoire-ma-paix\/\"><\/a>\r\n\t\t\t\t\t<\/div>\r\n\t<h2 class=\"title\">\t<a class=\"post-url\" href=\"https:\/\/www.amanien.info\/news\/election-presidentielle-apaisee-long-way4life-presente-le-projet-ma-cote-divoire-ma-paix\/\" title=\"\u00c9lection pr\u00e9sidentielle apais\u00e9e : l&rsquo;ONG Way4life pr\u00e9sente le projet \u00ab\u00a0Ma C\u00f4te d&rsquo;Ivoire, Ma Paix\u00a0\u00bb\">\r\n\t\t<span class=\"post-title\">\r\n\t\t\t\u00c9lection pr\u00e9sidentielle apais\u00e9e : l&rsquo;ONG Way4life&hellip;\t\t<\/span>\r\n\t<\/a>\r\n\t<\/h2><\/div>\r\n<\/article >\r\n<article  class=\"post-7265 type-post format-standard has-post-thumbnail   listing-item listing-item-thumbnail listing-item-tb-3 main-term-16\">\r\n<div class=\"item-inner clearfix\">\r\n\t\t\t\t<div class=\"featured featured-type-featured-image\">\r\n\t\t\t<a  title=\"Affaire \u00ab\u00a0Henriette Lagou rejoint le RHDP\u00a0\u00bb\/ La Candidate du GP-Paix \u00e0 la pr\u00e9sidentielle 2025 d\u00e9ment :\u00a0\u00bbNous ne sommes pas membres du RHDP \u00ab\u00a0\" data-src=\"https:\/\/www.amanien.info\/news\/wp-content\/uploads\/2025\/05\/point-de-presse-du-groupement-des-partenaires-politiques-pour-la-paix-gp-pa_k4fmjtlj4q-86x64.jpg\" data-bs-srcset=\"{&quot;baseurl&quot;:&quot;https:\\\/\\\/www.amanien.info\\\/news\\\/wp-content\\\/uploads\\\/2025\\\/05\\\/&quot;,&quot;sizes&quot;:{&quot;86&quot;:&quot;point-de-presse-du-groupement-des-partenaires-politiques-pour-la-paix-gp-pa_k4fmjtlj4q-86x64.jpg&quot;,&quot;210&quot;:&quot;point-de-presse-du-groupement-des-partenaires-politiques-pour-la-paix-gp-pa_k4fmjtlj4q-210x136.jpg&quot;,&quot;899&quot;:&quot;point-de-presse-du-groupement-des-partenaires-politiques-pour-la-paix-gp-pa_k4fmjtlj4q.jpg&quot;}}\"\t\t\t\t\tclass=\"img-holder\" href=\"https:\/\/www.amanien.info\/news\/affaire-henriette-lagou-rejoint-le-rhdp-la-candidate-du-gp-paix-a-la-presidentielle-2025-dement-nous-ne-sommes-pas-membres-du-rhdp\/\"><\/a>\r\n\t\t\t\t\t<\/div>\r\n\t<h2 class=\"title\">\t<a class=\"post-url\" href=\"https:\/\/www.amanien.info\/news\/affaire-henriette-lagou-rejoint-le-rhdp-la-candidate-du-gp-paix-a-la-presidentielle-2025-dement-nous-ne-sommes-pas-membres-du-rhdp\/\" title=\"Affaire \u00ab\u00a0Henriette Lagou rejoint le RHDP\u00a0\u00bb\/ La Candidate du GP-Paix \u00e0 la pr\u00e9sidentielle 2025 d\u00e9ment :\u00a0\u00bbNous ne sommes pas membres du RHDP \u00ab\u00a0\">\r\n\t\t<span class=\"post-title\">\r\n\t\t\tAffaire \u00ab\u00a0Henriette Lagou rejoint le RHDP\u00a0\u00bb\/ La&hellip;\t\t<\/span>\r\n\t<\/a>\r\n\t<\/h2><\/div>\r\n<\/article >\r\n\t<\/div>\r\n\t<\/div>\t\t<div  class=\"  better-studio-shortcode bsc-clearfix better-social-counter style-style-10 colored in-4-col\">\n\t\t\t\t\t\t<ul class=\"social-list bsc-clearfix\"><li class=\"social-item facebook\"><a href=\"https:\/\/www.facebook.com\/Amanien.info\" class=\"item-link\" target=\"_blank\"><i class=\"item-icon bsfi-facebook\"><\/i><span class=\"item-count\">Facebook<\/span><span class=\"item-title\">Likes <\/span> <span class=\"item-join\">Like our page<\/span> <\/a> <\/li> <li class=\"social-item twitter\"><a href=\"https:\/\/twitter.com\/Amanien.info\" class=\"item-link\" target=\"_blank\"><i class=\"item-icon bsfi-twitter\"><\/i><span class=\"item-count\">Twitter<\/span><span class=\"item-title\">Followers <\/span> <span class=\"item-join\">Follow Us<\/span> <\/a> <\/li> <li class=\"social-item instagram\"><a href=\"https:\/\/instagram.com\/Amanien.info\" class=\"item-link\" target=\"_blank\"><i class=\"item-icon bsfi-instagram\"><\/i><span class=\"item-count\">Instagram<\/span><span class=\"item-title\">Followers <\/span> <span class=\"item-join\">Follow Us<\/span> <\/a> <\/li> <li class=\"social-item rss\"><a href=\"https:\/\/www.amanien.info\/news\/feed\/rss\/\" class=\"item-link\" target=\"_blank\"><i class=\"item-icon bsfi-rss\"><\/i><span class=\"item-count\">RSS<\/span><span class=\"item-title\">Subscribe <\/span> <span class=\"item-join\">Subscribe<\/span> <\/a> <\/li> \t\t\t<\/ul>\n\t\t<\/div>\n\t\t<div class=\" bs-listing bs-listing-listing-thumbnail-2 bs-listing-single-tab pagination-animate\">\t\t<h3 class=\"section-heading sh-t3 sh-s1 main-term-14\">\r\n\r\n\t\t\r\n\t\t\t\t\t\t\t<a href=\"https:\/\/www.amanien.info\/news\/category\/sante\/\" class=\"main-link\">\r\n\t\t\t\t\t\t\t<span class=\"h-text main-term-14\">\r\n\t\t\t\t\t\t\t\tSANTE\t\t\t\t\t\t\t<\/span>\r\n\t\t\t\t<\/a>\r\n\t\t\t\r\n\t\t\r\n\t\t<\/h3>\r\n\t\t\t\t<div class=\"bs-pagination-wrapper main-term-14 next_prev bs-slider-first-item\">\r\n\t\t\t<div class=\"listing listing-thumbnail listing-tb-2 clearfix scolumns-2 bsw-7 \">\r\n\t<article  class=\"post-7583 type-post format-standard has-post-thumbnail   listing-item listing-item-thumbnail listing-item-tb-2 main-term-14\">\r\n<div class=\"item-inner clearfix\">\r\n\t\t\t<div class=\"featured featured-type-featured-image\">\r\n\t\t\t\t\t\t<a  title=\"Lutte contre les maladies cardiaques et AVC :\u00a0 Organisation \u00e0 Abidjan d&rsquo;une grande randonn\u00e9e p\u00e9destre et VTT\" data-src=\"https:\/\/www.amanien.info\/news\/wp-content\/uploads\/2025\/09\/IMG-20250928-WA0022-210x136.jpg\" data-bs-srcset=\"{&quot;baseurl&quot;:&quot;https:\\\/\\\/www.amanien.info\\\/news\\\/wp-content\\\/uploads\\\/2025\\\/09\\\/&quot;,&quot;sizes&quot;:{&quot;86&quot;:&quot;IMG-20250928-WA0022-86x64.jpg&quot;,&quot;210&quot;:&quot;IMG-20250928-WA0022-210x136.jpg&quot;,&quot;279&quot;:&quot;IMG-20250928-WA0022-279x220.jpg&quot;,&quot;357&quot;:&quot;IMG-20250928-WA0022-357x210.jpg&quot;,&quot;750&quot;:&quot;IMG-20250928-WA0022-750x430.jpg&quot;,&quot;1080&quot;:&quot;IMG-20250928-WA0022.jpg&quot;}}\"\t\t\t\t\tclass=\"img-holder\" href=\"https:\/\/www.amanien.info\/news\/lutte-contre-les-maladies-cardiaques-et-avc-organisation-a-abidjan-dune-grande-randonnee-pedestre-et-vtt\/\"><\/a>\r\n\t\t\t\t\t<\/div>\r\n\t<h2 class=\"title\">\t<a class=\"post-url\" href=\"https:\/\/www.amanien.info\/news\/lutte-contre-les-maladies-cardiaques-et-avc-organisation-a-abidjan-dune-grande-randonnee-pedestre-et-vtt\/\" title=\"Lutte contre les maladies cardiaques et AVC :\u00a0 Organisation \u00e0 Abidjan d&rsquo;une grande randonn\u00e9e p\u00e9destre et VTT\">\r\n\t\t\t<span class=\"post-title\">\r\n\t\t\t\tLutte contre les maladies cardiaques et AVC&hellip;\t\t\t<\/span>\r\n\t<\/a>\r\n\t<\/h2><\/div>\r\n<\/article >\r\n\t<\/div>\r\n\t\n\t<\/div><\/div><div class=\"wep-preview\"><iframe loading=\"lazy\" src=\"\/\/docs.google.com\/viewer?url=https%3A%2F%2Fwww.amanien.info%2Fnews%2Fwp-content%2Fuploads%2F2024%2F10%2F1-.pdf&amp;embedded=true&amp;hl=fr\" title=\"Embedded Document\" width=\"100%\" height=\"400px\"><\/iframe><div class=\"wep-download-document\"><a href=\"https:\/\/www.amanien.info\/news\/wp-content\/uploads\/2024\/10\/1-.pdf\" target=\"_blank\">Download<\/a><\/div><\/div>\t<div \t\t\tclass=\"bs-shortcode bs-embed clearfix \">\r\n\t\t\t\t<h3 class=\"section-heading sh-t3 sh-s1\">\r\n\t\t\t\t<span class=\"h-text\"><i class=\"bf-icon  fa fa-video-camera\"><\/i> SPOTS VIDEO<\/span>\r\n\t\t\t\t<\/h3>\r\n\t\t\t\t\t<div class=\"bs-embed-item bs-lazy-iframe-wrapper\">\r\n\t\t\t\t<iframe title=\"Spot Publicitaire: Coin Afrique\" width=\"1170\" height=\"658\" data-src=\"https:\/\/www.youtube.com\/embed\/P35A6vNfCp0?wmode=transparent&amp;rel=0&amp;feature=oembed\" frameborder=\"0\" allow=\"accelerometer; autoplay; clipboard-write; encrypted-media; gyroscope; picture-in-picture; web-share\" referrerpolicy=\"strict-origin-when-cross-origin\" allowfullscreen><\/iframe>\t\t\t<\/div>\r\n\t\t\t\t<\/div><!-- .bs-embed -->\r\n[vc_single_image image=\u00a0\u00bb5469&Prime; img_size=\u00a0\u00bb300&#215;300&Prime; style=\u00a0\u00bbvc_box_shadow_3d\u00a0\u00bb onclick=\u00a0\u00bbcustom_link\u00a0\u00bb img_link_target=\u00a0\u00bb_blank\u00a0\u00bb css_animation=\u00a0\u00bbrotateIn\u00a0\u00bb title=\u00a0\u00bbA LA DECOUVERTE\u00a0\u00bb link=\u00a0\u00bbhttps:\/\/www.mde.ci\/\u00a0\u00bb][vc_images_carousel images=\u00a0\u00bb5456,5471,5472,5473,5474&Prime; img_size=\u00a0\u00bb250&#215;300&Prime; autoplay=\u00a0\u00bbyes\u00a0\u00bb title=\u00a0\u00bbLA TRITOLOGIE\u00a0\u00bb]<div class=\" bs-listing bs-listing-listing-grid-1 bs-listing-single-tab pagination-animate\">\t\t<h3 class=\"section-heading sh-t3 sh-s1 main-term-9\">\r\n\r\n\t\t\r\n\t\t\t\t\t\t\t<a href=\"https:\/\/www.amanien.info\/news\/category\/a-la-une\/\" class=\"main-link\">\r\n\t\t\t\t\t\t\t<span class=\"h-text main-term-9\">\r\n\t\t\t\t\t\t\t\tA LA UNE\t\t\t\t\t\t\t<\/span>\r\n\t\t\t\t<\/a>\r\n\t\t\t\r\n\t\t\r\n\t\t<\/h3>\r\n\t\t<div class=\"bs-slider-items-container\" data-slider-animation-speed=\"750\" data-slider-autoplay=\"0\" data-slider-control-dots=\"off\" data-slider-control-next-prev=\"style-1\" data-autoplaySpeed=\"3000\">\t\t<div class=\"bs-pagination-wrapper main-term-9 slider bs-slider-first-item bs-slider-item bs-items-4\">\r\n\t\t\t<div class=\"listing listing-grid listing-grid-1 clearfix columns-1\">\r\n\t\t<article class=\"post-4710 type-post format-standard has-post-thumbnail   listing-item listing-item-grid listing-item-grid-1 main-term-9\">\r\n\t<div class=\"item-inner\">\r\n\t\t\t\t\t<div class=\"featured clearfix\">\r\n\t\t\t\t\t\t\t\t<a  title=\"Statut des agents des collectivit\u00e9s territoriales, prime ADO, etc : Le SACT-CI hausse le ton et attire l&rsquo;attention du Pr\u00e9sident de la R\u00e9publique\u00a0\" data-src=\"https:\/\/www.amanien.info\/news\/wp-content\/uploads\/2023\/08\/IMG-20230804-WA0034.jpg\" data-bs-srcset=\"{&quot;baseurl&quot;:&quot;https:\\\/\\\/www.amanien.info\\\/news\\\/wp-content\\\/uploads\\\/2023\\\/08\\\/&quot;,&quot;sizes&quot;:{&quot;1000&quot;:&quot;IMG-20230804-WA0034.jpg&quot;}}\"\t\t\t\t\t\tclass=\"img-holder\" href=\"https:\/\/www.amanien.info\/news\/statut-des-agents-des-collectivites-territoriales-prime-ado-etc-le-sact-ci-hausse-le-ton-et-attire-lattention-du-president-de-la-republique\/\"><\/a>\r\n\r\n\t\t\t\t\t\t\t<\/div>\r\n\t\t<h2 class=\"title\">\t\t<a href=\"https:\/\/www.amanien.info\/news\/statut-des-agents-des-collectivites-territoriales-prime-ado-etc-le-sact-ci-hausse-le-ton-et-attire-lattention-du-president-de-la-republique\/\" class=\"post-title post-url\">\r\n\t\t\tStatut des agents des collectivit\u00e9s territoriales, prime ADO, etc : Le&hellip;\t\t<\/a>\r\n\t\t<\/h2>\t\t<div class=\"post-meta\">\r\n\r\n\t\t\t\t\t\t\t<a href=\"https:\/\/www.amanien.info\/news\/author\/amanien-infos\/\"\r\n\t\t\t\t   title=\"Parcourir les articles Auteur\"\r\n\t\t\t\t   class=\"post-author-a\">\r\n\t\t\t\t\t<i class=\"post-author author\">\r\n\t\t\t\t\t\tGermain Ndri\t\t\t\t\t<\/i>\r\n\t\t\t\t<\/a>\r\n\t\t\t\t\t<\/div>\r\n\t\t\t<\/div>\r\n\t<\/article >\r\n\t<\/div>\r\n\t\n\t<\/div><div class=\"bs-slider-controls main-term-9\"><div class=\"bs-control-nav  bs-control-nav-style-1\"><\/div><\/div><\/div><\/div>[vc_single_image image=\u00a0\u00bb5749&Prime;][\/vc_column][\/vc_row][vc_row][vc_column]<div  class=\"bsp-wrapper bs-youtube-playlist-1 bsp-style-1 bs-youtube-playlist-service playlist-title-show layout-full\">\n\t\t\t<h3 class=\"section-heading sh-t3 sh-s1\">\r\n\t\t\t\t<span class=\"h-text\"><i class=\"bf-icon  fa fa-tv\"><\/i> AMANIEN TV<\/span>\r\n\t\t\t\t<\/h3>\r\n\t\t    <div class=\"bsp-player-wrapper\">\n        <div class=\"bsp-player\" data-frame-url=\"https:\/\/www.youtube.com\/embed\/{video-id}?autoplay=1&showinfo=0\">\n            <iframe loading=\"lazy\" type=\"text\/html\" width=\"100%\" height=\"100%\"\n                    src=\"https:\/\/www.youtube.com\/embed\/M8uD_yn7SiI?autoplay=0&showinfo=0\"\n                    allowfullscreen=\"allowfullscreen\"\n                    mozallowfullscreen=\"mozallowfullscreen\"\n                    msallowfullscreen=\"msallowfullscreen\"\n                    oallowfullscreen=\"oallowfullscreen\"\n                    webkitallowfullscreen=\"webkitallowfullscreen\"\n                    frameborder=\"0\"><\/iframe>\n        <\/div>\n    <\/div>\n\n    <div class=\"bsp-videos\">\n\t\t            <div class=\"bsp-playlist-info\">\n                <div class=\"bsp-video-name heading-typo\">\n                    <i class=\"fa fa-bars\"><\/i>\n\t\t\t\t\tVIDEO INFOS                <\/div>\n\t\t\t\t                    <div class=\"bsp-video-by bsp-small body-typo\">\n\t\t\t\t\t\tBy RTI Officiel                    <\/div>\n\t\t\t\t                <div class=\"bsp-video-position bsp-small\">\n                    <span class=\"bsp-current-index\">1<\/span> \/\n\t\t\t\t\t20                <\/div>\n            <\/div>\n\t\t\n        <div class=\"bsp-videos-items\">\n            <ol>\n\t\t\t\t                    <li class=\"bsp-videos-item bsp-current-item\">\n                        <span class=\"bsp-video-index\">1<\/span>\n                        <a href=\"#\" class=\"bsp-clearfix bsp-item\" data-video-id=\"M8uD_yn7SiI\">\n\t\t\t\t\t\t\t\t<span class=\"bsp-video-icon-wrapper\">\n\t\t\t\t\t\t\t\t<span class=\"bsp-video-icon\"><\/span>\n\t\t\t\t\t\t\t<\/span>\n                            <span class=\"bsp-video-thumbnail\">\n\t\t\t\t\t\t\t\t                                    <img decoding=\"async\" src=\"https:\/\/i.ytimg.com\/vi\/M8uD_yn7SiI\/default.jpg\"\n                                         alt=\"Le Club de la presse de RTI 1 du 19 mars 2023 par Kolo Coulibaly\">\n\t\t\t\t\t\t\t\t\t\t\t\t\t\t\t<\/span>\n                            <span class=\"bsp-video-info\">\n\t\t\t\t\t\t\t\t<span class=\"bsp-video-name heading-typo\">Le Club de la presse de RTI 1 du 19 mars 2023 par Kolo Coulibaly<\/span>\n\t\t\t\t\t\t\t\t<span class=\"bsp-small bsp-video-duration body-typo\">59:26<\/span>\n\t\t\t\t\t\t\t<\/span>\n                        <\/a>\n                    <\/li>\n\t\t\t\t                    <li class=\"bsp-videos-item \">\n                        <span class=\"bsp-video-index\">2<\/span>\n                        <a href=\"#\" class=\"bsp-clearfix bsp-item\" data-video-id=\"B6AiQg4qtrA\">\n\t\t\t\t\t\t\t\t<span class=\"bsp-video-icon-wrapper\">\n\t\t\t\t\t\t\t\t<span class=\"bsp-video-icon\"><\/span>\n\t\t\t\t\t\t\t<\/span>\n                            <span class=\"bsp-video-thumbnail\">\n\t\t\t\t\t\t\t\t                                    <img decoding=\"async\" src=\"https:\/\/i.ytimg.com\/vi\/B6AiQg4qtrA\/default.jpg\"\n                                         alt=\"Le Club de la Presse du 30 Avril avec Kolo Coulibaly\">\n\t\t\t\t\t\t\t\t\t\t\t\t\t\t\t<\/span>\n                            <span class=\"bsp-video-info\">\n\t\t\t\t\t\t\t\t<span class=\"bsp-video-name heading-typo\">Le Club de la Presse du 30 Avril avec Kolo Coulibaly<\/span>\n\t\t\t\t\t\t\t\t<span class=\"bsp-small bsp-video-duration body-typo\">53:11<\/span>\n\t\t\t\t\t\t\t<\/span>\n                        <\/a>\n                    <\/li>\n\t\t\t\t                    <li class=\"bsp-videos-item \">\n                        <span class=\"bsp-video-index\">3<\/span>\n                        <a href=\"#\" class=\"bsp-clearfix bsp-item\" data-video-id=\"s-G9jJlnaos\">\n\t\t\t\t\t\t\t\t<span class=\"bsp-video-icon-wrapper\">\n\t\t\t\t\t\t\t\t<span class=\"bsp-video-icon\"><\/span>\n\t\t\t\t\t\t\t<\/span>\n                            <span class=\"bsp-video-thumbnail\">\n\t\t\t\t\t\t\t\t                                    <img decoding=\"async\" src=\"https:\/\/i.ytimg.com\/vi\/s-G9jJlnaos\/default.jpg\"\n                                         alt=\"Le Club de la presse du 16 avril 2023 avec Kolo Coulibaly\">\n\t\t\t\t\t\t\t\t\t\t\t\t\t\t\t<\/span>\n                            <span class=\"bsp-video-info\">\n\t\t\t\t\t\t\t\t<span class=\"bsp-video-name heading-typo\">Le Club de la presse du 16 avril 2023 avec Kolo Coulibaly<\/span>\n\t\t\t\t\t\t\t\t<span class=\"bsp-small bsp-video-duration body-typo\">01:00:34<\/span>\n\t\t\t\t\t\t\t<\/span>\n                        <\/a>\n                    <\/li>\n\t\t\t\t                    <li class=\"bsp-videos-item \">\n                        <span class=\"bsp-video-index\">4<\/span>\n                        <a href=\"#\" class=\"bsp-clearfix bsp-item\" data-video-id=\"bG7LyF_fsKc\">\n\t\t\t\t\t\t\t\t<span class=\"bsp-video-icon-wrapper\">\n\t\t\t\t\t\t\t\t<span class=\"bsp-video-icon\"><\/span>\n\t\t\t\t\t\t\t<\/span>\n                            <span class=\"bsp-video-thumbnail\">\n\t\t\t\t\t\t\t\t                                    <img decoding=\"async\" src=\"https:\/\/i.ytimg.com\/vi\/bG7LyF_fsKc\/default.jpg\"\n                                         alt=\"Le Club de la Presse du 07 mai 2023 avec Kolo Coulibaly, formalisation du partenariat RHDP-FPI\">\n\t\t\t\t\t\t\t\t\t\t\t\t\t\t\t<\/span>\n                            <span class=\"bsp-video-info\">\n\t\t\t\t\t\t\t\t<span class=\"bsp-video-name heading-typo\">Le Club de la Presse du 07 mai 2023 avec Kolo Coulibaly, formalisation du partenariat RHDP-FPI<\/span>\n\t\t\t\t\t\t\t\t<span class=\"bsp-small bsp-video-duration body-typo\">57:41<\/span>\n\t\t\t\t\t\t\t<\/span>\n                        <\/a>\n                    <\/li>\n\t\t\t\t                    <li class=\"bsp-videos-item \">\n                        <span class=\"bsp-video-index\">5<\/span>\n                        <a href=\"#\" class=\"bsp-clearfix bsp-item\" data-video-id=\"CfCcak9x5Do\">\n\t\t\t\t\t\t\t\t<span class=\"bsp-video-icon-wrapper\">\n\t\t\t\t\t\t\t\t<span class=\"bsp-video-icon\"><\/span>\n\t\t\t\t\t\t\t<\/span>\n                            <span class=\"bsp-video-thumbnail\">\n\t\t\t\t\t\t\t\t                                    <img decoding=\"async\" src=\"https:\/\/i.ytimg.com\/vi\/CfCcak9x5Do\/default.jpg\"\n                                         alt=\"Le Club de la Presse du 23 avril 2023 avec Kolo Coulibaly\">\n\t\t\t\t\t\t\t\t\t\t\t\t\t\t\t<\/span>\n                            <span class=\"bsp-video-info\">\n\t\t\t\t\t\t\t\t<span class=\"bsp-video-name heading-typo\">Le Club de la Presse du 23 avril 2023 avec Kolo Coulibaly<\/span>\n\t\t\t\t\t\t\t\t<span class=\"bsp-small bsp-video-duration body-typo\">57:10<\/span>\n\t\t\t\t\t\t\t<\/span>\n                        <\/a>\n                    <\/li>\n\t\t\t\t                    <li class=\"bsp-videos-item \">\n                        <span class=\"bsp-video-index\">6<\/span>\n                        <a href=\"#\" class=\"bsp-clearfix bsp-item\" data-video-id=\"dMA759VaEIw\">\n\t\t\t\t\t\t\t\t<span class=\"bsp-video-icon-wrapper\">\n\t\t\t\t\t\t\t\t<span class=\"bsp-video-icon\"><\/span>\n\t\t\t\t\t\t\t<\/span>\n                            <span class=\"bsp-video-thumbnail\">\n\t\t\t\t\t\t\t\t                                    <img decoding=\"async\" src=\"https:\/\/i.ytimg.com\/vi\/dMA759VaEIw\/default.jpg\"\n                                         alt=\"Le Club de la Presse du 28 mai 2023 avec Kolo Coulibaly\">\n\t\t\t\t\t\t\t\t\t\t\t\t\t\t\t<\/span>\n                            <span class=\"bsp-video-info\">\n\t\t\t\t\t\t\t\t<span class=\"bsp-video-name heading-typo\">Le Club de la Presse du 28 mai 2023 avec Kolo Coulibaly<\/span>\n\t\t\t\t\t\t\t\t<span class=\"bsp-small bsp-video-duration body-typo\">58:34<\/span>\n\t\t\t\t\t\t\t<\/span>\n                        <\/a>\n                    <\/li>\n\t\t\t\t                    <li class=\"bsp-videos-item \">\n                        <span class=\"bsp-video-index\">7<\/span>\n                        <a href=\"#\" class=\"bsp-clearfix bsp-item\" data-video-id=\"jYvnrkZ_LaU\">\n\t\t\t\t\t\t\t\t<span class=\"bsp-video-icon-wrapper\">\n\t\t\t\t\t\t\t\t<span class=\"bsp-video-icon\"><\/span>\n\t\t\t\t\t\t\t<\/span>\n                            <span class=\"bsp-video-thumbnail\">\n\t\t\t\t\t\t\t\t                                    <img decoding=\"async\" src=\"https:\/\/i.ytimg.com\/vi\/jYvnrkZ_LaU\/default.jpg\"\n                                         alt=\"Le Club de la Presse du 04 juin 2023 avec Kolo Coulibaly\">\n\t\t\t\t\t\t\t\t\t\t\t\t\t\t\t<\/span>\n                            <span class=\"bsp-video-info\">\n\t\t\t\t\t\t\t\t<span class=\"bsp-video-name heading-typo\">Le Club de la Presse du 04 juin 2023 avec Kolo Coulibaly<\/span>\n\t\t\t\t\t\t\t\t<span class=\"bsp-small bsp-video-duration body-typo\">01:00:48<\/span>\n\t\t\t\t\t\t\t<\/span>\n                        <\/a>\n                    <\/li>\n\t\t\t\t                    <li class=\"bsp-videos-item \">\n                        <span class=\"bsp-video-index\">8<\/span>\n                        <a href=\"#\" class=\"bsp-clearfix bsp-item\" data-video-id=\"yHWoznQ29H0\">\n\t\t\t\t\t\t\t\t<span class=\"bsp-video-icon-wrapper\">\n\t\t\t\t\t\t\t\t<span class=\"bsp-video-icon\"><\/span>\n\t\t\t\t\t\t\t<\/span>\n                            <span class=\"bsp-video-thumbnail\">\n\t\t\t\t\t\t\t\t                                    <img decoding=\"async\" src=\"https:\/\/i.ytimg.com\/vi\/yHWoznQ29H0\/default.jpg\"\n                                         alt=\"Le Club de la Presse: \u00e9lection quels candidats pour les partis politiques?\">\n\t\t\t\t\t\t\t\t\t\t\t\t\t\t\t<\/span>\n                            <span class=\"bsp-video-info\">\n\t\t\t\t\t\t\t\t<span class=\"bsp-video-name heading-typo\">Le Club de la Presse: \u00e9lection quels candidats pour les partis politiques?<\/span>\n\t\t\t\t\t\t\t\t<span class=\"bsp-small bsp-video-duration body-typo\">01:01:25<\/span>\n\t\t\t\t\t\t\t<\/span>\n                        <\/a>\n                    <\/li>\n\t\t\t\t                    <li class=\"bsp-videos-item \">\n                        <span class=\"bsp-video-index\">9<\/span>\n                        <a href=\"#\" class=\"bsp-clearfix bsp-item\" data-video-id=\"U1H03nGefqA\">\n\t\t\t\t\t\t\t\t<span class=\"bsp-video-icon-wrapper\">\n\t\t\t\t\t\t\t\t<span class=\"bsp-video-icon\"><\/span>\n\t\t\t\t\t\t\t<\/span>\n                            <span class=\"bsp-video-thumbnail\">\n\t\t\t\t\t\t\t\t                                    <img decoding=\"async\" src=\"https:\/\/i.ytimg.com\/vi\/U1H03nGefqA\/default.jpg\"\n                                         alt=\"Le Club de la Presse: \u00e9lections locales, fin du d\u00e9p\u00f4t des candidatures\">\n\t\t\t\t\t\t\t\t\t\t\t\t\t\t\t<\/span>\n                            <span class=\"bsp-video-info\">\n\t\t\t\t\t\t\t\t<span class=\"bsp-video-name heading-typo\">Le Club de la Presse: \u00e9lections locales, fin du d\u00e9p\u00f4t des candidatures<\/span>\n\t\t\t\t\t\t\t\t<span class=\"bsp-small bsp-video-duration body-typo\">01:02:44<\/span>\n\t\t\t\t\t\t\t<\/span>\n                        <\/a>\n                    <\/li>\n\t\t\t\t                    <li class=\"bsp-videos-item \">\n                        <span class=\"bsp-video-index\">10<\/span>\n                        <a href=\"#\" class=\"bsp-clearfix bsp-item\" data-video-id=\"KhxUFCtXdPE\">\n\t\t\t\t\t\t\t\t<span class=\"bsp-video-icon-wrapper\">\n\t\t\t\t\t\t\t\t<span class=\"bsp-video-icon\"><\/span>\n\t\t\t\t\t\t\t<\/span>\n                            <span class=\"bsp-video-thumbnail\">\n\t\t\t\t\t\t\t\t                                    <img decoding=\"async\" src=\"https:\/\/i.ytimg.com\/vi\/KhxUFCtXdPE\/default.jpg\"\n                                         alt=\"Le Club de la Presse du 30 juillet 2023\/ Candidatures ind\u00e9pendantes: casse-t\u00eate pour les partis?\">\n\t\t\t\t\t\t\t\t\t\t\t\t\t\t\t<\/span>\n                            <span class=\"bsp-video-info\">\n\t\t\t\t\t\t\t\t<span class=\"bsp-video-name heading-typo\">Le Club de la Presse du 30 juillet 2023\/ Candidatures ind\u00e9pendantes: casse-t\u00eate pour les partis?<\/span>\n\t\t\t\t\t\t\t\t<span class=\"bsp-small bsp-video-duration body-typo\">01:02:58<\/span>\n\t\t\t\t\t\t\t<\/span>\n                        <\/a>\n                    <\/li>\n\t\t\t\t                    <li class=\"bsp-videos-item \">\n                        <span class=\"bsp-video-index\">11<\/span>\n                        <a href=\"#\" class=\"bsp-clearfix bsp-item\" data-video-id=\"X0e6rm_hChg\">\n\t\t\t\t\t\t\t\t<span class=\"bsp-video-icon-wrapper\">\n\t\t\t\t\t\t\t\t<span class=\"bsp-video-icon\"><\/span>\n\t\t\t\t\t\t\t<\/span>\n                            <span class=\"bsp-video-thumbnail\">\n\t\t\t\t\t\t\t\t                                    <img decoding=\"async\" src=\"https:\/\/i.ytimg.com\/vi\/X0e6rm_hChg\/default.jpg\"\n                                         alt=\"Le Club de la Presse: Election locale\/ fin du d\u00e9p\u00f4t des candidatures 2023\">\n\t\t\t\t\t\t\t\t\t\t\t\t\t\t\t<\/span>\n                            <span class=\"bsp-video-info\">\n\t\t\t\t\t\t\t\t<span class=\"bsp-video-name heading-typo\">Le Club de la Presse: Election locale\/ fin du d\u00e9p\u00f4t des candidatures 2023<\/span>\n\t\t\t\t\t\t\t\t<span class=\"bsp-small bsp-video-duration body-typo\">01:02:44<\/span>\n\t\t\t\t\t\t\t<\/span>\n                        <\/a>\n                    <\/li>\n\t\t\t\t                    <li class=\"bsp-videos-item \">\n                        <span class=\"bsp-video-index\">12<\/span>\n                        <a href=\"#\" class=\"bsp-clearfix bsp-item\" data-video-id=\"13nzus-PPhA\">\n\t\t\t\t\t\t\t\t<span class=\"bsp-video-icon-wrapper\">\n\t\t\t\t\t\t\t\t<span class=\"bsp-video-icon\"><\/span>\n\t\t\t\t\t\t\t<\/span>\n                            <span class=\"bsp-video-thumbnail\">\n\t\t\t\t\t\t\t\t                                    <img decoding=\"async\" src=\"https:\/\/i.ytimg.com\/vi\/13nzus-PPhA\/default.jpg\"\n                                         alt=\"Le Club de la Presse: Elections locales\/ fin du d\u00e9p\u00f4t des candidatures\">\n\t\t\t\t\t\t\t\t\t\t\t\t\t\t\t<\/span>\n                            <span class=\"bsp-video-info\">\n\t\t\t\t\t\t\t\t<span class=\"bsp-video-name heading-typo\">Le Club de la Presse: Elections locales\/ fin du d\u00e9p\u00f4t des candidatures<\/span>\n\t\t\t\t\t\t\t\t<span class=\"bsp-small bsp-video-duration body-typo\">01:01:25<\/span>\n\t\t\t\t\t\t\t<\/span>\n                        <\/a>\n                    <\/li>\n\t\t\t\t                    <li class=\"bsp-videos-item \">\n                        <span class=\"bsp-video-index\">13<\/span>\n                        <a href=\"#\" class=\"bsp-clearfix bsp-item\" data-video-id=\"2AOdIjaKJhE\">\n\t\t\t\t\t\t\t\t<span class=\"bsp-video-icon-wrapper\">\n\t\t\t\t\t\t\t\t<span class=\"bsp-video-icon\"><\/span>\n\t\t\t\t\t\t\t<\/span>\n                            <span class=\"bsp-video-thumbnail\">\n\t\t\t\t\t\t\t\t                                    <img decoding=\"async\" src=\"https:\/\/i.ytimg.com\/vi\/2AOdIjaKJhE\/default.jpg\"\n                                         alt=\"Le Club de la Presse: PDCI-RDA encore un deuil, d\u00e9c\u00e8s de Ouassenan Kon\u00e9 du PDCI\">\n\t\t\t\t\t\t\t\t\t\t\t\t\t\t\t<\/span>\n                            <span class=\"bsp-video-info\">\n\t\t\t\t\t\t\t\t<span class=\"bsp-video-name heading-typo\">Le Club de la Presse: PDCI-RDA encore un deuil, d\u00e9c\u00e8s de Ouassenan Kon\u00e9 du PDCI<\/span>\n\t\t\t\t\t\t\t\t<span class=\"bsp-small bsp-video-duration body-typo\">55:16<\/span>\n\t\t\t\t\t\t\t<\/span>\n                        <\/a>\n                    <\/li>\n\t\t\t\t                    <li class=\"bsp-videos-item \">\n                        <span class=\"bsp-video-index\">14<\/span>\n                        <a href=\"#\" class=\"bsp-clearfix bsp-item\" data-video-id=\"iROq7F1tZ5k\">\n\t\t\t\t\t\t\t\t<span class=\"bsp-video-icon-wrapper\">\n\t\t\t\t\t\t\t\t<span class=\"bsp-video-icon\"><\/span>\n\t\t\t\t\t\t\t<\/span>\n                            <span class=\"bsp-video-thumbnail\">\n\t\t\t\t\t\t\t\t                                    <img decoding=\"async\" src=\"https:\/\/i.ytimg.com\/vi\/iROq7F1tZ5k\/default.jpg\"\n                                         alt=\"Le Club de la presse de RTI 1 du 20 ao\u00fbt 2023 par Kolo Coulibaly\">\n\t\t\t\t\t\t\t\t\t\t\t\t\t\t\t<\/span>\n                            <span class=\"bsp-video-info\">\n\t\t\t\t\t\t\t\t<span class=\"bsp-video-name heading-typo\">Le Club de la presse de RTI 1 du 20 ao\u00fbt 2023 par Kolo Coulibaly<\/span>\n\t\t\t\t\t\t\t\t<span class=\"bsp-small bsp-video-duration body-typo\">59:46<\/span>\n\t\t\t\t\t\t\t<\/span>\n                        <\/a>\n                    <\/li>\n\t\t\t\t                    <li class=\"bsp-videos-item \">\n                        <span class=\"bsp-video-index\">15<\/span>\n                        <a href=\"#\" class=\"bsp-clearfix bsp-item\" data-video-id=\"jMavT8WVDxY\">\n\t\t\t\t\t\t\t\t<span class=\"bsp-video-icon-wrapper\">\n\t\t\t\t\t\t\t\t<span class=\"bsp-video-icon\"><\/span>\n\t\t\t\t\t\t\t<\/span>\n                            <span class=\"bsp-video-thumbnail\">\n\t\t\t\t\t\t\t\t                                    <img decoding=\"async\" src=\"https:\/\/i.ytimg.com\/vi\/jMavT8WVDxY\/default.jpg\"\n                                         alt=\"Le Club de la Presse du 17 septembre 2023\">\n\t\t\t\t\t\t\t\t\t\t\t\t\t\t\t<\/span>\n                            <span class=\"bsp-video-info\">\n\t\t\t\t\t\t\t\t<span class=\"bsp-video-name heading-typo\">Le Club de la Presse du 17 septembre 2023<\/span>\n\t\t\t\t\t\t\t\t<span class=\"bsp-small bsp-video-duration body-typo\">59:54<\/span>\n\t\t\t\t\t\t\t<\/span>\n                        <\/a>\n                    <\/li>\n\t\t\t\t                    <li class=\"bsp-videos-item \">\n                        <span class=\"bsp-video-index\">16<\/span>\n                        <a href=\"#\" class=\"bsp-clearfix bsp-item\" data-video-id=\"4OAcZZDqCVQ\">\n\t\t\t\t\t\t\t\t<span class=\"bsp-video-icon-wrapper\">\n\t\t\t\t\t\t\t\t<span class=\"bsp-video-icon\"><\/span>\n\t\t\t\t\t\t\t<\/span>\n                            <span class=\"bsp-video-thumbnail\">\n\t\t\t\t\t\t\t\t                                    <img decoding=\"async\" src=\"https:\/\/i.ytimg.com\/vi\/4OAcZZDqCVQ\/default.jpg\"\n                                         alt=\"Le club de la presse du dimanche  22 octobre 2023 : nouveau gouvernement et \u00e9lection Liberia\">\n\t\t\t\t\t\t\t\t\t\t\t\t\t\t\t<\/span>\n                            <span class=\"bsp-video-info\">\n\t\t\t\t\t\t\t\t<span class=\"bsp-video-name heading-typo\">Le club de la presse du dimanche  22 octobre 2023 : nouveau gouvernement et \u00e9lection Liberia<\/span>\n\t\t\t\t\t\t\t\t<span class=\"bsp-small bsp-video-duration body-typo\">56:48<\/span>\n\t\t\t\t\t\t\t<\/span>\n                        <\/a>\n                    <\/li>\n\t\t\t\t                    <li class=\"bsp-videos-item \">\n                        <span class=\"bsp-video-index\">17<\/span>\n                        <a href=\"#\" class=\"bsp-clearfix bsp-item\" data-video-id=\"yrDaF-LynOg\">\n\t\t\t\t\t\t\t\t<span class=\"bsp-video-icon-wrapper\">\n\t\t\t\t\t\t\t\t<span class=\"bsp-video-icon\"><\/span>\n\t\t\t\t\t\t\t<\/span>\n                            <span class=\"bsp-video-thumbnail\">\n\t\t\t\t\t\t\t\t                                    <img decoding=\"async\" src=\"https:\/\/i.ytimg.com\/vi\/yrDaF-LynOg\/default.jpg\"\n                                         alt=\"Le Club de la presse du dimanche 29 octobre  2023 PDCI ET PPACI\">\n\t\t\t\t\t\t\t\t\t\t\t\t\t\t\t<\/span>\n                            <span class=\"bsp-video-info\">\n\t\t\t\t\t\t\t\t<span class=\"bsp-video-name heading-typo\">Le Club de la presse du dimanche 29 octobre  2023 PDCI ET PPACI<\/span>\n\t\t\t\t\t\t\t\t<span class=\"bsp-small bsp-video-duration body-typo\">55:43<\/span>\n\t\t\t\t\t\t\t<\/span>\n                        <\/a>\n                    <\/li>\n\t\t\t\t                    <li class=\"bsp-videos-item \">\n                        <span class=\"bsp-video-index\">18<\/span>\n                        <a href=\"#\" class=\"bsp-clearfix bsp-item\" data-video-id=\"2FAiBzQVskA\">\n\t\t\t\t\t\t\t\t<span class=\"bsp-video-icon-wrapper\">\n\t\t\t\t\t\t\t\t<span class=\"bsp-video-icon\"><\/span>\n\t\t\t\t\t\t\t<\/span>\n                            <span class=\"bsp-video-thumbnail\">\n\t\t\t\t\t\t\t\t                                    <img decoding=\"async\" src=\"https:\/\/i.ytimg.com\/vi\/2FAiBzQVskA\/default.jpg\"\n                                         alt=\"Le club de la presse du dimanche 05 novembre 2023\">\n\t\t\t\t\t\t\t\t\t\t\t\t\t\t\t<\/span>\n                            <span class=\"bsp-video-info\">\n\t\t\t\t\t\t\t\t<span class=\"bsp-video-name heading-typo\">Le club de la presse du dimanche 05 novembre 2023<\/span>\n\t\t\t\t\t\t\t\t<span class=\"bsp-small bsp-video-duration body-typo\">46:52<\/span>\n\t\t\t\t\t\t\t<\/span>\n                        <\/a>\n                    <\/li>\n\t\t\t\t                    <li class=\"bsp-videos-item \">\n                        <span class=\"bsp-video-index\">19<\/span>\n                        <a href=\"#\" class=\"bsp-clearfix bsp-item\" data-video-id=\"UXANqQsSI_o\">\n\t\t\t\t\t\t\t\t<span class=\"bsp-video-icon-wrapper\">\n\t\t\t\t\t\t\t\t<span class=\"bsp-video-icon\"><\/span>\n\t\t\t\t\t\t\t<\/span>\n                            <span class=\"bsp-video-thumbnail\">\n\t\t\t\t\t\t\t\t                                    <img decoding=\"async\" src=\"https:\/\/i.ytimg.com\/vi\/UXANqQsSI_o\/default.jpg\"\n                                         alt=\"Le club de la presse du dimanche 3 d\u00e9cembre 2023 | \u00e9lections r\u00e9gionales et  COP 28\">\n\t\t\t\t\t\t\t\t\t\t\t\t\t\t\t<\/span>\n                            <span class=\"bsp-video-info\">\n\t\t\t\t\t\t\t\t<span class=\"bsp-video-name heading-typo\">Le club de la presse du dimanche 3 d\u00e9cembre 2023 | \u00e9lections r\u00e9gionales et  COP 28<\/span>\n\t\t\t\t\t\t\t\t<span class=\"bsp-small bsp-video-duration body-typo\">52:06<\/span>\n\t\t\t\t\t\t\t<\/span>\n                        <\/a>\n                    <\/li>\n\t\t\t\t                    <li class=\"bsp-videos-item \">\n                        <span class=\"bsp-video-index\">20<\/span>\n                        <a href=\"#\" class=\"bsp-clearfix bsp-item\" data-video-id=\"gpuLma0PPMg\">\n\t\t\t\t\t\t\t\t<span class=\"bsp-video-icon-wrapper\">\n\t\t\t\t\t\t\t\t<span class=\"bsp-video-icon\"><\/span>\n\t\t\t\t\t\t\t<\/span>\n                            <span class=\"bsp-video-thumbnail\">\n\t\t\t\t\t\t\t\t                                    <img decoding=\"async\" src=\"https:\/\/i.ytimg.com\/vi\/gpuLma0PPMg\/default.jpg\"\n                                         alt=\"Le club de la presse du dimanche 17 d\u00e9cembre 2023 sur suspension PDCI Ousamne Sonko et Guin\u00e9e Bissau\">\n\t\t\t\t\t\t\t\t\t\t\t\t\t\t\t<\/span>\n                            <span class=\"bsp-video-info\">\n\t\t\t\t\t\t\t\t<span class=\"bsp-video-name heading-typo\">Le club de la presse du dimanche 17 d\u00e9cembre 2023 sur suspension PDCI Ousamne Sonko et Guin\u00e9e Bissau<\/span>\n\t\t\t\t\t\t\t\t<span class=\"bsp-small bsp-video-duration body-typo\">50:20<\/span>\n\t\t\t\t\t\t\t<\/span>\n                        <\/a>\n                    <\/li>\n\t\t\t\t            <\/ol>\n        <\/div>\n    <\/div>\n    <\/div>[\/vc_column][\/vc_row][vc_row][vc_column width=\u00a0\u00bb1\/4&Prime;]<div class=\" bs-listing bs-listing-listing-mix-3-3 bs-listing-single-tab\">\t\t<h3 class=\"section-heading sh-t3 sh-s1 main-term-13\">\r\n\r\n\t\t\r\n\t\t\t\t\t\t\t<a href=\"https:\/\/www.amanien.info\/news\/category\/education\/\" class=\"main-link\">\r\n\t\t\t\t\t\t\t<span class=\"h-text main-term-13\">\r\n\t\t\t\t\t\t\t\tEDUCATION\t\t\t\t\t\t\t<\/span>\r\n\t\t\t\t<\/a>\r\n\t\t\t\r\n\t\t\r\n\t\t<\/h3>\r\n\t\t\t<div class=\"listing listing-mix-3-3 clearfix \">\r\n\t\t<div class=\"item-inner\">\r\n\t\t\t<div class=\"row-1\">\r\n\t\t\t\t\t\t\t\t\t<div class=\"listing listing-grid-1 clearfix columns-1\">\r\n\t\t\t\t\t\t\t<article class=\"post-7713 type-post format-standard has-post-thumbnail   listing-item listing-item-grid listing-item-grid-1 main-term-13\">\r\n\t<div class=\"item-inner\">\r\n\t\t\t\t\t<div class=\"featured clearfix\">\r\n\t\t\t\t\t\t\t\t<a  title=\"Enseignement technique et formation professionnelle : le Vice-pr\u00e9sident Ti\u00e9moko Meyliet Kon\u00e9 inaugure le lyc\u00e9e technique et professionnel d&rsquo;Ebimp\u00e9\u00a0\" data-src=\"https:\/\/www.amanien.info\/news\/wp-content\/uploads\/2025\/12\/IMG-20251212-WA0094-357x210.jpg\" data-bs-srcset=\"{&quot;baseurl&quot;:&quot;https:\\\/\\\/www.amanien.info\\\/news\\\/wp-content\\\/uploads\\\/2025\\\/12\\\/&quot;,&quot;sizes&quot;:{&quot;210&quot;:&quot;IMG-20251212-WA0094-210x136.jpg&quot;,&quot;279&quot;:&quot;IMG-20251212-WA0094-279x220.jpg&quot;,&quot;357&quot;:&quot;IMG-20251212-WA0094-357x210.jpg&quot;,&quot;750&quot;:&quot;IMG-20251212-WA0094-750x430.jpg&quot;,&quot;1080&quot;:&quot;IMG-20251212-WA0094.jpg&quot;}}\"\t\t\t\t\t\tclass=\"img-holder\" href=\"https:\/\/www.amanien.info\/news\/enseignement-technique-et-formation-professionnelle-le-vice-president-tiemoko-meyliet-kone-inaugure-le-lycee-technique-et-professionnel-debimpe\/\"><\/a>\r\n\r\n\t\t\t\t\t\t\t<\/div>\r\n\t\t<h2 class=\"title\">\t\t<a href=\"https:\/\/www.amanien.info\/news\/enseignement-technique-et-formation-professionnelle-le-vice-president-tiemoko-meyliet-kone-inaugure-le-lycee-technique-et-professionnel-debimpe\/\" class=\"post-title post-url\">\r\n\t\t\tEnseignement technique et formation professionnelle : le Vice-pr\u00e9sident&hellip;\t\t<\/a>\r\n\t\t<\/h2>\t<\/div>\r\n\t<\/article >\r\n\t\t\t\t\t<\/div>\r\n\t\t\t\t\t\t\t\t<\/div>\r\n\t\t\t\t\t\t\t<div class=\"row-2\">\r\n\t\t\t\t\t\t<div class=\"listing listing-text listing-text-2 clearfix columns-2\">\r\n\t\t<article class=\"post-7631 type-post format-standard has-post-thumbnail   listing-item listing-item-text listing-item-text-2 main-term-1\">\r\n\t<div class=\"item-inner\">\r\n\t\t<h2 class=\"title\">\t\t<a href=\"https:\/\/www.amanien.info\/news\/ecole-de-la-deuxieme-chance-246-jeunes-formes-dans-les-metiers-des-services-daide-a-la-personne-et-aux-entreprises-sape-recoivent-leurs-certificats-de-qualification-professionnelle\/\" class=\"post-title post-url\">\r\n\t\t\t\u00c9cole de la Deuxi\u00e8me Chance : 246 jeunes form\u00e9s dans les&hellip;\t\t<\/a>\r\n\t\t<\/h2>\t<\/div>\r\n\t<\/article >\r\n\t<article class=\"post-6985 type-post format-standard has-post-thumbnail   listing-item listing-item-text listing-item-text-2 main-term-13\">\r\n\t<div class=\"item-inner\">\r\n\t\t<h2 class=\"title\">\t\t<a href=\"https:\/\/www.amanien.info\/news\/mena-point-presse-la-dmoss-plaide-pour-lextension-des-activites-de-linitiative-adolescents-et-developpement-a-tous-les-lycees-et-colleges\/\" class=\"post-title post-url\">\r\n\t\t\tMENA\/ POINT PRESSE : LA DMOSS PLAIDE POUR&hellip;\t\t<\/a>\r\n\t\t<\/h2>\t<\/div>\r\n\t<\/article >\r\n\t<article class=\"post-4854 type-post format-standard has-post-thumbnail   listing-item listing-item-text listing-item-text-2 main-term-13\">\r\n\t<div class=\"item-inner\">\r\n\t\t<h2 class=\"title\">\t\t<a href=\"https:\/\/www.amanien.info\/news\/enseignement-superieur-lancement-a-abidjan-de-la-formation-des-enseignants-chercheurs-de-luniversite-de-bondoukou\/\" class=\"post-title post-url\">\r\n\t\t\tEnseignement sup\u00e9rieur : Lancement \u00e0 Abidjan de la&hellip;\t\t<\/a>\r\n\t\t<\/h2>\t<\/div>\r\n\t<\/article >\r\n\t<\/div>\r\n\t\t\t\t\t<\/div>\r\n\t\t\t\t\t\t<\/div>\r\n\t<\/div>\r\n<\/div>[\/vc_column][vc_column width=\u00a0\u00bb1\/4&Prime;]<div class=\" bs-listing bs-listing-listing-mix-3-3 bs-listing-single-tab\">\t\t<h3 class=\"section-heading sh-t3 sh-s1 main-term-3\">\r\n\r\n\t\t\r\n\t\t\t\t\t\t\t<a href=\"https:\/\/www.amanien.info\/news\/category\/culture\/\" class=\"main-link\">\r\n\t\t\t\t\t\t\t<span class=\"h-text main-term-3\">\r\n\t\t\t\t\t\t\t\tCULTURE\t\t\t\t\t\t\t<\/span>\r\n\t\t\t\t<\/a>\r\n\t\t\t\r\n\t\t\r\n\t\t<\/h3>\r\n\t\t\t<div class=\"listing listing-mix-3-3 clearfix \">\r\n\t\t<div class=\"item-inner\">\r\n\t\t\t<div class=\"row-1\">\r\n\t\t\t\t\t\t\t\t\t<div class=\"listing listing-grid-1 clearfix columns-1\">\r\n\t\t\t\t\t\t\t<article class=\"post-7906 type-post format-standard has-post-thumbnail   listing-item listing-item-grid listing-item-grid-1 main-term-3\">\r\n\t<div class=\"item-inner\">\r\n\t\t\t\t\t<div class=\"featured clearfix\">\r\n\t\t\t\t\t\t\t\t<a  title=\"Musique chr\u00e9tienne: La chantre Elmina Ouatt d\u00e9dicace \u00a0\u00bb Preuve de foi\u00a0\u00bb\" data-src=\"https:\/\/www.amanien.info\/news\/wp-content\/uploads\/2026\/04\/IMG-20260407-WA0023-357x210.jpg\" data-bs-srcset=\"{&quot;baseurl&quot;:&quot;https:\\\/\\\/www.amanien.info\\\/news\\\/wp-content\\\/uploads\\\/2026\\\/04\\\/&quot;,&quot;sizes&quot;:{&quot;210&quot;:&quot;IMG-20260407-WA0023-210x136.jpg&quot;,&quot;279&quot;:&quot;IMG-20260407-WA0023-279x220.jpg&quot;,&quot;357&quot;:&quot;IMG-20260407-WA0023-357x210.jpg&quot;,&quot;750&quot;:&quot;IMG-20260407-WA0023-750x430.jpg&quot;,&quot;963&quot;:&quot;IMG-20260407-WA0023.jpg&quot;}}\"\t\t\t\t\t\tclass=\"img-holder\" href=\"https:\/\/www.amanien.info\/news\/musique-chretienne-la-chantre-elmina-ouatt-dedicace-preuve-de-foi\/\"><\/a>\r\n\r\n\t\t\t\t\t\t\t<\/div>\r\n\t\t<h2 class=\"title\">\t\t<a href=\"https:\/\/www.amanien.info\/news\/musique-chretienne-la-chantre-elmina-ouatt-dedicace-preuve-de-foi\/\" class=\"post-title post-url\">\r\n\t\t\tMusique chr\u00e9tienne: La chantre Elmina Ouatt d\u00e9dicace \u00a0\u00bb Preuve de foi\u00a0\u00bb\t\t<\/a>\r\n\t\t<\/h2>\t<\/div>\r\n\t<\/article >\r\n\t\t\t\t\t<\/div>\r\n\t\t\t\t\t\t\t\t<\/div>\r\n\t\t\t\t\t\t\t<div class=\"row-2\">\r\n\t\t\t\t\t\t<div class=\"listing listing-text listing-text-2 clearfix columns-2\">\r\n\t\t<article class=\"post-7871 type-post format-standard has-post-thumbnail   listing-item listing-item-text listing-item-text-2 main-term-3\">\r\n\t<div class=\"item-inner\">\r\n\t\t<h2 class=\"title\">\t\t<a href=\"https:\/\/www.amanien.info\/news\/promotion-du-livre-et-de-la-lecture-le-palais-de-la-culture-lance-officiellement-les-activites-du-centre-de-documentation-bernard-zadi-zaourou\/\" class=\"post-title post-url\">\r\n\t\t\tPromotion du livre et de la lecture : le Palais de la&hellip;\t\t<\/a>\r\n\t\t<\/h2>\t<\/div>\r\n\t<\/article >\r\n\t<article class=\"post-7815 type-post format-standard has-post-thumbnail   listing-item listing-item-text listing-item-text-2 main-term-3\">\r\n\t<div class=\"item-inner\">\r\n\t\t<h2 class=\"title\">\t\t<a href=\"https:\/\/www.amanien.info\/news\/lancement-de-la-3eme-edition-des-oscars-de-la-culture-baoule-et-de-lexcellence-le-commissaire-general-voguy-kouakou-devoile-des-innovations-majeures\/\" class=\"post-title post-url\">\r\n\t\t\tLancement de la 3eme \u00e9dition des Oscars de la culture&hellip;\t\t<\/a>\r\n\t\t<\/h2>\t<\/div>\r\n\t<\/article >\r\n\t<article class=\"post-7775 type-post format-standard has-post-thumbnail   listing-item listing-item-text listing-item-text-2 main-term-3\">\r\n\t<div class=\"item-inner\">\r\n\t\t<h2 class=\"title\">\t\t<a href=\"https:\/\/www.amanien.info\/news\/litterature-dr-lagbre-appolinaire-dedicace-ses-5-ouvrages\/\" class=\"post-title post-url\">\r\n\t\t\tLitt\u00e9rature : Dr LAGBRE Appolinaire d\u00e9dicace ses 5&hellip;\t\t<\/a>\r\n\t\t<\/h2>\t<\/div>\r\n\t<\/article >\r\n\t<\/div>\r\n\t\t\t\t\t<\/div>\r\n\t\t\t\t\t\t<\/div>\r\n\t<\/div>\r\n<\/div>[\/vc_column][vc_column width=\u00a0\u00bb1\/4&Prime;]<div class=\" bs-listing bs-listing-listing-mix-3-3 bs-listing-single-tab\">\t\t<h3 class=\"section-heading sh-t3 sh-s1 main-term-6\">\r\n\r\n\t\t\r\n\t\t\t\t\t\t\t<a href=\"https:\/\/www.amanien.info\/news\/category\/religion\/\" class=\"main-link\">\r\n\t\t\t\t\t\t\t<span class=\"h-text main-term-6\">\r\n\t\t\t\t\t\t\t\tRELIGION\t\t\t\t\t\t\t<\/span>\r\n\t\t\t\t<\/a>\r\n\t\t\t\r\n\t\t\r\n\t\t<\/h3>\r\n\t\t\t<div class=\"listing listing-mix-3-3 clearfix \">\r\n\t\t<div class=\"item-inner\">\r\n\t\t\t<div class=\"row-1\">\r\n\t\t\t\t\t\t\t\t\t<div class=\"listing listing-grid-1 clearfix columns-1\">\r\n\t\t\t\t\t\t\t<article class=\"post-7857 type-post format-standard has-post-thumbnail   listing-item listing-item-grid listing-item-grid-1 main-term-6\">\r\n\t<div class=\"item-inner\">\r\n\t\t\t\t\t<div class=\"featured clearfix\">\r\n\t\t\t\t\t\t\t\t<a  title=\"Abobo\/ 7\u00e8me \u00e9dition de la rupture collective du je\u00fbne de la FAMAJ-CI : M\u00e9it\u00e9 Daouda appelle \u00e0 l&rsquo;union des populations de la commune d&rsquo;Abobo\" data-src=\"https:\/\/www.amanien.info\/news\/wp-content\/uploads\/2026\/03\/IMG-20260316-WA0017-357x210.jpg\" data-bs-srcset=\"{&quot;baseurl&quot;:&quot;https:\\\/\\\/www.amanien.info\\\/news\\\/wp-content\\\/uploads\\\/2026\\\/03\\\/&quot;,&quot;sizes&quot;:{&quot;210&quot;:&quot;IMG-20260316-WA0017-210x136.jpg&quot;,&quot;279&quot;:&quot;IMG-20260316-WA0017-279x220.jpg&quot;,&quot;357&quot;:&quot;IMG-20260316-WA0017-357x210.jpg&quot;,&quot;750&quot;:&quot;IMG-20260316-WA0017-750x430.jpg&quot;,&quot;1040&quot;:&quot;IMG-20260316-WA0017.jpg&quot;}}\"\t\t\t\t\t\tclass=\"img-holder\" href=\"https:\/\/www.amanien.info\/news\/abobo-7eme-edition-de-la-rupture-collective-du-jeune-de-la-famaj-ci-meite-daouda-appelle-a-lunion-des-populations-de-la-commune-dabobo\/\"><\/a>\r\n\r\n\t\t\t\t\t\t\t<\/div>\r\n\t\t<h2 class=\"title\">\t\t<a href=\"https:\/\/www.amanien.info\/news\/abobo-7eme-edition-de-la-rupture-collective-du-jeune-de-la-famaj-ci-meite-daouda-appelle-a-lunion-des-populations-de-la-commune-dabobo\/\" class=\"post-title post-url\">\r\n\t\t\tAbobo\/ 7\u00e8me \u00e9dition de la rupture collective du je\u00fbne de la FAMAJ-CI :&hellip;\t\t<\/a>\r\n\t\t<\/h2>\t<\/div>\r\n\t<\/article >\r\n\t\t\t\t\t<\/div>\r\n\t\t\t\t\t\t\t\t<\/div>\r\n\t\t\t\t\t\t\t<div class=\"row-2\">\r\n\t\t\t\t\t\t<div class=\"listing listing-text listing-text-2 clearfix columns-2\">\r\n\t\t<article class=\"post-7833 type-post format-standard has-post-thumbnail   listing-item listing-item-text listing-item-text-2 main-term-6\">\r\n\t<div class=\"item-inner\">\r\n\t\t<h2 class=\"title\">\t\t<a href=\"https:\/\/www.amanien.info\/news\/ramadan-2026-lassociation-les-batisseurs-davenir-offre-60-kits-alimentaires-a-la-communaute-musulmane-de-la-mosquee-sogodogo-dadjame-macaci\/\" class=\"post-title post-url\">\r\n\t\t\tRamadan 2026 : l&rsquo;Association Les B\u00e2tisseurs&hellip;\t\t<\/a>\r\n\t\t<\/h2>\t<\/div>\r\n\t<\/article >\r\n\t<article class=\"post-7533 type-post format-standard has-post-thumbnail   listing-item listing-item-text listing-item-text-2 main-term-6\">\r\n\t<div class=\"item-inner\">\r\n\t\t<h2 class=\"title\">\t\t<a href=\"https:\/\/www.amanien.info\/news\/institut-de-formation-theologique-et-pastorale-de-la-miped-17-etudiants-recoivent-leurs-diplomes-de-fin-de-formation\/\" class=\"post-title post-url\">\r\n\t\t\tInstitut de Formation Th\u00e9ologique et Pastorale de la MIPED&hellip;\t\t<\/a>\r\n\t\t<\/h2>\t<\/div>\r\n\t<\/article >\r\n\t<article class=\"post-7508 type-post format-standard has-post-thumbnail   listing-item listing-item-text listing-item-text-2 main-term-6\">\r\n\t<div class=\"item-inner\">\r\n\t\t<h2 class=\"title\">\t\t<a href=\"https:\/\/www.amanien.info\/news\/eglise-du-christianisme-celeste-de-cote-divoire-le-nouveau-chef-de-diocese-justin-kouame-ackah-appelle-les-fideles-a-une-reconciliation-durable-et-a-lunion\/\" class=\"post-title post-url\">\r\n\t\t\tEglise du Christianisme C\u00e9leste de C\u00f4te d&rsquo;Ivoire :&hellip;\t\t<\/a>\r\n\t\t<\/h2>\t<\/div>\r\n\t<\/article >\r\n\t<\/div>\r\n\t\t\t\t\t<\/div>\r\n\t\t\t\t\t\t<\/div>\r\n\t<\/div>\r\n<\/div>[\/vc_column][vc_column width=\u00a0\u00bb1\/4&Prime;]<div class=\" bs-listing bs-listing-listing-mix-3-3 bs-listing-single-tab\">\t\t<h3 class=\"section-heading sh-t3 sh-s1 main-term-4\">\r\n\r\n\t\t\r\n\t\t\t\t\t\t\t<a href=\"https:\/\/www.amanien.info\/news\/category\/sport\/\" class=\"main-link\">\r\n\t\t\t\t\t\t\t<span class=\"h-text main-term-4\">\r\n\t\t\t\t\t\t\t\tSPORTS\t\t\t\t\t\t\t<\/span>\r\n\t\t\t\t<\/a>\r\n\t\t\t\r\n\t\t\r\n\t\t<\/h3>\r\n\t\t\t<div class=\"listing listing-mix-3-3 clearfix \">\r\n\t\t<div class=\"item-inner\">\r\n\t\t\t<div class=\"row-1\">\r\n\t\t\t\t\t\t\t\t\t<div class=\"listing listing-grid-1 clearfix columns-1\">\r\n\t\t\t\t\t\t\t<article class=\"post-7894 type-post format-standard has-post-thumbnail   listing-item listing-item-grid listing-item-grid-1 main-term-4\">\r\n\t<div class=\"item-inner\">\r\n\t\t\t\t\t<div class=\"featured clearfix\">\r\n\t\t\t\t\t\t\t\t<a  title=\"Sport\/Handball : Salaam Handball Club lance ses activit\u00e9s sous le signe de la mobilisation\u00a0\" data-src=\"https:\/\/www.amanien.info\/news\/wp-content\/uploads\/2026\/04\/IMG-20260405-WA0057-357x210.jpg\" data-bs-srcset=\"{&quot;baseurl&quot;:&quot;https:\\\/\\\/www.amanien.info\\\/news\\\/wp-content\\\/uploads\\\/2026\\\/04\\\/&quot;,&quot;sizes&quot;:{&quot;210&quot;:&quot;IMG-20260405-WA0057-210x136.jpg&quot;,&quot;279&quot;:&quot;IMG-20260405-WA0057-279x220.jpg&quot;,&quot;357&quot;:&quot;IMG-20260405-WA0057-357x210.jpg&quot;,&quot;750&quot;:&quot;IMG-20260405-WA0057-750x430.jpg&quot;,&quot;1080&quot;:&quot;IMG-20260405-WA0057.jpg&quot;}}\"\t\t\t\t\t\tclass=\"img-holder\" href=\"https:\/\/www.amanien.info\/news\/sport-handball-salaam-handball-club-lance-ses-activites-sous-le-signe-de-la-mobilisation\/\"><\/a>\r\n\r\n\t\t\t\t\t\t\t<\/div>\r\n\t\t<h2 class=\"title\">\t\t<a href=\"https:\/\/www.amanien.info\/news\/sport-handball-salaam-handball-club-lance-ses-activites-sous-le-signe-de-la-mobilisation\/\" class=\"post-title post-url\">\r\n\t\t\tSport\/Handball : Salaam Handball Club lance ses activit\u00e9s sous le signe de&hellip;\t\t<\/a>\r\n\t\t<\/h2>\t<\/div>\r\n\t<\/article >\r\n\t\t\t\t\t<\/div>\r\n\t\t\t\t\t\t\t\t<\/div>\r\n\t\t\t\t\t\t\t<div class=\"row-2\">\r\n\t\t\t\t\t\t<div class=\"listing listing-text listing-text-2 clearfix columns-2\">\r\n\t\t<article class=\"post-7868 type-post format-standard has-post-thumbnail   listing-item listing-item-text listing-item-text-2 main-term-4\">\r\n\t<div class=\"item-inner\">\r\n\t\t<h2 class=\"title\">\t\t<a href=\"https:\/\/www.amanien.info\/news\/fenetre-fifa-mars-2026-emerse-fae-devoile-une-liste-de-25-elephants-pour-affronter-la-coree-du-sud-et-lecosse\/\" class=\"post-title post-url\">\r\n\t\t\tFen\u00eatre FIFA Mars 2026 : Emerse Fa\u00e9 d\u00e9voile une liste de&hellip;\t\t<\/a>\r\n\t\t<\/h2>\t<\/div>\r\n\t<\/article >\r\n\t<article class=\"post-7862 type-post format-standard has-post-thumbnail   listing-item listing-item-text listing-item-text-2 main-term-4\">\r\n\t<div class=\"item-inner\">\r\n\t\t<h2 class=\"title\">\t\t<a href=\"https:\/\/www.amanien.info\/news\/coupe-de-tonnerre-a-la-caf-le-maroc-sacre-vainqueur-de-la-can-2025-sur-tapis-vert\/\" class=\"post-title post-url\">\r\n\t\t\tCoupe de tonnerre \u00e0 la CAF : le Maroc sacr\u00e9 vainqueur de&hellip;\t\t<\/a>\r\n\t\t<\/h2>\t<\/div>\r\n\t<\/article >\r\n\t<article class=\"post-7745 type-post format-standard has-post-thumbnail   listing-item listing-item-text listing-item-text-2 main-term-4\">\r\n\t<div class=\"item-inner\">\r\n\t\t<h2 class=\"title\">\t\t<a href=\"https:\/\/www.amanien.info\/news\/can-2025-cote-divoire-vs-mozambique-voici-la-composition-probable-des-elephants\/\" class=\"post-title post-url\">\r\n\t\t\tCAN\u00a0 2025 \/ C\u00f4te d&rsquo;Ivoire vs Mozambique : voici la&hellip;\t\t<\/a>\r\n\t\t<\/h2>\t<\/div>\r\n\t<\/article >\r\n\t<\/div>\r\n\t\t\t\t\t<\/div>\r\n\t\t\t\t\t\t<\/div>\r\n\t<\/div>\r\n<\/div>[vc_single_image image=\u00a0\u00bb6548&Prime; img_size=\u00a0\u00bb300&#215;300&Prime; css=\u00a0\u00bb\u00a0\u00bb][\/vc_column][\/vc_row][vc_row][vc_column]<div class=\" bs-listing bs-listing-modern-grid-listing-1 bs-listing-single-tab\">\t<div class=\"listing listing-modern-grid listing-modern-grid-1 clearfix slider-overlay-simple-gr l-2\">\r\n\t\t<div class=\"mg-col mg-col-1\">\r\n\t\t\t\t<article class=\"post-7937 type-post format-standard has-post-thumbnail  listing-item-1 listing-item listing-mg-item listing-mg-type-1 listing-mg-1-item main-term-12\">\r\n\t<div class=\"item-content\">\r\n\t\t<a  title=\"Mobilit\u00e9 urbaine et am\u00e9lioration de la circulation des personnes : le premier Vice-gouverneur du DAA, Danho Paulin inaugure les gares multimodales et les espaces commerciaux d&rsquo;Adjam\u00e9-Libert\u00e9\u00a0\" data-src=\"https:\/\/www.amanien.info\/news\/wp-content\/uploads\/2026\/04\/IMG-20260429-WA0025-750x430.jpg\" data-bs-srcset=\"{&quot;baseurl&quot;:&quot;https:\\\/\\\/www.amanien.info\\\/news\\\/wp-content\\\/uploads\\\/2026\\\/04\\\/&quot;,&quot;sizes&quot;:{&quot;210&quot;:&quot;IMG-20260429-WA0025-210x136.jpg&quot;,&quot;279&quot;:&quot;IMG-20260429-WA0025-279x220.jpg&quot;,&quot;357&quot;:&quot;IMG-20260429-WA0025-357x210.jpg&quot;,&quot;750&quot;:&quot;IMG-20260429-WA0025-750x430.jpg&quot;,&quot;1280&quot;:&quot;IMG-20260429-WA0025.jpg&quot;}}\"\t\t\t\tclass=\"img-cont\" href=\"https:\/\/www.amanien.info\/news\/mobilite-urbaine-et-amelioration-de-la-circulation-des-personnes-le-premier-vice-gouverneur-du-daa-danho-paulin-inaugure-les-gares-multimodales-et-les-espaces-commerciaux-dadjame-liberte\/\"><\/a>\r\n\t\t\t\t<div class=\"content-container\">\r\n\t\t\t<h2 class=\"title\">\t\t\t<a href=\"https:\/\/www.amanien.info\/news\/mobilite-urbaine-et-amelioration-de-la-circulation-des-personnes-le-premier-vice-gouverneur-du-daa-danho-paulin-inaugure-les-gares-multimodales-et-les-espaces-commerciaux-dadjame-liberte\/\" class=\"post-url post-title\">\r\n\t\t\t\tMobilit\u00e9 urbaine et am\u00e9lioration de la circulation des personnes : le premier Vice-gouverneur du DAA, Danho Paulin inaugure les gares multimodales et les&hellip;\t\t\t<\/a>\r\n\t\t\t<\/h2>\t\t<div class=\"post-meta\">\r\n\r\n\t\t\t\t\t\t\t<a href=\"https:\/\/www.amanien.info\/news\/author\/amanien-infos\/\"\r\n\t\t\t\t   title=\"Parcourir les articles Auteur\"\r\n\t\t\t\t   class=\"post-author-a\">\r\n\t\t\t\t\t<i class=\"post-author author\">\r\n\t\t\t\t\t\tGermain Ndri\t\t\t\t\t<\/i>\r\n\t\t\t\t<\/a>\r\n\t\t\t\t\t\t\t<span class=\"time\"><time class=\"post-published updated\"\r\n\t\t\t\t                         datetime=\"2026-04-30T12:22:02+00:00\">Avr 30, 2026<\/time><\/span>\r\n\t\t\t\t\t\t<\/div>\r\n\t\t\t\t<\/div>\r\n\t<\/div>\r\n\t<\/article >\r\n\t\t<\/div>\r\n\t\t<div class=\"mg-col mg-col-2\">\r\n\t\t\t<div class=\"mg-row mg-row-1\">\r\n\t\t\t\t\t<article class=\"post-7934 type-post format-standard has-post-thumbnail  listing-item-2 listing-item listing-mg-item listing-mg-type-1 listing-mg-1-item main-term-12\">\r\n\t<div class=\"item-content\">\r\n\t\t<a  title=\"Lutte contre le tabagisme et l&rsquo;alcoolisme en milieu scolaire et universitaire : ouverture \u00e0 Abidjan du SIMPA 2026\" data-src=\"https:\/\/www.amanien.info\/news\/wp-content\/uploads\/2026\/04\/image_870x_69eb38dc32d76-750x430.jpg\" data-bs-srcset=\"{&quot;baseurl&quot;:&quot;https:\\\/\\\/www.amanien.info\\\/news\\\/wp-content\\\/uploads\\\/2026\\\/04\\\/&quot;,&quot;sizes&quot;:{&quot;210&quot;:&quot;image_870x_69eb38dc32d76-210x136.jpg&quot;,&quot;279&quot;:&quot;image_870x_69eb38dc32d76-279x220.jpg&quot;,&quot;357&quot;:&quot;image_870x_69eb38dc32d76-357x210.jpg&quot;,&quot;750&quot;:&quot;image_870x_69eb38dc32d76-750x430.jpg&quot;,&quot;870&quot;:&quot;image_870x_69eb38dc32d76.jpg&quot;}}\"\t\t\t\tclass=\"img-cont\" href=\"https:\/\/www.amanien.info\/news\/lutte-contre-le-tabagisme-et-lalcoolisme-en-milieu-scolaire-et-universitaire-ouverture-a-abidjan-du-simpa-2026\/\"><\/a>\r\n\t\t\t\t<div class=\"content-container\">\r\n\t\t\t<h2 class=\"title\">\t\t\t<a href=\"https:\/\/www.amanien.info\/news\/lutte-contre-le-tabagisme-et-lalcoolisme-en-milieu-scolaire-et-universitaire-ouverture-a-abidjan-du-simpa-2026\/\" class=\"post-url post-title\">\r\n\t\t\t\tLutte contre le tabagisme et l&rsquo;alcoolisme en milieu scolaire et universitaire :&hellip;\t\t\t<\/a>\r\n\t\t\t<\/h2>\t\t<div class=\"post-meta\">\r\n\r\n\t\t\t\t\t\t\t<a href=\"https:\/\/www.amanien.info\/news\/author\/amanien-infos\/\"\r\n\t\t\t\t   title=\"Parcourir les articles Auteur\"\r\n\t\t\t\t   class=\"post-author-a\">\r\n\t\t\t\t\t<i class=\"post-author author\">\r\n\t\t\t\t\t\tGermain Ndri\t\t\t\t\t<\/i>\r\n\t\t\t\t<\/a>\r\n\t\t\t\t\t\t\t<span class=\"time\"><time class=\"post-published updated\"\r\n\t\t\t\t                         datetime=\"2026-04-25T10:54:50+00:00\">Avr 25, 2026<\/time><\/span>\r\n\t\t\t\t\t\t<\/div>\r\n\t\t\t\t<\/div>\r\n\t<\/div>\r\n\t<\/article >\r\n\t\t\t<\/div>\r\n\t\t\t<div class=\"mg-row mg-row-2\">\r\n\t\t\t\t<div class=\"item-3-cont\">\r\n\t\t\t\t\t\t<article class=\"post-7931 type-post format-standard has-post-thumbnail  listing-item-3 listing-item listing-mg-item listing-mg-type-1 listing-mg-1-item main-term-12\">\r\n\t<div class=\"item-content\">\r\n\t\t<a  title=\"Journ\u00e9e mondiale de la propri\u00e9t\u00e9 intellectuelle : l&rsquo;industrie du sport joue un r\u00f4le dans l&rsquo;\u00e9conomie mondiale\u00a0\" data-src=\"https:\/\/www.amanien.info\/news\/wp-content\/uploads\/2026\/04\/IMG_20260424_133206_965-279x220.jpg\" data-bs-srcset=\"{&quot;baseurl&quot;:&quot;https:\\\/\\\/www.amanien.info\\\/news\\\/wp-content\\\/uploads\\\/2026\\\/04\\\/&quot;,&quot;sizes&quot;:{&quot;210&quot;:&quot;IMG_20260424_133206_965-210x136.jpg&quot;,&quot;279&quot;:&quot;IMG_20260424_133206_965-279x220.jpg&quot;,&quot;357&quot;:&quot;IMG_20260424_133206_965-357x210.jpg&quot;,&quot;750&quot;:&quot;IMG_20260424_133206_965-750x430.jpg&quot;,&quot;2560&quot;:&quot;IMG_20260424_133206_965-scaled.jpg&quot;}}\"\t\t\t\tclass=\"img-cont\" href=\"https:\/\/www.amanien.info\/news\/journee-mondiale-de-la-propriete-intellectuelle-lindustrie-du-sport-joue-un-role-dans-leconomie-mondiale\/\"><\/a>\r\n\t\t\t\t<div class=\"content-container\">\r\n\t\t\t<h2 class=\"title\">\t\t\t<a href=\"https:\/\/www.amanien.info\/news\/journee-mondiale-de-la-propriete-intellectuelle-lindustrie-du-sport-joue-un-role-dans-leconomie-mondiale\/\" class=\"post-url post-title\">\r\n\t\t\t\tJourn\u00e9e mondiale de la propri\u00e9t\u00e9 intellectuelle : l&rsquo;industrie du&hellip;\t\t\t<\/a>\r\n\t\t\t<\/h2>\t\t<\/div>\r\n\t<\/div>\r\n\t<\/article >\r\n\t\t\t\t<\/div>\r\n\t\t\t\t<div class=\"item-4-cont\">\r\n\t\t\t\t\t\t<article class=\"post-7927 type-post format-standard has-post-thumbnail  listing-item-4 listing-item listing-mg-item listing-mg-type-1 listing-mg-1-item main-term-12\">\r\n\t<div class=\"item-content\">\r\n\t\t<a  title=\"Droits humains : Amnesty International d\u00e9nonce plusieurs zones d&rsquo;ombre en C\u00f4te d&rsquo;Ivoire\u00a0\" data-src=\"https:\/\/www.amanien.info\/news\/wp-content\/uploads\/2026\/04\/IMG-20260421-WA0098-768x512-1-279x220.jpg\" data-bs-srcset=\"{&quot;baseurl&quot;:&quot;https:\\\/\\\/www.amanien.info\\\/news\\\/wp-content\\\/uploads\\\/2026\\\/04\\\/&quot;,&quot;sizes&quot;:{&quot;210&quot;:&quot;IMG-20260421-WA0098-768x512-1-210x136.jpg&quot;,&quot;279&quot;:&quot;IMG-20260421-WA0098-768x512-1-279x220.jpg&quot;,&quot;357&quot;:&quot;IMG-20260421-WA0098-768x512-1-357x210.jpg&quot;,&quot;750&quot;:&quot;IMG-20260421-WA0098-768x512-1-750x430.jpg&quot;,&quot;768&quot;:&quot;IMG-20260421-WA0098-768x512-1.jpg&quot;}}\"\t\t\t\tclass=\"img-cont\" href=\"https:\/\/www.amanien.info\/news\/droits-humains-amnesty-international-denonce-plusieurs-zones-dombre-en-cote-divoire\/\"><\/a>\r\n\t\t\t\t<div class=\"content-container\">\r\n\t\t\t<h2 class=\"title\">\t\t\t<a href=\"https:\/\/www.amanien.info\/news\/droits-humains-amnesty-international-denonce-plusieurs-zones-dombre-en-cote-divoire\/\" class=\"post-url post-title\">\r\n\t\t\t\tDroits humains : Amnesty International d\u00e9nonce plusieurs zones&hellip;\t\t\t<\/a>\r\n\t\t\t<\/h2>\t\t<\/div>\r\n\t<\/div>\r\n\t<\/article >\r\n\t\t\t\t<\/div>\r\n\t\t\t<\/div>\r\n\t\t<\/div>\r\n\t<\/div>\r\n<\/div>[\/vc_column][\/vc_row][vc_row][vc_column][\/vc_column][\/vc_row][vc_row][vc_column][\/vc_column][\/vc_row][vc_row][vc_column][\/vc_column][\/vc_row][vc_row][vc_column][\/vc_column][\/vc_row][vc_row][vc_column][\/vc_column][\/vc_row][vc_row][vc_column][\/vc_column][\/vc_row][vc_row][vc_column][\/vc_column][\/vc_row][vc_row][vc_column][\/vc_column][\/vc_row][vc_row][vc_column][\/vc_column][\/vc_row][vc_row][vc_column][\/vc_column][\/vc_row][vc_row][vc_column][\/vc_column][\/vc_row][vc_row][vc_column][\/vc_column][\/vc_row]<\/p>\n<\/div>","protected":false},"excerpt":{"rendered":"<p>Some people recalled the optimism about race relations when the monument was unveiled, but now, they said, the country seems stuck in a dark period of racial tensions and open hostility toward new immigrants.<\/p>\n","protected":false},"author":2,"featured_media":0,"parent":0,"menu_order":0,"comment_status":"closed","ping_status":"closed","template":"","meta":{"_acf_changed":false,"footnotes":""},"class_list":["post-5213","page","type-page","status-publish","hentry"],"acf":[],"yoast_head":"<!-- This site is optimized with the Yoast SEO plugin v27.5 - https:\/\/yoast.com\/product\/yoast-seo-wordpress\/ -->\n<title>- Amanien| L&#039;actualit\u00e9 Ivoirienne et Internationale<\/title>\n<meta name=\"robots\" content=\"index, follow, max-snippet:-1, max-image-preview:large, max-video-preview:-1\" \/>\n<link rel=\"canonical\" href=\"https:\/\/www.amanien.info\/news\/\" \/>\n<meta property=\"og:locale\" content=\"fr_FR\" \/>\n<meta property=\"og:type\" content=\"article\" \/>\n<meta property=\"og:title\" content=\"- Amanien| L&#039;actualit\u00e9 Ivoirienne et Internationale\" \/>\n<meta property=\"og:description\" content=\"Some people recalled the optimism about race relations when the monument was unveiled, but now, they said, the country seems stuck in a dark period of racial tensions and open hostility toward new immigrants.\" \/>\n<meta property=\"og:url\" content=\"https:\/\/www.amanien.info\/news\/\" \/>\n<meta property=\"og:site_name\" content=\"Amanien| L&#039;actualit\u00e9 Ivoirienne et Internationale\" \/>\n<meta property=\"article:modified_time\" content=\"2025-04-11T07:49:01+00:00\" \/>\n<meta name=\"twitter:card\" content=\"summary_large_image\" \/>\n<meta name=\"twitter:label1\" content=\"Dur\u00e9e de lecture estim\u00e9e\" \/>\n\t<meta name=\"twitter:data1\" content=\"11 minutes\" \/>\n<script type=\"application\/ld+json\" class=\"yoast-schema-graph\">{\"@context\":\"https:\\\/\\\/schema.org\",\"@graph\":[{\"@type\":\"WebPage\",\"@id\":\"https:\\\/\\\/www.amanien.info\\\/news\\\/\",\"url\":\"https:\\\/\\\/www.amanien.info\\\/news\\\/\",\"name\":\"- Amanien| L&#039;actualit\u00e9 Ivoirienne et Internationale\",\"isPartOf\":{\"@id\":\"https:\\\/\\\/www.amanien.info\\\/news\\\/#website\"},\"datePublished\":\"2023-10-27T16:48:38+00:00\",\"dateModified\":\"2025-04-11T07:49:01+00:00\",\"inLanguage\":\"fr-FR\",\"potentialAction\":[{\"@type\":\"ReadAction\",\"target\":[\"https:\\\/\\\/www.amanien.info\\\/news\\\/\"]}]},{\"@type\":\"WebSite\",\"@id\":\"https:\\\/\\\/www.amanien.info\\\/news\\\/#website\",\"url\":\"https:\\\/\\\/www.amanien.info\\\/news\\\/\",\"name\":\"Amanien| L&#039;actualit\u00e9 Ivoirienne et Internationale\",\"description\":\"L&#039;actualit\u00e9 Ivoirienne et Internationale\",\"potentialAction\":[{\"@type\":\"SearchAction\",\"target\":{\"@type\":\"EntryPoint\",\"urlTemplate\":\"https:\\\/\\\/www.amanien.info\\\/news\\\/?s={search_term_string}\"},\"query-input\":{\"@type\":\"PropertyValueSpecification\",\"valueRequired\":true,\"valueName\":\"search_term_string\"}}],\"inLanguage\":\"fr-FR\"}]}<\/script>\n<!-- \/ Yoast SEO plugin. -->","yoast_head_json":{"title":"- Amanien| L&#039;actualit\u00e9 Ivoirienne et Internationale","robots":{"index":"index","follow":"follow","max-snippet":"max-snippet:-1","max-image-preview":"max-image-preview:large","max-video-preview":"max-video-preview:-1"},"canonical":"https:\/\/www.amanien.info\/news\/","og_locale":"fr_FR","og_type":"article","og_title":"- Amanien| L&#039;actualit\u00e9 Ivoirienne et Internationale","og_description":"Some people recalled the optimism about race relations when the monument was unveiled, but now, they said, the country seems stuck in a dark period of racial tensions and open hostility toward new immigrants.","og_url":"https:\/\/www.amanien.info\/news\/","og_site_name":"Amanien| L&#039;actualit\u00e9 Ivoirienne et Internationale","article_modified_time":"2025-04-11T07:49:01+00:00","twitter_card":"summary_large_image","twitter_misc":{"Dur\u00e9e de lecture estim\u00e9e":"11 minutes"},"schema":{"@context":"https:\/\/schema.org","@graph":[{"@type":"WebPage","@id":"https:\/\/www.amanien.info\/news\/","url":"https:\/\/www.amanien.info\/news\/","name":"- Amanien| L&#039;actualit\u00e9 Ivoirienne et Internationale","isPartOf":{"@id":"https:\/\/www.amanien.info\/news\/#website"},"datePublished":"2023-10-27T16:48:38+00:00","dateModified":"2025-04-11T07:49:01+00:00","inLanguage":"fr-FR","potentialAction":[{"@type":"ReadAction","target":["https:\/\/www.amanien.info\/news\/"]}]},{"@type":"WebSite","@id":"https:\/\/www.amanien.info\/news\/#website","url":"https:\/\/www.amanien.info\/news\/","name":"Amanien| L&#039;actualit\u00e9 Ivoirienne et Internationale","description":"L&#039;actualit\u00e9 Ivoirienne et Internationale","potentialAction":[{"@type":"SearchAction","target":{"@type":"EntryPoint","urlTemplate":"https:\/\/www.amanien.info\/news\/?s={search_term_string}"},"query-input":{"@type":"PropertyValueSpecification","valueRequired":true,"valueName":"search_term_string"}}],"inLanguage":"fr-FR"}]}},"_links":{"self":[{"href":"https:\/\/www.amanien.info\/news\/wp-json\/wp\/v2\/pages\/5213","targetHints":{"allow":["GET"]}}],"collection":[{"href":"https:\/\/www.amanien.info\/news\/wp-json\/wp\/v2\/pages"}],"about":[{"href":"https:\/\/www.amanien.info\/news\/wp-json\/wp\/v2\/types\/page"}],"author":[{"embeddable":true,"href":"https:\/\/www.amanien.info\/news\/wp-json\/wp\/v2\/users\/2"}],"replies":[{"embeddable":true,"href":"https:\/\/www.amanien.info\/news\/wp-json\/wp\/v2\/comments?post=5213"}],"version-history":[{"count":86,"href":"https:\/\/www.amanien.info\/news\/wp-json\/wp\/v2\/pages\/5213\/revisions"}],"predecessor-version":[{"id":7175,"href":"https:\/\/www.amanien.info\/news\/wp-json\/wp\/v2\/pages\/5213\/revisions\/7175"}],"wp:attachment":[{"href":"https:\/\/www.amanien.info\/news\/wp-json\/wp\/v2\/media?parent=5213"}],"curies":[{"name":"wp","href":"https:\/\/api.w.org\/{rel}","templated":true}]}}