{"version":"1.0","provider_name":"Amanien| L&#039;actualit\u00e9 Ivoirienne et Internationale","provider_url":"https:\/\/www.amanien.info\/news","author_name":"Germain Ndri","author_url":"https:\/\/www.amanien.info\/news\/author\/amanien-infos\/","title":"On s\u2019achemine vers le report de la pr\u00e9sidentielle ? - Amanien| L&#039;actualit\u00e9 Ivoirienne et Internationale","type":"rich","width":600,"height":338,"html":"<blockquote class=\"wp-embedded-content\" data-secret=\"xdNPVmFhLC\"><a href=\"https:\/\/www.amanien.info\/news\/on-sachemine-vers-le-report-de-la-presidentielle\/\">On s\u2019achemine vers le report de la pr\u00e9sidentielle ?<\/a><\/blockquote><iframe sandbox=\"allow-scripts\" security=\"restricted\" src=\"https:\/\/www.amanien.info\/news\/on-sachemine-vers-le-report-de-la-presidentielle\/embed\/#?secret=xdNPVmFhLC\" width=\"600\" height=\"338\" title=\"\u00ab\u00a0On s\u2019achemine vers le report de la pr\u00e9sidentielle ?\u00a0\u00bb &#8212; Amanien| L&#039;actualit\u00e9 Ivoirienne et Internationale\" data-secret=\"xdNPVmFhLC\" frameborder=\"0\" marginwidth=\"0\" marginheight=\"0\" scrolling=\"no\" class=\"wp-embedded-content\"><\/iframe><script type=\"text\/javascript\">\n\/* <![CDATA[ *\/\n\/*! This file is auto-generated *\/\n!function(d,l){\"use strict\";l.querySelector&&d.addEventListener&&\"undefined\"!=typeof URL&&(d.wp=d.wp||{},d.wp.receiveEmbedMessage||(d.wp.receiveEmbedMessage=function(e){var t=e.data;if((t||t.secret||t.message||t.value)&&!\/[^a-zA-Z0-9]\/.test(t.secret)){for(var s,r,n,a=l.querySelectorAll('iframe[data-secret=\"'+t.secret+'\"]'),o=l.querySelectorAll('blockquote[data-secret=\"'+t.secret+'\"]'),c=new RegExp(\"^https?:$\",\"i\"),i=0;i<o.length;i++)o[i].style.display=\"none\";for(i=0;i<a.length;i++)s=a[i],e.source===s.contentWindow&&(s.removeAttribute(\"style\"),\"height\"===t.message?(1e3<(r=parseInt(t.value,10))?r=1e3:~~r<200&&(r=200),s.height=r):\"link\"===t.message&&(r=new URL(s.getAttribute(\"src\")),n=new URL(t.value),c.test(n.protocol))&&n.host===r.host&&l.activeElement===s&&(d.top.location.href=t.value))}},d.addEventListener(\"message\",d.wp.receiveEmbedMessage,!1),l.addEventListener(\"DOMContentLoaded\",function(){for(var e,t,s=l.querySelectorAll(\"iframe.wp-embedded-content\"),r=0;r<s.length;r++)(t=(e=s[r]).getAttribute(\"data-secret\"))||(t=Math.random().toString(36).substring(2,12),e.src+=\"#?secret=\"+t,e.setAttribute(\"data-secret\",t)),e.contentWindow.postMessage({message:\"ready\",secret:t},\"*\")},!1)))}(window,document);\n\/* ]]> *\/\n<\/script>\n","thumbnail_url":"https:\/\/www.amanien.info\/news\/wp-content\/uploads\/2020\/10\/index-1.jpg","thumbnail_width":259,"thumbnail_height":194,"description":"Le pr\u00e9sident Henri Konan B\u00e9di\u00e9, t\u00eate de file de l&rsquo;opposition ivoirienne A l&rsquo;issue d\u2019une r\u00e9union qui a enregistr\u00e9 la pr\u00e9sence du Premier ministre Hamed Bakayoko et des partis politiques, \u00e0 l\u2019exception des leaders de la CDRP, Henri Konan B\u00e9di\u00e9, et l\u2019AFD, Pascal Affi N\u2019Guessan, le Ministre de l\u2019Int\u00e9rieur et de la D\u00e9centralisation, Sidiki Diakit\u00e9, a [&hellip;]"}