{"version":"1.0","provider_name":"Amanien| L&#039;actualit\u00e9 Ivoirienne et Internationale","provider_url":"https:\/\/www.amanien.info\/news","author_name":"Germain Ndri","author_url":"https:\/\/www.amanien.info\/news\/author\/amanien-infos\/","title":"F\u00e9d\u00e9ration Ivoirienne de Football: Le processus \u00e9lectoral suspendu - Amanien| L&#039;actualit\u00e9 Ivoirienne et Internationale","type":"rich","width":600,"height":338,"html":"<blockquote class=\"wp-embedded-content\" data-secret=\"BECb3GsU5p\"><a href=\"https:\/\/www.amanien.info\/news\/federation-ivoirienne-de-football-le-processus-electoral-suspendu\/\">F\u00e9d\u00e9ration Ivoirienne de Football: Le processus \u00e9lectoral suspendu<\/a><\/blockquote><iframe sandbox=\"allow-scripts\" security=\"restricted\" src=\"https:\/\/www.amanien.info\/news\/federation-ivoirienne-de-football-le-processus-electoral-suspendu\/embed\/#?secret=BECb3GsU5p\" width=\"600\" height=\"338\" title=\"\u00ab\u00a0F\u00e9d\u00e9ration Ivoirienne de Football: Le processus \u00e9lectoral suspendu\u00a0\u00bb &#8212; Amanien| L&#039;actualit\u00e9 Ivoirienne et Internationale\" data-secret=\"BECb3GsU5p\" frameborder=\"0\" marginwidth=\"0\" marginheight=\"0\" scrolling=\"no\" class=\"wp-embedded-content\"><\/iframe><script type=\"text\/javascript\">\n\/* <![CDATA[ *\/\n\/*! This file is auto-generated *\/\n!function(d,l){\"use strict\";l.querySelector&&d.addEventListener&&\"undefined\"!=typeof URL&&(d.wp=d.wp||{},d.wp.receiveEmbedMessage||(d.wp.receiveEmbedMessage=function(e){var t=e.data;if((t||t.secret||t.message||t.value)&&!\/[^a-zA-Z0-9]\/.test(t.secret)){for(var s,r,n,a=l.querySelectorAll('iframe[data-secret=\"'+t.secret+'\"]'),o=l.querySelectorAll('blockquote[data-secret=\"'+t.secret+'\"]'),c=new RegExp(\"^https?:$\",\"i\"),i=0;i<o.length;i++)o[i].style.display=\"none\";for(i=0;i<a.length;i++)s=a[i],e.source===s.contentWindow&&(s.removeAttribute(\"style\"),\"height\"===t.message?(1e3<(r=parseInt(t.value,10))?r=1e3:~~r<200&&(r=200),s.height=r):\"link\"===t.message&&(r=new URL(s.getAttribute(\"src\")),n=new URL(t.value),c.test(n.protocol))&&n.host===r.host&&l.activeElement===s&&(d.top.location.href=t.value))}},d.addEventListener(\"message\",d.wp.receiveEmbedMessage,!1),l.addEventListener(\"DOMContentLoaded\",function(){for(var e,t,s=l.querySelectorAll(\"iframe.wp-embedded-content\"),r=0;r<s.length;r++)(t=(e=s[r]).getAttribute(\"data-secret\"))||(t=Math.random().toString(36).substring(2,12),e.src+=\"#?secret=\"+t,e.setAttribute(\"data-secret\",t)),e.contentWindow.postMessage({message:\"ready\",secret:t},\"*\")},!1)))}(window,document);\n\/* ]]> *\/\n<\/script>\n","thumbnail_url":"https:\/\/www.amanien.info\/news\/wp-content\/uploads\/2020\/08\/IMG_04483-400x266-1.jpg","thumbnail_width":400,"thumbnail_height":266,"description":"Ce jour, mardi 11 ao\u00fbt 2020, \u00e0 18 heures 30 minutes, le Comit\u00e9 d\u2019urgence du Comit\u00e9 ex\u00e9cutif de la FIF a fait le constat, par voie d\u2019huissier, du d\u00e9faut de notification par la Commission \u00e9lectorale, dans le d\u00e9lai prescrit par les dispositions du code \u00e9lectoral, de sa d\u00e9cision aux diff\u00e9rents candidats \u00e0 la pr\u00e9sidence de [&hellip;]"}